{"id":23655,"date":"2026-07-13T16:13:46","date_gmt":"2026-07-13T16:13:46","guid":{"rendered":"https:\/\/clone.vinomatos.com\/?page_id=23655"},"modified":"2026-07-13T16:35:00","modified_gmt":"2026-07-13T16:35:00","slug":"agro-news-vinomatos","status":"publish","type":"page","link":"https:\/\/clone.vinomatos.com\/pt-pt\/agro-news-vinomatos\/","title":{"rendered":"Agro News Vinomatos"},"content":{"rendered":"\t\t<div data-elementor-type=\"wp-page\" data-elementor-id=\"23655\" class=\"elementor elementor-23655\" data-elementor-settings=\"{&quot;ha_cmc_init_switcher&quot;:&quot;no&quot;}\" data-elementor-post-type=\"page\">\n\t\t\t\t<div class=\"elementor-element elementor-element-f9bf1a9 e-flex e-con-boxed e-con e-parent\" data-id=\"f9bf1a9\" data-element_type=\"container\" data-e-type=\"container\" data-settings=\"{&quot;_ha_eqh_enable&quot;:false}\">\n\t\t\t\t\t<div class=\"e-con-inner\">\n\t\t\t\t<div class=\"elementor-element elementor-element-c986b86 elementor-widget elementor-widget-shortcode\" data-id=\"c986b86\" data-element_type=\"widget\" data-e-type=\"widget\" data-widget_type=\"shortcode.default\">\n\t\t\t\t<div class=\"elementor-widget-container\">\n\t\t\t\t\t\t\t<div class=\"elementor-shortcode\">\t\t<section\n\t\t\tclass=\"vnh-news vnh-theme--vinomatos\"\n\t\t\tid=\"vnh-news-1\"\n\t\t\tstyle=\"--vnh-cols-desktop: 4; --vnh-cols-tablet: 2; --vnh-cols-mobile: 1;\"\n\t\t\tdata-vnh-news\n\t\t\tdata-vnh-page-size=\"20\"\n\t\t\tdata-vnh-language=\"pt\"\n\t\t>\n\t\t\t\t\t\t\t<header class=\"vnh-header\">\n\t\t\t\t\t<div class=\"vnh-header-copy\">\n\t\t\t\t\t\t<p class=\"vnh-kicker\">Observat\u00f3rio agr\u00edcola<\/p>\n\t\t\t\t\t\t\t\t\t\t\t\t\t<h2 class=\"vnh-title\">Not\u00edcias agr\u00edcolas<\/h2>\n\t\t\t\t\t\t\t\t\t\t\t\t\t\t\t\t\t\t\t<p class=\"vnh-intro\">Informa\u00e7\u00e3o internacional selecionada para quem trabalha a vinha, o olival, a fruticultura e a agricultura profissional.<\/p>\n\t\t\t\t\t\t\t\t\t\t\t<\/div>\n\t\t\t\t\t<p class=\"vnh-live-note\">\n\t\t\t\t\t\t<span class=\"vnh-live-dot\" aria-hidden=\"true\"><\/span>\n\t\t\t\t\t\tAtualiza\u00e7\u00e3o autom\u00e1tica por RSS\t\t\t\t\t<\/p>\n\t\t\t\t\t<div class=\"vnh-header-tools\">\n\t\t\t\t\t\t<label class=\"vnh-language-picker\">\n\t\t\t\t\t\t\t<span>Idioma<\/span>\n\t\t\t\t\t\t\t<select data-vnh-language-select aria-label=\"Idioma\">\n\t\t\t\t\t\t\t\t<option value=\"pt\">PT<\/option>\n\t\t\t\t\t\t\t\t<option value=\"en\">EN<\/option>\n\t\t\t\t\t\t\t\t<option value=\"es\">ES<\/option>\n\t\t\t\t\t\t\t\t<option value=\"fr\">FR<\/option>\n\t\t\t\t\t\t\t\t<option value=\"it\">IT<\/option>\n\t\t\t\t\t\t\t<\/select>\n\t\t\t\t\t\t<\/label>\n\t\t\t\t\t<\/div>\n\t\t\t\t<\/header>\n\t\t\t\n\t\t\t<div class=\"vnh-tabs-frame\">\n\t\t\t\t<div class=\"vnh-tabs\" role=\"tablist\" aria-label=\"Not\u00edcias por pa\u00eds ou regi\u00e3o\">\n\t\t\t\t\t\t\t\t\t\t\t\t\t\t\t\t\t\t\t\t\t\t<button\n\t\t\t\t\t\t\ttype=\"button\"\n\t\t\t\t\t\t\tclass=\"vnh-tab is-active\"\n\t\t\t\t\t\t\tid=\"vnh-news-1-tab-portugal\"\n\t\t\t\t\t\t\trole=\"tab\"\n\t\t\t\t\t\t\taria-controls=\"vnh-news-1-panel-portugal\"\n\t\t\t\t\t\t\taria-selected=\"true\"\n\t\t\t\t\t\t\ttabindex=\"0\"\n\t\t\t\t\t\t\tdata-vnh-region=\"portugal\"\n\t\t\t\t\t\t>\n\t\t\t\t\t\t\t<span data-vnh-region-label=\"portugal\">Portugal<\/span>\n\t\t\t\t\t\t\t<span class=\"vnh-tab-count\" aria-hidden=\"true\">60<\/span>\n\t\t\t\t\t\t<\/button>\n\t\t\t\t\t\t\t\t\t\t\t\t\t\t\t\t\t\t\t\t\t\t\t<button\n\t\t\t\t\t\t\ttype=\"button\"\n\t\t\t\t\t\t\tclass=\"vnh-tab\"\n\t\t\t\t\t\t\tid=\"vnh-news-1-tab-espanha\"\n\t\t\t\t\t\t\trole=\"tab\"\n\t\t\t\t\t\t\taria-controls=\"vnh-news-1-panel-espanha\"\n\t\t\t\t\t\t\taria-selected=\"false\"\n\t\t\t\t\t\t\ttabindex=\"-1\"\n\t\t\t\t\t\t\tdata-vnh-region=\"espanha\"\n\t\t\t\t\t\t>\n\t\t\t\t\t\t\t<span data-vnh-region-label=\"espanha\">Espanha<\/span>\n\t\t\t\t\t\t\t<span class=\"vnh-tab-count\" aria-hidden=\"true\">53<\/span>\n\t\t\t\t\t\t<\/button>\n\t\t\t\t\t\t\t\t\t\t\t\t\t\t\t\t\t\t\t\t\t\t\t<button\n\t\t\t\t\t\t\ttype=\"button\"\n\t\t\t\t\t\t\tclass=\"vnh-tab\"\n\t\t\t\t\t\t\tid=\"vnh-news-1-tab-franca\"\n\t\t\t\t\t\t\trole=\"tab\"\n\t\t\t\t\t\t\taria-controls=\"vnh-news-1-panel-franca\"\n\t\t\t\t\t\t\taria-selected=\"false\"\n\t\t\t\t\t\t\ttabindex=\"-1\"\n\t\t\t\t\t\t\tdata-vnh-region=\"franca\"\n\t\t\t\t\t\t>\n\t\t\t\t\t\t\t<span data-vnh-region-label=\"franca\">Fran\u00e7a<\/span>\n\t\t\t\t\t\t\t<span class=\"vnh-tab-count\" aria-hidden=\"true\">84<\/span>\n\t\t\t\t\t\t<\/button>\n\t\t\t\t\t\t\t\t\t\t\t\t\t\t\t\t\t\t\t\t\t\t\t<button\n\t\t\t\t\t\t\ttype=\"button\"\n\t\t\t\t\t\t\tclass=\"vnh-tab\"\n\t\t\t\t\t\t\tid=\"vnh-news-1-tab-italia\"\n\t\t\t\t\t\t\trole=\"tab\"\n\t\t\t\t\t\t\taria-controls=\"vnh-news-1-panel-italia\"\n\t\t\t\t\t\t\taria-selected=\"false\"\n\t\t\t\t\t\t\ttabindex=\"-1\"\n\t\t\t\t\t\t\tdata-vnh-region=\"italia\"\n\t\t\t\t\t\t>\n\t\t\t\t\t\t\t<span data-vnh-region-label=\"italia\">It\u00e1lia<\/span>\n\t\t\t\t\t\t\t<span class=\"vnh-tab-count\" aria-hidden=\"true\">99<\/span>\n\t\t\t\t\t\t<\/button>\n\t\t\t\t\t\t\t\t\t\t\t\t\t\t\t\t\t\t\t\t\t\t\t<button\n\t\t\t\t\t\t\ttype=\"button\"\n\t\t\t\t\t\t\tclass=\"vnh-tab\"\n\t\t\t\t\t\t\tid=\"vnh-news-1-tab-chile\"\n\t\t\t\t\t\t\trole=\"tab\"\n\t\t\t\t\t\t\taria-controls=\"vnh-news-1-panel-chile\"\n\t\t\t\t\t\t\taria-selected=\"false\"\n\t\t\t\t\t\t\ttabindex=\"-1\"\n\t\t\t\t\t\t\tdata-vnh-region=\"chile\"\n\t\t\t\t\t\t>\n\t\t\t\t\t\t\t<span data-vnh-region-label=\"chile\">Chile<\/span>\n\t\t\t\t\t\t\t<span class=\"vnh-tab-count\" aria-hidden=\"true\">48<\/span>\n\t\t\t\t\t\t<\/button>\n\t\t\t\t\t\t\t\t\t\t\t\t\t\t\t\t\t\t\t\t\t\t\t<button\n\t\t\t\t\t\t\ttype=\"button\"\n\t\t\t\t\t\t\tclass=\"vnh-tab\"\n\t\t\t\t\t\t\tid=\"vnh-news-1-tab-argentina\"\n\t\t\t\t\t\t\trole=\"tab\"\n\t\t\t\t\t\t\taria-controls=\"vnh-news-1-panel-argentina\"\n\t\t\t\t\t\t\taria-selected=\"false\"\n\t\t\t\t\t\t\ttabindex=\"-1\"\n\t\t\t\t\t\t\tdata-vnh-region=\"argentina\"\n\t\t\t\t\t\t>\n\t\t\t\t\t\t\t<span data-vnh-region-label=\"argentina\">Argentina<\/span>\n\t\t\t\t\t\t\t<span class=\"vnh-tab-count\" aria-hidden=\"true\">100<\/span>\n\t\t\t\t\t\t<\/button>\n\t\t\t\t\t\t\t\t\t\t\t\t\t\t\t\t\t\t\t\t\t\t\t<button\n\t\t\t\t\t\t\ttype=\"button\"\n\t\t\t\t\t\t\tclass=\"vnh-tab\"\n\t\t\t\t\t\t\tid=\"vnh-news-1-tab-usa\"\n\t\t\t\t\t\t\trole=\"tab\"\n\t\t\t\t\t\t\taria-controls=\"vnh-news-1-panel-usa\"\n\t\t\t\t\t\t\taria-selected=\"false\"\n\t\t\t\t\t\t\ttabindex=\"-1\"\n\t\t\t\t\t\t\tdata-vnh-region=\"usa\"\n\t\t\t\t\t\t>\n\t\t\t\t\t\t\t<span data-vnh-region-label=\"usa\">USA<\/span>\n\t\t\t\t\t\t\t<span class=\"vnh-tab-count\" aria-hidden=\"true\">80<\/span>\n\t\t\t\t\t\t<\/button>\n\t\t\t\t\t\t\t\t\t\t\t\t\t\t\t\t\t\t\t\t\t\t\t<button\n\t\t\t\t\t\t\ttype=\"button\"\n\t\t\t\t\t\t\tclass=\"vnh-tab\"\n\t\t\t\t\t\t\tid=\"vnh-news-1-tab-world\"\n\t\t\t\t\t\t\trole=\"tab\"\n\t\t\t\t\t\t\taria-controls=\"vnh-news-1-panel-world\"\n\t\t\t\t\t\t\taria-selected=\"false\"\n\t\t\t\t\t\t\ttabindex=\"-1\"\n\t\t\t\t\t\t\tdata-vnh-region=\"world\"\n\t\t\t\t\t\t>\n\t\t\t\t\t\t\t<span data-vnh-region-label=\"world\">World<\/span>\n\t\t\t\t\t\t\t<span class=\"vnh-tab-count\" aria-hidden=\"true\">65<\/span>\n\t\t\t\t\t\t<\/button>\n\t\t\t\t\t\t\t\t\t\t\t\t\t\t\t<\/div>\n\t\t\t<\/div>\n\n\t\t\t<div class=\"vnh-panels\">\n\t\t\t\t\t\t\t\t\t\t\t\t\t\t\t\t\t\t<div\n\t\t\t\t\t\tclass=\"vnh-panel is-active\"\n\t\t\t\t\t\tid=\"vnh-news-1-panel-portugal\"\n\t\t\t\t\t\trole=\"tabpanel\"\n\t\t\t\t\t\taria-labelledby=\"vnh-news-1-tab-portugal\"\n\t\t\t\t\t\tdata-vnh-panel\n\t\t\t\t\t\tdata-vnh-region=\"portugal\"\n\t\t\t\t\t\tdata-vnh-total=\"60\"\n\t\t\t\t\t\tdata-vnh-placeholder=\"https:\/\/clone.vinomatos.com\/wp-content\/plugins\/vinomatos-news-hub\/assets\/images\/news-placeholder.svg\"\n\t\t\t\t\t\tdata-vnh-excerpt-words=\"25\"\n\t\t\t\t\t\t\t\t\t\t\t>\n\t\t\t\t\t\t<div class=\"vnh-feed-shell\" id=\"vnh-news-1-panel-portugal-feed\" data-vnh-feed>\n\t\t\t\t\t\t\t\n<div class=\"vnh-feed-container\" data-vnh-category=\"Portugal\" data-vnh-region=\"portugal\">\n\t\t\t<div class=\"vnh-grid\">\n\t\t\t\t\t\t\t\n\t\t\t\t<article class=\"vnh-card\">\n\t\t\t\t\t<a\n\t\t\t\t\t\tclass=\"vnh-media\"\n\t\t\t\t\t\thref=\"https:\/\/www.agroportal.pt\/governo-mocambicano-quer-instituto-de-investigacao-agraria-a-modernizar-setor\/\"\n\t\t\t\t\t\ttarget=\"_blank\"\n\t\t\t\t\t\trel=\"noopener noreferrer nofollow external\"\n\t\t\t\t\t\taria-label=\"Abrir not\u00edcia: Governo mo\u00e7ambicano quer instituto de investiga\u00e7\u00e3o agr\u00e1ria a modernizar setor\"\n\t\t\t\t\t>\n\t\t\t\t\t\t<img\n\t\t\t\t\t\t\tsrc=\"https:\/\/clone.vinomatos.com\/wp-content\/plugins\/vinomatos-news-hub\/assets\/images\/news-placeholder.svg\"\n\t\t\t\t\t\t\talt=\"\"\n\t\t\t\t\t\t\twidth=\"640\"\n\t\t\t\t\t\t\theight=\"640\"\n\t\t\t\t\t\t\tloading=\"lazy\"\n\t\t\t\t\t\t\tdecoding=\"async\"\n\t\t\t\t\t\t\tfetchpriority=\"low\"\n\t\t\t\t\t\t\tdata-vnh-fallback=\"https:\/\/clone.vinomatos.com\/wp-content\/plugins\/vinomatos-news-hub\/assets\/images\/news-placeholder.svg\"\n\t\t\t\t\t\t>\n\t\t\t\t\t\t<span class=\"vnh-region-tag\" data-vnh-region-label=\"portugal\">Portugal<\/span>\n\t\t\t\t\t<\/a>\n\n\t\t\t\t\t<div class=\"vnh-card-content\">\n\t\t\t\t\t\t<div class=\"vnh-meta\">\n\t\t\t\t\t\t\t\t\t\t\t\t\t\t\t<a class=\"vnh-source\" href=\"https:\/\/www.agroportal.pt\/\" target=\"_blank\" rel=\"noopener noreferrer nofollow external\">Agroportal<\/a>\n\t\t\t\t\t\t\t\n\t\t\t\t\t\t\t\t\t\t\t\t\t\t\t<span class=\"vnh-meta-dot\" aria-hidden=\"true\"><\/span>\n\t\t\t\t\t\t\t\t<time class=\"vnh-date\" datetime=\"2026-08-28T14:42:44+00:00\" data-vnh-timestamp=\"1787928164\">28\/08\/2026<\/time>\n\t\t\t\t\t\t\t\t\t\t\t\t\t<\/div>\n\n\t\t\t\t\t\t<h3 class=\"vnh-card-title\"><a data-vnh-news-title data-vnh-original=\"Governo mo\u00e7ambicano quer instituto de investiga\u00e7\u00e3o agr\u00e1ria a modernizar setor\" href=\"https:\/\/www.agroportal.pt\/governo-mocambicano-quer-instituto-de-investigacao-agraria-a-modernizar-setor\/\" target=\"_blank\" rel=\"noopener noreferrer nofollow external\">Governo mo\u00e7ambicano quer instituto de investiga\u00e7\u00e3o agr\u00e1ria a modernizar setor<\/a><\/h3>\n\t\t\t\t\t\t<p class=\"vnh-card-excerpt\" data-vnh-news-excerpt data-vnh-original=\"A primeira-ministra mo\u00e7ambicana desafiou hoje o Instituto de Investiga\u00e7\u00e3o Agr\u00e1ria de Mo\u00e7ambique (IIAM) a apostar na investiga\u00e7\u00e3o cient\u00edfica para modernizar o setor, gerando sistemas de\u2026\">A primeira-ministra mo\u00e7ambicana desafiou hoje o Instituto de Investiga\u00e7\u00e3o Agr\u00e1ria de Mo\u00e7ambique (IIAM) a apostar na investiga\u00e7\u00e3o cient\u00edfica para modernizar o setor, gerando sistemas de\u2026<\/p>\n\t\t\t\t\t\t<a class=\"vnh-read-more\" href=\"https:\/\/www.agroportal.pt\/governo-mocambicano-quer-instituto-de-investigacao-agraria-a-modernizar-setor\/\" target=\"_blank\" rel=\"noopener noreferrer nofollow external\">\n\t\t\t\t\t\t\t<span>Ler not\u00edcia<\/span>\n\t\t\t\t\t\t\t<span aria-hidden=\"true\">\u2197<\/span>\n\t\t\t\t\t\t<\/a>\n\t\t\t\t\t<\/div>\n\t\t\t\t<\/article>\n\t\t\t\t\t\t\t\n\t\t\t\t<article class=\"vnh-card\">\n\t\t\t\t\t<a\n\t\t\t\t\t\tclass=\"vnh-media\"\n\t\t\t\t\t\thref=\"https:\/\/www.agroportal.pt\/medio-oriente-governo-apoia-cooperativas-agricolas-e-empresas-de-pescado-com-500-000-euros\/\"\n\t\t\t\t\t\ttarget=\"_blank\"\n\t\t\t\t\t\trel=\"noopener noreferrer nofollow external\"\n\t\t\t\t\t\taria-label=\"Abrir not\u00edcia: M\u00e9dio Oriente: Governo apoia cooperativas agr\u00edcolas e empresas de pescado com 500.000 euros\"\n\t\t\t\t\t>\n\t\t\t\t\t\t<img\n\t\t\t\t\t\t\tsrc=\"https:\/\/clone.vinomatos.com\/wp-content\/plugins\/vinomatos-news-hub\/assets\/images\/news-placeholder.svg\"\n\t\t\t\t\t\t\talt=\"\"\n\t\t\t\t\t\t\twidth=\"640\"\n\t\t\t\t\t\t\theight=\"640\"\n\t\t\t\t\t\t\tloading=\"lazy\"\n\t\t\t\t\t\t\tdecoding=\"async\"\n\t\t\t\t\t\t\tfetchpriority=\"low\"\n\t\t\t\t\t\t\tdata-vnh-fallback=\"https:\/\/clone.vinomatos.com\/wp-content\/plugins\/vinomatos-news-hub\/assets\/images\/news-placeholder.svg\"\n\t\t\t\t\t\t>\n\t\t\t\t\t\t<span class=\"vnh-region-tag\" data-vnh-region-label=\"portugal\">Portugal<\/span>\n\t\t\t\t\t<\/a>\n\n\t\t\t\t\t<div class=\"vnh-card-content\">\n\t\t\t\t\t\t<div class=\"vnh-meta\">\n\t\t\t\t\t\t\t\t\t\t\t\t\t\t\t<a class=\"vnh-source\" href=\"https:\/\/www.agroportal.pt\/\" target=\"_blank\" rel=\"noopener noreferrer nofollow external\">Agroportal<\/a>\n\t\t\t\t\t\t\t\n\t\t\t\t\t\t\t\t\t\t\t\t\t\t\t<span class=\"vnh-meta-dot\" aria-hidden=\"true\"><\/span>\n\t\t\t\t\t\t\t\t<time class=\"vnh-date\" datetime=\"2026-08-28T13:46:17+00:00\" data-vnh-timestamp=\"1787924777\">28\/08\/2026<\/time>\n\t\t\t\t\t\t\t\t\t\t\t\t\t<\/div>\n\n\t\t\t\t\t\t<h3 class=\"vnh-card-title\"><a data-vnh-news-title data-vnh-original=\"M\u00e9dio Oriente: Governo apoia cooperativas agr\u00edcolas e empresas de pescado com 500.000 euros\" href=\"https:\/\/www.agroportal.pt\/medio-oriente-governo-apoia-cooperativas-agricolas-e-empresas-de-pescado-com-500-000-euros\/\" target=\"_blank\" rel=\"noopener noreferrer nofollow external\">M\u00e9dio Oriente: Governo apoia cooperativas agr\u00edcolas e empresas de pescado com 500.000 euros<\/a><\/h3>\n\t\t\t\t\t\t<p class=\"vnh-card-excerpt\" data-vnh-news-excerpt data-vnh-original=\"O Governo vai atribuir um apoio global de 500.000 \u00e0s cooperativas, empresas de pescado e aquacultura afetadas pelo impacto do conflito do M\u00e9dio Oriente nos\u2026\">O Governo vai atribuir um apoio global de 500.000 \u00e0s cooperativas, empresas de pescado e aquacultura afetadas pelo impacto do conflito do M\u00e9dio Oriente nos\u2026<\/p>\n\t\t\t\t\t\t<a class=\"vnh-read-more\" href=\"https:\/\/www.agroportal.pt\/medio-oriente-governo-apoia-cooperativas-agricolas-e-empresas-de-pescado-com-500-000-euros\/\" target=\"_blank\" rel=\"noopener noreferrer nofollow external\">\n\t\t\t\t\t\t\t<span>Ler not\u00edcia<\/span>\n\t\t\t\t\t\t\t<span aria-hidden=\"true\">\u2197<\/span>\n\t\t\t\t\t\t<\/a>\n\t\t\t\t\t<\/div>\n\t\t\t\t<\/article>\n\t\t\t\t\t\t\t\n\t\t\t\t<article class=\"vnh-card\">\n\t\t\t\t\t<a\n\t\t\t\t\t\tclass=\"vnh-media\"\n\t\t\t\t\t\thref=\"https:\/\/www.agroportal.pt\/incendios-florestais-nao-existe-uma-distancia-fixa-a-partir-da-qual-o-fumo-deixe-de-representar-risco-pneumologista-marcos-oliveira\/\"\n\t\t\t\t\t\ttarget=\"_blank\"\n\t\t\t\t\t\trel=\"noopener noreferrer nofollow external\"\n\t\t\t\t\t\taria-label=\"Abrir not\u00edcia: Inc\u00eandios florestais: \u201cN\u00e3o existe uma dist\u00e2ncia fixa a partir da qual o fumo deixe de representar risco\u201d \u2013 Pneumologista Marcos Oliveira\"\n\t\t\t\t\t>\n\t\t\t\t\t\t<img\n\t\t\t\t\t\t\tsrc=\"https:\/\/clone.vinomatos.com\/wp-content\/plugins\/vinomatos-news-hub\/assets\/images\/news-placeholder.svg\"\n\t\t\t\t\t\t\talt=\"\"\n\t\t\t\t\t\t\twidth=\"640\"\n\t\t\t\t\t\t\theight=\"640\"\n\t\t\t\t\t\t\tloading=\"lazy\"\n\t\t\t\t\t\t\tdecoding=\"async\"\n\t\t\t\t\t\t\tfetchpriority=\"low\"\n\t\t\t\t\t\t\tdata-vnh-fallback=\"https:\/\/clone.vinomatos.com\/wp-content\/plugins\/vinomatos-news-hub\/assets\/images\/news-placeholder.svg\"\n\t\t\t\t\t\t>\n\t\t\t\t\t\t<span class=\"vnh-region-tag\" data-vnh-region-label=\"portugal\">Portugal<\/span>\n\t\t\t\t\t<\/a>\n\n\t\t\t\t\t<div class=\"vnh-card-content\">\n\t\t\t\t\t\t<div class=\"vnh-meta\">\n\t\t\t\t\t\t\t\t\t\t\t\t\t\t\t<a class=\"vnh-source\" href=\"https:\/\/www.agroportal.pt\/\" target=\"_blank\" rel=\"noopener noreferrer nofollow external\">Agroportal<\/a>\n\t\t\t\t\t\t\t\n\t\t\t\t\t\t\t\t\t\t\t\t\t\t\t<span class=\"vnh-meta-dot\" aria-hidden=\"true\"><\/span>\n\t\t\t\t\t\t\t\t<time class=\"vnh-date\" datetime=\"2026-08-28T12:51:20+00:00\" data-vnh-timestamp=\"1787921480\">28\/08\/2026<\/time>\n\t\t\t\t\t\t\t\t\t\t\t\t\t<\/div>\n\n\t\t\t\t\t\t<h3 class=\"vnh-card-title\"><a data-vnh-news-title data-vnh-original=\"Inc\u00eandios florestais: \u201cN\u00e3o existe uma dist\u00e2ncia fixa a partir da qual o fumo deixe de representar risco\u201d \u2013 Pneumologista Marcos Oliveira\" href=\"https:\/\/www.agroportal.pt\/incendios-florestais-nao-existe-uma-distancia-fixa-a-partir-da-qual-o-fumo-deixe-de-representar-risco-pneumologista-marcos-oliveira\/\" target=\"_blank\" rel=\"noopener noreferrer nofollow external\">Inc\u00eandios florestais: \u201cN\u00e3o existe uma dist\u00e2ncia fixa a partir da qual o fumo deixe de representar risco\u201d \u2013 Pneumologista Marcos Oliveira<\/a><\/h3>\n\t\t\t\t\t\t<p class=\"vnh-card-excerpt\" data-vnh-news-excerpt data-vnh-original=\"Os inc\u00eandios n\u00e3o amea\u00e7am apenas quem est\u00e1 pr\u00f3ximo das chamas. O fumo pode agravar doen\u00e7as respirat\u00f3rias e criar riscos acrescidos para quem [\u2026] Continue a\u2026\">Os inc\u00eandios n\u00e3o amea\u00e7am apenas quem est\u00e1 pr\u00f3ximo das chamas. O fumo pode agravar doen\u00e7as respirat\u00f3rias e criar riscos acrescidos para quem [\u2026] Continue a\u2026<\/p>\n\t\t\t\t\t\t<a class=\"vnh-read-more\" href=\"https:\/\/www.agroportal.pt\/incendios-florestais-nao-existe-uma-distancia-fixa-a-partir-da-qual-o-fumo-deixe-de-representar-risco-pneumologista-marcos-oliveira\/\" target=\"_blank\" rel=\"noopener noreferrer nofollow external\">\n\t\t\t\t\t\t\t<span>Ler not\u00edcia<\/span>\n\t\t\t\t\t\t\t<span aria-hidden=\"true\">\u2197<\/span>\n\t\t\t\t\t\t<\/a>\n\t\t\t\t\t<\/div>\n\t\t\t\t<\/article>\n\t\t\t\t\t\t\t\n\t\t\t\t<article class=\"vnh-card\">\n\t\t\t\t\t<a\n\t\t\t\t\t\tclass=\"vnh-media\"\n\t\t\t\t\t\thref=\"https:\/\/www.agroportal.pt\/portugal-entrega-dentro-do-prazo-plano-nacional-de-restauro-da-natureza\/\"\n\t\t\t\t\t\ttarget=\"_blank\"\n\t\t\t\t\t\trel=\"noopener noreferrer nofollow external\"\n\t\t\t\t\t\taria-label=\"Abrir not\u00edcia: Portugal entrega dentro do prazo Plano Nacional de Restauro da Natureza\"\n\t\t\t\t\t>\n\t\t\t\t\t\t<img\n\t\t\t\t\t\t\tsrc=\"https:\/\/clone.vinomatos.com\/wp-content\/plugins\/vinomatos-news-hub\/assets\/images\/news-placeholder.svg\"\n\t\t\t\t\t\t\talt=\"\"\n\t\t\t\t\t\t\twidth=\"640\"\n\t\t\t\t\t\t\theight=\"640\"\n\t\t\t\t\t\t\tloading=\"lazy\"\n\t\t\t\t\t\t\tdecoding=\"async\"\n\t\t\t\t\t\t\tfetchpriority=\"low\"\n\t\t\t\t\t\t\tdata-vnh-fallback=\"https:\/\/clone.vinomatos.com\/wp-content\/plugins\/vinomatos-news-hub\/assets\/images\/news-placeholder.svg\"\n\t\t\t\t\t\t>\n\t\t\t\t\t\t<span class=\"vnh-region-tag\" data-vnh-region-label=\"portugal\">Portugal<\/span>\n\t\t\t\t\t<\/a>\n\n\t\t\t\t\t<div class=\"vnh-card-content\">\n\t\t\t\t\t\t<div class=\"vnh-meta\">\n\t\t\t\t\t\t\t\t\t\t\t\t\t\t\t<a class=\"vnh-source\" href=\"https:\/\/www.agroportal.pt\/\" target=\"_blank\" rel=\"noopener noreferrer nofollow external\">Agroportal<\/a>\n\t\t\t\t\t\t\t\n\t\t\t\t\t\t\t\t\t\t\t\t\t\t\t<span class=\"vnh-meta-dot\" aria-hidden=\"true\"><\/span>\n\t\t\t\t\t\t\t\t<time class=\"vnh-date\" datetime=\"2026-08-28T12:36:19+00:00\" data-vnh-timestamp=\"1787920579\">28\/08\/2026<\/time>\n\t\t\t\t\t\t\t\t\t\t\t\t\t<\/div>\n\n\t\t\t\t\t\t<h3 class=\"vnh-card-title\"><a data-vnh-news-title data-vnh-original=\"Portugal entrega dentro do prazo Plano Nacional de Restauro da Natureza\" href=\"https:\/\/www.agroportal.pt\/portugal-entrega-dentro-do-prazo-plano-nacional-de-restauro-da-natureza\/\" target=\"_blank\" rel=\"noopener noreferrer nofollow external\">Portugal entrega dentro do prazo Plano Nacional de Restauro da Natureza<\/a><\/h3>\n\t\t\t\t\t\t<p class=\"vnh-card-excerpt\" data-vnh-news-excerpt data-vnh-original=\"O Governo submeteu esta manh\u00e3, 28 de agosto, \u00e0 Comiss\u00e3o Europeia o projeto de Plano Nacional de Restauro da Natureza (PNRN), em cumprimento do Regulamento\u2026\">O Governo submeteu esta manh\u00e3, 28 de agosto, \u00e0 Comiss\u00e3o Europeia o projeto de Plano Nacional de Restauro da Natureza (PNRN), em cumprimento do Regulamento\u2026<\/p>\n\t\t\t\t\t\t<a class=\"vnh-read-more\" href=\"https:\/\/www.agroportal.pt\/portugal-entrega-dentro-do-prazo-plano-nacional-de-restauro-da-natureza\/\" target=\"_blank\" rel=\"noopener noreferrer nofollow external\">\n\t\t\t\t\t\t\t<span>Ler not\u00edcia<\/span>\n\t\t\t\t\t\t\t<span aria-hidden=\"true\">\u2197<\/span>\n\t\t\t\t\t\t<\/a>\n\t\t\t\t\t<\/div>\n\t\t\t\t<\/article>\n\t\t\t\t\t\t\t\n\t\t\t\t<article class=\"vnh-card\">\n\t\t\t\t\t<a\n\t\t\t\t\t\tclass=\"vnh-media\"\n\t\t\t\t\t\thref=\"https:\/\/www.agroportal.pt\/excedente-comercial-agroalimentar-da-ue-sobe-para-23-900-me-no-1-o-semestre\/\"\n\t\t\t\t\t\ttarget=\"_blank\"\n\t\t\t\t\t\trel=\"noopener noreferrer nofollow external\"\n\t\t\t\t\t\taria-label=\"Abrir not\u00edcia: Excedente comercial agroalimentar da UE sobe para 23.900 ME no 1.\u00ba semestre\"\n\t\t\t\t\t>\n\t\t\t\t\t\t<img\n\t\t\t\t\t\t\tsrc=\"https:\/\/clone.vinomatos.com\/wp-content\/plugins\/vinomatos-news-hub\/assets\/images\/news-placeholder.svg\"\n\t\t\t\t\t\t\talt=\"\"\n\t\t\t\t\t\t\twidth=\"640\"\n\t\t\t\t\t\t\theight=\"640\"\n\t\t\t\t\t\t\tloading=\"lazy\"\n\t\t\t\t\t\t\tdecoding=\"async\"\n\t\t\t\t\t\t\tfetchpriority=\"low\"\n\t\t\t\t\t\t\tdata-vnh-fallback=\"https:\/\/clone.vinomatos.com\/wp-content\/plugins\/vinomatos-news-hub\/assets\/images\/news-placeholder.svg\"\n\t\t\t\t\t\t>\n\t\t\t\t\t\t<span class=\"vnh-region-tag\" data-vnh-region-label=\"portugal\">Portugal<\/span>\n\t\t\t\t\t<\/a>\n\n\t\t\t\t\t<div class=\"vnh-card-content\">\n\t\t\t\t\t\t<div class=\"vnh-meta\">\n\t\t\t\t\t\t\t\t\t\t\t\t\t\t\t<a class=\"vnh-source\" href=\"https:\/\/www.agroportal.pt\/\" target=\"_blank\" rel=\"noopener noreferrer nofollow external\">Agroportal<\/a>\n\t\t\t\t\t\t\t\n\t\t\t\t\t\t\t\t\t\t\t\t\t\t\t<span class=\"vnh-meta-dot\" aria-hidden=\"true\"><\/span>\n\t\t\t\t\t\t\t\t<time class=\"vnh-date\" datetime=\"2026-08-28T12:09:22+00:00\" data-vnh-timestamp=\"1787918962\">28\/08\/2026<\/time>\n\t\t\t\t\t\t\t\t\t\t\t\t\t<\/div>\n\n\t\t\t\t\t\t<h3 class=\"vnh-card-title\"><a data-vnh-news-title data-vnh-original=\"Excedente comercial agroalimentar da UE sobe para 23.900 ME no 1.\u00ba semestre\" href=\"https:\/\/www.agroportal.pt\/excedente-comercial-agroalimentar-da-ue-sobe-para-23-900-me-no-1-o-semestre\/\" target=\"_blank\" rel=\"noopener noreferrer nofollow external\">Excedente comercial agroalimentar da UE sobe para 23.900 ME no 1.\u00ba semestre<\/a><\/h3>\n\t\t\t\t\t\t<p class=\"vnh-card-excerpt\" data-vnh-news-excerpt data-vnh-original=\"O excedente comercial agroalimentar da Uni\u00e3o Europeia (UE) aumentou para 23,9 mil milh\u00f5es de euros no primeiro semestre de 2026, mais 1,4 mil milh\u00f5es do\u2026\">O excedente comercial agroalimentar da Uni\u00e3o Europeia (UE) aumentou para 23,9 mil milh\u00f5es de euros no primeiro semestre de 2026, mais 1,4 mil milh\u00f5es do\u2026<\/p>\n\t\t\t\t\t\t<a class=\"vnh-read-more\" href=\"https:\/\/www.agroportal.pt\/excedente-comercial-agroalimentar-da-ue-sobe-para-23-900-me-no-1-o-semestre\/\" target=\"_blank\" rel=\"noopener noreferrer nofollow external\">\n\t\t\t\t\t\t\t<span>Ler not\u00edcia<\/span>\n\t\t\t\t\t\t\t<span aria-hidden=\"true\">\u2197<\/span>\n\t\t\t\t\t\t<\/a>\n\t\t\t\t\t<\/div>\n\t\t\t\t<\/article>\n\t\t\t\t\t\t\t\n\t\t\t\t<article class=\"vnh-card\">\n\t\t\t\t\t<a\n\t\t\t\t\t\tclass=\"vnh-media\"\n\t\t\t\t\t\thref=\"https:\/\/www.agroportal.pt\/espanha-concentra-68-do-comercio-mundial-de-azeite-de-bagaco\/\"\n\t\t\t\t\t\ttarget=\"_blank\"\n\t\t\t\t\t\trel=\"noopener noreferrer nofollow external\"\n\t\t\t\t\t\taria-label=\"Abrir not\u00edcia: Espanha concentra 68% do com\u00e9rcio mundial de azeite de baga\u00e7o\"\n\t\t\t\t\t>\n\t\t\t\t\t\t<img\n\t\t\t\t\t\t\tsrc=\"https:\/\/clone.vinomatos.com\/wp-content\/plugins\/vinomatos-news-hub\/assets\/images\/news-placeholder.svg\"\n\t\t\t\t\t\t\talt=\"\"\n\t\t\t\t\t\t\twidth=\"640\"\n\t\t\t\t\t\t\theight=\"640\"\n\t\t\t\t\t\t\tloading=\"lazy\"\n\t\t\t\t\t\t\tdecoding=\"async\"\n\t\t\t\t\t\t\tfetchpriority=\"low\"\n\t\t\t\t\t\t\tdata-vnh-fallback=\"https:\/\/clone.vinomatos.com\/wp-content\/plugins\/vinomatos-news-hub\/assets\/images\/news-placeholder.svg\"\n\t\t\t\t\t\t>\n\t\t\t\t\t\t<span class=\"vnh-region-tag\" data-vnh-region-label=\"portugal\">Portugal<\/span>\n\t\t\t\t\t<\/a>\n\n\t\t\t\t\t<div class=\"vnh-card-content\">\n\t\t\t\t\t\t<div class=\"vnh-meta\">\n\t\t\t\t\t\t\t\t\t\t\t\t\t\t\t<a class=\"vnh-source\" href=\"https:\/\/www.agroportal.pt\/\" target=\"_blank\" rel=\"noopener noreferrer nofollow external\">Agroportal<\/a>\n\t\t\t\t\t\t\t\n\t\t\t\t\t\t\t\t\t\t\t\t\t\t\t<span class=\"vnh-meta-dot\" aria-hidden=\"true\"><\/span>\n\t\t\t\t\t\t\t\t<time class=\"vnh-date\" datetime=\"2026-08-28T11:12:13+00:00\" data-vnh-timestamp=\"1787915533\">28\/08\/2026<\/time>\n\t\t\t\t\t\t\t\t\t\t\t\t\t<\/div>\n\n\t\t\t\t\t\t<h3 class=\"vnh-card-title\"><a data-vnh-news-title data-vnh-original=\"Espanha concentra 68% do com\u00e9rcio mundial de azeite de baga\u00e7o\" href=\"https:\/\/www.agroportal.pt\/espanha-concentra-68-do-comercio-mundial-de-azeite-de-bagaco\/\" target=\"_blank\" rel=\"noopener noreferrer nofollow external\">Espanha concentra 68% do com\u00e9rcio mundial de azeite de baga\u00e7o<\/a><\/h3>\n\t\t\t\t\t\t<p class=\"vnh-card-excerpt\" data-vnh-news-excerpt data-vnh-original=\"O Relat\u00f3rio Sectorial 2026 sobre o Azeite de Baga\u00e7o de Azeitona confirma que Espanha mant\u00e9m uma posi\u00e7\u00e3o de lideran\u00e7a estrutural neste subsector estrat\u00e9gico do complexo\u2026\">O Relat\u00f3rio Sectorial 2026 sobre o Azeite de Baga\u00e7o de Azeitona confirma que Espanha mant\u00e9m uma posi\u00e7\u00e3o de lideran\u00e7a estrutural neste subsector estrat\u00e9gico do complexo\u2026<\/p>\n\t\t\t\t\t\t<a class=\"vnh-read-more\" href=\"https:\/\/www.agroportal.pt\/espanha-concentra-68-do-comercio-mundial-de-azeite-de-bagaco\/\" target=\"_blank\" rel=\"noopener noreferrer nofollow external\">\n\t\t\t\t\t\t\t<span>Ler not\u00edcia<\/span>\n\t\t\t\t\t\t\t<span aria-hidden=\"true\">\u2197<\/span>\n\t\t\t\t\t\t<\/a>\n\t\t\t\t\t<\/div>\n\t\t\t\t<\/article>\n\t\t\t\t\t\t\t\n\t\t\t\t<article class=\"vnh-card\">\n\t\t\t\t\t<a\n\t\t\t\t\t\tclass=\"vnh-media\"\n\t\t\t\t\t\thref=\"https:\/\/www.agroportal.pt\/municipio-de-tabua-atribui-150-mil-euros-aos-bombeiros-do-concelho-para-aquisicao-de-viaturas-de-combate-a-incendios\/\"\n\t\t\t\t\t\ttarget=\"_blank\"\n\t\t\t\t\t\trel=\"noopener noreferrer nofollow external\"\n\t\t\t\t\t\taria-label=\"Abrir not\u00edcia: Munic\u00edpio de T\u00e1bua atribui 150 mil euros aos Bombeiros do concelho para aquisi\u00e7\u00e3o de viaturas de combate a inc\u00eandios\"\n\t\t\t\t\t>\n\t\t\t\t\t\t<img\n\t\t\t\t\t\t\tsrc=\"https:\/\/clone.vinomatos.com\/wp-content\/plugins\/vinomatos-news-hub\/assets\/images\/news-placeholder.svg\"\n\t\t\t\t\t\t\talt=\"\"\n\t\t\t\t\t\t\twidth=\"640\"\n\t\t\t\t\t\t\theight=\"640\"\n\t\t\t\t\t\t\tloading=\"lazy\"\n\t\t\t\t\t\t\tdecoding=\"async\"\n\t\t\t\t\t\t\tfetchpriority=\"low\"\n\t\t\t\t\t\t\tdata-vnh-fallback=\"https:\/\/clone.vinomatos.com\/wp-content\/plugins\/vinomatos-news-hub\/assets\/images\/news-placeholder.svg\"\n\t\t\t\t\t\t>\n\t\t\t\t\t\t<span class=\"vnh-region-tag\" data-vnh-region-label=\"portugal\">Portugal<\/span>\n\t\t\t\t\t<\/a>\n\n\t\t\t\t\t<div class=\"vnh-card-content\">\n\t\t\t\t\t\t<div class=\"vnh-meta\">\n\t\t\t\t\t\t\t\t\t\t\t\t\t\t\t<a class=\"vnh-source\" href=\"https:\/\/www.agroportal.pt\/\" target=\"_blank\" rel=\"noopener noreferrer nofollow external\">Agroportal<\/a>\n\t\t\t\t\t\t\t\n\t\t\t\t\t\t\t\t\t\t\t\t\t\t\t<span class=\"vnh-meta-dot\" aria-hidden=\"true\"><\/span>\n\t\t\t\t\t\t\t\t<time class=\"vnh-date\" datetime=\"2026-08-28T10:07:19+00:00\" data-vnh-timestamp=\"1787911639\">28\/08\/2026<\/time>\n\t\t\t\t\t\t\t\t\t\t\t\t\t<\/div>\n\n\t\t\t\t\t\t<h3 class=\"vnh-card-title\"><a data-vnh-news-title data-vnh-original=\"Munic\u00edpio de T\u00e1bua atribui 150 mil euros aos Bombeiros do concelho para aquisi\u00e7\u00e3o de viaturas de combate a inc\u00eandios\" href=\"https:\/\/www.agroportal.pt\/municipio-de-tabua-atribui-150-mil-euros-aos-bombeiros-do-concelho-para-aquisicao-de-viaturas-de-combate-a-incendios\/\" target=\"_blank\" rel=\"noopener noreferrer nofollow external\">Munic\u00edpio de T\u00e1bua atribui 150 mil euros aos Bombeiros do concelho para aquisi\u00e7\u00e3o de viaturas de combate a inc\u00eandios<\/a><\/h3>\n\t\t\t\t\t\t<p class=\"vnh-card-excerpt\" data-vnh-news-excerpt data-vnh-original=\"O Munic\u00edpio de T\u00e1bua vai atribuir um apoio financeiro global de 150 mil euros \u00e0s duas Associa\u00e7\u00f5es Humanit\u00e1rias de Bombeiros Volunt\u00e1rios do [\u2026] Continue a\u2026\">O Munic\u00edpio de T\u00e1bua vai atribuir um apoio financeiro global de 150 mil euros \u00e0s duas Associa\u00e7\u00f5es Humanit\u00e1rias de Bombeiros Volunt\u00e1rios do [\u2026] Continue a\u2026<\/p>\n\t\t\t\t\t\t<a class=\"vnh-read-more\" href=\"https:\/\/www.agroportal.pt\/municipio-de-tabua-atribui-150-mil-euros-aos-bombeiros-do-concelho-para-aquisicao-de-viaturas-de-combate-a-incendios\/\" target=\"_blank\" rel=\"noopener noreferrer nofollow external\">\n\t\t\t\t\t\t\t<span>Ler not\u00edcia<\/span>\n\t\t\t\t\t\t\t<span aria-hidden=\"true\">\u2197<\/span>\n\t\t\t\t\t\t<\/a>\n\t\t\t\t\t<\/div>\n\t\t\t\t<\/article>\n\t\t\t\t\t\t\t\n\t\t\t\t<article class=\"vnh-card\">\n\t\t\t\t\t<a\n\t\t\t\t\t\tclass=\"vnh-media\"\n\t\t\t\t\t\thref=\"https:\/\/www.agroportal.pt\/bruxelas-acolhe-conferencia-sobre-legislacao-alimentar-europeia\/\"\n\t\t\t\t\t\ttarget=\"_blank\"\n\t\t\t\t\t\trel=\"noopener noreferrer nofollow external\"\n\t\t\t\t\t\taria-label=\"Abrir not\u00edcia: Bruxelas acolhe confer\u00eancia sobre legisla\u00e7\u00e3o alimentar europeia\"\n\t\t\t\t\t>\n\t\t\t\t\t\t<img\n\t\t\t\t\t\t\tsrc=\"https:\/\/clone.vinomatos.com\/wp-content\/plugins\/vinomatos-news-hub\/assets\/images\/news-placeholder.svg\"\n\t\t\t\t\t\t\talt=\"\"\n\t\t\t\t\t\t\twidth=\"640\"\n\t\t\t\t\t\t\theight=\"640\"\n\t\t\t\t\t\t\tloading=\"lazy\"\n\t\t\t\t\t\t\tdecoding=\"async\"\n\t\t\t\t\t\t\tfetchpriority=\"low\"\n\t\t\t\t\t\t\tdata-vnh-fallback=\"https:\/\/clone.vinomatos.com\/wp-content\/plugins\/vinomatos-news-hub\/assets\/images\/news-placeholder.svg\"\n\t\t\t\t\t\t>\n\t\t\t\t\t\t<span class=\"vnh-region-tag\" data-vnh-region-label=\"portugal\">Portugal<\/span>\n\t\t\t\t\t<\/a>\n\n\t\t\t\t\t<div class=\"vnh-card-content\">\n\t\t\t\t\t\t<div class=\"vnh-meta\">\n\t\t\t\t\t\t\t\t\t\t\t\t\t\t\t<a class=\"vnh-source\" href=\"https:\/\/www.agroportal.pt\/\" target=\"_blank\" rel=\"noopener noreferrer nofollow external\">Agroportal<\/a>\n\t\t\t\t\t\t\t\n\t\t\t\t\t\t\t\t\t\t\t\t\t\t\t<span class=\"vnh-meta-dot\" aria-hidden=\"true\"><\/span>\n\t\t\t\t\t\t\t\t<time class=\"vnh-date\" datetime=\"2026-08-28T09:59:43+00:00\" data-vnh-timestamp=\"1787911183\">28\/08\/2026<\/time>\n\t\t\t\t\t\t\t\t\t\t\t\t\t<\/div>\n\n\t\t\t\t\t\t<h3 class=\"vnh-card-title\"><a data-vnh-news-title data-vnh-original=\"Bruxelas acolhe confer\u00eancia sobre legisla\u00e7\u00e3o alimentar europeia\" href=\"https:\/\/www.agroportal.pt\/bruxelas-acolhe-conferencia-sobre-legislacao-alimentar-europeia\/\" target=\"_blank\" rel=\"noopener noreferrer nofollow external\">Bruxelas acolhe confer\u00eancia sobre legisla\u00e7\u00e3o alimentar europeia<\/a><\/h3>\n\t\t\t\t\t\t<p class=\"vnh-card-excerpt\" data-vnh-news-excerpt data-vnh-original=\"A 20.\u00aa Confer\u00eancia Europeia de Direito Alimentar e dos Alimentos para Animais realiza-se nos dias 29 e 30 de outubro de 2026, em Bruxelas, reunindo\u2026\">A 20.\u00aa Confer\u00eancia Europeia de Direito Alimentar e dos Alimentos para Animais realiza-se nos dias 29 e 30 de outubro de 2026, em Bruxelas, reunindo\u2026<\/p>\n\t\t\t\t\t\t<a class=\"vnh-read-more\" href=\"https:\/\/www.agroportal.pt\/bruxelas-acolhe-conferencia-sobre-legislacao-alimentar-europeia\/\" target=\"_blank\" rel=\"noopener noreferrer nofollow external\">\n\t\t\t\t\t\t\t<span>Ler not\u00edcia<\/span>\n\t\t\t\t\t\t\t<span aria-hidden=\"true\">\u2197<\/span>\n\t\t\t\t\t\t<\/a>\n\t\t\t\t\t<\/div>\n\t\t\t\t<\/article>\n\t\t\t\t\t\t\t\n\t\t\t\t<article class=\"vnh-card\">\n\t\t\t\t\t<a\n\t\t\t\t\t\tclass=\"vnh-media\"\n\t\t\t\t\t\thref=\"https:\/\/www.agroportal.pt\/acores-preve-ano-normal-de-producao-de-vinho-em-quantidade-e-qualidade\/\"\n\t\t\t\t\t\ttarget=\"_blank\"\n\t\t\t\t\t\trel=\"noopener noreferrer nofollow external\"\n\t\t\t\t\t\taria-label=\"Abrir not\u00edcia: A\u00e7ores prev\u00ea ano normal de produ\u00e7\u00e3o de vinho em quantidade e qualidade\"\n\t\t\t\t\t>\n\t\t\t\t\t\t<img\n\t\t\t\t\t\t\tsrc=\"https:\/\/clone.vinomatos.com\/wp-content\/plugins\/vinomatos-news-hub\/assets\/images\/news-placeholder.svg\"\n\t\t\t\t\t\t\talt=\"\"\n\t\t\t\t\t\t\twidth=\"640\"\n\t\t\t\t\t\t\theight=\"640\"\n\t\t\t\t\t\t\tloading=\"lazy\"\n\t\t\t\t\t\t\tdecoding=\"async\"\n\t\t\t\t\t\t\tfetchpriority=\"low\"\n\t\t\t\t\t\t\tdata-vnh-fallback=\"https:\/\/clone.vinomatos.com\/wp-content\/plugins\/vinomatos-news-hub\/assets\/images\/news-placeholder.svg\"\n\t\t\t\t\t\t>\n\t\t\t\t\t\t<span class=\"vnh-region-tag\" data-vnh-region-label=\"portugal\">Portugal<\/span>\n\t\t\t\t\t<\/a>\n\n\t\t\t\t\t<div class=\"vnh-card-content\">\n\t\t\t\t\t\t<div class=\"vnh-meta\">\n\t\t\t\t\t\t\t\t\t\t\t\t\t\t\t<a class=\"vnh-source\" href=\"https:\/\/www.agroportal.pt\/\" target=\"_blank\" rel=\"noopener noreferrer nofollow external\">Agroportal<\/a>\n\t\t\t\t\t\t\t\n\t\t\t\t\t\t\t\t\t\t\t\t\t\t\t<span class=\"vnh-meta-dot\" aria-hidden=\"true\"><\/span>\n\t\t\t\t\t\t\t\t<time class=\"vnh-date\" datetime=\"2026-08-28T09:51:07+00:00\" data-vnh-timestamp=\"1787910667\">28\/08\/2026<\/time>\n\t\t\t\t\t\t\t\t\t\t\t\t\t<\/div>\n\n\t\t\t\t\t\t<h3 class=\"vnh-card-title\"><a data-vnh-news-title data-vnh-original=\"A\u00e7ores prev\u00ea ano normal de produ\u00e7\u00e3o de vinho em quantidade e qualidade\" href=\"https:\/\/www.agroportal.pt\/acores-preve-ano-normal-de-producao-de-vinho-em-quantidade-e-qualidade\/\" target=\"_blank\" rel=\"noopener noreferrer nofollow external\">A\u00e7ores prev\u00ea ano normal de produ\u00e7\u00e3o de vinho em quantidade e qualidade<\/a><\/h3>\n\t\t\t\t\t\t<p class=\"vnh-card-excerpt\" data-vnh-news-excerpt data-vnh-original=\"A produ\u00e7\u00e3o de vinho nos A\u00e7ores deve rondar as 700 toneladas e corresponder a um ano normal em termos de quantidade e qualidade, disse hoje\u2026\">A produ\u00e7\u00e3o de vinho nos A\u00e7ores deve rondar as 700 toneladas e corresponder a um ano normal em termos de quantidade e qualidade, disse hoje\u2026<\/p>\n\t\t\t\t\t\t<a class=\"vnh-read-more\" href=\"https:\/\/www.agroportal.pt\/acores-preve-ano-normal-de-producao-de-vinho-em-quantidade-e-qualidade\/\" target=\"_blank\" rel=\"noopener noreferrer nofollow external\">\n\t\t\t\t\t\t\t<span>Ler not\u00edcia<\/span>\n\t\t\t\t\t\t\t<span aria-hidden=\"true\">\u2197<\/span>\n\t\t\t\t\t\t<\/a>\n\t\t\t\t\t<\/div>\n\t\t\t\t<\/article>\n\t\t\t\t\t\t\t\n\t\t\t\t<article class=\"vnh-card\">\n\t\t\t\t\t<a\n\t\t\t\t\t\tclass=\"vnh-media\"\n\t\t\t\t\t\thref=\"https:\/\/www.agroportal.pt\/futuro-e-desafios-da-castanha-vao-estar-em-debate-em-setembro-em-valpacos\/\"\n\t\t\t\t\t\ttarget=\"_blank\"\n\t\t\t\t\t\trel=\"noopener noreferrer nofollow external\"\n\t\t\t\t\t\taria-label=\"Abrir not\u00edcia: Futuro e desafios da castanha v\u00e3o estar em debate em setembro em Valpa\u00e7os\"\n\t\t\t\t\t>\n\t\t\t\t\t\t<img\n\t\t\t\t\t\t\tsrc=\"https:\/\/clone.vinomatos.com\/wp-content\/plugins\/vinomatos-news-hub\/assets\/images\/news-placeholder.svg\"\n\t\t\t\t\t\t\talt=\"\"\n\t\t\t\t\t\t\twidth=\"640\"\n\t\t\t\t\t\t\theight=\"640\"\n\t\t\t\t\t\t\tloading=\"lazy\"\n\t\t\t\t\t\t\tdecoding=\"async\"\n\t\t\t\t\t\t\tfetchpriority=\"low\"\n\t\t\t\t\t\t\tdata-vnh-fallback=\"https:\/\/clone.vinomatos.com\/wp-content\/plugins\/vinomatos-news-hub\/assets\/images\/news-placeholder.svg\"\n\t\t\t\t\t\t>\n\t\t\t\t\t\t<span class=\"vnh-region-tag\" data-vnh-region-label=\"portugal\">Portugal<\/span>\n\t\t\t\t\t<\/a>\n\n\t\t\t\t\t<div class=\"vnh-card-content\">\n\t\t\t\t\t\t<div class=\"vnh-meta\">\n\t\t\t\t\t\t\t\t\t\t\t\t\t\t\t<a class=\"vnh-source\" href=\"https:\/\/www.agroportal.pt\/\" target=\"_blank\" rel=\"noopener noreferrer nofollow external\">Agroportal<\/a>\n\t\t\t\t\t\t\t\n\t\t\t\t\t\t\t\t\t\t\t\t\t\t\t<span class=\"vnh-meta-dot\" aria-hidden=\"true\"><\/span>\n\t\t\t\t\t\t\t\t<time class=\"vnh-date\" datetime=\"2026-08-28T09:11:22+00:00\" data-vnh-timestamp=\"1787908282\">28\/08\/2026<\/time>\n\t\t\t\t\t\t\t\t\t\t\t\t\t<\/div>\n\n\t\t\t\t\t\t<h3 class=\"vnh-card-title\"><a data-vnh-news-title data-vnh-original=\"Futuro e desafios da castanha v\u00e3o estar em debate em setembro em Valpa\u00e7os\" href=\"https:\/\/www.agroportal.pt\/futuro-e-desafios-da-castanha-vao-estar-em-debate-em-setembro-em-valpacos\/\" target=\"_blank\" rel=\"noopener noreferrer nofollow external\">Futuro e desafios da castanha v\u00e3o estar em debate em setembro em Valpa\u00e7os<\/a><\/h3>\n\t\t\t\t\t\t<p class=\"vnh-card-excerpt\" data-vnh-news-excerpt data-vnh-original=\"A vila de Carrazedo de Montenegro, concelho de Valpa\u00e7os, acolhe em setembro o Encontro Europeu da Castanha, que vai debater dificuldades e oportunidades do setor,\u2026\">A vila de Carrazedo de Montenegro, concelho de Valpa\u00e7os, acolhe em setembro o Encontro Europeu da Castanha, que vai debater dificuldades e oportunidades do setor,\u2026<\/p>\n\t\t\t\t\t\t<a class=\"vnh-read-more\" href=\"https:\/\/www.agroportal.pt\/futuro-e-desafios-da-castanha-vao-estar-em-debate-em-setembro-em-valpacos\/\" target=\"_blank\" rel=\"noopener noreferrer nofollow external\">\n\t\t\t\t\t\t\t<span>Ler not\u00edcia<\/span>\n\t\t\t\t\t\t\t<span aria-hidden=\"true\">\u2197<\/span>\n\t\t\t\t\t\t<\/a>\n\t\t\t\t\t<\/div>\n\t\t\t\t<\/article>\n\t\t\t\t\t\t\t\n\t\t\t\t<article class=\"vnh-card\">\n\t\t\t\t\t<a\n\t\t\t\t\t\tclass=\"vnh-media\"\n\t\t\t\t\t\thref=\"https:\/\/www.vidarural.pt\/id\/mata-nacional-bussaco\/\"\n\t\t\t\t\t\ttarget=\"_blank\"\n\t\t\t\t\t\trel=\"noopener noreferrer nofollow external\"\n\t\t\t\t\t\taria-label=\"Abrir not\u00edcia: Mata Nacional do Bussaco reconhecida como primeira floresta terap\u00eautica da Pen\u00ednsula Ib\u00e9rica\"\n\t\t\t\t\t>\n\t\t\t\t\t\t<img\n\t\t\t\t\t\t\tsrc=\"https:\/\/www.vidarural.pt\/wp-content\/uploads\/sites\/5\/2026\/08\/Fonte-Fria-scaled-1.jpg\"\n\t\t\t\t\t\t\talt=\"\"\n\t\t\t\t\t\t\twidth=\"640\"\n\t\t\t\t\t\t\theight=\"640\"\n\t\t\t\t\t\t\tloading=\"lazy\"\n\t\t\t\t\t\t\tdecoding=\"async\"\n\t\t\t\t\t\t\tfetchpriority=\"low\"\n\t\t\t\t\t\t\tdata-vnh-fallback=\"https:\/\/clone.vinomatos.com\/wp-content\/plugins\/vinomatos-news-hub\/assets\/images\/news-placeholder.svg\"\n\t\t\t\t\t\t>\n\t\t\t\t\t\t<span class=\"vnh-region-tag\" data-vnh-region-label=\"portugal\">Portugal<\/span>\n\t\t\t\t\t<\/a>\n\n\t\t\t\t\t<div class=\"vnh-card-content\">\n\t\t\t\t\t\t<div class=\"vnh-meta\">\n\t\t\t\t\t\t\t\t\t\t\t\t\t\t\t<a class=\"vnh-source\" href=\"https:\/\/www.vidarural.pt\/\" target=\"_blank\" rel=\"noopener noreferrer nofollow external\">Vida Rural<\/a>\n\t\t\t\t\t\t\t\n\t\t\t\t\t\t\t\t\t\t\t\t\t\t\t<span class=\"vnh-meta-dot\" aria-hidden=\"true\"><\/span>\n\t\t\t\t\t\t\t\t<time class=\"vnh-date\" datetime=\"2026-08-28T08:57:48+00:00\" data-vnh-timestamp=\"1787907468\">28\/08\/2026<\/time>\n\t\t\t\t\t\t\t\t\t\t\t\t\t<\/div>\n\n\t\t\t\t\t\t<h3 class=\"vnh-card-title\"><a data-vnh-news-title data-vnh-original=\"Mata Nacional do Bussaco reconhecida como primeira floresta terap\u00eautica da Pen\u00ednsula Ib\u00e9rica\" href=\"https:\/\/www.vidarural.pt\/id\/mata-nacional-bussaco\/\" target=\"_blank\" rel=\"noopener noreferrer nofollow external\">Mata Nacional do Bussaco reconhecida como primeira floresta terap\u00eautica da Pen\u00ednsula Ib\u00e9rica<\/a><\/h3>\n\t\t\t\t\t\t<p class=\"vnh-card-excerpt\" data-vnh-news-excerpt data-vnh-original=\"A Mata Nacional do Bussaco foi reconhecida como a primeira floresta terap\u00eautica da Pen\u00ednsula Ib\u00e9rica pela Sociedade Internacional de Terapia Florestal, entidade que destaca os\u2026\">A Mata Nacional do Bussaco foi reconhecida como a primeira floresta terap\u00eautica da Pen\u00ednsula Ib\u00e9rica pela Sociedade Internacional de Terapia Florestal, entidade que destaca os\u2026<\/p>\n\t\t\t\t\t\t<a class=\"vnh-read-more\" href=\"https:\/\/www.vidarural.pt\/id\/mata-nacional-bussaco\/\" target=\"_blank\" rel=\"noopener noreferrer nofollow external\">\n\t\t\t\t\t\t\t<span>Ler not\u00edcia<\/span>\n\t\t\t\t\t\t\t<span aria-hidden=\"true\">\u2197<\/span>\n\t\t\t\t\t\t<\/a>\n\t\t\t\t\t<\/div>\n\t\t\t\t<\/article>\n\t\t\t\t\t\t\t\n\t\t\t\t<article class=\"vnh-card\">\n\t\t\t\t\t<a\n\t\t\t\t\t\tclass=\"vnh-media\"\n\t\t\t\t\t\thref=\"https:\/\/www.vidarural.pt\/destaques\/governo-incendios\/\"\n\t\t\t\t\t\ttarget=\"_blank\"\n\t\t\t\t\t\trel=\"noopener noreferrer nofollow external\"\n\t\t\t\t\t\taria-label=\"Abrir not\u00edcia: Governo mobiliza 10 milh\u00f5es para explora\u00e7\u00f5es afetadas pelos inc\u00eandios de Vouzela e Valpa\u00e7os\"\n\t\t\t\t\t>\n\t\t\t\t\t\t<img\n\t\t\t\t\t\t\tsrc=\"https:\/\/www.vidarural.pt\/wp-content\/uploads\/sites\/5\/2026\/03\/iStock-509930556.jpg\"\n\t\t\t\t\t\t\talt=\"\"\n\t\t\t\t\t\t\twidth=\"640\"\n\t\t\t\t\t\t\theight=\"640\"\n\t\t\t\t\t\t\tloading=\"lazy\"\n\t\t\t\t\t\t\tdecoding=\"async\"\n\t\t\t\t\t\t\tfetchpriority=\"low\"\n\t\t\t\t\t\t\tdata-vnh-fallback=\"https:\/\/clone.vinomatos.com\/wp-content\/plugins\/vinomatos-news-hub\/assets\/images\/news-placeholder.svg\"\n\t\t\t\t\t\t>\n\t\t\t\t\t\t<span class=\"vnh-region-tag\" data-vnh-region-label=\"portugal\">Portugal<\/span>\n\t\t\t\t\t<\/a>\n\n\t\t\t\t\t<div class=\"vnh-card-content\">\n\t\t\t\t\t\t<div class=\"vnh-meta\">\n\t\t\t\t\t\t\t\t\t\t\t\t\t\t\t<a class=\"vnh-source\" href=\"https:\/\/www.vidarural.pt\/\" target=\"_blank\" rel=\"noopener noreferrer nofollow external\">Vida Rural<\/a>\n\t\t\t\t\t\t\t\n\t\t\t\t\t\t\t\t\t\t\t\t\t\t\t<span class=\"vnh-meta-dot\" aria-hidden=\"true\"><\/span>\n\t\t\t\t\t\t\t\t<time class=\"vnh-date\" datetime=\"2026-08-28T08:00:58+00:00\" data-vnh-timestamp=\"1787904058\">28\/08\/2026<\/time>\n\t\t\t\t\t\t\t\t\t\t\t\t\t<\/div>\n\n\t\t\t\t\t\t<h3 class=\"vnh-card-title\"><a data-vnh-news-title data-vnh-original=\"Governo mobiliza 10 milh\u00f5es para explora\u00e7\u00f5es afetadas pelos inc\u00eandios de Vouzela e Valpa\u00e7os\" href=\"https:\/\/www.vidarural.pt\/destaques\/governo-incendios\/\" target=\"_blank\" rel=\"noopener noreferrer nofollow external\">Governo mobiliza 10 milh\u00f5es para explora\u00e7\u00f5es afetadas pelos inc\u00eandios de Vouzela e Valpa\u00e7os<\/a><\/h3>\n\t\t\t\t\t\t<p class=\"vnh-card-excerpt\" data-vnh-news-excerpt data-vnh-original=\"O Governo reconheceu oficialmente como cat\u00e1strofe natural os inc\u00eandios rurais que atingiram freguesias das regi\u00f5es Centro e Norte, em particular nas zonas de Vouzela e\u2026\">O Governo reconheceu oficialmente como cat\u00e1strofe natural os inc\u00eandios rurais que atingiram freguesias das regi\u00f5es Centro e Norte, em particular nas zonas de Vouzela e\u2026<\/p>\n\t\t\t\t\t\t<a class=\"vnh-read-more\" href=\"https:\/\/www.vidarural.pt\/destaques\/governo-incendios\/\" target=\"_blank\" rel=\"noopener noreferrer nofollow external\">\n\t\t\t\t\t\t\t<span>Ler not\u00edcia<\/span>\n\t\t\t\t\t\t\t<span aria-hidden=\"true\">\u2197<\/span>\n\t\t\t\t\t\t<\/a>\n\t\t\t\t\t<\/div>\n\t\t\t\t<\/article>\n\t\t\t\t\t\t\t\n\t\t\t\t<article class=\"vnh-card\">\n\t\t\t\t\t<a\n\t\t\t\t\t\tclass=\"vnh-media\"\n\t\t\t\t\t\thref=\"http:\/\/www.agrotec.pt\/noticias\/escola-superior-agraria-de-coimbra-recebe-o-encontro-nacional-de-agricultura-e-producao-biologica\/\"\n\t\t\t\t\t\ttarget=\"_blank\"\n\t\t\t\t\t\trel=\"noopener noreferrer nofollow external\"\n\t\t\t\t\t\taria-label=\"Abrir not\u00edcia: Escola Superior Agr\u00e1ria de Coimbra recebe o Encontro Nacional de Agricultura e Produ\u00e7\u00e3o Biol\u00f3gica\"\n\t\t\t\t\t>\n\t\t\t\t\t\t<img\n\t\t\t\t\t\t\tsrc=\"http:\/\/www.agrotec.pt\/userfiles\/image\/dropzone\/blogs\/20260827140200-bilogo.jpg\"\n\t\t\t\t\t\t\talt=\"\"\n\t\t\t\t\t\t\twidth=\"640\"\n\t\t\t\t\t\t\theight=\"640\"\n\t\t\t\t\t\t\tloading=\"lazy\"\n\t\t\t\t\t\t\tdecoding=\"async\"\n\t\t\t\t\t\t\tfetchpriority=\"low\"\n\t\t\t\t\t\t\tdata-vnh-fallback=\"https:\/\/clone.vinomatos.com\/wp-content\/plugins\/vinomatos-news-hub\/assets\/images\/news-placeholder.svg\"\n\t\t\t\t\t\t>\n\t\t\t\t\t\t<span class=\"vnh-region-tag\" data-vnh-region-label=\"portugal\">Portugal<\/span>\n\t\t\t\t\t<\/a>\n\n\t\t\t\t\t<div class=\"vnh-card-content\">\n\t\t\t\t\t\t<div class=\"vnh-meta\">\n\t\t\t\t\t\t\t\t\t\t\t\t\t\t\t<a class=\"vnh-source\" href=\"https:\/\/www.agrotec.pt\/\" target=\"_blank\" rel=\"noopener noreferrer nofollow external\">AGROTEC<\/a>\n\t\t\t\t\t\t\t\n\t\t\t\t\t\t\t\t\t\t\t\t\t\t\t<span class=\"vnh-meta-dot\" aria-hidden=\"true\"><\/span>\n\t\t\t\t\t\t\t\t<time class=\"vnh-date\" datetime=\"2026-08-27T14:00:26+00:00\" data-vnh-timestamp=\"1787839226\">27\/08\/2026<\/time>\n\t\t\t\t\t\t\t\t\t\t\t\t\t<\/div>\n\n\t\t\t\t\t\t<h3 class=\"vnh-card-title\"><a data-vnh-news-title data-vnh-original=\"Escola Superior Agr\u00e1ria de Coimbra recebe o Encontro Nacional de Agricultura e Produ\u00e7\u00e3o Biol\u00f3gica\" href=\"http:\/\/www.agrotec.pt\/noticias\/escola-superior-agraria-de-coimbra-recebe-o-encontro-nacional-de-agricultura-e-producao-biologica\/\" target=\"_blank\" rel=\"noopener noreferrer nofollow external\">Escola Superior Agr\u00e1ria de Coimbra recebe o Encontro Nacional de Agricultura e Produ\u00e7\u00e3o Biol\u00f3gica<\/a><\/h3>\n\t\t\t\t\t\t<p class=\"vnh-card-excerpt\" data-vnh-news-excerpt data-vnh-original=\"Nos dias 23, 24 e 25 de setembro, realiza-se o Encontro Nacional de Agricultura e Produ\u00e7\u00e3o Biol\u00f3gica, na ESAC - Escola Superior Agr\u00e1ria de Coimbra,\u2026\">Nos dias 23, 24 e 25 de setembro, realiza-se o Encontro Nacional de Agricultura e Produ\u00e7\u00e3o Biol\u00f3gica, na ESAC - Escola Superior Agr\u00e1ria de Coimbra,\u2026<\/p>\n\t\t\t\t\t\t<a class=\"vnh-read-more\" href=\"http:\/\/www.agrotec.pt\/noticias\/escola-superior-agraria-de-coimbra-recebe-o-encontro-nacional-de-agricultura-e-producao-biologica\/\" target=\"_blank\" rel=\"noopener noreferrer nofollow external\">\n\t\t\t\t\t\t\t<span>Ler not\u00edcia<\/span>\n\t\t\t\t\t\t\t<span aria-hidden=\"true\">\u2197<\/span>\n\t\t\t\t\t\t<\/a>\n\t\t\t\t\t<\/div>\n\t\t\t\t<\/article>\n\t\t\t\t\t\t\t\n\t\t\t\t<article class=\"vnh-card\">\n\t\t\t\t\t<a\n\t\t\t\t\t\tclass=\"vnh-media\"\n\t\t\t\t\t\thref=\"http:\/\/www.agrotec.pt\/noticias\/projeto-intaqt-apresenta-resultados-de-investigacao-sobre-producao-pecuaria-sustentavel-e-de-elevada-qualidade\/\"\n\t\t\t\t\t\ttarget=\"_blank\"\n\t\t\t\t\t\trel=\"noopener noreferrer nofollow external\"\n\t\t\t\t\t\taria-label=\"Abrir not\u00edcia: Projeto INTAQT apresenta resultados de investiga\u00e7\u00e3o sobre produ\u00e7\u00e3o pecu\u00e1ria sustent\u00e1vel e de elevada qualidade\"\n\t\t\t\t\t>\n\t\t\t\t\t\t<img\n\t\t\t\t\t\t\tsrc=\"http:\/\/www.agrotec.pt\/userfiles\/image\/dropzone\/blogs\/20260827140001-projeto.jpg\"\n\t\t\t\t\t\t\talt=\"\"\n\t\t\t\t\t\t\twidth=\"640\"\n\t\t\t\t\t\t\theight=\"640\"\n\t\t\t\t\t\t\tloading=\"lazy\"\n\t\t\t\t\t\t\tdecoding=\"async\"\n\t\t\t\t\t\t\tfetchpriority=\"low\"\n\t\t\t\t\t\t\tdata-vnh-fallback=\"https:\/\/clone.vinomatos.com\/wp-content\/plugins\/vinomatos-news-hub\/assets\/images\/news-placeholder.svg\"\n\t\t\t\t\t\t>\n\t\t\t\t\t\t<span class=\"vnh-region-tag\" data-vnh-region-label=\"portugal\">Portugal<\/span>\n\t\t\t\t\t<\/a>\n\n\t\t\t\t\t<div class=\"vnh-card-content\">\n\t\t\t\t\t\t<div class=\"vnh-meta\">\n\t\t\t\t\t\t\t\t\t\t\t\t\t\t\t<a class=\"vnh-source\" href=\"https:\/\/www.agrotec.pt\/\" target=\"_blank\" rel=\"noopener noreferrer nofollow external\">AGROTEC<\/a>\n\t\t\t\t\t\t\t\n\t\t\t\t\t\t\t\t\t\t\t\t\t\t\t<span class=\"vnh-meta-dot\" aria-hidden=\"true\"><\/span>\n\t\t\t\t\t\t\t\t<time class=\"vnh-date\" datetime=\"2026-08-27T13:56:33+00:00\" data-vnh-timestamp=\"1787838993\">27\/08\/2026<\/time>\n\t\t\t\t\t\t\t\t\t\t\t\t\t<\/div>\n\n\t\t\t\t\t\t<h3 class=\"vnh-card-title\"><a data-vnh-news-title data-vnh-original=\"Projeto INTAQT apresenta resultados de investiga\u00e7\u00e3o sobre produ\u00e7\u00e3o pecu\u00e1ria sustent\u00e1vel e de elevada qualidade\" href=\"http:\/\/www.agrotec.pt\/noticias\/projeto-intaqt-apresenta-resultados-de-investigacao-sobre-producao-pecuaria-sustentavel-e-de-elevada-qualidade\/\" target=\"_blank\" rel=\"noopener noreferrer nofollow external\">Projeto INTAQT apresenta resultados de investiga\u00e7\u00e3o sobre produ\u00e7\u00e3o pecu\u00e1ria sustent\u00e1vel e de elevada qualidade<\/a><\/h3>\n\t\t\t\t\t\t<p class=\"vnh-card-excerpt\" data-vnh-news-excerpt data-vnh-original=\"Investigadores e representantes do setor pecu\u00e1rio, decisores pol\u00edticos e outras partes interessadas ir\u00e3o reunir-se em Hamburgo e online para a Confer\u00eancia Cient\u00edfica Final do INTAQT,\u2026\">Investigadores e representantes do setor pecu\u00e1rio, decisores pol\u00edticos e outras partes interessadas ir\u00e3o reunir-se em Hamburgo e online para a Confer\u00eancia Cient\u00edfica Final do INTAQT,\u2026<\/p>\n\t\t\t\t\t\t<a class=\"vnh-read-more\" href=\"http:\/\/www.agrotec.pt\/noticias\/projeto-intaqt-apresenta-resultados-de-investigacao-sobre-producao-pecuaria-sustentavel-e-de-elevada-qualidade\/\" target=\"_blank\" rel=\"noopener noreferrer nofollow external\">\n\t\t\t\t\t\t\t<span>Ler not\u00edcia<\/span>\n\t\t\t\t\t\t\t<span aria-hidden=\"true\">\u2197<\/span>\n\t\t\t\t\t\t<\/a>\n\t\t\t\t\t<\/div>\n\t\t\t\t<\/article>\n\t\t\t\t\t\t\t\n\t\t\t\t<article class=\"vnh-card\">\n\t\t\t\t\t<a\n\t\t\t\t\t\tclass=\"vnh-media\"\n\t\t\t\t\t\thref=\"http:\/\/www.agrotec.pt\/noticias\/expomor-2026-destaca-o-papel-das-mulheres-no-mundo-rural\/\"\n\t\t\t\t\t\ttarget=\"_blank\"\n\t\t\t\t\t\trel=\"noopener noreferrer nofollow external\"\n\t\t\t\t\t\taria-label=\"Abrir not\u00edcia: EXPOMOR 2026 destaca o papel das mulheres no mundo rural\"\n\t\t\t\t\t>\n\t\t\t\t\t\t<img\n\t\t\t\t\t\t\tsrc=\"http:\/\/www.agrotec.pt\/userfiles\/image\/dropzone\/blogs\/20260827135537-apormor.jpg\"\n\t\t\t\t\t\t\talt=\"\"\n\t\t\t\t\t\t\twidth=\"640\"\n\t\t\t\t\t\t\theight=\"640\"\n\t\t\t\t\t\t\tloading=\"lazy\"\n\t\t\t\t\t\t\tdecoding=\"async\"\n\t\t\t\t\t\t\tfetchpriority=\"low\"\n\t\t\t\t\t\t\tdata-vnh-fallback=\"https:\/\/clone.vinomatos.com\/wp-content\/plugins\/vinomatos-news-hub\/assets\/images\/news-placeholder.svg\"\n\t\t\t\t\t\t>\n\t\t\t\t\t\t<span class=\"vnh-region-tag\" data-vnh-region-label=\"portugal\">Portugal<\/span>\n\t\t\t\t\t<\/a>\n\n\t\t\t\t\t<div class=\"vnh-card-content\">\n\t\t\t\t\t\t<div class=\"vnh-meta\">\n\t\t\t\t\t\t\t\t\t\t\t\t\t\t\t<a class=\"vnh-source\" href=\"https:\/\/www.agrotec.pt\/\" target=\"_blank\" rel=\"noopener noreferrer nofollow external\">AGROTEC<\/a>\n\t\t\t\t\t\t\t\n\t\t\t\t\t\t\t\t\t\t\t\t\t\t\t<span class=\"vnh-meta-dot\" aria-hidden=\"true\"><\/span>\n\t\t\t\t\t\t\t\t<time class=\"vnh-date\" datetime=\"2026-08-27T13:53:08+00:00\" data-vnh-timestamp=\"1787838788\">27\/08\/2026<\/time>\n\t\t\t\t\t\t\t\t\t\t\t\t\t<\/div>\n\n\t\t\t\t\t\t<h3 class=\"vnh-card-title\"><a data-vnh-news-title data-vnh-original=\"EXPOMOR 2026 destaca o papel das mulheres no mundo rural\" href=\"http:\/\/www.agrotec.pt\/noticias\/expomor-2026-destaca-o-papel-das-mulheres-no-mundo-rural\/\" target=\"_blank\" rel=\"noopener noreferrer nofollow external\">EXPOMOR 2026 destaca o papel das mulheres no mundo rural<\/a><\/h3>\n\t\t\t\t\t\t<p class=\"vnh-card-excerpt\" data-vnh-news-excerpt data-vnh-original=\"Feira da Luz, um dos principais pontos de encontro do setor da pecu\u00e1ria extensiva em Portugal, realiza-se de 2 a 7 de setembro, no Parque\u2026\">Feira da Luz, um dos principais pontos de encontro do setor da pecu\u00e1ria extensiva em Portugal, realiza-se de 2 a 7 de setembro, no Parque\u2026<\/p>\n\t\t\t\t\t\t<a class=\"vnh-read-more\" href=\"http:\/\/www.agrotec.pt\/noticias\/expomor-2026-destaca-o-papel-das-mulheres-no-mundo-rural\/\" target=\"_blank\" rel=\"noopener noreferrer nofollow external\">\n\t\t\t\t\t\t\t<span>Ler not\u00edcia<\/span>\n\t\t\t\t\t\t\t<span aria-hidden=\"true\">\u2197<\/span>\n\t\t\t\t\t\t<\/a>\n\t\t\t\t\t<\/div>\n\t\t\t\t<\/article>\n\t\t\t\t\t\t\t\n\t\t\t\t<article class=\"vnh-card\">\n\t\t\t\t\t<a\n\t\t\t\t\t\tclass=\"vnh-media\"\n\t\t\t\t\t\thref=\"http:\/\/www.agrotec.pt\/noticias\/ajap-promove-formacao-para-tecnicos-em-modo-de-producao-integrada-em-vinha\/\"\n\t\t\t\t\t\ttarget=\"_blank\"\n\t\t\t\t\t\trel=\"noopener noreferrer nofollow external\"\n\t\t\t\t\t\taria-label=\"Abrir not\u00edcia: AJAP promove forma\u00e7\u00e3o para T\u00e9cnicos em Modo de Produ\u00e7\u00e3o Integrada em Vinha\"\n\t\t\t\t\t>\n\t\t\t\t\t\t<img\n\t\t\t\t\t\t\tsrc=\"http:\/\/www.agrotec.pt\/userfiles\/image\/dropzone\/blogs\/20260827135224-vinha.jpg\"\n\t\t\t\t\t\t\talt=\"\"\n\t\t\t\t\t\t\twidth=\"640\"\n\t\t\t\t\t\t\theight=\"640\"\n\t\t\t\t\t\t\tloading=\"lazy\"\n\t\t\t\t\t\t\tdecoding=\"async\"\n\t\t\t\t\t\t\tfetchpriority=\"low\"\n\t\t\t\t\t\t\tdata-vnh-fallback=\"https:\/\/clone.vinomatos.com\/wp-content\/plugins\/vinomatos-news-hub\/assets\/images\/news-placeholder.svg\"\n\t\t\t\t\t\t>\n\t\t\t\t\t\t<span class=\"vnh-region-tag\" data-vnh-region-label=\"portugal\">Portugal<\/span>\n\t\t\t\t\t<\/a>\n\n\t\t\t\t\t<div class=\"vnh-card-content\">\n\t\t\t\t\t\t<div class=\"vnh-meta\">\n\t\t\t\t\t\t\t\t\t\t\t\t\t\t\t<a class=\"vnh-source\" href=\"https:\/\/www.agrotec.pt\/\" target=\"_blank\" rel=\"noopener noreferrer nofollow external\">AGROTEC<\/a>\n\t\t\t\t\t\t\t\n\t\t\t\t\t\t\t\t\t\t\t\t\t\t\t<span class=\"vnh-meta-dot\" aria-hidden=\"true\"><\/span>\n\t\t\t\t\t\t\t\t<time class=\"vnh-date\" datetime=\"2026-08-27T13:50:32+00:00\" data-vnh-timestamp=\"1787838632\">27\/08\/2026<\/time>\n\t\t\t\t\t\t\t\t\t\t\t\t\t<\/div>\n\n\t\t\t\t\t\t<h3 class=\"vnh-card-title\"><a data-vnh-news-title data-vnh-original=\"AJAP promove forma\u00e7\u00e3o para T\u00e9cnicos em Modo de Produ\u00e7\u00e3o Integrada em Vinha\" href=\"http:\/\/www.agrotec.pt\/noticias\/ajap-promove-formacao-para-tecnicos-em-modo-de-producao-integrada-em-vinha\/\" target=\"_blank\" rel=\"noopener noreferrer nofollow external\">AJAP promove forma\u00e7\u00e3o para T\u00e9cnicos em Modo de Produ\u00e7\u00e3o Integrada em Vinha<\/a><\/h3>\n\t\t\t\t\t\t<p class=\"vnh-card-excerpt\" data-vnh-news-excerpt data-vnh-original=\"Associa\u00e7\u00e3o dos Jovens Agricultores de Portugal promove uma nova edi\u00e7\u00e3o do curso \u201cModo de Produ\u00e7\u00e3o Integrada em Vinha\u201d, destinado a t\u00e9cnicos que pretendam adquirir ou\u2026\">Associa\u00e7\u00e3o dos Jovens Agricultores de Portugal promove uma nova edi\u00e7\u00e3o do curso \u201cModo de Produ\u00e7\u00e3o Integrada em Vinha\u201d, destinado a t\u00e9cnicos que pretendam adquirir ou\u2026<\/p>\n\t\t\t\t\t\t<a class=\"vnh-read-more\" href=\"http:\/\/www.agrotec.pt\/noticias\/ajap-promove-formacao-para-tecnicos-em-modo-de-producao-integrada-em-vinha\/\" target=\"_blank\" rel=\"noopener noreferrer nofollow external\">\n\t\t\t\t\t\t\t<span>Ler not\u00edcia<\/span>\n\t\t\t\t\t\t\t<span aria-hidden=\"true\">\u2197<\/span>\n\t\t\t\t\t\t<\/a>\n\t\t\t\t\t<\/div>\n\t\t\t\t<\/article>\n\t\t\t\t\t\t\t\n\t\t\t\t<article class=\"vnh-card\">\n\t\t\t\t\t<a\n\t\t\t\t\t\tclass=\"vnh-media\"\n\t\t\t\t\t\thref=\"http:\/\/www.agrotec.pt\/noticias\/dia-de-campo-inovmilho-solo-como-ecossistema-vivo-que-pode-tornar-a-agricultura-mais-resiliente\/\"\n\t\t\t\t\t\ttarget=\"_blank\"\n\t\t\t\t\t\trel=\"noopener noreferrer nofollow external\"\n\t\t\t\t\t\taria-label=\"Abrir not\u00edcia: Dia de Campo InovMilho: Solo como ecossistema vivo que pode tornar a agricultura mais resiliente\"\n\t\t\t\t\t>\n\t\t\t\t\t\t<img\n\t\t\t\t\t\t\tsrc=\"http:\/\/www.agrotec.pt\/userfiles\/image\/dropzone\/blogs\/20260827134947-diacampo.jpg\"\n\t\t\t\t\t\t\talt=\"\"\n\t\t\t\t\t\t\twidth=\"640\"\n\t\t\t\t\t\t\theight=\"640\"\n\t\t\t\t\t\t\tloading=\"lazy\"\n\t\t\t\t\t\t\tdecoding=\"async\"\n\t\t\t\t\t\t\tfetchpriority=\"low\"\n\t\t\t\t\t\t\tdata-vnh-fallback=\"https:\/\/clone.vinomatos.com\/wp-content\/plugins\/vinomatos-news-hub\/assets\/images\/news-placeholder.svg\"\n\t\t\t\t\t\t>\n\t\t\t\t\t\t<span class=\"vnh-region-tag\" data-vnh-region-label=\"portugal\">Portugal<\/span>\n\t\t\t\t\t<\/a>\n\n\t\t\t\t\t<div class=\"vnh-card-content\">\n\t\t\t\t\t\t<div class=\"vnh-meta\">\n\t\t\t\t\t\t\t\t\t\t\t\t\t\t\t<a class=\"vnh-source\" href=\"https:\/\/www.agrotec.pt\/\" target=\"_blank\" rel=\"noopener noreferrer nofollow external\">AGROTEC<\/a>\n\t\t\t\t\t\t\t\n\t\t\t\t\t\t\t\t\t\t\t\t\t\t\t<span class=\"vnh-meta-dot\" aria-hidden=\"true\"><\/span>\n\t\t\t\t\t\t\t\t<time class=\"vnh-date\" datetime=\"2026-08-27T13:47:32+00:00\" data-vnh-timestamp=\"1787838452\">27\/08\/2026<\/time>\n\t\t\t\t\t\t\t\t\t\t\t\t\t<\/div>\n\n\t\t\t\t\t\t<h3 class=\"vnh-card-title\"><a data-vnh-news-title data-vnh-original=\"Dia de Campo InovMilho: Solo como ecossistema vivo que pode tornar a agricultura mais resiliente\" href=\"http:\/\/www.agrotec.pt\/noticias\/dia-de-campo-inovmilho-solo-como-ecossistema-vivo-que-pode-tornar-a-agricultura-mais-resiliente\/\" target=\"_blank\" rel=\"noopener noreferrer nofollow external\">Dia de Campo InovMilho: Solo como ecossistema vivo que pode tornar a agricultura mais resiliente<\/a><\/h3>\n\t\t\t\t\t\t<p class=\"vnh-card-excerpt\" data-vnh-news-excerpt data-vnh-original=\"O solo \u00e9 um dos temas em destaque no Dia de Campo InovMilho, que se realiza a 2 de setembro, na Esta\u00e7\u00e3o Experimental Ant\u00f3nio Teixeira,\u2026\">O solo \u00e9 um dos temas em destaque no Dia de Campo InovMilho, que se realiza a 2 de setembro, na Esta\u00e7\u00e3o Experimental Ant\u00f3nio Teixeira,\u2026<\/p>\n\t\t\t\t\t\t<a class=\"vnh-read-more\" href=\"http:\/\/www.agrotec.pt\/noticias\/dia-de-campo-inovmilho-solo-como-ecossistema-vivo-que-pode-tornar-a-agricultura-mais-resiliente\/\" target=\"_blank\" rel=\"noopener noreferrer nofollow external\">\n\t\t\t\t\t\t\t<span>Ler not\u00edcia<\/span>\n\t\t\t\t\t\t\t<span aria-hidden=\"true\">\u2197<\/span>\n\t\t\t\t\t\t<\/a>\n\t\t\t\t\t<\/div>\n\t\t\t\t<\/article>\n\t\t\t\t\t\t\t\n\t\t\t\t<article class=\"vnh-card\">\n\t\t\t\t\t<a\n\t\t\t\t\t\tclass=\"vnh-media\"\n\t\t\t\t\t\thref=\"http:\/\/www.agrotec.pt\/noticias\/fundacao-mendes-goncalves-lanca-guia-para-promover-praticas-de-protecao-e-regeneracao-dos-solos\/\"\n\t\t\t\t\t\ttarget=\"_blank\"\n\t\t\t\t\t\trel=\"noopener noreferrer nofollow external\"\n\t\t\t\t\t\taria-label=\"Abrir not\u00edcia: Funda\u00e7\u00e3o Mendes Gon\u00e7alves lan\u00e7a guia para promover pr\u00e1ticas de prote\u00e7\u00e3o e regenera\u00e7\u00e3o dos solos\"\n\t\t\t\t\t>\n\t\t\t\t\t\t<img\n\t\t\t\t\t\t\tsrc=\"http:\/\/www.agrotec.pt\/userfiles\/image\/dropzone\/blogs\/20260827134546-solos.jpg\"\n\t\t\t\t\t\t\talt=\"\"\n\t\t\t\t\t\t\twidth=\"640\"\n\t\t\t\t\t\t\theight=\"640\"\n\t\t\t\t\t\t\tloading=\"lazy\"\n\t\t\t\t\t\t\tdecoding=\"async\"\n\t\t\t\t\t\t\tfetchpriority=\"low\"\n\t\t\t\t\t\t\tdata-vnh-fallback=\"https:\/\/clone.vinomatos.com\/wp-content\/plugins\/vinomatos-news-hub\/assets\/images\/news-placeholder.svg\"\n\t\t\t\t\t\t>\n\t\t\t\t\t\t<span class=\"vnh-region-tag\" data-vnh-region-label=\"portugal\">Portugal<\/span>\n\t\t\t\t\t<\/a>\n\n\t\t\t\t\t<div class=\"vnh-card-content\">\n\t\t\t\t\t\t<div class=\"vnh-meta\">\n\t\t\t\t\t\t\t\t\t\t\t\t\t\t\t<a class=\"vnh-source\" href=\"https:\/\/www.agrotec.pt\/\" target=\"_blank\" rel=\"noopener noreferrer nofollow external\">AGROTEC<\/a>\n\t\t\t\t\t\t\t\n\t\t\t\t\t\t\t\t\t\t\t\t\t\t\t<span class=\"vnh-meta-dot\" aria-hidden=\"true\"><\/span>\n\t\t\t\t\t\t\t\t<time class=\"vnh-date\" datetime=\"2026-08-27T13:43:40+00:00\" data-vnh-timestamp=\"1787838220\">27\/08\/2026<\/time>\n\t\t\t\t\t\t\t\t\t\t\t\t\t<\/div>\n\n\t\t\t\t\t\t<h3 class=\"vnh-card-title\"><a data-vnh-news-title data-vnh-original=\"Funda\u00e7\u00e3o Mendes Gon\u00e7alves lan\u00e7a guia para promover pr\u00e1ticas de prote\u00e7\u00e3o e regenera\u00e7\u00e3o dos solos\" href=\"http:\/\/www.agrotec.pt\/noticias\/fundacao-mendes-goncalves-lanca-guia-para-promover-praticas-de-protecao-e-regeneracao-dos-solos\/\" target=\"_blank\" rel=\"noopener noreferrer nofollow external\">Funda\u00e7\u00e3o Mendes Gon\u00e7alves lan\u00e7a guia para promover pr\u00e1ticas de prote\u00e7\u00e3o e regenera\u00e7\u00e3o dos solos<\/a><\/h3>\n\t\t\t\t\t\t<p class=\"vnh-card-excerpt\" data-vnh-news-excerpt data-vnh-original=\"A Funda\u00e7\u00e3o Mendes Gon\u00e7alves apresenta o guia de boas pr\u00e1ticas Prote\u00e7\u00e3o e Regenera\u00e7\u00e3o do Solo, uma publica\u00e7\u00e3o que re\u00fane recomenda\u00e7\u00f5es pr\u00e1ticas baseadas em conhecimento cient\u00edfico\u2026\">A Funda\u00e7\u00e3o Mendes Gon\u00e7alves apresenta o guia de boas pr\u00e1ticas Prote\u00e7\u00e3o e Regenera\u00e7\u00e3o do Solo, uma publica\u00e7\u00e3o que re\u00fane recomenda\u00e7\u00f5es pr\u00e1ticas baseadas em conhecimento cient\u00edfico\u2026<\/p>\n\t\t\t\t\t\t<a class=\"vnh-read-more\" href=\"http:\/\/www.agrotec.pt\/noticias\/fundacao-mendes-goncalves-lanca-guia-para-promover-praticas-de-protecao-e-regeneracao-dos-solos\/\" target=\"_blank\" rel=\"noopener noreferrer nofollow external\">\n\t\t\t\t\t\t\t<span>Ler not\u00edcia<\/span>\n\t\t\t\t\t\t\t<span aria-hidden=\"true\">\u2197<\/span>\n\t\t\t\t\t\t<\/a>\n\t\t\t\t\t<\/div>\n\t\t\t\t<\/article>\n\t\t\t\t\t\t\t\n\t\t\t\t<article class=\"vnh-card\">\n\t\t\t\t\t<a\n\t\t\t\t\t\tclass=\"vnh-media\"\n\t\t\t\t\t\thref=\"https:\/\/www.vidarural.pt\/destaques\/area-ardida-portugal\/\"\n\t\t\t\t\t\ttarget=\"_blank\"\n\t\t\t\t\t\trel=\"noopener noreferrer nofollow external\"\n\t\t\t\t\t\taria-label=\"Abrir not\u00edcia: \u00c1rea ardida concentrou-se sobretudo no Norte e Centro entre 2020 e 2025\"\n\t\t\t\t\t>\n\t\t\t\t\t\t<img\n\t\t\t\t\t\t\tsrc=\"https:\/\/www.vidarural.pt\/wp-content\/uploads\/sites\/5\/2026\/08\/iStock-1199425945.jpg\"\n\t\t\t\t\t\t\talt=\"\"\n\t\t\t\t\t\t\twidth=\"640\"\n\t\t\t\t\t\t\theight=\"640\"\n\t\t\t\t\t\t\tloading=\"lazy\"\n\t\t\t\t\t\t\tdecoding=\"async\"\n\t\t\t\t\t\t\tfetchpriority=\"low\"\n\t\t\t\t\t\t\tdata-vnh-fallback=\"https:\/\/clone.vinomatos.com\/wp-content\/plugins\/vinomatos-news-hub\/assets\/images\/news-placeholder.svg\"\n\t\t\t\t\t\t>\n\t\t\t\t\t\t<span class=\"vnh-region-tag\" data-vnh-region-label=\"portugal\">Portugal<\/span>\n\t\t\t\t\t<\/a>\n\n\t\t\t\t\t<div class=\"vnh-card-content\">\n\t\t\t\t\t\t<div class=\"vnh-meta\">\n\t\t\t\t\t\t\t\t\t\t\t\t\t\t\t<a class=\"vnh-source\" href=\"https:\/\/www.vidarural.pt\/\" target=\"_blank\" rel=\"noopener noreferrer nofollow external\">Vida Rural<\/a>\n\t\t\t\t\t\t\t\n\t\t\t\t\t\t\t\t\t\t\t\t\t\t\t<span class=\"vnh-meta-dot\" aria-hidden=\"true\"><\/span>\n\t\t\t\t\t\t\t\t<time class=\"vnh-date\" datetime=\"2026-08-27T13:28:42+00:00\" data-vnh-timestamp=\"1787837322\">27\/08\/2026<\/time>\n\t\t\t\t\t\t\t\t\t\t\t\t\t<\/div>\n\n\t\t\t\t\t\t<h3 class=\"vnh-card-title\"><a data-vnh-news-title data-vnh-original=\"\u00c1rea ardida concentrou-se sobretudo no Norte e Centro entre 2020 e 2025\" href=\"https:\/\/www.vidarural.pt\/destaques\/area-ardida-portugal\/\" target=\"_blank\" rel=\"noopener noreferrer nofollow external\">\u00c1rea ardida concentrou-se sobretudo no Norte e Centro entre 2020 e 2025<\/a><\/h3>\n\t\t\t\t\t\t<p class=\"vnh-card-excerpt\" data-vnh-news-excerpt data-vnh-original=\"As regi\u00f5es Norte e Centro concentraram 90,7% da \u00e1rea ardida no Continente entre 2020 e 2025, segundo dados divulgados pelo Instituto Nacional de Estat\u00edstica (INE).\u2026\">As regi\u00f5es Norte e Centro concentraram 90,7% da \u00e1rea ardida no Continente entre 2020 e 2025, segundo dados divulgados pelo Instituto Nacional de Estat\u00edstica (INE).\u2026<\/p>\n\t\t\t\t\t\t<a class=\"vnh-read-more\" href=\"https:\/\/www.vidarural.pt\/destaques\/area-ardida-portugal\/\" target=\"_blank\" rel=\"noopener noreferrer nofollow external\">\n\t\t\t\t\t\t\t<span>Ler not\u00edcia<\/span>\n\t\t\t\t\t\t\t<span aria-hidden=\"true\">\u2197<\/span>\n\t\t\t\t\t\t<\/a>\n\t\t\t\t\t<\/div>\n\t\t\t\t<\/article>\n\t\t\t\t\t\t\t\n\t\t\t\t<article class=\"vnh-card\">\n\t\t\t\t\t<a\n\t\t\t\t\t\tclass=\"vnh-media\"\n\t\t\t\t\t\thref=\"https:\/\/www.vidarural.pt\/id\/terrenos-agricolas-biodiversidade\/\"\n\t\t\t\t\t\ttarget=\"_blank\"\n\t\t\t\t\t\trel=\"noopener noreferrer nofollow external\"\n\t\t\t\t\t\taria-label=\"Abrir not\u00edcia: Estudo mostra que terrenos agr\u00edcolas abandonados podem recuperar biodiversidade naturalmente\"\n\t\t\t\t\t>\n\t\t\t\t\t\t<img\n\t\t\t\t\t\t\tsrc=\"https:\/\/www.vidarural.pt\/wp-content\/uploads\/sites\/5\/2026\/08\/824336e3-18ef-4ed0-a484-fc143c0aa365.png\"\n\t\t\t\t\t\t\talt=\"\"\n\t\t\t\t\t\t\twidth=\"640\"\n\t\t\t\t\t\t\theight=\"640\"\n\t\t\t\t\t\t\tloading=\"lazy\"\n\t\t\t\t\t\t\tdecoding=\"async\"\n\t\t\t\t\t\t\tfetchpriority=\"low\"\n\t\t\t\t\t\t\tdata-vnh-fallback=\"https:\/\/clone.vinomatos.com\/wp-content\/plugins\/vinomatos-news-hub\/assets\/images\/news-placeholder.svg\"\n\t\t\t\t\t\t>\n\t\t\t\t\t\t<span class=\"vnh-region-tag\" data-vnh-region-label=\"portugal\">Portugal<\/span>\n\t\t\t\t\t<\/a>\n\n\t\t\t\t\t<div class=\"vnh-card-content\">\n\t\t\t\t\t\t<div class=\"vnh-meta\">\n\t\t\t\t\t\t\t\t\t\t\t\t\t\t\t<a class=\"vnh-source\" href=\"https:\/\/www.vidarural.pt\/\" target=\"_blank\" rel=\"noopener noreferrer nofollow external\">Vida Rural<\/a>\n\t\t\t\t\t\t\t\n\t\t\t\t\t\t\t\t\t\t\t\t\t\t\t<span class=\"vnh-meta-dot\" aria-hidden=\"true\"><\/span>\n\t\t\t\t\t\t\t\t<time class=\"vnh-date\" datetime=\"2026-08-27T13:00:32+00:00\" data-vnh-timestamp=\"1787835632\">27\/08\/2026<\/time>\n\t\t\t\t\t\t\t\t\t\t\t\t\t<\/div>\n\n\t\t\t\t\t\t<h3 class=\"vnh-card-title\"><a data-vnh-news-title data-vnh-original=\"Estudo mostra que terrenos agr\u00edcolas abandonados podem recuperar biodiversidade naturalmente\" href=\"https:\/\/www.vidarural.pt\/id\/terrenos-agricolas-biodiversidade\/\" target=\"_blank\" rel=\"noopener noreferrer nofollow external\">Estudo mostra que terrenos agr\u00edcolas abandonados podem recuperar biodiversidade naturalmente<\/a><\/h3>\n\t\t\t\t\t\t<p class=\"vnh-card-excerpt\" data-vnh-news-excerpt data-vnh-original=\"Um antigo terreno agr\u00edcola abandonado no norte do Reino Unido, transformou-se num prado biodiverso em pouco mais de uma d\u00e9cada, com a diversidade de plantas\u2026\">Um antigo terreno agr\u00edcola abandonado no norte do Reino Unido, transformou-se num prado biodiverso em pouco mais de uma d\u00e9cada, com a diversidade de plantas\u2026<\/p>\n\t\t\t\t\t\t<a class=\"vnh-read-more\" href=\"https:\/\/www.vidarural.pt\/id\/terrenos-agricolas-biodiversidade\/\" target=\"_blank\" rel=\"noopener noreferrer nofollow external\">\n\t\t\t\t\t\t\t<span>Ler not\u00edcia<\/span>\n\t\t\t\t\t\t\t<span aria-hidden=\"true\">\u2197<\/span>\n\t\t\t\t\t\t<\/a>\n\t\t\t\t\t<\/div>\n\t\t\t\t<\/article>\n\t\t\t\t\t<\/div>\n\t<\/div>\n\t\t\t\t\t\t<\/div>\n\t\t\t\t\t\t\t\t\t\t\t\t\t<script type=\"application\/json\" class=\"vnh-more-data\">[{\"title\":\"O estado da sa\\u00fade (animal) em Portugal e no mundo\",\"link\":\"https:\\\/\\\/www.vidarural.pt\\\/producao\\\/estado-da-saude-animal\\\/\",\"image\":\"https:\\\/\\\/www.vidarural.pt\\\/wp-content\\\/uploads\\\/sites\\\/5\\\/2026\\\/08\\\/foto.jpg\",\"timestamp\":1787821243,\"excerpt\":\"A Organiza\\u00e7\\u00e3o Mundial de Sa\\u00fade Animal (WOAH) afirma que mais de 20% da produ\\u00e7\\u00e3o animal mundial anualmente acaba no \\u201clixo\\u201d ou perde-se devido a doen\\u00e7as\\u2026\",\"source_name\":\"Vida Rural\",\"source_url\":\"https:\\\/\\\/www.vidarural.pt\\\/\"},{\"title\":\"A\\u00e7ores investem um milh\\u00e3o de euros para refor\\u00e7ar abastecimento de \\u00e1gua na agricultura em S\\u00e3o Miguel\",\"link\":\"https:\\\/\\\/www.vidarural.pt\\\/producao\\\/acores-agua-agricultura\\\/\",\"image\":\"https:\\\/\\\/www.vidarural.pt\\\/wp-content\\\/uploads\\\/sites\\\/5\\\/2026\\\/03\\\/iStock-2097292118-scaled.jpg\",\"timestamp\":1787749234,\"excerpt\":\"O Governo dos A\\u00e7ores celebrou um protocolo de colabora\\u00e7\\u00e3o t\\u00e9cnica e financeira com o Fundo Ambiental que garante um milh\\u00e3o de euros para a constru\\u00e7\\u00e3o\\u2026\",\"source_name\":\"Vida Rural\",\"source_url\":\"https:\\\/\\\/www.vidarural.pt\\\/\"},{\"title\":\"FAO defende maior peso da horticultura em dietas saud\\u00e1veis e sistemas alimentares sustent\\u00e1veis\",\"link\":\"https:\\\/\\\/www.vidarural.pt\\\/producao\\\/fao-horticultura-agricultura\\\/\",\"image\":\"https:\\\/\\\/www.vidarural.pt\\\/wp-content\\\/uploads\\\/sites\\\/5\\\/2026\\\/08\\\/iStock-1205552489.jpg\",\"timestamp\":1787734818,\"excerpt\":\"A agricultura deve dar maior prioridade \\u00e0 produ\\u00e7\\u00e3o de alimentos diversificados e nutritivos, al\\u00e9m de garantir volumes suficientes para abastecer a popula\\u00e7\\u00e3o, defendeu Qu Dongyu,\\u2026\",\"source_name\":\"Vida Rural\",\"source_url\":\"https:\\\/\\\/www.vidarural.pt\\\/\"},{\"title\":\"Calor e seca amea\\u00e7am culturas de ver\\u00e3o e forragens na Europa\",\"link\":\"https:\\\/\\\/www.vidarural.pt\\\/destaques\\\/calor-seca-culturas-europa\\\/\",\"image\":\"https:\\\/\\\/www.vidarural.pt\\\/wp-content\\\/uploads\\\/sites\\\/5\\\/2026\\\/08\\\/iStock-1323415950.jpg\",\"timestamp\":1787664559,\"excerpt\":\"O calor persistente e a falta de precipita\\u00e7\\u00e3o nos \\u00faltimos dois meses est\\u00e3o a afetar as culturas de ver\\u00e3o e o abastecimento de forragens na\\u2026\",\"source_name\":\"Vida Rural\",\"source_url\":\"https:\\\/\\\/www.vidarural.pt\\\/\"},{\"title\":\"Relat\\u00f3rio defende recupera\\u00e7\\u00e3o da sa\\u00fade do solo para reduzir impacto da seca e dos inc\\u00eandios\",\"link\":\"https:\\\/\\\/www.vidarural.pt\\\/destaques\\\/relatorio-solo-incendios\\\/\",\"image\":\"https:\\\/\\\/www.vidarural.pt\\\/wp-content\\\/uploads\\\/sites\\\/5\\\/2026\\\/08\\\/iStock-964887788.jpg\",\"timestamp\":1787655615,\"excerpt\":\"Um aumento de 1% na mat\\u00e9ria org\\u00e2nica do solo pode permitir a reten\\u00e7\\u00e3o adicional de cerca de 250 mil litros de \\u00e1gua por hectare, segundo\\u2026\",\"source_name\":\"Vida Rural\",\"source_url\":\"https:\\\/\\\/www.vidarural.pt\\\/\"},{\"title\":\"China lan\\u00e7a plataforma de IA generativa para melhoramento gen\\u00e9tico da soja\",\"link\":\"https:\\\/\\\/www.vidarural.pt\\\/producao\\\/china-plataforma-ia-soja\\\/\",\"image\":\"https:\\\/\\\/www.vidarural.pt\\\/wp-content\\\/uploads\\\/sites\\\/5\\\/2026\\\/08\\\/iStock-1090071988.jpg\",\"timestamp\":1787648401,\"excerpt\":\"Cientistas agr\\u00edcolas chineses lan\\u00e7aram uma plataforma de melhoramento gen\\u00e9tico por intelig\\u00eancia artificial (IA)generativa aplicada \\u00e0 soja, numa estrat\\u00e9gia para acelerar o desenvolvimento de variedades nacionais\\u2026\",\"source_name\":\"Vida Rural\",\"source_url\":\"https:\\\/\\\/www.vidarural.pt\\\/\"},{\"title\":\"Exporta\\u00e7\\u00f5es portuguesas desceram no primeiro semestre de 2026\",\"link\":\"https:\\\/\\\/www.flfrevista.pt\\\/exportacoes-portuguesas-desceram-no-primeiro-semestre-de-2026\\\/\",\"image\":\"https:\\\/\\\/www.flfrevista.pt\\\/wp-content\\\/uploads\\\/2026\\\/08\\\/621837064_3023294947858033_424812627743574735_n-1024x768.jpg\",\"timestamp\":1786640738,\"excerpt\":\"No primeiro semestre de 2026, as exporta\\u00e7\\u00f5es portuguesas de frutas, legumes, flores e plantas ornamentais desceram 3,5% em valor e 5,9% em volume, face ao\\u2026\",\"source_name\":\"FLF \\u2014 Frutas, Legumes e Flores\",\"source_url\":\"https:\\\/\\\/www.flfrevista.pt\\\/\"},{\"title\":\"Jungheinrich aumenta encomendas recebidas no primeiro semestre de 2026\",\"link\":\"https:\\\/\\\/www.flfrevista.pt\\\/jungheinrich-aumenta-encomendas-recebidas-no-primeiro-semestre-de-2026\\\/\",\"image\":\"\",\"timestamp\":1786638447,\"excerpt\":\"A Jungheinrich AG, grupo alem\\u00e3o especialista em equipamentos de movimenta\\u00e7\\u00e3o de carga e automa\\u00e7\\u00e3o, anunciou ter registado no primeiro semestre de 2026 encomendas recebidas no\\u2026\",\"source_name\":\"FLF \\u2014 Frutas, Legumes e Flores\",\"source_url\":\"https:\\\/\\\/www.flfrevista.pt\\\/\"},{\"title\":\"CCDR Algarve promove semin\\u00e1rio sobre futuro da agricultura algarvia\",\"link\":\"https:\\\/\\\/www.flfrevista.pt\\\/ccdr-algarve-promove-seminario-sobre-futuro-da-agricultura-algarvia\\\/\",\"image\":\"\",\"timestamp\":1786636463,\"excerpt\":\"No dia 28 de Agosto, pelas 14h30, o Convento de S\\u00e3o Jos\\u00e9, em Lagoa, acolhe o semin\\u00e1rio \\u00abO futuro da agricultura algarvia na pr\\u00f3xima d\\u00e9cada\\u00bb,\\u2026\",\"source_name\":\"FLF \\u2014 Frutas, Legumes e Flores\",\"source_url\":\"https:\\\/\\\/www.flfrevista.pt\\\/\"},{\"title\":\"Projeto Rural Innovation Challenges procura candidaturas inovadoras para os territ\\u00f3rios rurais\",\"link\":\"http:\\\/\\\/www.agrotec.pt\\\/noticias\\\/projeto-rural-innovation-challenges-procura-candidaturas-inovadoras-para-os-territorios-rurais\\\/\",\"image\":\"http:\\\/\\\/www.agrotec.pt\\\/userfiles\\\/image\\\/dropzone\\\/blogs\\\/20260811104546-ajap.jpg\",\"timestamp\":1786444877,\"excerpt\":\"Termina a 16 de agosto o prazo de candidaturas ao Projeto Rural Innovation Challenges, uma iniciativa da AJAP \\u2013 Associa\\u00e7\\u00e3o dos Jovens Agricultores de Portugal,\\u2026\",\"source_name\":\"AGROTEC\",\"source_url\":\"https:\\\/\\\/www.agrotec.pt\\\/\"},{\"title\":\"Grande iniciativa de luta dos viticultores pelo futuro do Douro\",\"link\":\"http:\\\/\\\/www.agrotec.pt\\\/noticias\\\/grande-iniciativa-de-luta-dos-viticultores-pelo-futuro-do-douro\\\/\",\"image\":\"http:\\\/\\\/www.agrotec.pt\\\/userfiles\\\/image\\\/dropzone\\\/blogs\\\/20260811104031-viti.jpg\",\"timestamp\":1786444462,\"excerpt\":\"Foi uma grande iniciativa a Concentra\\u00e7\\u00e3o promovida, esta sexta-feira, 7 de Agosto, pela CNA e pela AVADOURIENSE \\u2013 Associa\\u00e7\\u00e3o dos Viticultores e da Agricultura Familiar\\u2026\",\"source_name\":\"AGROTEC\",\"source_url\":\"https:\\\/\\\/www.agrotec.pt\\\/\"},{\"title\":\"Asia Fruit Logistica 2026 em Hong Kong lan\\u00e7a ingressos com desconto\",\"link\":\"https:\\\/\\\/www.flfrevista.pt\\\/asia-fruit-logistica-2026-em-hong-kong-lanca-ingressos-com-desconto\\\/\",\"image\":\"\",\"timestamp\":1786384417,\"excerpt\":\"De 2 a 4 de Setembro de 2026, Hong Kong volta a ser o ponto de encontro internacional do sector dos produtos frescos com a\\u2026\",\"source_name\":\"FLF \\u2014 Frutas, Legumes e Flores\",\"source_url\":\"https:\\\/\\\/www.flfrevista.pt\\\/\"},{\"title\":\"Projeto europeu aWISH apresenta resultados finais sobre bem-estar animal na EAAP 2026\",\"link\":\"http:\\\/\\\/www.agrotec.pt\\\/noticias\\\/projeto-europeu-awish-apresenta-resultados-finais-sobre-bem-estar-animal-na-eaap-2026\\\/\",\"image\":\"http:\\\/\\\/www.agrotec.pt\\\/userfiles\\\/image\\\/dropzone\\\/blogs\\\/20260805144015-aqwish.jpg\",\"timestamp\":1785940572,\"excerpt\":\"O projeto europeu aWISH (Animal Welfare Indicators at the Slaughterhouse), financiado pelo programa Horizonte Europa e que conta com a participa\\u00e7\\u00e3o da empresa portuguesa CONSULAI,\\u2026\",\"source_name\":\"AGROTEC\",\"source_url\":\"https:\\\/\\\/www.agrotec.pt\\\/\"},{\"title\":\"Investigadores da Universidade de Leiria e Oeste desenvolvem sistema aut\\u00f3nomo de vigil\\u00e2ncia florestal com opera\\u00e7\\u00e3o permanente\",\"link\":\"http:\\\/\\\/www.agrotec.pt\\\/noticias\\\/investigadores-da-universidade-de-leiria-e-oeste-desenvolvem-sistema-autonomo-de-vigilancia-florestal-com-operacao-permanente\\\/\",\"image\":\"http:\\\/\\\/www.agrotec.pt\\\/userfiles\\\/image\\\/dropzone\\\/blogs\\\/20260805143536-infodrin.jpg\",\"timestamp\":1785940482,\"excerpt\":\"Investiga\\u00e7\\u00e3o prossegue ap\\u00f3s o fim do financiamento do projeto DBoidS e evolui em colabora\\u00e7\\u00e3o com o Comando Territorial de Leiria da GNR. A tecnologia desenvolvida\\u2026\",\"source_name\":\"AGROTEC\",\"source_url\":\"https:\\\/\\\/www.agrotec.pt\\\/\"},{\"title\":\"Dia de Campo do InovMilho mostra a Inova\\u00e7\\u00e3o na cultura do milho\",\"link\":\"http:\\\/\\\/www.agrotec.pt\\\/noticias\\\/inovmilho-mostra-a-inovacao-na-cultura-do-milho\\\/\",\"image\":\"http:\\\/\\\/www.agrotec.pt\\\/userfiles\\\/image\\\/dropzone\\\/blogs\\\/20260805143025-inovmilho.jpg\",\"timestamp\":1785939697,\"excerpt\":\"O Centro Nacional de Compet\\u00eancias das Culturas do Milho e Sorgo \\u201cInovMilho\\u201d vai levar a cabo no pr\\u00f3ximo dia 02 de Setembro, a partir das\\u2026\",\"source_name\":\"AGROTEC\",\"source_url\":\"https:\\\/\\\/www.agrotec.pt\\\/\"},{\"title\":\"Projeto FORSAID demonstra tecnologias de monitoriza\\u00e7\\u00e3o de pragas florestais em Coruche\",\"link\":\"http:\\\/\\\/www.agrotec.pt\\\/noticias\\\/projeto-forsaid-demonstra-tecnologias-de-monitorizacao-de-pragas-florestais-em-coruche\\\/\",\"image\":\"http:\\\/\\\/www.agrotec.pt\\\/userfiles\\\/image\\\/dropzone\\\/blogs\\\/20260805142039-forsaid.jpg\",\"timestamp\":1785939527,\"excerpt\":\"No pr\\u00f3ximo dia 10 de setembro de 2026, o Observat\\u00f3rio do Sobreiro e da Corti\\u00e7a, em Coruche, acolhe uma sess\\u00e3o de demonstra\\u00e7\\u00e3o e forma\\u00e7\\u00e3o promovida\\u2026\",\"source_name\":\"AGROTEC\",\"source_url\":\"https:\\\/\\\/www.agrotec.pt\\\/\"},{\"title\":\"PTachio junta-se \\u00e0 Portugal Nuts e refor\\u00e7a representa\\u00e7\\u00e3o do sector dos frutos secos\",\"link\":\"https:\\\/\\\/www.flfrevista.pt\\\/ptachio-junta-se-a-portugal-nuts-e-reforca-representacao-do-sector-dos-frutos-secos\\\/\",\"image\":\"\",\"timestamp\":1785520800,\"excerpt\":\"A PTachio \\u2013 Sociedade Agr\\u00edcola, Lda. passou a integrar a Portugal Nuts, associa\\u00e7\\u00e3o que representa o sector dos frutos secos em Portugal. Com esta ades\\u00e3o,\\u2026\",\"source_name\":\"FLF \\u2014 Frutas, Legumes e Flores\",\"source_url\":\"https:\\\/\\\/www.flfrevista.pt\\\/\"},{\"title\":\"Estudo confirma efic\\u00e1cia do m\\u00e9todo \\u201cHer\\u00f3is da Fruta\\u201d nas escolas\",\"link\":\"https:\\\/\\\/www.flfrevista.pt\\\/estudo-confirma-eficacia-do-metodo-herois-da-fruta-nas-escolas\\\/\",\"image\":\"https:\\\/\\\/www.flfrevista.pt\\\/wp-content\\\/uploads\\\/2026\\\/07\\\/attachment-2-1024x695.jpeg\",\"timestamp\":1785519000,\"excerpt\":\"O m\\u00e9todo \\u201cHer\\u00f3is da Fruta\\u201d, desenvolvido pela Associa\\u00e7\\u00e3o Portuguesa Contra a Obesidade Infantil (APCOI), recebeu valida\\u00e7\\u00e3o cient\\u00edfica internacional atrav\\u00e9s de um estudo da Faculdade de\\u2026\",\"source_name\":\"FLF \\u2014 Frutas, Legumes e Flores\",\"source_url\":\"https:\\\/\\\/www.flfrevista.pt\\\/\"},{\"title\":\"Regi\\u00e3o do D\\u00e3o prev\\u00ea aumento at\\u00e9 5% na produ\\u00e7\\u00e3o de vinho em 2026\",\"link\":\"https:\\\/\\\/www.flfrevista.pt\\\/regiao-do-dao-preve-aumento-ate-5-na-producao-de-vinho-em-2026\\\/\",\"image\":\"https:\\\/\\\/www.flfrevista.pt\\\/wp-content\\\/uploads\\\/2026\\\/07\\\/CVRDao_9-1024x768.jpg\",\"timestamp\":1785517200,\"excerpt\":\"A Regi\\u00e3o Demarcada do D\\u00e3o prev\\u00ea um aumento at\\u00e9 5% na produ\\u00e7\\u00e3o de vinho durante a vindima de 2026, face ao ano anterior. A estimativa\\u2026\",\"source_name\":\"FLF \\u2014 Frutas, Legumes e Flores\",\"source_url\":\"https:\\\/\\\/www.flfrevista.pt\\\/\"},{\"title\":\"Stihl lan\\u00e7a plataforma AllPro para equipamentos profissionais\",\"link\":\"https:\\\/\\\/www.flfrevista.pt\\\/stihl-lanca-plataforma-allpro-para-equipamentos-profissionais\\\/\",\"image\":\"https:\\\/\\\/www.flfrevista.pt\\\/wp-content\\\/uploads\\\/2026\\\/07\\\/STIHL_ALLPRO_Anwendung_2-1-1024x683.jpg\",\"timestamp\":1785515400,\"excerpt\":\"A Stihl apresentou a plataforma AllPro, uma nova solu\\u00e7\\u00e3o para equipamentos profissionais a bateria, compat\\u00edvel com o actual sistema AP da marca. Destinada aos sectores\\u2026\",\"source_name\":\"FLF \\u2014 Frutas, Legumes e Flores\",\"source_url\":\"https:\\\/\\\/www.flfrevista.pt\\\/\"},{\"title\":\"Governo anuncia pagamento de apoio aos agricultores no valor total de 20 M\\u20ac para compensar aumento de custos\",\"link\":\"https:\\\/\\\/www.flfrevista.pt\\\/governo-anuncia-pagamento-de-apoio-aos-agricultores-no-valor-total-de-20-me-para-compensar-aumento-de-custos\\\/\",\"image\":\"\",\"timestamp\":1785513631,\"excerpt\":\"O Minist\\u00e9rio da Agricultura e Mar anunciou que os agricultores nacionais v\\u00e3o receber, atrav\\u00e9s do Instituto de Financiamento da Agricultura e Pescas, at\\u00e9 ao fim\\u2026\",\"source_name\":\"FLF \\u2014 Frutas, Legumes e Flores\",\"source_url\":\"https:\\\/\\\/www.flfrevista.pt\\\/\"},{\"title\":\"Alentejo prev\\u00ea aumento de 20% na produ\\u00e7\\u00e3o de vinho\",\"link\":\"https:\\\/\\\/www.flfrevista.pt\\\/alentejo-preve-aumento-de-20-na-producao-de-vinho\\\/\",\"image\":\"\",\"timestamp\":1785513600,\"excerpt\":\"A Comiss\\u00e3o Vitivin\\u00edcola Regional Alentejana (CVRA) estima que a produ\\u00e7\\u00e3o de vinho no Alentejo atinja os 108 milh\\u00f5es de litros nas vindimas de 2026, um\\u2026\",\"source_name\":\"FLF \\u2014 Frutas, Legumes e Flores\",\"source_url\":\"https:\\\/\\\/www.flfrevista.pt\\\/\"},{\"title\":\"Nova edi\\u00e7\\u00e3o da Agrotec analisa o futuro do regadio em Portugal atrav\\u00e9s da intelig\\u00eancia de dados\",\"link\":\"http:\\\/\\\/www.agrotec.pt\\\/noticias\\\/nova-edicao-da-agrotec-analisa-o-futuro-do-regadio-em-portugal-atraves-da-inteligencia-de-dados\\\/\",\"image\":\"http:\\\/\\\/www.agrotec.pt\\\/userfiles\\\/image\\\/dropzone\\\/blogs\\\/20260720123649-banner58.jpg\",\"timestamp\":1784550804,\"excerpt\":\"J\\u00e1 est\\u00e1 dispon\\u00edvel a edi\\u00e7\\u00e3o n\\u00ba 58 da revista Agrotec, uma publica\\u00e7\\u00e3o de refer\\u00eancia t\\u00e9cnico-cient\\u00edfica para o setor agr\\u00edcola nacional. Sob o tema central \\u0022\\u00c1gua:\\u2026\",\"source_name\":\"AGROTEC\",\"source_url\":\"https:\\\/\\\/www.agrotec.pt\\\/\"},{\"title\":\"Setor da Corti\\u00e7a aposta na valoriza\\u00e7\\u00e3o estrat\\u00e9gica da fileira para garantir o futuro do Montado\",\"link\":\"http:\\\/\\\/www.agrotec.pt\\\/noticias\\\/setor-da-cortica-aposta-na-valorizacao-estrategica-da-fileira-para-garantir-o-futuro-do-montado\\\/\",\"image\":\"http:\\\/\\\/www.agrotec.pt\\\/userfiles\\\/image\\\/dropzone\\\/blogs\\\/20260720122226-unac.jpg\",\"timestamp\":1784549559,\"excerpt\":\"A fileira da corti\\u00e7a em Portugal mant\\u00e9m a sua confian\\u00e7a no futuro, alicer\\u00e7ada na inova\\u00e7\\u00e3o, na conquista de novos mercados e no compromisso comum entre\\u2026\",\"source_name\":\"AGROTEC\",\"source_url\":\"https:\\\/\\\/www.agrotec.pt\\\/\"},{\"title\":\"Novo guia alimentar revela que mais vegetais podem poupar 57 milh\\u00f5es de euros ao Estado portugu\\u00eas\",\"link\":\"http:\\\/\\\/www.agrotec.pt\\\/noticias\\\/refeitorios-poblicos-novo-guia-alimentar-revela-que-mais-vegetais-podem-poupar-57-milhoes-de-euros-ao-estado-portugues\\\/\",\"image\":\"http:\\\/\\\/www.agrotec.pt\\\/userfiles\\\/image\\\/dropzone\\\/blogs\\\/20260720120931-legumi.jpg\",\"timestamp\":1784549164,\"excerpt\":\"A associa\\u00e7\\u00e3o ProVeg Portugal lan\\u00e7ou um novo guia dedicado \\u00e0 alimenta\\u00e7\\u00e3o coletiva, com o objetivo de promover refeit\\u00f3rios p\\u00fablicos mais saud\\u00e1veis e sustent\\u00e1veis. O documento\\u2026\",\"source_name\":\"AGROTEC\",\"source_url\":\"https:\\\/\\\/www.agrotec.pt\\\/\"},{\"title\":\"Jovens agricultores impulsionam a agricultura portuguesa com mais de 1,5 mil milh\\u00f5es de euros\",\"link\":\"http:\\\/\\\/www.agrotec.pt\\\/noticias\\\/jovens-agricultores-impulsionam-a-agricultura-portuguesa-com-mais-de-1-5-mil-milhoes-de-euros\\\/\",\"image\":\"http:\\\/\\\/www.agrotec.pt\\\/userfiles\\\/image\\\/dropzone\\\/blogs\\\/20260720120529-brural.jpg\",\"timestamp\":1784548906,\"excerpt\":\"Mais de 10 mil projetos apoiados nos \\u00faltimos 15 anos representam 16% do investimento agr\\u00edcola nacional e confirmam o peso crescente da nova gera\\u00e7\\u00e3o na\\u2026\",\"source_name\":\"AGROTEC\",\"source_url\":\"https:\\\/\\\/www.agrotec.pt\\\/\"},{\"title\":\"Food4Sustainability lan\\u00e7a nova edi\\u00e7\\u00e3o em portugu\\u00eas do Curso Te\\u00f3rico-Pr\\u00e1tico em An\\u00e1lise do Microbioma do Solo\",\"link\":\"http:\\\/\\\/www.agrotec.pt\\\/noticias\\\/food4sustainability-lanca-nova-edicao-em-portugues-do-curso-teorico-pratico-em-analise-do-microbioma-do-solo\\\/\",\"image\":\"http:\\\/\\\/www.agrotec.pt\\\/userfiles\\\/image\\\/dropzone\\\/blogs\\\/20260714160404-cursos.jpg\",\"timestamp\":1784044938,\"excerpt\":\"A Food4Sustainability anuncia uma nova edi\\u00e7\\u00e3o do Curso Te\\u00f3rico-Pr\\u00e1tico em An\\u00e1lise do Microbioma do Solo, que decorrer\\u00e1 online, de 9 a 18 de setembro de\\u2026\",\"source_name\":\"AGROTEC\",\"source_url\":\"https:\\\/\\\/www.agrotec.pt\\\/\"},{\"title\":\"Carlota Vaz Patto eleita Presidente da Sociedade Internacional de Leguminosas\",\"link\":\"http:\\\/\\\/www.agrotec.pt\\\/noticias\\\/carlota-vaz-patto-eleita-presidente-da-sociedade-internacional-de-leguminosas\\\/\",\"image\":\"http:\\\/\\\/www.agrotec.pt\\\/userfiles\\\/image\\\/dropzone\\\/blogs\\\/20260714160137-carlota.jpg\",\"timestamp\":1784044784,\"excerpt\":\"Investigadora do ITQB NOVA assume lideran\\u00e7a numa refer\\u00eancia global na investiga\\u00e7\\u00e3o em leguminosas. Carlota Vaz Patto, investigadora que lidera o Laborat\\u00f3rio de Gen\\u00e9tica e Gen\\u00f3mica\\u2026\",\"source_name\":\"AGROTEC\",\"source_url\":\"https:\\\/\\\/www.agrotec.pt\\\/\"},{\"title\":\"Agr\\u00e1ria de Coimbra acolheu Encontro Anual das Ci\\u00eancias do Solo\\u201926\",\"link\":\"http:\\\/\\\/www.agrotec.pt\\\/noticias\\\/agraria-de-coimbra-acolheu-encontro-anual-das-ciencias-do-solo-26\\\/\",\"image\":\"http:\\\/\\\/www.agrotec.pt\\\/userfiles\\\/image\\\/dropzone\\\/blogs\\\/20260714155856-agaria.jpg\",\"timestamp\":1784044631,\"excerpt\":\"A Escola Superior Agr\\u00e1ria do Instituto Polit\\u00e9cnico de Coimbra (ESAC-IPC) foi a anfitri\\u00e3 do Encontro Anual das Ci\\u00eancias do Solo, que este ano se realizou\\u2026\",\"source_name\":\"AGROTEC\",\"source_url\":\"https:\\\/\\\/www.agrotec.pt\\\/\"},{\"title\":\"Campus de Vair\\u00e3o acolhe confer\\u00eancia sobre Tecnologias de Luz na Horticultura Sustent\\u00e1vel\",\"link\":\"http:\\\/\\\/www.agrotec.pt\\\/noticias\\\/polo-de-vairao-acolhe-conferencia-sobre-tecnologias-de-luz-na-horticultura-sustentavel\\\/\",\"image\":\"http:\\\/\\\/www.agrotec.pt\\\/userfiles\\\/image\\\/dropzone\\\/blogs\\\/20260708163249-cartaz.jpg\",\"timestamp\":1783527365,\"excerpt\":\"O Campus de Vair\\u00e3o da Faculdade de Ci\\u00eancias da Universidade do Porto vai acolher, no pr\\u00f3ximo dia 14 de julho, a Confer\\u00eancia Internacional \\u0022Light Technologies\\u2026\",\"source_name\":\"AGROTEC\",\"source_url\":\"https:\\\/\\\/www.agrotec.pt\\\/\"},{\"title\":\"Bibliografia do artigo \\u201cA desfloresta\\u00e7\\u00e3o e a emerg\\u00eancia De doen\\u00e7as infeciosas\\u201d\",\"link\":\"http:\\\/\\\/www.agrotec.pt\\\/noticias\\\/bibliografia-do-artigo-a-desflorestacao-e-a-emergencia-de-doencas-infeciosas\\\/\",\"image\":\"\",\"timestamp\":1783015485,\"excerpt\":\"Acosta, A. L., Xavier, F., Chaves, L. S. M., Sabino, E. C., Saraiva, A. M., \\u0026 Sallum, M. A. M. (2020). Interfaces \\u00e0 transmiss\\u00e3o e\\u2026\",\"source_name\":\"AGROTEC\",\"source_url\":\"https:\\\/\\\/www.agrotec.pt\\\/\"},{\"title\":\"\\u00c1guas do Alto Alentejo promove Confer\\u00eancia dedicada \\u00e0 Efici\\u00eancia H\\u00eddrica e Economia Circular\",\"link\":\"http:\\\/\\\/www.agrotec.pt\\\/noticias\\\/aguas-do-alto-alentejo-promove-conferencia-dedicada-a-eficiencia-hidrica-e-economia-circular\\\/\",\"image\":\"http:\\\/\\\/www.agrotec.pt\\\/userfiles\\\/image\\\/dropzone\\\/blogs\\\/20260701111729-hidrica.jpg\",\"timestamp\":1782904501,\"excerpt\":\"A \\u00c1guas do Alto Alentejo promove, no pr\\u00f3ximo dia 3 de julho, pelas 09H30, no Audit\\u00f3rio da Biblioteca Municipal Dr. Ant\\u00f3nio Gar\\u00e7\\u00e3o, em Sousel, a\\u2026\",\"source_name\":\"AGROTEC\",\"source_url\":\"https:\\\/\\\/www.agrotec.pt\\\/\"},{\"title\":\"IVDP, IP em confer\\u00eancia europeia sobre o refor\\u00e7o dos agrupamentos de produtores de Indica\\u00e7\\u00f5es Geogr\\u00e1ficas\",\"link\":\"http:\\\/\\\/www.agrotec.pt\\\/noticias\\\/ivdp-ip-em-conferencia-europeia-sobre-o-reforco-dos-agrupamentos-de-produtores-de-indicacoes-geograficas\\\/\",\"image\":\"http:\\\/\\\/www.agrotec.pt\\\/userfiles\\\/image\\\/dropzone\\\/blogs\\\/20260701111422-vinha.jpg\",\"timestamp\":1782904347,\"excerpt\":\"O Instituto dos Vinhos do Douro e do Porto, I.P. (IVDP, IP) participou, em Bruxelas, na confer\\u00eancia europeia \\u201cFrom Recognition to Value: Strengthening GI Producers\\u2026\",\"source_name\":\"AGROTEC\",\"source_url\":\"https:\\\/\\\/www.agrotec.pt\\\/\"},{\"title\":\"ISA lidera transforma\\u00e7\\u00e3o tecnol\\u00f3gica e sustent\\u00e1vel das Ci\\u00eancias Agr\\u00e1rias\",\"link\":\"http:\\\/\\\/www.agrotec.pt\\\/noticias\\\/isa-lidera-transformacao-tecnologica-e-sustentavel-das-ciencias-agrarias\\\/\",\"image\":\"http:\\\/\\\/www.agrotec.pt\\\/userfiles\\\/image\\\/dropzone\\\/blogs\\\/20260701111123-isa.jpg\",\"timestamp\":1782904090,\"excerpt\":\"Nos \\u00faltimos quatro anos, o Instituto Superior de Agronomia (ISA) transformou os seus cursos, integrou intelig\\u00eancia artificial, rob\\u00f3tica e ci\\u00eancia de dados no ensino, refor\\u00e7ou\\u2026\",\"source_name\":\"AGROTEC\",\"source_url\":\"https:\\\/\\\/www.agrotec.pt\\\/\"},{\"title\":\"3\\u00ba Open Day da Batata re\\u00fane setor em Salvaterra de Magos\",\"link\":\"http:\\\/\\\/www.agrotec.pt\\\/noticias\\\/3-open-day-da-batata-reone-setor-em-salvaterra-de-magos\\\/\",\"image\":\"http:\\\/\\\/www.agrotec.pt\\\/userfiles\\\/image\\\/dropzone\\\/blogs\\\/20260618121911-batata.jpg\",\"timestamp\":1781784956,\"excerpt\":\"O Open Day da Batata regressa no pr\\u00f3ximo dia 14 de julho para a sua 3.\\u00aa edi\\u00e7\\u00e3o, voltando a reunir em Salvaterra de Magos os\\u2026\",\"source_name\":\"AGROTEC\",\"source_url\":\"https:\\\/\\\/www.agrotec.pt\\\/\"},{\"title\":\"Dentro da explora\\u00e7\\u00e3o agr\\u00edcola Inteligente: a tecnologia que liga Sat\\u00e9lites, Sensores e IA\",\"link\":\"http:\\\/\\\/www.agrotec.pt\\\/noticias\\\/dentro-da-exploracao-agricola-inteligente-a-tecnologia-que-liga-satelites-sensores-e-ia\\\/\",\"image\":\"http:\\\/\\\/www.agrotec.pt\\\/userfiles\\\/image\\\/dropzone\\\/blogs\\\/20260617151835-cm_agrotec.jpg\",\"timestamp\":1781708905,\"excerpt\":\"A agricultura passou por mudan\\u00e7as profundas nas \\u00faltimas d\\u00e9cadas. Antigamente, a atividade agr\\u00edcola era baseada principalmente na experi\\u00eancia e intui\\u00e7\\u00e3o, sem qualquer oportunidade de prognosticar\\u2026\",\"source_name\":\"AGROTEC\",\"source_url\":\"https:\\\/\\\/www.agrotec.pt\\\/\"},{\"title\":\"10.\\u00ba Congresso da CNA debate o futuro da Agricultura Familiar em Vila Real\",\"link\":\"http:\\\/\\\/www.agrotec.pt\\\/noticias\\\/10-congresso-da-cna-debate-o-futuro-da-agricultura-familiar-em-vila-real\\\/\",\"image\":\"http:\\\/\\\/www.agrotec.pt\\\/userfiles\\\/image\\\/dropzone\\\/blogs\\\/20260616151346-agriculturafam.jpg\",\"timestamp\":1781622627,\"excerpt\":\"Sob o lema \\u201cProdu\\u00e7\\u00e3o. Alimenta\\u00e7\\u00e3o. Soberania\\u201d, o encontro nacional da Confedera\\u00e7\\u00e3o Nacional da Agricultura (CNA) est\\u00e1 agendado para o dia 15 de novembro de 2026,\\u2026\",\"source_name\":\"AGROTEC\",\"source_url\":\"https:\\\/\\\/www.agrotec.pt\\\/\"},{\"title\":\"Workshop destaca a coopera\\u00e7\\u00e3o como motor de desenvolvimento dos territ\\u00f3rios rurais\",\"link\":\"http:\\\/\\\/www.agrotec.pt\\\/noticias\\\/workshop-destaca-a-cooperacao-como-motor-de-desenvolvimento-dos-territorios-rurais\\\/\",\"image\":\"http:\\\/\\\/www.agrotec.pt\\\/userfiles\\\/image\\\/dropzone\\\/blogs\\\/20260616150805-flyer.jpg\",\"timestamp\":1781622301,\"excerpt\":\"A aldeia de Aldeia Nova, no concelho de Trancoso, ser\\u00e1 palco, no pr\\u00f3ximo dia 21 de junho, pelas 16h30, do workshop \\u201cCoopera\\u00e7\\u00e3o no Mundo Rural\\u201d,\\u2026\",\"source_name\":\"AGROTEC\",\"source_url\":\"https:\\\/\\\/www.agrotec.pt\\\/\"},{\"title\":\"Ascendi reuniu mais de 100 profissionais no Porto para debater o controlo de esp\\u00e9cies invasoras\",\"link\":\"http:\\\/\\\/www.agrotec.pt\\\/noticias\\\/ascendi-reone-mais-de-cem-profissionais-no-porto-para-debater-o-controlo-de-especies-invasoras\\\/\",\"image\":\"http:\\\/\\\/www.agrotec.pt\\\/userfiles\\\/image\\\/dropzone\\\/blogs\\\/20260609134737-ascendi.jpg\",\"timestamp\":1781012740,\"excerpt\":\"Integrado na Semana sobre Esp\\u00e9cies Invasoras 2026, a Ascendi organizou no Porto a terceira edi\\u00e7\\u00e3o do seu Semin\\u00e1rio Invasoras, subordinado ao tema dos \\u0022Desafios da\\u2026\",\"source_name\":\"AGROTEC\",\"source_url\":\"https:\\\/\\\/www.agrotec.pt\\\/\"},{\"title\":\"AGRIPRO lan\\u00e7a ciclo de webinars t\\u00e9cnicos com foco na tecnologia biol\\u00f3gica GENEX\",\"link\":\"http:\\\/\\\/www.agrotec.pt\\\/noticias\\\/agripro-lanca-ciclo-de-webinars-tecnicos-com-foco-na-tecnologia-biologica-genex\\\/\",\"image\":\"http:\\\/\\\/www.agrotec.pt\\\/userfiles\\\/image\\\/dropzone\\\/blogs\\\/20260609134510-genex.jpg\",\"timestamp\":1781012514,\"excerpt\":\"No pr\\u00f3ximo dia 16 de junho, \\u00e0s 16h00, a AGRIPRO inicia uma nova estrat\\u00e9gia de comunica\\u00e7\\u00e3o digital e proximidade com o setor agr\\u00edcola atrav\\u00e9s do\\u2026\",\"source_name\":\"AGROTEC\",\"source_url\":\"https:\\\/\\\/www.agrotec.pt\\\/\"}]<\/script>\n\t\t\t\t\t\t\n\t\t\t\t\t\t<div class=\"vnh-more-row\">\n\t\t\t\t\t\t\t<button\n\t\t\t\t\t\t\t\ttype=\"button\"\n\t\t\t\t\t\t\t\tclass=\"vnh-more\"\n\t\t\t\t\t\t\t\tdata-vnh-more\n\t\t\t\t\t\t\t\taria-controls=\"vnh-news-1-panel-portugal-feed\"\n\t\t\t\t\t\t\t\thidden\n\t\t\t\t\t\t\t>\n\t\t\t\t\t\t\t\t<span>Ver mais not\u00edcias<\/span>\n\t\t\t\t\t\t\t\t<span class=\"vnh-more-arrow\" aria-hidden=\"true\">\u2193<\/span>\n\t\t\t\t\t\t\t<\/button>\n\t\t\t\t\t\t\t<p class=\"vnh-more-status\" data-vnh-status aria-live=\"polite\"><\/p>\n\t\t\t\t\t\t<\/div>\n\t\t\t\t\t<\/div>\n\t\t\t\t\t\t\t\t\t\t\t\t\t\t\t\t\t\t\t<div\n\t\t\t\t\t\tclass=\"vnh-panel\"\n\t\t\t\t\t\tid=\"vnh-news-1-panel-espanha\"\n\t\t\t\t\t\trole=\"tabpanel\"\n\t\t\t\t\t\taria-labelledby=\"vnh-news-1-tab-espanha\"\n\t\t\t\t\t\tdata-vnh-panel\n\t\t\t\t\t\tdata-vnh-region=\"espanha\"\n\t\t\t\t\t\tdata-vnh-total=\"53\"\n\t\t\t\t\t\tdata-vnh-placeholder=\"https:\/\/clone.vinomatos.com\/wp-content\/plugins\/vinomatos-news-hub\/assets\/images\/news-placeholder.svg\"\n\t\t\t\t\t\tdata-vnh-excerpt-words=\"25\"\n\t\t\t\t\t\t hidden\t\t\t\t\t>\n\t\t\t\t\t\t<div class=\"vnh-feed-shell\" id=\"vnh-news-1-panel-espanha-feed\" data-vnh-feed>\n\t\t\t\t\t\t\t\n<div class=\"vnh-feed-container\" data-vnh-category=\"Espanha\" data-vnh-region=\"espanha\">\n\t\t\t<div class=\"vnh-grid\">\n\t\t\t\t\t<\/div>\n\t<\/div>\n\t\t\t\t\t\t<\/div>\n\t\t\t\t\t\t\t\t\t\t\t\t\t<script type=\"application\/json\" class=\"vnh-more-data\">[{\"title\":\"Los paneles solares semitransparentes mejoran el microclima de los invernaderos andaluces\",\"link\":\"https:\\\/\\\/valenciafruits.com\\\/paneles-solares-semitransparentes-mejoran-microclima-invernaderos-andaluces\\\/\",\"image\":\"\",\"timestamp\":1787984100,\"excerpt\":\"Esta combinaci\\u00f3n tecnol\\u00f3gica, denominada agrivoltaica, apuesta por usar una misma superficie para agricultura y energ\\u00eda solar Efeagro. El uso de paneles solares semitransparentes en invernaderos...\\u2026\",\"source_name\":\"Valencia Fruits\",\"source_url\":\"https:\\\/\\\/valenciafruits.com\\\/\"},{\"title\":\"Nueve variedades competir\\u00e1n en la II Cata Nacional de Patatas\",\"link\":\"https:\\\/\\\/www.revistacampo.es\\\/general\\\/alimagro-volvera-a-ser-el-escenario-de-la-cata-nacional-de-patatas\\\/\",\"image\":\"\",\"timestamp\":1787983200,\"excerpt\":\"Alimagro volver\\u00e1 a ser el escenario de la Cata Nacional de Patatas organizada por la Asociaci\\u00f3n de Pueblos Productores de Patata, un certamen que alcanza\\u2026\",\"source_name\":\"Revista Campo\",\"source_url\":\"https:\\\/\\\/www.revistacampo.es\\\/\"},{\"title\":\"OIVE e ICEX impulsan la formaci\\u00f3n sobre vinos de Espa\\u00f1a en China\",\"link\":\"https:\\\/\\\/www.revistacampo.es\\\/vinedo\\\/oive-e-icex-impulsan-la-formacion-sobre-vinos-de-espana-en-china\\\/\",\"image\":\"https:\\\/\\\/www.revistacampo.es\\\/wp-content\\\/uploads\\\/2026\\\/08\\\/NP27-08-Acuerdo-OIVE-ICEX-promocion-China-1024x501.jpeg\",\"timestamp\":1787980680,\"excerpt\":\"La Interprofesional del Vino de Espa\\u00f1a (OIVE) e ICEX Espa\\u00f1a Exportaci\\u00f3n e Inversiones (ICEX) han firmado un convenio (BOE 27 de agosto de 2026) para\\u2026\",\"source_name\":\"Revista Campo\",\"source_url\":\"https:\\\/\\\/www.revistacampo.es\\\/\"},{\"title\":\"\\u00bfQui\\u00e9nes son el Bueno, el Feo y el Malo en el mercado de cereal?\",\"link\":\"https:\\\/\\\/www.revistacampo.es\\\/mercados\\\/quienes-son-el-bueno-el-feo-y-el-malo-en-el-mercado-de-cereal\\\/\",\"image\":\"https:\\\/\\\/www.revistacampo.es\\\/wp-content\\\/uploads\\\/2023\\\/07\\\/ivan-alvarez-opinion.png\",\"timestamp\":1787921139,\"excerpt\":\"Iv\\u00e1n \\u00c1lvarez El mercado de los cereales se encuentra en una situaci\\u00f3n parecida a la escena del duelo a tres, de la magn\\u00edfica pel\\u00edcula de\\u2026\",\"source_name\":\"Revista Campo\",\"source_url\":\"https:\\\/\\\/www.revistacampo.es\\\/\"},{\"title\":\"De la preparaci\\u00f3n del terreno a la cosecha: las m\\u00e1quinas que se podr\\u00e1n ver en funcionamiento en Demoalimagro\",\"link\":\"https:\\\/\\\/www.revistacampo.es\\\/general\\\/demoalimagro-convertira-el-campo-en-un-gran-escaparate\\\/\",\"image\":\"https:\\\/\\\/www.revistacampo.es\\\/wp-content\\\/uploads\\\/2026\\\/08\\\/image-1.png\",\"timestamp\":1787919610,\"excerpt\":\"Demoalimagro convertir\\u00e1 el campo en un gran escaparate de tecnolog\\u00eda agr\\u00edcola. La nueva propuesta de Alimagro permitir\\u00e1 a agricultores y profesionales ver en funcionamiento diferentes\\u2026\",\"source_name\":\"Revista Campo\",\"source_url\":\"https:\\\/\\\/www.revistacampo.es\\\/\"},{\"title\":\"Menor oferta y mejores calibres para el mango espa\\u00f1ol\",\"link\":\"https:\\\/\\\/valenciafruits.com\\\/menor-oferta-mejores-calibres-mango-espanol\\\/\",\"image\":\"\",\"timestamp\":1787915031,\"excerpt\":\"Algunas de las previsiones empresariales sit\\u00faan los descensos en sus respectivos programas y explotaciones entre aproximadamente el 20 y el 30% respecto a la campa\\u00f1a...\\u2026\",\"source_name\":\"Valencia Fruits\",\"source_url\":\"https:\\\/\\\/valenciafruits.com\\\/\"},{\"title\":\"El agosto con m\\u00e1s da\\u00f1os de la historia del seguro agrario por el granizo\",\"link\":\"https:\\\/\\\/valenciafruits.com\\\/agosto-mas-danyos-historia-seguro-agrario-granizo\\\/\",\"image\":\"\",\"timestamp\":1787914288,\"excerpt\":\"Las afecciones alcanzan las 54.600 hect\\u00e1reas de cultivo aseguradas e indemnizaciones por 50 millones de euros Efeagro. La intensidad de las tormentas de granizo ha...\\u2026\",\"source_name\":\"Valencia Fruits\",\"source_url\":\"https:\\\/\\\/valenciafruits.com\\\/\"},{\"title\":\"Alimagro 2026 se consolida como una de las grandes ferias agr\\u00edcolas de Espa\\u00f1a con el estreno de Demoalimagro\",\"link\":\"https:\\\/\\\/www.revistacampo.es\\\/general\\\/alimagro-2026-se-consolida-como-una-de-las-grandes-ferias\\\/\",\"image\":\"https:\\\/\\\/www.revistacampo.es\\\/wp-content\\\/uploads\\\/2026\\\/08\\\/WhatsApp-Image-2026-08-28-at-11.26.10-1024x768.jpeg\",\"timestamp\":1787914179,\"excerpt\":\"Alimagro 2026 se prepara para una nueva edici\\u00f3n que volver\\u00e1 a convertir a Xinzo de Limia en punto de encuentro para agricultores, profesionales, empresas y\\u2026\",\"source_name\":\"Revista Campo\",\"source_url\":\"https:\\\/\\\/www.revistacampo.es\\\/\"},{\"title\":\"El granizo convierte este mes en el \\u00abagosto de m\\u00e1s siniestralidad de la historia del seguro agrario\\u00bb con da\\u00f1os en 54.600 hect\\u00e1reas de cultivo\",\"link\":\"https:\\\/\\\/agroinformacion.com\\\/el-granizo-convierte-este-mes-en-el-agosto-de-mas-siniestralidad-de-la-historia-del-seguro-agrario-con-danos-en-54-600-hectareas-de-cultivo\\\/\",\"image\":\"https:\\\/\\\/agroinformacion.com\\\/wp-content\\\/uploads\\\/2026\\\/08\\\/AGROSEGURO-AGOSTO-mas-siniestralidad-de-la-historia-del-seguro-agrario-150x150.jpg\",\"timestamp\":1787913016,\"excerpt\":\"La intensidad de las tormentas de granizo ha convertido este mes en el \\u00abagosto de m\\u00e1s siniestralidad de la historia del seguro agrario\\u00bb, con da\\u00f1os\\u2026\",\"source_name\":\"Agroinformaci\\u00f3n\",\"source_url\":\"https:\\\/\\\/agroinformacion.com\\\/\"},{\"title\":\"El Gobierno canario reparte 350.000 euros entre 14 asociaciones profesionales agrarias\",\"link\":\"https:\\\/\\\/valenciafruits.com\\\/el-gobierno-canario-reparte-350-000-euros-entre-14-asociaciones-profesionales-agrarias\\\/\",\"image\":\"\",\"timestamp\":1787912862,\"excerpt\":\"Estas ayudas contribuyen a sufragar tanto los gastos corrientes, de funcionamiento y gesti\\u00f3n como los que se derivan de actividades formativas, de divulgaci\\u00f3n y de...\\u2026\",\"source_name\":\"Valencia Fruits\",\"source_url\":\"https:\\\/\\\/valenciafruits.com\\\/\"},{\"title\":\"Ritchie Bros. se prepara para el mes de subastas \\u2018Super Septiembre\\u2019, impulsado por la creciente demanda global de compradores\",\"link\":\"https:\\\/\\\/agroinformacion.com\\\/ritchie-bros-se-prepara-para-el-mes-de-subastas-super-septiembre-impulsado-por-la-creciente-demanda-global-de-compradores\\\/\",\"image\":\"https:\\\/\\\/agroinformacion.com\\\/wp-content\\\/uploads\\\/2026\\\/08\\\/EL-MES-DE-SUBASTAS-RITCHIE-BROS-150x150.jpg\",\"timestamp\":1787911333,\"excerpt\":\"Con m\\u00e1s de 28.000 lotes vendidos en EMEA y APAC durante el segundo trimestre, Ritchie Bros. se adentra en un calendario de subastas completo para\\u2026\",\"source_name\":\"Agroinformaci\\u00f3n\",\"source_url\":\"https:\\\/\\\/agroinformacion.com\\\/\"},{\"title\":\"Las movilizaciones preparan el terreno para una gran protesta antes de Navidad\",\"link\":\"https:\\\/\\\/www.revistacampo.es\\\/cereal\\\/las-movilizaciones-preparan-el-terreno-para-una-gran-protesta-antes-de-navidad\\\/\",\"image\":\"https:\\\/\\\/www.revistacampo.es\\\/wp-content\\\/uploads\\\/2026\\\/08\\\/declaraciones-1024x577.jpg\",\"timestamp\":1787910716,\"excerpt\":\"Ricardo Ortega El campo est\\u00e1 alcanzando el punto de ebullici\\u00f3n ante la nueva sementera, con unos insumos que siguen disparados y unos precios de venta\\u2026\",\"source_name\":\"Revista Campo\",\"source_url\":\"https:\\\/\\\/www.revistacampo.es\\\/\"},{\"title\":\"El cereal finaliza el mes de agosto con subidas impulsado por el Mar Negro y la fuerte retenci\\u00f3n por la incertidumbre en las cotizaciones\",\"link\":\"https:\\\/\\\/agroinformacion.com\\\/el-cereal-finaliza-el-mes-de-agosto-con-subidas-impulsado-por-el-mar-negro-y-la-fuerte-retencion-por-la-incertidumbre-en-las-cotizaciones\\\/\",\"image\":\"https:\\\/\\\/agroinformacion.com\\\/wp-content\\\/uploads\\\/2026\\\/08\\\/LA-FUERTE-RETENCION-SUBE-CEREAL-ABASTORES-150x150.jpg\",\"timestamp\":1787910187,\"excerpt\":\"A diferencia de lo sucedido en las primeras semanas, el cereal finaliza el mes de agosto con subidas impulsado por el Mar Negro y la\\u2026\",\"source_name\":\"Agroinformaci\\u00f3n\",\"source_url\":\"https:\\\/\\\/agroinformacion.com\\\/\"},{\"title\":\"Calculan que producir un kilo de aceitunas de mesa cuesta 1,25 \\u20ac\\\/kg: \\u00abToda operaci\\u00f3n por debajo de estos precios ser\\u00e1 denunciada\\u00bb\",\"link\":\"https:\\\/\\\/agroinformacion.com\\\/calculan-que-producir-un-kilo-de-aceitunas-de-mesa-cuesta-125-e-kg-toda-operacion-por-debajo-de-estos-precios-sera-denunciada\\\/\",\"image\":\"https:\\\/\\\/agroinformacion.com\\\/wp-content\\\/uploads\\\/2026\\\/08\\\/PRODUCIR-UN-KILO-DE-ACEITUNAS-DE-MESA-LA-UNIO-150x150.jpg\",\"timestamp\":1787909070,\"excerpt\":\"La Uni\\u00f3n Extremadura ha calculado que producir un kilo de aceitunas de mesa cuesta 1,25 \\u20ac\\\/kg, por lo que, con el beneficio que debe obtener\\u2026\",\"source_name\":\"Agroinformaci\\u00f3n\",\"source_url\":\"https:\\\/\\\/agroinformacion.com\\\/\"},{\"title\":\"Prev\\u00e9n una cosecha de caqui sobre las 240.000 toneladas en la Comunitat Valenciana, un 34% menos que la pasada campa\\u00f1a\",\"link\":\"https:\\\/\\\/agroinformacion.com\\\/preven-una-cosecha-de-caqui-sobre-las-240-000-toneladas-en-la-comunitat-valenciana-un-34-menos-que-la-pasada-campana\\\/\",\"image\":\"https:\\\/\\\/agroinformacion.com\\\/wp-content\\\/uploads\\\/2026\\\/08\\\/COSECHA-DE-CAQUI-MAS-BAJA-EN-DECADA-LA-UNIO-150x150.jpg\",\"timestamp\":1787908207,\"excerpt\":\"LA UNI\\u00d3 Llauradora estima que la producci\\u00f3n de caqui de la Comunitat Valenciana se situar\\u00e1 esta campa\\u00f1a en una cifra alrededor de las 240.000, lo\\u2026\",\"source_name\":\"Agroinformaci\\u00f3n\",\"source_url\":\"https:\\\/\\\/agroinformacion.com\\\/\"},{\"title\":\"Los pa\\u00edses frugales (los m\\u00e1s ricos sin agricultura) exigen recortar el presupuesto de UE en cientos de miles de millones, lo que afectar\\u00eda a la PAC\",\"link\":\"https:\\\/\\\/agroinformacion.com\\\/los-paises-frugales-los-mas-ricos-y-sin-agricultura-exigen-recortar-el-presupuesto-de-ue-en-cientos-de-miles-de-millones-que-afectaria-a-la-pac\\\/\",\"image\":\"https:\\\/\\\/agroinformacion.com\\\/wp-content\\\/uploads\\\/2026\\\/08\\\/AFECTARIA-A-LA-PAC-RECORTE-PRESUPUESTO-UE-150x150.jpg\",\"timestamp\":1787903420,\"excerpt\":\"Los jefes de Gobierno de Alemania, Dinamarca, Finlandia, Austria, Pa\\u00edses Bajos y Suecia, conocidos como el grupo de los pa\\u00edses \\u00abfrugales\\u00bb, exigieron este jueves un\\u2026\",\"source_name\":\"Agroinformaci\\u00f3n\",\"source_url\":\"https:\\\/\\\/agroinformacion.com\\\/\"},{\"title\":\"Los agricultores de todas las provincias de Castilla y Le\\u00f3n reclaman ayudas por el futuro del cereal: \\u00abTrabajando nos arruinamos\\u00bb\",\"link\":\"https:\\\/\\\/agroinformacion.com\\\/los-agricultores-de-todas-las-provincias-de-castilla-y-leon-reclaman-ayudas-por-el-futuro-del-cereal-trabajando-nos-arruinamos\\\/\",\"image\":\"https:\\\/\\\/agroinformacion.com\\\/wp-content\\\/uploads\\\/2026\\\/08\\\/TRABAJANDO-NOS-ARRUINAMOS-PROTESTA-CERAL-VALLADOLID-150x150.jpg\",\"timestamp\":1787902261,\"excerpt\":\"Cientos de agricultores de todas las provincias de Castilla y Le\\u00f3n han protestado este jueves 27 a las puertas de la sede de Presidencia del\\u2026\",\"source_name\":\"Agroinformaci\\u00f3n\",\"source_url\":\"https:\\\/\\\/agroinformacion.com\\\/\"},{\"title\":\"Se prev\\u00e9 una cosecha de caqui sobre las 240.000 toneladas en la Comunitat Valenciana\",\"link\":\"https:\\\/\\\/valenciafruits.com\\\/preve-cosecha-caqui-240-000-toneladas-comunitat-valenciana\\\/\",\"image\":\"\",\"timestamp\":1787898840,\"excerpt\":\"Esta cifra supone un 34% menos que la pasada campa\\u00f1a Valencia Fruits. Redacci\\u00f3n. La Uni\\u00f3 considera que no es razonable exigir al productor un control...\\u2026\",\"source_name\":\"Valencia Fruits\",\"source_url\":\"https:\\\/\\\/valenciafruits.com\\\/\"},{\"title\":\"Murcia estima que la tormenta afect\\u00f3 a 2.613 hect\\u00e1reas de cultivo\",\"link\":\"https:\\\/\\\/valenciafruits.com\\\/murcia-estima-tormenta-afecto-2-613-hectareas-cultivo\\\/\",\"image\":\"\",\"timestamp\":1787897040,\"excerpt\":\"De frutales de hueso y pepita afectados se contabilizan 65 hect\\u00e1reas de melocotonero y 53 hect\\u00e1reas de pera en el Altiplano, as\\u00ed como 20 hect\\u00e1reas...\\u2026\",\"source_name\":\"Valencia Fruits\",\"source_url\":\"https:\\\/\\\/valenciafruits.com\\\/\"},{\"title\":\"Los agricultores se suben a sus tractores para exigir que se declare Euskadi \\u00abzona de sequ\\u00eda\\u00bb y acceder a ayudas directas al sector\",\"link\":\"https:\\\/\\\/agroinformacion.com\\\/los-agricultores-se-suben-a-sus-tractores-para-exigir-que-se-declare-euskadi-zona-de-sequia-y-acceder-a-ayudas-directas-al-sector\\\/\",\"image\":\"https:\\\/\\\/agroinformacion.com\\\/wp-content\\\/uploads\\\/2026\\\/08\\\/AYUDAS-DIRECTAS-AL-SECTOR-ZONA-DE-SEQUIA-ATACA-150x150.jpg\",\"timestamp\":1787896152,\"excerpt\":\"Agricultores alaveses y de Trevi\\u00f1o (Burgos) se han subido este jueves a sus tractores y han recorrido varias calles de Vitoria para exigir a las\\u2026\",\"source_name\":\"Agroinformaci\\u00f3n\",\"source_url\":\"https:\\\/\\\/agroinformacion.com\\\/\"},{\"title\":\"Gestionar para regar mejor, el reto de las comunidades de regantes\",\"link\":\"https:\\\/\\\/www.revistacampo.es\\\/general\\\/gestionar-para-regar-mejor-el-reto-de-las-comunidades-de-regantes\\\/\",\"image\":\"https:\\\/\\\/www.revistacampo.es\\\/wp-content\\\/uploads\\\/2026\\\/08\\\/Cartel-Jornada-del-Agua-Alimagro-2026-DEF-2-576x1024.jpg\",\"timestamp\":1787832455,\"excerpt\":\"La modernizaci\\u00f3n del regad\\u00edo no termina con la construcci\\u00f3n de nuevas tuber\\u00edas, estaciones de bombeo o balsas. El siguiente paso es aprender a gestionar todas\\u2026\",\"source_name\":\"Revista Campo\",\"source_url\":\"https:\\\/\\\/www.revistacampo.es\\\/\"},{\"title\":\"El Gobierno no interviene pero asegura que est\\u00e1 a favor de que el posible comprador de Deoleo sea \\u00abuna entidad espa\\u00f1ola\\u00bb\",\"link\":\"https:\\\/\\\/agroinformacion.com\\\/el-gobierno-no-interviene-pero-asegura-que-esta-a-favor-de-que-el-posible-comprador-de-deoleo-sea-una-entidad-espanola\\\/\",\"image\":\"https:\\\/\\\/agroinformacion.com\\\/wp-content\\\/uploads\\\/2026\\\/08\\\/UNA-ENTIDAD-ESPANOLA-PARA-COMPRAR-DEOLO-GOBIERNO-150x150.jpg\",\"timestamp\":1787832439,\"excerpt\":\"El Gobierno espa\\u00f1ol se ha mostrado a favor de que el posible comprador de la aceitera Deoleo, en proceso de venta, sea una \\u00abentidad espa\\u00f1ola\\u00bb\\u2026\",\"source_name\":\"Agroinformaci\\u00f3n\",\"source_url\":\"https:\\\/\\\/agroinformacion.com\\\/\"},{\"title\":\"El reto h\\u00eddrico, cuando el exceso de agua es un problema\",\"link\":\"https:\\\/\\\/www.revistacampo.es\\\/general\\\/el-reto-hidrico-cuando-el-exceso-de-agua-es-un-problema\\\/\",\"image\":\"https:\\\/\\\/www.revistacampo.es\\\/wp-content\\\/uploads\\\/2026\\\/08\\\/defaw.jpeg\",\"timestamp\":1787831415,\"excerpt\":\"Durante a\\u00f1os, la disponibilidad de agua ha condicionado poco las decisiones de riego en muchas explotaciones de A Limia. Pero la modernizaci\\u00f3n de las infraestructuras\\u2026\",\"source_name\":\"Revista Campo\",\"source_url\":\"https:\\\/\\\/www.revistacampo.es\\\/\"},{\"title\":\"Entra en vigor el nuevo convenio: Los trabajadores del campo leon\\u00e9s tendr\\u00e1n salarios de entre 17.094 y 21.452 euros en 2026\",\"link\":\"https:\\\/\\\/agroinformacion.com\\\/entra-en-vigor-el-nuevo-convenio-los-trabajadores-del-campo-leones-tendran-salarios-de-entre-17-094-y-21-452-euros-en-2026\\\/\",\"image\":\"https:\\\/\\\/agroinformacion.com\\\/wp-content\\\/uploads\\\/2026\\\/08\\\/EL-NUEVO-CONVENIO-SALIRIOS-CAMPO-LEONES-150x150.jpg\",\"timestamp\":1787831367,\"excerpt\":\"Los trabajadores del campo leon\\u00e9s contar\\u00e1n este a\\u00f1o con salarios anuales de entre 17.094 y 21.452 euros en funci\\u00f3n de su categor\\u00eda profesional, despu\\u00e9s de\\u2026\",\"source_name\":\"Agroinformaci\\u00f3n\",\"source_url\":\"https:\\\/\\\/agroinformacion.com\\\/\"},{\"title\":\"Galicia necesita aprender a almacenar y gestionar mejor el agua\",\"link\":\"https:\\\/\\\/www.revistacampo.es\\\/general\\\/galicia-necesita-aprender-a-almacenar-y-gestionar-mejor-el-agua\\\/\",\"image\":\"https:\\\/\\\/www.revistacampo.es\\\/wp-content\\\/uploads\\\/2026\\\/08\\\/WhatsApp-Image-2026-08-27-at-12.11.39-1.jpeg\",\"timestamp\":1787831348,\"excerpt\":\"Galicia tiene agua, pero eso ya no significa necesariamente que disponga de ella cuando la agricultura la necesita. La concentraci\\u00f3n de las precipitaciones en periodos\\u2026\",\"source_name\":\"Revista Campo\",\"source_url\":\"https:\\\/\\\/www.revistacampo.es\\\/\"},{\"title\":\"Los rendimientos de la patata caen el 15% en Europa. \\u00bfQu\\u00e9 pasar\\u00e1 con los precios?\",\"link\":\"https:\\\/\\\/www.revistacampo.es\\\/patata\\\/los-rendimientos-de-la-patata-caen-el-15-en-europa-que-pasara-con-los-precios\\\/\",\"image\":\"\",\"timestamp\":1787829972,\"excerpt\":\"Ricardo Ortega Las cosechadoras est\\u00e1n confirmando las previsiones que se barajaban para la patata de Espa\\u00f1a y del conjunto de Europa: la sequ\\u00eda y las\\u2026\",\"source_name\":\"Revista Campo\",\"source_url\":\"https:\\\/\\\/www.revistacampo.es\\\/\"},{\"title\":\"Toda Espa\\u00f1a vendimia en agosto\",\"link\":\"https:\\\/\\\/www.revistacampo.es\\\/vinedo\\\/toda-espana-vendimia-en-agosto\\\/\",\"image\":\"https:\\\/\\\/www.revistacampo.es\\\/wp-content\\\/uploads\\\/2026\\\/08\\\/NdP-La-D.O.-Rueda-inicia-una-nueva-vendimia-con-la-mirada-puesta-en-la-excelencia-de-sus-vinos-1-1024x683.jpg\",\"timestamp\":1787828454,\"excerpt\":\"Emilio Gonz\\u00e1lez Izquierdo. El denominador com\\u00fan de esta a\\u00f1ada es un verano muy severo, marcado por la sequ\\u00eda y unas temperaturas que han roto todos\\u2026\",\"source_name\":\"Revista Campo\",\"source_url\":\"https:\\\/\\\/www.revistacampo.es\\\/\"},{\"title\":\"El precio del cereal sigue en \\u2018stand by\\u2019 con la mirada puesta en el mar Negro\",\"link\":\"https:\\\/\\\/www.revistacampo.es\\\/mercados\\\/el-precio-del-cereal-sigue-en-stand-by-con-la-mirada-puesta-en-el-mar-negro\\\/\",\"image\":\"\",\"timestamp\":1787826358,\"excerpt\":\"Ricardo Ortega La incertidumbre que rodea la situaci\\u00f3n en el mar Negro est\\u00e1 provocando una importante volatilidad de los precios en los mercados internacionales, lo\\u2026\",\"source_name\":\"Revista Campo\",\"source_url\":\"https:\\\/\\\/www.revistacampo.es\\\/\"},{\"title\":\"Los campos de golf consumen 30 veces m\\u00e1s agua que la IA\",\"link\":\"https:\\\/\\\/www.revistacampo.es\\\/riego\\\/los-campos-de-golf-consumen-30-veces-mas-agua-que-la-ia\\\/\",\"image\":\"\",\"timestamp\":1787821571,\"excerpt\":\"El impacto ambiental de la inteligencia artificial ha desatado un debate intenso, situando el uso de agua de los centros de datos en el centro\\u2026\",\"source_name\":\"Revista Campo\",\"source_url\":\"https:\\\/\\\/www.revistacampo.es\\\/\"},{\"title\":\"El madrile\\u00f1o IMIDRA, primer acreditado para identificar variedades de vid mediante an\\u00e1lisis de ADN\",\"link\":\"https:\\\/\\\/www.revistacampo.es\\\/vinedo\\\/el-madrileno-imidra-primer-acreditado-para-identificar-variedades-de-vid-mediante-analisis-de-adn\\\/\",\"image\":\"\",\"timestamp\":1787819976,\"excerpt\":\"El Instituto Madrile\\u00f1o de Investigaci\\u00f3n y Desarrollo Rural, Agrario y Alimentario (IMIDRA), de la Comunidad de Madrid, desempe\\u00f1a un papel de referencia a nivel nacional\\u2026\",\"source_name\":\"Revista Campo\",\"source_url\":\"https:\\\/\\\/www.revistacampo.es\\\/\"},{\"title\":\"Ritchie Bros. se prepara para el mes de subastas \\u2018Super Septiembre\\u2019, impulsado por la creciente demanda de compradores\",\"link\":\"https:\\\/\\\/www.revistacampo.es\\\/empresas\\\/ritchie-bros-se-prepara-para-el-mes-de-subastas-super-septiembre-impulsado-por-la-creciente-demanda-de-compradores\\\/\",\"image\":\"https:\\\/\\\/www.revistacampo.es\\\/wp-content\\\/uploads\\\/2026\\\/08\\\/Ocana-Yard-1024x583.jpg\",\"timestamp\":1787818543,\"excerpt\":\"Ritchie Bros., el principal subastador mundial de maquinaria pesada, lanza la campa\\u00f1a Super Septiembre, un mes de subastas en EMEA y APAC. El calendario ofrece\\u2026\",\"source_name\":\"Revista Campo\",\"source_url\":\"https:\\\/\\\/www.revistacampo.es\\\/\"},{\"title\":\"Exigen un Plan Nacional de Actuaci\\u00f3n contra la Clorosis Nervial Amarilla en c\\u00edtricos\",\"link\":\"https:\\\/\\\/valenciafruits.com\\\/exige-plan-nacional-actuacion-contra-clorosis-nervial-amarilla-citricos\\\/\",\"image\":\"\",\"timestamp\":1787812440,\"excerpt\":\"Asaja Alicante reclama protocolos comunes de detecci\\u00f3n y erradicaci\\u00f3n en todas las comunidades para frenar el virus Valencia Fruits. Redacci\\u00f3n. Asaja Alicante, con el apoyo...\\u2026\",\"source_name\":\"Valencia Fruits\",\"source_url\":\"https:\\\/\\\/valenciafruits.com\\\/\"},{\"title\":\"La superficie anual ocupada por cultivos agr\\u00edcolas en Navarra cay\\u00f3 un 0,4% en 2025\",\"link\":\"https:\\\/\\\/valenciafruits.com\\\/superficie-anual-ocupada-cultivos-agricolas-navarra-cayo-04-2025\\\/\",\"image\":\"\",\"timestamp\":1787811600,\"excerpt\":\"Los cultivos agr\\u00edcolas en Navarra alcanzan el 31,4% del total Efeagro. La superficie anual ocupada por cultivos agr\\u00edcolas en Navarra se situ\\u00f3 en 2025 en...\\u2026\",\"source_name\":\"Valencia Fruits\",\"source_url\":\"https:\\\/\\\/valenciafruits.com\\\/\"},{\"title\":\"Baja cuatro c\\u00e9ntimos el precio de la sand\\u00eda y el mel\\u00f3n mantiene sus cotizaciones\",\"link\":\"https:\\\/\\\/valenciafruits.com\\\/baja-cuatro-centimos-precio-sandia-melon-mantiene-cotizaciones\\\/\",\"image\":\"\",\"timestamp\":1787810400,\"excerpt\":\"La sand\\u00eda negra sin pepitas de primera categor\\u00eda ha pasado de los 0,24-0,26 euros por kilo de la sesi\\u00f3n anterior a 0,20-0,22 euros, mientras que...\\u2026\",\"source_name\":\"Valencia Fruits\",\"source_url\":\"https:\\\/\\\/valenciafruits.com\\\/\"},{\"title\":\"M\\u00e1s de 116.500 hect\\u00e1reas agr\\u00edcolas sufren siniestro por incendio en la \\u00faltima d\\u00e9cada\",\"link\":\"https:\\\/\\\/www.revistacampo.es\\\/seguro-agrario\\\/mas-de-116-500-hectareas-agricolas-sufren-siniestro-por-incendio-en-la-ultima-decada\\\/\",\"image\":\"\",\"timestamp\":1787741948,\"excerpt\":\"Agroseguro ha recibido declaraciones de siniestro por incendio correspondientes a 15.842 hect\\u00e1reas, fundamentalmente agr\\u00edcolas, aseguradas en 2026, una cifra provisional que previsiblemente seguir\\u00e1 aumentando a\\u2026\",\"source_name\":\"Revista Campo\",\"source_url\":\"https:\\\/\\\/www.revistacampo.es\\\/\"},{\"title\":\"As\\u00ed ayuda la IA a gestionar la ganader\\u00eda extensiva\",\"link\":\"https:\\\/\\\/www.revistacampo.es\\\/empresas\\\/asi-ayuda-la-ia-a-gestionar-la-ganaderia-extensiva\\\/\",\"image\":\"https:\\\/\\\/www.revistacampo.es\\\/wp-content\\\/uploads\\\/2026\\\/08\\\/Bianexia_1-1024x582.jpg\",\"timestamp\":1787738240,\"excerpt\":\"Cuando pensamos en tecnolog\\u00eda para el campo, solemos imaginar sat\\u00e9lites, drones o collares GPS. Son herramientas fant\\u00e1sticas, pero hay otra m\\u00e1s sencilla y que tenemos\\u2026\",\"source_name\":\"Revista Campo\",\"source_url\":\"https:\\\/\\\/www.revistacampo.es\\\/\"},{\"title\":\"Verduras invernales y legumbres, los productos m\\u00e1s buscados tras vacaciones\",\"link\":\"https:\\\/\\\/valenciafruits.com\\\/verduras-invernales-legumbres-productos-mas-buscados-tras-vacaciones\\\/\",\"image\":\"\",\"timestamp\":1787736157,\"excerpt\":\"Asedas ha publicado un informe en el que refleja el regreso a la cocina \\u201cde ingredientes\\u201d estructurada frente al estilo informal del verano Efeagro. En...\\u2026\",\"source_name\":\"Valencia Fruits\",\"source_url\":\"https:\\\/\\\/valenciafruits.com\\\/\"},{\"title\":\"La \\u2018Operaci\\u00f3n Retorno\\u2019 aumenta el consumo de legumbre, verdura y carne\",\"link\":\"https:\\\/\\\/www.revistacampo.es\\\/sector\\\/la-operacion-retorno-aumenta-el-consumo-de-legumbre-verdura-y-carne\\\/\",\"image\":\"\",\"timestamp\":1787735258,\"excerpt\":\"La Direcci\\u00f3n General de Tr\\u00e1fico ha fijado la \\u201cOperaci\\u00f3n Retorno\\u201d del verano 2026 entre los d\\u00edas 28 y 31 de agosto. En paralelo, los 20.000\\u2026\",\"source_name\":\"Revista Campo\",\"source_url\":\"https:\\\/\\\/www.revistacampo.es\\\/\"},{\"title\":\"El potencial de la insecticultura en la producci\\u00f3n hort\\u00edcola\",\"link\":\"https:\\\/\\\/www.revistacampo.es\\\/fertilizacion-2\\\/el-potencial-de-la-insecticultura-en-la-produccion-horticola\\\/\",\"image\":\"\",\"timestamp\":1787733287,\"excerpt\":\"El Grupo Operativo LIVLAB-IN ha celebrado en Azuqueca de Henares una jornada de trabajo en la que representantes de todas las entidades que integran el\\u2026\",\"source_name\":\"Revista Campo\",\"source_url\":\"https:\\\/\\\/www.revistacampo.es\\\/\"},{\"title\":\"Drones, sanidad y semilla: un encuentro muestra la innovaci\\u00f3n de Neiker en patata de \\u00c1lava\",\"link\":\"https:\\\/\\\/www.revistacampo.es\\\/patata\\\/drones-sanidad-y-semilla-un-encuentro-muestra-la-innovacion-de-neiker-en-patata-de-alava\\\/\",\"image\":\"\",\"timestamp\":1787731936,\"excerpt\":\"En el marco del Plan Estrat\\u00e9gico para la patata de consumo y siembra en Euskadi impulsado por el Gobierno Vasco, Neiker organiza una jornada abierta\\u2026\",\"source_name\":\"Revista Campo\",\"source_url\":\"https:\\\/\\\/www.revistacampo.es\\\/\"},{\"title\":\"An\\u00e1lisis de Corea del Sur: cifras de un mercado del vino clave en Asia\",\"link\":\"https:\\\/\\\/www.tecnovino.com\\\/analisis-de-corea-del-sur-cifras-de-la-maduracion-de-un-mercado-del-vino-clave-en-asia\\\/\",\"image\":\"https:\\\/\\\/www.tecnovino.com\\\/wp-content\\\/uploads\\\/2026\\\/03\\\/Tecnovino-exportaciones-de-vinos-Union-Europea-generada-1024x576.jpg\",\"timestamp\":1787613915,\"excerpt\":\"El mercado del vino en Corea del Sur muestra signos de consolidaci\\u00f3n y reajuste t\\u00e9cnico en la primera mitad de 2026. Las importaciones globales de\\u2026\",\"source_name\":\"Tecnovino\",\"source_url\":\"https:\\\/\\\/www.tecnovino.com\\\/\"},{\"title\":\"Muriel Wines adquiere Marqu\\u00e9s de la Concordia y refuerza su estrategia de expansi\\u00f3n que abarca 11 marcas\",\"link\":\"https:\\\/\\\/www.tecnovino.com\\\/muriel-wines-adquiere-marques-de-la-concordia-y-refuerza-su-estrategia-de-expansion-que-abarca-11-marcas\\\/\",\"image\":\"https:\\\/\\\/www.tecnovino.com\\\/wp-content\\\/uploads\\\/2026\\\/08\\\/Tecnovino-Muriel-Wines-compra-de-Marques-de-la-Concordia.jpg\",\"timestamp\":1787608597,\"excerpt\":\"Muriel Wines anuncia su compra de la marca Marqu\\u00e9s de la Concordia. Un paso estrat\\u00e9gico que refuerza su cartera de marcas, e internacionalizaci\\u00f3n. As\\u00ed esta\\u2026\",\"source_name\":\"Tecnovino\",\"source_url\":\"https:\\\/\\\/www.tecnovino.com\\\/\"},{\"title\":\"Bodegas Cepa 21 dispara su ebitda un 37,2% en 2025: un a\\u00f1o de crecimiento r\\u00e9cord\",\"link\":\"https:\\\/\\\/www.tecnovino.com\\\/bodegas-cepa-21-dispara-su-ebitda-un-372-en-2025-un-ano-de-crecimiento-record\\\/\",\"image\":\"https:\\\/\\\/www.tecnovino.com\\\/wp-content\\\/uploads\\\/2014\\\/09\\\/Tecnovino-vendimia-Cepa-21.jpg\",\"timestamp\":1787587955,\"excerpt\":\"Bodegas Cepa 21 incrementa su cifra de negocio un 8,2% en 2025 y refuerza su posicionamiento en el segmento pr\\u00e9mium mediante una estrategia basada en\\u2026\",\"source_name\":\"Tecnovino\",\"source_url\":\"https:\\\/\\\/www.tecnovino.com\\\/\"},{\"title\":\"El Tafaner y La Charla: un rosado de garnacha tinta y un verdejo en formato m\\u00e1gnum de la colecci\\u00f3n de Vinos del Paseante\",\"link\":\"https:\\\/\\\/www.tecnovino.com\\\/el-tafaner-y-la-charla-un-rosado-de-garnacha-tinta-y-un-verdejo-en-formato-magnum-de-la-coleccion-de-vinos-del-paseante\\\/\",\"image\":\"https:\\\/\\\/www.tecnovino.com\\\/wp-content\\\/uploads\\\/2026\\\/08\\\/Tecnovino-Raventos-Codorniu-Coleccion-Vinos-del-Paseante-1.jpg\",\"timestamp\":1787565600,\"excerpt\":\"Vinos del Paseante, la colecci\\u00f3n de vinos singulares de Ravent\\u00f3s Codorn\\u00edu, incorpora a su cat\\u00e1logo el nuevo rosado El Tafaner en la DO Costers del\\u2026\",\"source_name\":\"Tecnovino\",\"source_url\":\"https:\\\/\\\/www.tecnovino.com\\\/\"},{\"title\":\"Fallece Benjam\\u00edn Romeo (Contador): de su bodega de garaje hasta los 100 puntos Parker y llegada a La Place de Bordeaux\",\"link\":\"https:\\\/\\\/www.tecnovino.com\\\/fallece-benjamin-romeo-bodega-contador-100-puntos-parker-y-legado\\\/\",\"image\":\"https:\\\/\\\/www.tecnovino.com\\\/wp-content\\\/uploads\\\/2026\\\/08\\\/Tecnovino-Benjamin-Romeo-de-Bodega-Contador.jpg\",\"timestamp\":1787055750,\"excerpt\":\"El reputado en\\u00f3logo y viticultor Benjam\\u00edn Romeo (1963-2026) ha fallecido el 17 de agosto de 2026. Con un papel fundamental en la modernizaci\\u00f3n de la\\u2026\",\"source_name\":\"Tecnovino\",\"source_url\":\"https:\\\/\\\/www.tecnovino.com\\\/\"},{\"title\":\"La apuesta de Marqu\\u00e9s de Riscal: certificaci\\u00f3n Sustainable Wineries for Climate Protection para Elciego y Rueda\",\"link\":\"https:\\\/\\\/www.tecnovino.com\\\/la-apuesta-de-marques-de-riscal-certificacion-sustainable-wineries-for-climate-protection-para-elciego-y-rueda\\\/\",\"image\":\"https:\\\/\\\/www.tecnovino.com\\\/wp-content\\\/uploads\\\/2026\\\/08\\\/Tecnovino-bodega-Marques-de-Riscal.jpg\",\"timestamp\":1786690800,\"excerpt\":\"Marqu\\u00e9s de Riscal obtiene la certificaci\\u00f3n Sustainable Wineries for Climate Protection para sus bodegas de Elciego y Rueda, y ha decidido incorporar voluntariamente el vi\\u00f1edo\\u2026\",\"source_name\":\"Tecnovino\",\"source_url\":\"https:\\\/\\\/www.tecnovino.com\\\/\"},{\"title\":\"Vendimia 2026 en Espa\\u00f1a: adelanto hist\\u00f3rico marcado por el rigor t\\u00e9rmico\",\"link\":\"https:\\\/\\\/www.tecnovino.com\\\/vendimia-2026-en-espana-adelanto-historico-marcado-por-el-rigor-termico\\\/\",\"image\":\"https:\\\/\\\/www.tecnovino.com\\\/wp-content\\\/uploads\\\/2023\\\/11\\\/Tecnovino-produccion-mundial-de-vino-OIV.jpg\",\"timestamp\":1785968611,\"excerpt\":\"Ya estamos en \\u00e9poca de vendimia. En Espa\\u00f1a este a\\u00f1o viene marcada por un adelanto hist\\u00f3rico del calendario, el impacto del estr\\u00e9s t\\u00e9rmico en el\\u2026\",\"source_name\":\"Tecnovino\",\"source_url\":\"https:\\\/\\\/www.tecnovino.com\\\/\"},{\"title\":\"El sector vitivin\\u00edcola espa\\u00f1ol frente a los incendios de 2026: impacto y desaf\\u00edos en vi\\u00f1edo y bodega\",\"link\":\"https:\\\/\\\/www.tecnovino.com\\\/el-sector-vitivinicola-espanol-frente-a-los-incendios-de-2026-impacto-y-desafios-en-vinedo-y-bodega\\\/\",\"image\":\"https:\\\/\\\/www.tecnovino.com\\\/wp-content\\\/uploads\\\/2026\\\/08\\\/Tecnovino-impacto-incendios-Espana-vinedo.jpg\",\"timestamp\":1785947760,\"excerpt\":\"El sector vitivin\\u00edcola espa\\u00f1ol afronta una situaci\\u00f3n cr\\u00edtica tras la ola de incendios forestales de 2026 y todav\\u00eda queda verano. Un an\\u00e1lisis de su impacto\\u2026\",\"source_name\":\"Tecnovino\",\"source_url\":\"https:\\\/\\\/www.tecnovino.com\\\/\"},{\"title\":\"Vendimia 2026 en Juv\\u00e9 \\u0026 Camps: la campa\\u00f1a m\\u00e1s temprana y primera nocturna de su historia\",\"link\":\"https:\\\/\\\/www.tecnovino.com\\\/vendimia-2026-en-juve-camps-la-campana-mas-temprana-y-primera-nocturna-de-su-historia\\\/\",\"image\":\"https:\\\/\\\/www.tecnovino.com\\\/wp-content\\\/uploads\\\/2026\\\/07\\\/Tecnovino-Juve-Camps-vendimia-2026.jpg\",\"timestamp\":1785940560,\"excerpt\":\"Juv\\u00e9 \\u0026 Camps da inicio en su finca de Espiells a la campa\\u00f1a de 2026, marcada por la precocidad clim\\u00e1tica, las elevadas temperaturas y la\\u2026\",\"source_name\":\"Tecnovino\",\"source_url\":\"https:\\\/\\\/www.tecnovino.com\\\/\"},{\"title\":\"La Gomera se convierte en el epicentro global de la viticultura sostenible con unas jornadas t\\u00e9cnicas internacionales\",\"link\":\"https:\\\/\\\/www.tecnovino.com\\\/la-gomera-se-convierte-en-el-epicentro-global-de-la-viticultura-sostenible-con-unas-jornadas-tecnicas-internacionales\\\/\",\"image\":\"https:\\\/\\\/www.tecnovino.com\\\/wp-content\\\/uploads\\\/2021\\\/06\\\/Tecnovino-uso-sostenible-del-agua.jpg\",\"timestamp\":1785933360,\"excerpt\":\"La Gomera acoger\\u00e1 las III Jornadas T\\u00e9cnicas Internacionales de Vitivinicultura Sostenible del 12 al 14 de noviembre. En ellas, expertos abordar\\u00e1n el futuro del sector,\\u2026\",\"source_name\":\"Tecnovino\",\"source_url\":\"https:\\\/\\\/www.tecnovino.com\\\/\"},{\"title\":\"Vendimia 2026 en Raimat: la m\\u00e1s temprana de su historia en la D.O. Costers del Segre\",\"link\":\"https:\\\/\\\/www.tecnovino.com\\\/vendimia-2026-en-raimat-la-mas-temprana-de-su-historia-en-la-d-o-costers-del-segre\\\/\",\"image\":\"https:\\\/\\\/www.tecnovino.com\\\/wp-content\\\/uploads\\\/2026\\\/07\\\/Tecnovino-Raimat-vendimia-2026.jpg\",\"timestamp\":1785926214,\"excerpt\":\"La bodega Raimat, perteneciente a la D.O. Costers del Segre, ha dado inicio a su vendimia 2026 registrando el arranque m\\u00e1s temprano de sus 108\\u2026\",\"source_name\":\"Tecnovino\",\"source_url\":\"https:\\\/\\\/www.tecnovino.com\\\/\"},{\"title\":\"El Concours Mondial de Bruxelles abre su convocatoria para la sesi\\u00f3n de vinos dulces y generosos de 2026\",\"link\":\"https:\\\/\\\/www.tecnovino.com\\\/el-concours-mondial-de-bruxelles-abre-su-convocatoria-para-la-sesion-de-vinos-dulces-y-generosos-de-2026\\\/\",\"image\":\"https:\\\/\\\/www.tecnovino.com\\\/wp-content\\\/uploads\\\/2024\\\/06\\\/Tecnovino-Concurso-Mundial-de-Bruselas-medalla.jpg\",\"timestamp\":1785848400,\"excerpt\":\"El Concours Mondial de Bruxelles abre el plazo de inscripci\\u00f3n para su sesi\\u00f3n de vinos dulces y generosos en Thuir. Una oportunidad para las bodegas\\u2026\",\"source_name\":\"Tecnovino\",\"source_url\":\"https:\\\/\\\/www.tecnovino.com\\\/\"},{\"title\":\"20 formas de vivir el eclipse solar en Ribera del Duero: vino, altura y naturaleza\",\"link\":\"https:\\\/\\\/www.tecnovino.com\\\/20-formas-de-vivir-el-eclipse-solar-en-ribera-del-duero-vino-altura-y-naturaleza\\\/\",\"image\":\"https:\\\/\\\/www.tecnovino.com\\\/wp-content\\\/uploads\\\/2026\\\/08\\\/Tecnovino-eclipse-solar-Ruta-del-Vino-Ribera-del-Duero-sol-horizonte-cerca-de-Haza.jpg\",\"timestamp\":1785788644,\"excerpt\":\"\\u00bfC\\u00f3mo observar el eclipse solar del 12 de agosto desde la Ruta del Vino Ribera del Duero? Sus bodegas, alojamientos, municipios y empresas han dise\\u00f1ado\\u2026\",\"source_name\":\"Tecnovino\",\"source_url\":\"https:\\\/\\\/www.tecnovino.com\\\/\"}]<\/script>\n\t\t\t\t\t\t\n\t\t\t\t\t\t<div class=\"vnh-more-row\">\n\t\t\t\t\t\t\t<button\n\t\t\t\t\t\t\t\ttype=\"button\"\n\t\t\t\t\t\t\t\tclass=\"vnh-more\"\n\t\t\t\t\t\t\t\tdata-vnh-more\n\t\t\t\t\t\t\t\taria-controls=\"vnh-news-1-panel-espanha-feed\"\n\t\t\t\t\t\t\t\thidden\n\t\t\t\t\t\t\t>\n\t\t\t\t\t\t\t\t<span>Ver mais not\u00edcias<\/span>\n\t\t\t\t\t\t\t\t<span class=\"vnh-more-arrow\" aria-hidden=\"true\">\u2193<\/span>\n\t\t\t\t\t\t\t<\/button>\n\t\t\t\t\t\t\t<p class=\"vnh-more-status\" data-vnh-status aria-live=\"polite\"><\/p>\n\t\t\t\t\t\t<\/div>\n\t\t\t\t\t<\/div>\n\t\t\t\t\t\t\t\t\t\t\t\t\t\t\t\t\t\t\t<div\n\t\t\t\t\t\tclass=\"vnh-panel\"\n\t\t\t\t\t\tid=\"vnh-news-1-panel-franca\"\n\t\t\t\t\t\trole=\"tabpanel\"\n\t\t\t\t\t\taria-labelledby=\"vnh-news-1-tab-franca\"\n\t\t\t\t\t\tdata-vnh-panel\n\t\t\t\t\t\tdata-vnh-region=\"franca\"\n\t\t\t\t\t\tdata-vnh-total=\"84\"\n\t\t\t\t\t\tdata-vnh-placeholder=\"https:\/\/clone.vinomatos.com\/wp-content\/plugins\/vinomatos-news-hub\/assets\/images\/news-placeholder.svg\"\n\t\t\t\t\t\tdata-vnh-excerpt-words=\"25\"\n\t\t\t\t\t\t hidden\t\t\t\t\t>\n\t\t\t\t\t\t<div class=\"vnh-feed-shell\" id=\"vnh-news-1-panel-franca-feed\" data-vnh-feed>\n\t\t\t\t\t\t\t\n<div class=\"vnh-feed-container\" data-vnh-category=\"Fran\u00e7a\" data-vnh-region=\"franca\">\n\t\t\t<div class=\"vnh-grid\">\n\t\t\t\t\t<\/div>\n\t<\/div>\n\t\t\t\t\t\t<\/div>\n\t\t\t\t\t\t\t\t\t\t\t\t\t<script type=\"application\/json\" class=\"vnh-more-data\">[{\"title\":\"[Recyclage] Une solution pour les huiles usag\\u00e9es agricoles\",\"link\":\"https:\\\/\\\/www.materielagricole.info\\\/distribution\\\/article\\\/895473\\\/une-solution-pour-les-huiles-usagees-agricoles\",\"image\":\"https:\\\/\\\/cdn4.regie-agricole.com\\\/ulf\\\/CMS_Content\\\/2\\\/articles\\\/895473\\\/Cyclevia-ldmr293.jpg\",\"timestamp\":1787976000,\"excerpt\":\"Cyclevia pourrait bien apporter une solution pour \\u00e9vacuer des f\\u00fbts d\\u2019huiles de vidange en souffrance dans les exploitations agricoles.\",\"source_name\":\"Mat\\u00e9riel Agricole\",\"source_url\":\"https:\\\/\\\/www.materielagricole.info\\\/\"},{\"title\":\"\\u0022Quand un contentieux sur une marque de vin ne se r\\u00e8gle pas \\u00e0 l\\u2019amiable avec l\\u2019INAO, c\\u2019est que le non-respect de la r\\u00e9glementation est volontaire\\u0022\",\"link\":\"https:\\\/\\\/www.vitisphere.com\\\/actualite-107192-quand-un-contentieux-sur-une-marque-de-vin-ne-se-regle-pas-a-lamiable-avec-linao-cest-que-le-non-respect-de-la-reglementation-est-volontaire.html\",\"image\":\"https:\\\/\\\/www.vitisphere.com\\\/upload\\\/breves\\\/08-2026\\\/og_1786238617_107192.jpg\",\"timestamp\":1787976000,\"excerpt\":\"Assurant une rigoureuse veille internationale sur la protection des AOC dans les noms de marques, l\\u2019INAO a une vision tranch\\u00e9e sur les poursuites ouvertes devant\\u2026\",\"source_name\":\"Vitisphere\",\"source_url\":\"https:\\\/\\\/www.vitisphere.com\\\/\"},{\"title\":\"Mes d\\u00e9marches\",\"link\":\"https:\\\/\\\/agriculture.gouv.fr\\\/mes-demarches\",\"image\":\"\",\"timestamp\":1787934204,\"excerpt\":\"Mes d\\u00e9marches prioritaires\",\"source_name\":\"Minist\\u00e8re de l\\u2019Agriculture\",\"source_url\":\"https:\\\/\\\/agriculture.gouv.fr\\\/\"},{\"title\":\"R\\u00e9ussir son vin blanc de noirs : le test pour valider la couleur\",\"link\":\"https:\\\/\\\/www.vitisphere.com\\\/actualite-107091--blanc-de-noirs-faites-le-test-pour-valider-la-couleur.html\",\"image\":\"https:\\\/\\\/www.vitisphere.com\\\/upload\\\/breves\\\/07-2026\\\/og_1784709626_LQ36394122C.jpg\",\"timestamp\":1787927940,\"excerpt\":\"Pour valider la couleur du blanc de noirs et s\\u2019assurer qu\\u2019il n\\u2019y a plus d\\u2019anthocyanes, il est possible d\\u2019effectuer un test en laboratoire. Un bon\\u2026\",\"source_name\":\"Vitisphere\",\"source_url\":\"https:\\\/\\\/www.vitisphere.com\\\/\"},{\"title\":\"La hausse des c\\u00e9r\\u00e9ales est soutenue par le contexte g\\u00e9opolitique\",\"link\":\"https:\\\/\\\/www.lafranceagricole.fr\\\/conjoncture-cultures\\\/article\\\/902761\\\/la-hausse-des-cereales-est-soutenue-par-le-contexte-geopolitique\",\"image\":\"https:\\\/\\\/cdn1.regie-agricole.com\\\/ulf\\\/CMS_Content\\\/2\\\/articles\\\/902761\\\/150323CHAM249.jpg\",\"timestamp\":1787927580,\"excerpt\":\"Les risques g\\u00e9opolitiques sont une fois de plus au c\\u0153ur des pr\\u00e9occupations, en particulier en mer Noire, apr\\u00e8s l\\u2019annonce de Vladimir Poutine en milieu de\\u2026\",\"source_name\":\"La France Agricole\",\"source_url\":\"https:\\\/\\\/www.lafranceagricole.fr\\\/\"},{\"title\":\"L\\u2019\\u00e9tat des lieux de l\\u2019impact historique de la s\\u00e9cheresse sur la ferme France\",\"link\":\"https:\\\/\\\/www.lafranceagricole.fr\\\/secheresse\\\/article\\\/902754\\\/l-etat-des-lieux-de-l-impact-historique-de-la-secheresse-sur-la-ferme-france\",\"image\":\"https:\\\/\\\/cdn3.regie-agricole.com\\\/ulf\\\/CMS_Content\\\/2\\\/articles\\\/902754\\\/VachesprairiesLeitenberger.jpeg\",\"timestamp\":1787927100,\"excerpt\":\"La s\\u00e9cheresse historique impacte sans diff\\u00e9rence les fili\\u00e8res v\\u00e9g\\u00e9tales et l\\u0027\\u00e9levage. Le point par le minist\\u00e8re de l\\u2019Agriculture.\",\"source_name\":\"La France Agricole\",\"source_url\":\"https:\\\/\\\/www.lafranceagricole.fr\\\/\"},{\"title\":\"Le c\\u00e9page melon a tenu le choc de la canicule dans ce mill\\u00e9sime \\u00ab hors normes \\u00bb pour le muscadet\",\"link\":\"https:\\\/\\\/www.vitisphere.com\\\/actualite-107242-le-cepage-melon-a-tenu-le-choc-de-la-canicule-dans-ce-millesime-hors-normes-pour-le-muscadet-.html\",\"image\":\"https:\\\/\\\/www.vitisphere.com\\\/upload\\\/breves\\\/08-2026\\\/og_1787900539_107242.jpg\",\"timestamp\":1787922000,\"excerpt\":\"Les vendanges touchent \\u00e0 leur fin dans la plupart des domaines du vignoble nantais, apr\\u00e8s un d\\u00e9marrage pr\\u00e9coce, d\\u00e8s le 11 ao\\u00fbt. Les premiers bilans\\u2026\",\"source_name\":\"Vitisphere\",\"source_url\":\"https:\\\/\\\/www.vitisphere.com\\\/\"},{\"title\":\"[Tonnes \\u00e0 lisier] Kaweco trouve un plus grand atelier\",\"link\":\"https:\\\/\\\/www.materielagricole.info\\\/industrie\\\/article\\\/902708\\\/kaweco-trouve-un-plus-grand-atelier\",\"image\":\"https:\\\/\\\/cdn3.regie-agricole.com\\\/ulf\\\/CMS_Content\\\/2\\\/articles\\\/902708\\\/kaweco-ldmr298.jpeg\",\"timestamp\":1787918400,\"excerpt\":\"Kaweco devrait b\\u00e9n\\u00e9ficier d\\u2019un espace accru pour d\\u00e9velopper ses productions en \\u00e9pandage de lisier.\",\"source_name\":\"Mat\\u00e9riel Agricole\",\"source_url\":\"https:\\\/\\\/www.materielagricole.info\\\/\"},{\"title\":\"20 cm de gr\\u00eale: une partie du vignoble de Blaye et des C\\u00f4tes de Bordeaux vendang\\u00e9e en 15 minutes\",\"link\":\"https:\\\/\\\/www.vitisphere.com\\\/actualite-107245-20-cm-de-grele-et-une-partie-du-vignoble-de-blaye-et-des-cotes-de-bordeaux-vendangee-en-quinze-minutes.html\",\"image\":\"https:\\\/\\\/www.vitisphere.com\\\/upload\\\/breves\\\/08-2026\\\/og_1787912538_107245.jpg\",\"timestamp\":1787912520,\"excerpt\":\"Un violent \\u00e9pisode de gr\\u00eale a frapp\\u00e9 le blayais mercredi soir. Tout le long de l\\u2019estuaire, des raisins sont \\u00e9clat\\u00e9s, des vignes d\\u00e9foli\\u00e9es. Les viticulteurs\\u2026\",\"source_name\":\"Vitisphere\",\"source_url\":\"https:\\\/\\\/www.vitisphere.com\\\/\"},{\"title\":\"[Semis] PTx : une distribution \\u00e9lectrique Isobus en r\\u00e9trofit\",\"link\":\"https:\\\/\\\/www.materielagricole.info\\\/travail-du-sol-semis\\\/article\\\/893359\\\/ptx-une-distribution-electrique-isobus-en-retrofit\",\"image\":\"https:\\\/\\\/cdn4.regie-agricole.com\\\/ulf\\\/CMS_Content\\\/2\\\/articles\\\/893359\\\/IMG_4711.JPG\",\"timestamp\":1787911200,\"excerpt\":\"PTx d\\u00e9voile le kit de r\\u00e9trofit vConnect pour les semoirs monograine m\\u00e9caniques.\",\"source_name\":\"Mat\\u00e9riel Agricole\",\"source_url\":\"https:\\\/\\\/www.materielagricole.info\\\/\"},{\"title\":\"Mill\\u00e9sime en 6, mill\\u00e9sime en apocalypse ?\",\"link\":\"https:\\\/\\\/www.vitisphere.com\\\/actualite-107243-millesime-en-6-millesime-en-apocalypse-.html\",\"image\":\"https:\\\/\\\/www.vitisphere.com\\\/rss\",\"timestamp\":1787911200,\"excerpt\":\"Leia a not\\u00edcia completa na fonte original.\",\"source_name\":\"Vitisphere\",\"source_url\":\"https:\\\/\\\/www.vitisphere.com\\\/\"},{\"title\":\"\\u00ab \\u00c0 16 tonnes de MS\\\/ha, notre ma\\u00efs ensilage reste satisfaisant \\u00bb\",\"link\":\"https:\\\/\\\/www.lafranceagricole.fr\\\/mais-fourrage\\\/article\\\/902711\\\/a-16-tonnes-de-ms-ha-notre-mais-ensilage-reste-satisfaisant\",\"image\":\"https:\\\/\\\/cdn2.regie-agricole.com\\\/ulf\\\/CMS_Content\\\/2\\\/articles\\\/902711\\\/IMG0840Bis.JPG\",\"timestamp\":1787911020,\"excerpt\":\"Les 30 hectares de ma\\u00efs de Beno\\u00eet et R\\u00e9mi Godfrin ont subi s\\u00e9cheresse et canicule apr\\u00e8s un fort coup de vent \\u00e0 la fin de\\u2026\",\"source_name\":\"La France Agricole\",\"source_url\":\"https:\\\/\\\/www.lafranceagricole.fr\\\/\"},{\"title\":\"Actualit\\u00e9s r\\u00e9glementaires phytosanitaires du 22 au 28 ao\\u00fbt 2026 (semaine 35)\",\"link\":\"https:\\\/\\\/agriculture.gouv.fr\\\/actualites-reglementaires-phytosanitaires-du-22-au-28-aout-2026-semaine-35\",\"image\":\"https:\\\/\\\/agriculture.gouv.fr\\\/sites\\\/default\\\/files\\\/styles\\\/ds_vignette\\\/public\\\/180425_plan_actionphyto_02.jpg\",\"timestamp\":1787909397,\"excerpt\":\"Retrouvez les actualit\\u00e9s r\\u00e9glementaires phytosanitaires. Cette semaine : 0 texte europ\\u00e9en, 4 textes fran\\u00e7ais.\",\"source_name\":\"Minist\\u00e8re de l\\u2019Agriculture\",\"source_url\":\"https:\\\/\\\/agriculture.gouv.fr\\\/\"},{\"title\":\"Ils pilotent leur irrigation \\u00e0 distance\",\"link\":\"https:\\\/\\\/www.lafranceagricole.fr\\\/materiel-dirrigation\\\/article\\\/902687\\\/ils-pilotent-leur-irrigation-a-distance\",\"image\":\"https:\\\/\\\/cdn4.regie-agricole.com\\\/ulf\\\/CMS_Content\\\/2\\\/articles\\\/902687\\\/IMG_7172.JPG\",\"timestamp\":1787909340,\"excerpt\":\"En parall\\u00e8le de l\\u2019irrigation de pr\\u00e9cision, le pilotage des installations \\u00e0 distance am\\u00e9liore les conditions de travail des irrigants et permet une utilisation raisonn\\u00e9e de\\u2026\",\"source_name\":\"La France Agricole\",\"source_url\":\"https:\\\/\\\/www.lafranceagricole.fr\\\/\"},{\"title\":\"Actualit\\u00e9s r\\u00e9glementaires v\\u00e9t\\u00e9rinaires du 22 au 28 ao\\u00fbt 2026 (semaine 35)\",\"link\":\"https:\\\/\\\/agriculture.gouv.fr\\\/actualites-reglementaires-veterinaires-du-22-au-28-aout-2026-semaine-35\",\"image\":\"https:\\\/\\\/agriculture.gouv.fr\\\/sites\\\/default\\\/files\\\/styles\\\/ds_vignette\\\/public\\\/17137_031_veterinaire_antibiotique_ecoantibio_antibioresistance.png\",\"timestamp\":1787908600,\"excerpt\":\"Retrouvez les actualit\\u00e9s r\\u00e9glementaires v\\u00e9t\\u00e9rinaires. Cette semaine : 7 textes europ\\u00e9ens et 6 textes fran\\u00e7ais.\",\"source_name\":\"Minist\\u00e8re de l\\u2019Agriculture\",\"source_url\":\"https:\\\/\\\/agriculture.gouv.fr\\\/\"},{\"title\":\"\\u00ab L\\u2019eau doit rassembler plut\\u00f4t que diviser \\u00bb\",\"link\":\"https:\\\/\\\/www.lafranceagricole.fr\\\/eau\\\/article\\\/902699\\\/l-eau-doit-rassembler-plutot-que-diviser\",\"image\":\"https:\\\/\\\/cdn2.regie-agricole.com\\\/ulf\\\/CMS_Content\\\/2\\\/articles\\\/902699\\\/ERic_servat_horizontal.jpg\",\"timestamp\":1787905620,\"excerpt\":\"Alors que la s\\u00e9cheresse estivale nous rappelle l\\u2019importance vitale de l\\u2019eau, \\u00c9ric Servat, hydrologue, livre dans son ouvrage Le grand d\\u00e9fi de l\\u2019eau un message\\u2026\",\"source_name\":\"La France Agricole\",\"source_url\":\"https:\\\/\\\/www.lafranceagricole.fr\\\/\"},{\"title\":\"Les canicules privent la Champagne de bulles : Gosset et d\\u0027autres maisons orientent de la vendange vers du vin tranquille\",\"link\":\"https:\\\/\\\/www.vitisphere.com\\\/actualite-107241-les-canicules-privent-la-champagne-de-bulles-la-maison-gosset-oriente-une-partie-de-sa-vendange-vers-le-vin-tranquille.html\",\"image\":\"https:\\\/\\\/www.vitisphere.com\\\/upload\\\/breves\\\/08-2026\\\/og_1787843431_107241.jpg\",\"timestamp\":1787900400,\"excerpt\":\"Certains lots en cours de fermentation dans les caves de Gosset pourraient sauter la prise de mousse pour devenir des coteaux champenois blancs et rouges\\u2026\",\"source_name\":\"Vitisphere\",\"source_url\":\"https:\\\/\\\/www.vitisphere.com\\\/\"},{\"title\":\"Le bl\\u00e9 dur demeure une option int\\u00e9ressante \\u00e0 \\u00e9valuer dans le Sud-Est\",\"link\":\"https:\\\/\\\/www.lafranceagricole.fr\\\/ble-dur\\\/article\\\/902697\\\/le-ble-dur-demeure-une-option-interessante-a-evaluer-dans-le-sud-est\",\"image\":\"https:\\\/\\\/cdn4.regie-agricole.com\\\/ulf\\\/CMS_Content\\\/2\\\/articles\\\/902697\\\/P1176588.JPG\",\"timestamp\":1787891400,\"excerpt\":\"Selon l\\u2019Association bl\\u00e9 dur d\\u00e9veloppement (ABDD), le bl\\u00e9 dur reste une c\\u00e9r\\u00e9ale \\u00e0 consid\\u00e9rer dans le Sud-Est, malgr\\u00e9 le contexte \\u00e9conomique difficile. Elle invite les\\u2026\",\"source_name\":\"La France Agricole\",\"source_url\":\"https:\\\/\\\/www.lafranceagricole.fr\\\/\"},{\"title\":\"2000 \\u20ac\\\/an pour les vignerons, jusqu\\u2019\\u00e0 400 000 \\u20ac pour la cave de Bestheim : Alsace et Champagne disent non \\u00e0 l\\u2019\\u00e9co-contribution\",\"link\":\"https:\\\/\\\/www.vitisphere.com\\\/actualite-107237-2000-an-pour-les-vignerons-jusqua-400-000-pour-la-cave-de-bestheim-alsace-et-champagne-disent-non-a-leco-contribution.html\",\"image\":\"https:\\\/\\\/www.vitisphere.com\\\/upload\\\/breves\\\/08-2026\\\/og_1787824477_107237.jpg\",\"timestamp\":1787889600,\"excerpt\":\"La r\\u00e9gion Grand-Est, pr\\u00e9sid\\u00e9e par Franck Leroy, projette de faire payer une taxe de 0,15 \\u20ac\\\/km aux camions qui emprunteront certaines routes de la r\\u00e9gion.\\u2026\",\"source_name\":\"Vitisphere\",\"source_url\":\"https:\\\/\\\/www.vitisphere.com\\\/\"},{\"title\":\"[Tracteur] Le Claas Arion S\\u00e9rie 5 uniquement en CMatic\",\"link\":\"https:\\\/\\\/www.materielagricole.info\\\/tracteur\\\/article\\\/902523\\\/le-claas-arion-serie-5-uniquement-en-cmatic\",\"image\":\"https:\\\/\\\/cdn2.regie-agricole.com\\\/ulf\\\/CMS_Content\\\/2\\\/articles\\\/902523\\\/1120376_25.jpg\",\"timestamp\":1787889600,\"excerpt\":\"Leia a not\\u00edcia completa na fonte original.\",\"source_name\":\"Mat\\u00e9riel Agricole\",\"source_url\":\"https:\\\/\\\/www.materielagricole.info\\\/\"},{\"title\":\"La situation de la fi\\u00e8vre catarrhale ovine (FCO) en France\",\"link\":\"https:\\\/\\\/agriculture.gouv.fr\\\/la-situation-de-la-fievre-catarrhale-ovine-fco-en-france\",\"image\":\"https:\\\/\\\/agriculture.gouv.fr\\\/sites\\\/default\\\/files\\\/styles\\\/ds_vignette\\\/public\\\/14070_019_vaches.jpg\",\"timestamp\":1787846488,\"excerpt\":\"Retrouvez, sur cette page, les derni\\u00e8res actualit\\u00e9s li\\u00e9es \\u00e0 l\\u2019\\u00e9pizootie de Fi\\u00e8vre catarrhale ovine (FCO) en France. Dans chaque section, les informations les plus r\\u00e9centes\\u2026\",\"source_name\":\"Minist\\u00e8re de l\\u2019Agriculture\",\"source_url\":\"https:\\\/\\\/agriculture.gouv.fr\\\/\"},{\"title\":\"\\u0022Il nous faut trouver de nouveaux clients\\u0022 Face \\u00e0 la baisse des ventes de vin, l\\u0027embauche d\\u0027un commercial c\\u0027est tout b\\u00e9nef !\",\"link\":\"https:\\\/\\\/www.vitisphere.com\\\/actualite-107047--il-nous-faut-trouver-de-nouveaux-clients-face-a-la-baisse-des-ventes-de-vin-lembauche-dun-commercial-cest-tout-benef-.html\",\"image\":\"https:\\\/\\\/www.vitisphere.com\\\/upload\\\/breves\\\/07-2026\\\/og_1784203446_LQ36312975C.jpg\",\"timestamp\":1787835780,\"excerpt\":\"Face \\u00e0 la baisse des ventes, des vignerons font le pari d\\u2019embaucher un commercial malgr\\u00e9 le co\\u00fbt que cela repr\\u00e9sente. Juniors ou exp\\u00e9riment\\u00e9s, ces profils\\u2026\",\"source_name\":\"Vitisphere\",\"source_url\":\"https:\\\/\\\/www.vitisphere.com\\\/\"},{\"title\":\"[Machinisme extr\\u00eame] L\\u2019Hydromax a laiss\\u00e9 le Dieselmax sur place\",\"link\":\"https:\\\/\\\/www.materielagricole.info\\\/industrie\\\/article\\\/902634\\\/l-hydromax-a-laisse-le-dieselmax-sur-place\",\"image\":\"https:\\\/\\\/cdn1.regie-agricole.com\\\/ulf\\\/CMS_Content\\\/2\\\/articles\\\/902634\\\/1-jcb-ldmr298.jpg\",\"timestamp\":1787832000,\"excerpt\":\"En \\u00e9tablissant un spectaculaire record de vitesse avec son engin Hydromax, JCB a voulu d\\u00e9montrer les capacit\\u00e9s de ses moteurs carburant \\u00e0 l\\u2019hydrog\\u00e8ne.\",\"source_name\":\"Mat\\u00e9riel Agricole\",\"source_url\":\"https:\\\/\\\/www.materielagricole.info\\\/\"},{\"title\":\"Un entrepreneur de travaux agricoles peut-il r\\u00e9clamer un droit au bail ?\",\"link\":\"https:\\\/\\\/www.lafranceagricole.fr\\\/contrats-particuliers\\\/article\\\/902604\\\/un-entrepreneur-de-travaux-agricoles-peut-il-reclamer-un-droit-au-bail\",\"image\":\"https:\\\/\\\/cdn1.regie-agricole.com\\\/ulf\\\/CMS_Content\\\/2\\\/articles\\\/902604\\\/260619FAI_028.JPG\",\"timestamp\":1787828460,\"excerpt\":\"J\\u2019ai mis \\u00e0 disposition une surface de terres \\u00e0 un entrepreneur agricole pour cultiver une partie de ma ferme en 2026. Je souhaite renouveler l\\u2019ann\\u00e9e\\u2026\",\"source_name\":\"La France Agricole\",\"source_url\":\"https:\\\/\\\/www.lafranceagricole.fr\\\/\"},{\"title\":\"[Semoir monograine] Le jalonnage 2.0 pour les semoirs monograines V\\u00e4derstad Tempo et Proceed V\",\"link\":\"https:\\\/\\\/www.materielagricole.info\\\/semoir-monograine\\\/article\\\/896072\\\/le-jalonnage-2-0-pour-les-semoirs-monograines-vaderstad-tempo-et-proceed-v\",\"image\":\"https:\\\/\\\/cdn3.regie-agricole.com\\\/ulf\\\/CMS_Content\\\/2\\\/articles\\\/896072\\\/Photo-MAT330-NEWS-Vaderstad.jpg\",\"timestamp\":1787824800,\"excerpt\":\"Le su\\u00e9dois V\\u00e4derstad modernise le syst\\u00e8me de jalonnage sur ses semoirs monograines Tempo et Proceed V.\",\"source_name\":\"Mat\\u00e9riel Agricole\",\"source_url\":\"https:\\\/\\\/www.materielagricole.info\\\/\"},{\"title\":\"Innovagri 2026 \\u00e0 Ondes : le guide du salon\",\"link\":\"https:\\\/\\\/www.lafranceagricole.fr\\\/tracteur-et-materiel\\\/article\\\/902563\\\/innovagri-2026-a-ondes-le-guide-du-salon\",\"image\":\"https:\\\/\\\/cdn1.regie-agricole.com\\\/ulf\\\/CMS_Content\\\/2\\\/articles\\\/902563\\\/240905FAI_077.JPG\",\"timestamp\":1787824740,\"excerpt\":\"Innovagri prend ses quartiers \\u00e0 Ondes, en Haute-Garonne, les 9 et 10 septembre, avec de nombreuses nouveaut\\u00e9s dans les cartons des exposants. Comme \\u00e0 chaque\\u2026\",\"source_name\":\"La France Agricole\",\"source_url\":\"https:\\\/\\\/www.lafranceagricole.fr\\\/\"},{\"title\":\"Vignes couch\\u00e9es par la temp\\u00eate, vendanges imminentes : syst\\u00e8me D pour sauver la r\\u00e9colte du domaine de la Grassette\",\"link\":\"https:\\\/\\\/www.vitisphere.com\\\/actualite-107234-vignes-couchees-par-la-tempete-vendanges-imminentes-systeme-d-au-domaine-de-la-grassette-pour-sauver-la-recolte.html\",\"image\":\"https:\\\/\\\/www.vitisphere.com\\\/upload\\\/breves\\\/08-2026\\\/og_1787822550_107234.jpg\",\"timestamp\":1787824200,\"excerpt\":\"Un quad, une mini-pelle, de vieux piquets et beaucoup de bras : famille, amis et b\\u00e9n\\u00e9voles se mobilisent aux c\\u00f4t\\u00e9s du viticulteur Christophe Thomas pour\\u2026\",\"source_name\":\"Vitisphere\",\"source_url\":\"https:\\\/\\\/www.vitisphere.com\\\/\"},{\"title\":\"Ils se fixent l\\u0027objectif de produire un veau par vache et par an\",\"link\":\"https:\\\/\\\/www.lafranceagricole.fr\\\/reproduction-bovins-viande\\\/article\\\/902618\\\/ils-se-fixent-l-objectif-de-produire-un-veau-par-vache-et-par-an\",\"image\":\"https:\\\/\\\/cdn1.regie-agricole.com\\\/ulf\\\/CMS_Content\\\/2\\\/articles\\\/902618\\\/StratEgieEricNore.JPG\",\"timestamp\":1787823060,\"excerpt\":\"Gr\\u00e2ce \\u00e0 un planning rigoureux et une conduite alimentaire calcul\\u00e9e, \\u00c9ric Nore et son fils Benjamin limitent le nombre de jours improductifs de leurs limousines\\u2026\",\"source_name\":\"La France Agricole\",\"source_url\":\"https:\\\/\\\/www.lafranceagricole.fr\\\/\"},{\"title\":\"Influenza aviaire : la situation en France\",\"link\":\"https:\\\/\\\/agriculture.gouv.fr\\\/influenza-aviaire-la-situation-en-france\",\"image\":\"https:\\\/\\\/agriculture.gouv.fr\\\/sites\\\/default\\\/files\\\/styles\\\/ds_vignette\\\/public\\\/vignette%20Influenza%20situation%20France.jpg\",\"timestamp\":1787814016,\"excerpt\":\"Retrouvez dans cet article la situation \\u00e9pid\\u00e9miologique d\\u0027influenza aviaire en France.\",\"source_name\":\"Minist\\u00e8re de l\\u2019Agriculture\",\"source_url\":\"https:\\\/\\\/agriculture.gouv.fr\\\/\"},{\"title\":\"Des vinifications au millim\\u00e8tre pour r\\u00e9ussir le mill\\u00e9sime 2026\",\"link\":\"https:\\\/\\\/www.vitisphere.com\\\/actualite-107232-des-vinifications-au-millimetre-pour-reussir-le-millesime-2026-.html\",\"image\":\"https:\\\/\\\/www.vitisphere.com\\\/upload\\\/breves\\\/08-2026\\\/og_1787738159_107232.jpg\",\"timestamp\":1787814000,\"excerpt\":\"D\\u00e9marr\\u00e9es tr\\u00e8s pr\\u00e9cocement le 6 ao\\u00fbt, les vendanges 2026 s\\u2019\\u00e9tirent d\\u00e9sormais dans le Var, avec des maturit\\u00e9s qui progressent \\u00e0 des rythmes tr\\u00e8s diff\\u00e9rents selon\\u2026\",\"source_name\":\"Vitisphere\",\"source_url\":\"https:\\\/\\\/www.vitisphere.com\\\/\"},{\"title\":\"R\\u00e9gimes d\\u2019aides d\\u2019\\u00c9tat : r\\u00e9gimes en vigueur et projets de notification ou d\\u0027information \\u00e0 la Commission europ\\u00e9enne\",\"link\":\"https:\\\/\\\/agriculture.gouv.fr\\\/regimes-daides-detat-regimes-en-vigueur-et-projets-de-notification-ou-dinformation-la-commission\",\"image\":\"https:\\\/\\\/agriculture.gouv.fr\\\/sites\\\/default\\\/files\\\/styles\\\/ds_vignette\\\/public\\\/88017_002.jpg\",\"timestamp\":1787811000,\"excerpt\":\"Les r\\u00e9gimes d\\u2019aides propos\\u00e9s \\u00e0 la Commission europ\\u00e9enne, que ce soit sous forme de notification ou sous forme d\\u2019exemption font l\\u2019objet d\\u2019une description que la\\u2026\",\"source_name\":\"Minist\\u00e8re de l\\u2019Agriculture\",\"source_url\":\"https:\\\/\\\/agriculture.gouv.fr\\\/\"},{\"title\":\"Relance des randos dans les vignes du Muscadet, de Saumur, de Bourgueil\\u2026 InterLoire revoit sa copie sur l\\u2019\\u0153notourisme\",\"link\":\"https:\\\/\\\/www.vitisphere.com\\\/actualite-107231-relance-des-randos-dans-les-vignes-du-muscadet-de-saumur-de-bourgueil-interloire-revoit-sa-copie-sur-loenotourisme.html\",\"image\":\"https:\\\/\\\/www.vitisphere.com\\\/upload\\\/breves\\\/08-2026\\\/og_1787730831_107231.jpg\",\"timestamp\":1787803200,\"excerpt\":\"L\\u2019\\u00e9v\\u00e8nement Vignes Vins Randos avait \\u00e9t\\u00e9 \\u00e9cart\\u00e9 au profit des Echapp\\u00e9es en Loire. Sans succ\\u00e8s, Interloire revient \\u00e0 l\\u2019ancienne formule ces 29 et 30 ao\\u00fbt.\",\"source_name\":\"Vitisphere\",\"source_url\":\"https:\\\/\\\/www.vitisphere.com\\\/\"},{\"title\":\"[Visibilit\\u00e9] Quelle cabine offre la meilleure vue ?\",\"link\":\"https:\\\/\\\/www.materielagricole.info\\\/essais-comparatifs\\\/article\\\/901205\\\/quelle-cabine-offre-la-meilleure-vue\",\"image\":\"https:\\\/\\\/cdn2.regie-agricole.com\\\/ulf\\\/CMS_Content\\\/2\\\/articles\\\/901205\\\/00.JPG\",\"timestamp\":1787803200,\"excerpt\":\"Que ce soit pour l\\u0027attelage des outils ou ensuite dans la parcelle, avoir une vue d\\u00e9gag\\u00e9e \\u00e0 bord est un vrai argument pour le confort\\u2026\",\"source_name\":\"Mat\\u00e9riel Agricole\",\"source_url\":\"https:\\\/\\\/www.materielagricole.info\\\/\"},{\"title\":\"L\\u2019oie du Sud-Ouest et ses sp\\u00e9cialit\\u00e9s reconnues IGP\",\"link\":\"https:\\\/\\\/agriculture.gouv.fr\\\/loie-du-sud-ouest-et-ses-specialites-reconnues-igp\",\"image\":\"https:\\\/\\\/agriculture.gouv.fr\\\/sites\\\/default\\\/files\\\/styles\\\/ds_vignette\\\/public\\\/03098_015_oie_RZ.jpg\",\"timestamp\":1787767203,\"excerpt\":\"Depuis juin 2026, l\\u2019Indication g\\u00e9ographique prot\\u00e9g\\u00e9e (IGP) a \\u00e9t\\u00e9 attribu\\u00e9e officiellement aux d\\u00e9nominations \\u00ab Oie du Sud-Ouest \\u00bb, \\u00ab Confit d\\u2019oie du Sud-Ouest \\u00bb et\\u2026\",\"source_name\":\"Minist\\u00e8re de l\\u2019Agriculture\",\"source_url\":\"https:\\\/\\\/agriculture.gouv.fr\\\/\"},{\"title\":\"L\\u0027agenda de la ministre\",\"link\":\"https:\\\/\\\/agriculture.gouv.fr\\\/lagenda-de-la-ministre\",\"image\":\"https:\\\/\\\/agriculture.gouv.fr\\\/sites\\\/default\\\/files\\\/styles\\\/ds_vignette\\\/public\\\/agenda_thinkstock.png\",\"timestamp\":1787765400,\"excerpt\":\"L\\u0027agenda de la ministre\",\"source_name\":\"Minist\\u00e8re de l\\u2019Agriculture\",\"source_url\":\"https:\\\/\\\/agriculture.gouv.fr\\\/\"},{\"title\":\"Lors des mill\\u00e9simes chauds, la co-inoculation garantit \\u0022l\\u0027effet fra\\u00eecheur\\u0022 des vins\",\"link\":\"https:\\\/\\\/www.vitisphere.com\\\/actualite-107041--lors-des-millesimes-chauds-la-co-inoculation-garantit-leffet-fraicheur-des-vins.html\",\"image\":\"https:\\\/\\\/www.vitisphere.com\\\/upload\\\/breves\\\/07-2026\\\/og_1784194434_LQ36308207C.jpg\",\"timestamp\":1787751180,\"excerpt\":\"Les bact\\u00e9ries lactiques donnent des rouges diff\\u00e9rents selon qu\\u2019on les ajoute en m\\u00eame temps que les levures ou apr\\u00e8s la fin de la fermentation alcoolique.\\u2026\",\"source_name\":\"Vitisphere\",\"source_url\":\"https:\\\/\\\/www.vitisphere.com\\\/\"},{\"title\":\"[Commerce international] P\\u00f6ttinger s\\u2019installe en Finlande\",\"link\":\"https:\\\/\\\/www.materielagricole.info\\\/distribution\\\/article\\\/902583\\\/pottinger-s-installe-en-finlande\",\"image\":\"https:\\\/\\\/cdn2.regie-agricole.com\\\/ulf\\\/CMS_Content\\\/2\\\/articles\\\/902583\\\/Poettinger-ldmr298.jpg\",\"timestamp\":1787745600,\"excerpt\":\"P\\u00f6ttinger a identifi\\u00e9 le nord de l\\u2019Europe comme un march\\u00e9 en croissance pour ses mat\\u00e9riels de fenaison et de culture.\",\"source_name\":\"Mat\\u00e9riel Agricole\",\"source_url\":\"https:\\\/\\\/www.materielagricole.info\\\/\"},{\"title\":\"Transformer sa laine, \\u00ab un plus pour l\\u2019exploitation \\u00bb\",\"link\":\"https:\\\/\\\/www.lafranceagricole.fr\\\/circuits-courts\\\/article\\\/902589\\\/transformer-sa-laine-un-plus-pour-l-exploitation\",\"image\":\"https:\\\/\\\/cdn4.regie-agricole.com\\\/ulf\\\/CMS_Content\\\/2\\\/articles\\\/902589\\\/DSC_0382.JPG\",\"timestamp\":1787742180,\"excerpt\":\"\\u00c0 Montgesty, dans le Lot, Ang\\u00e9lique et Timoth\\u00e9e Garnier, \\u00e9leveurs de brebis m\\u00e9rinos, transforment leur laine depuis six ans environ. Si l\\u2019activit\\u00e9 demande de l\\u2019engagement,\\u2026\",\"source_name\":\"La France Agricole\",\"source_url\":\"https:\\\/\\\/www.lafranceagricole.fr\\\/\"},{\"title\":\"73 % des viticulteurs adaptent leurs pratiques face au changement climatique\",\"link\":\"https:\\\/\\\/www.vitisphere.com\\\/actualite-107184-73-des-viticulteurs-adaptent-leurs-pratiques-face-au-changement-climatique.html\",\"image\":\"https:\\\/\\\/www.vitisphere.com\\\/upload\\\/breves\\\/08-2026\\\/og_1787843712_107184.jpg\",\"timestamp\":1787742000,\"excerpt\":\"Une enqu\\u00eate men\\u00e9e par l\\u0027Institut Rhodanien met en \\u00e9vidence l\\u0027essor de leviers comme la taille tardive, l\\u2019implantation de couverts v\\u00e9g\\u00e9taux ou l\\u2019adaptation du mat\\u00e9riel v\\u00e9g\\u00e9tal\\u2026\",\"source_name\":\"Vitisphere\",\"source_url\":\"https:\\\/\\\/www.vitisphere.com\\\/\"},{\"title\":\"Le podcast du 26 ao\\u00fbt 2026\",\"link\":\"https:\\\/\\\/www.lafranceagricole.fr\\\/podcasts\\\/article\\\/902586\\\/le-podcast-du-26-aout-2026\",\"image\":\"https:\\\/\\\/cdn1.regie-agricole.com\\\/ulf\\\/CMS_Content\\\/2\\\/articles\\\/902586\\\/b18f9694-0-le-podcast-du-26-aout-2026.jpg\",\"timestamp\":1787740140,\"excerpt\":\"Leia a not\\u00edcia completa na fonte original.\",\"source_name\":\"La France Agricole\",\"source_url\":\"https:\\\/\\\/www.lafranceagricole.fr\\\/\"},{\"title\":\"Comt\\u00e9, abondance et beaufort, les cahiers des charges adapt\\u00e9s \\u00e0 la s\\u00e9cheresse\",\"link\":\"https:\\\/\\\/www.lafranceagricole.fr\\\/signes-de-qualite\\\/article\\\/902584\\\/comte-abondance-et-beaufort-les-cahiers-des-charges-adaptes-a-la-secheresse\",\"image\":\"https:\\\/\\\/cdn1.regie-agricole.com\\\/ulf\\\/CMS_Content\\\/2\\\/articles\\\/902584\\\/260717CH_4827.jpg\",\"timestamp\":1787738700,\"excerpt\":\"Le minist\\u00e8re de l\\u2019Agriculture publie ce mercredi 26 ao\\u00fbt 2026 au Journal officiel, trois arr\\u00eat\\u00e9s qui assouplissent temporairement les r\\u00e8gles de production de trois fromages,\\u2026\",\"source_name\":\"La France Agricole\",\"source_url\":\"https:\\\/\\\/www.lafranceagricole.fr\\\/\"},{\"title\":\"[Labour] La charrue Servo 4000 de P\\u00f6ttinger plus polyvalente\",\"link\":\"https:\\\/\\\/www.materielagricole.info\\\/charrue\\\/article\\\/896117\\\/la-charrue-servo-4000-de-pottinger-plus-polyvalente\",\"image\":\"https:\\\/\\\/cdn1.regie-agricole.com\\\/ulf\\\/CMS_Content\\\/2\\\/articles\\\/896117\\\/MAT330-NEWS-Pottinger-Charrue.JPG\",\"timestamp\":1787738400,\"excerpt\":\"P\\u00f6ttinger pr\\u00e9sente une version \\u00e9tendue de sa charrue Servo 4000.\",\"source_name\":\"Mat\\u00e9riel Agricole\",\"source_url\":\"https:\\\/\\\/www.materielagricole.info\\\/\"},{\"title\":\"Comment bien accueillir son nouveau salari\\u00e9\",\"link\":\"https:\\\/\\\/www.lafranceagricole.fr\\\/emploi\\\/article\\\/902415\\\/comment-bien-accueillir-son-nouveau-salarie\",\"image\":\"https:\\\/\\\/cdn1.regie-agricole.com\\\/ulf\\\/CMS_Content\\\/2\\\/articles\\\/902415\\\/251007FAI_041.JPG\",\"timestamp\":1787736540,\"excerpt\":\"Le premier jour du travail du salari\\u00e9 est une \\u00e9tape qui conditionne beaucoup de choses pour la suite. Sophie Bidet, conseill\\u00e8re en relations humaines et\\u2026\",\"source_name\":\"La France Agricole\",\"source_url\":\"https:\\\/\\\/www.lafranceagricole.fr\\\/\"},{\"title\":\"Le compte \\u00e0 rebours des vendanges est lanc\\u00e9 \\u00e0 Cognac, \\u0022attendre que la pluie regonfle les baies est risqu\\u00e9, il ne faut pas d\\u00e9passer lundi prochain pour commencer\\u0022\",\"link\":\"https:\\\/\\\/www.vitisphere.com\\\/actualite-107230--cest-dangereux-dattendre-le-volume-avertit-ce-conseiller-charentais-avant-les-vendanges.html\",\"image\":\"https:\\\/\\\/www.vitisphere.com\\\/upload\\\/breves\\\/08-2026\\\/og_1787679525_107230.jpg\",\"timestamp\":1787727600,\"excerpt\":\"De premi\\u00e8res machines tournent depuis le 20 ao\\u00fbt dans le vignoble charentais mais moins de 5 % des surfaces sont aujourd\\u2019hui vendang\\u00e9es alors que pour\\u2026\",\"source_name\":\"Vitisphere\",\"source_url\":\"https:\\\/\\\/www.vitisphere.com\\\/\"},{\"title\":\"Bourgogne et Beaujolais d\\u00e9crochent le droit d\\u2019h\\u00e9berger leurs vendangeurs sous tente\",\"link\":\"https:\\\/\\\/www.vitisphere.com\\\/actualite-107228-bourgogne-et-beaujolais-decrochent-le-droit-dheberger-leurs-vendangeurs-sous-tente.html\",\"image\":\"https:\\\/\\\/www.vitisphere.com\\\/upload\\\/breves\\\/08-2026\\\/og_1787656414_107228.jpg\",\"timestamp\":1787716800,\"excerpt\":\"Les viticulteurs de la C\\u00f4te d\\u2019Or, de l\\u2019Yonne, de la Sa\\u00f4ne-et-Loire et du Rh\\u00f4ne obtiennent la possibilit\\u00e9 d\\u2019h\\u00e9berger leurs saisonniers sous tente. Un arr\\u00eat\\u00e9 publi\\u00e9\\u2026\",\"source_name\":\"Vitisphere\",\"source_url\":\"https:\\\/\\\/www.vitisphere.com\\\/\"},{\"title\":\"[Youngtimer] New Holland M160 : derni\\u00e8re \\u00e8re terracotta\",\"link\":\"https:\\\/\\\/www.materielagricole.info\\\/youngtimers\\\/article\\\/896174\\\/derniere-ere-terracotta\",\"image\":\"https:\\\/\\\/cdn1.regie-agricole.com\\\/ulf\\\/CMS_Content\\\/2\\\/articles\\\/896174\\\/00-MAT330-PASSION-youngtimer-New-Holland-M160.jpg\",\"timestamp\":1787716800,\"excerpt\":\"Depuis une vingtaine d\\u2019ann\\u00e9es, J\\u00e9r\\u00e9my Lec\\u0153ur et son p\\u00e8re utilisent un New Holland M160 de 1998 pour effectuer l\\u2019ensemble des semis. Avec 9 500 heures\\u2026\",\"source_name\":\"Mat\\u00e9riel Agricole\",\"source_url\":\"https:\\\/\\\/www.materielagricole.info\\\/\"},{\"title\":\"[Mat\\u00e9riels d\\u2019alimentation] Siloking \\u00e0 l\\u2019offensive au Sud\",\"link\":\"https:\\\/\\\/www.materielagricole.info\\\/parcours\\\/article\\\/902528\\\/siloking-a-l-offensive-au-sud\",\"image\":\"https:\\\/\\\/cdn4.regie-agricole.com\\\/ulf\\\/CMS_Content\\\/2\\\/articles\\\/902528\\\/siloking-ldmr298.jpg\",\"timestamp\":1787659200,\"excerpt\":\"Le recrutement de Jordan Varagne dans son \\u00e9quipe commerciale pourrait aider Siloking a d\\u00e9velopper ses march\\u00e9s du sud de la France, de l\\u2019Espagne et du\\u2026\",\"source_name\":\"Mat\\u00e9riel Agricole\",\"source_url\":\"https:\\\/\\\/www.materielagricole.info\\\/\"},{\"title\":\"Ma\\u00efs : des itin\\u00e9raires bas intrants \\u00e9valu\\u00e9s pendant 15 ans\",\"link\":\"https:\\\/\\\/www.lafranceagricole.fr\\\/phytosanitaire\\\/article\\\/902411\\\/mais-des-itineraires-bas-intrants-evalues-pendant-15-ans\",\"image\":\"https:\\\/\\\/cdn4.regie-agricole.com\\\/ulf\\\/CMS_Content\\\/2\\\/articles\\\/902411\\\/DSC_0317.JPG\",\"timestamp\":1787655420,\"excerpt\":\"Depuis quinze ans, l\\u2019\\u00e9cole d\\u2019ing\\u00e9nieurs de Purpan teste la culture d\\u2019un ma\\u00efs avec des baisses notables d\\u2019irrigation, d\\u2019IFT et de fertilisants. Certains r\\u00e9sultats sont \\u00ab\\u2026\",\"source_name\":\"La France Agricole\",\"source_url\":\"https:\\\/\\\/www.lafranceagricole.fr\\\/\"},{\"title\":\"Le podcast du 25 ao\\u00fbt 2026\",\"link\":\"https:\\\/\\\/www.lafranceagricole.fr\\\/podcasts\\\/article\\\/902534\\\/le-podcast-du-25-aout-2026\",\"image\":\"https:\\\/\\\/cdn1.regie-agricole.com\\\/ulf\\\/CMS_Content\\\/2\\\/articles\\\/902534\\\/9c377acb-a-le-podcast-du-25-aout-2026.jpg\",\"timestamp\":1787652180,\"excerpt\":\"Leia a not\\u00edcia completa na fonte original.\",\"source_name\":\"La France Agricole\",\"source_url\":\"https:\\\/\\\/www.lafranceagricole.fr\\\/\"},{\"title\":\"Un taureau limousin achet\\u00e9 67 100 \\u20ac\",\"link\":\"https:\\\/\\\/www.lafranceagricole.fr\\\/genetique-bovins-viande\\\/article\\\/902529\\\/un-taureau-limousin-achete-67-100\",\"image\":\"https:\\\/\\\/cdn3.regie-agricole.com\\\/ulf\\\/CMS_Content\\\/2\\\/articles\\\/902529\\\/tauroAtome.jpeg\",\"timestamp\":1787651940,\"excerpt\":\"Un taureau limousin de 15 mois a \\u00e9t\\u00e9 adjug\\u00e9 \\u00e0 67 100 \\u20ac au festival de l\\u2019\\u00e9levage de Brive-la-Gaillarde (Corr\\u00e8ze) samedi 22 ao\\u00fbt.\",\"source_name\":\"La France Agricole\",\"source_url\":\"https:\\\/\\\/www.lafranceagricole.fr\\\/\"},{\"title\":\"Comment ne plus cotiser \\u00e0 une association fonci\\u00e8re ?\",\"link\":\"https:\\\/\\\/www.lafranceagricole.fr\\\/questions-juridiques-amenagement-foncier\\\/article\\\/902412\\\/comment-ne-plus-cotiser-a-une-association-fonciere\",\"image\":\"https:\\\/\\\/cdn1.regie-agricole.com\\\/ulf\\\/CMS_Content\\\/2\\\/articles\\\/902412\\\/fossE.jpg\",\"timestamp\":1787650260,\"excerpt\":\"Je suis propri\\u00e9taire de parcelles. Tous les ans, je re\\u00e7ois une cotisation de l\\u2019association fonci\\u00e8re cr\\u00e9\\u00e9e lors du remembrement pour entretenir les foss\\u00e9s et les\\u2026\",\"source_name\":\"La France Agricole\",\"source_url\":\"https:\\\/\\\/www.lafranceagricole.fr\\\/\"},{\"title\":\"Administration centrale\",\"link\":\"https:\\\/\\\/agriculture.gouv.fr\\\/administration-centrale\",\"image\":\"https:\\\/\\\/agriculture.gouv.fr\\\/sites\\\/default\\\/files\\\/styles\\\/ds_vignette\\\/public\\\/14335_004_bd.jpg\",\"timestamp\":1787643009,\"excerpt\":\"Le minist\\u00e8re de l\\u2019Agriculture, de l\\u2019Agro-alimentaire et de la Souverainet\\u00e9 alimentaire est organis\\u00e9 en trois directions d\\u0027administration centrale (alimentation ; enseignement et recherche ; performance\\u2026\",\"source_name\":\"Minist\\u00e8re de l\\u2019Agriculture\",\"source_url\":\"https:\\\/\\\/agriculture.gouv.fr\\\/\"},{\"title\":\"[Comparatif tracteurs \\u00e0 gros 4-cylindres] Quelle cabine est la plus silencieuse ?\",\"link\":\"https:\\\/\\\/www.materielagricole.info\\\/essais-comparatifs\\\/article\\\/901197\\\/quelle-cabine-est-la-plus-silencieuse\",\"image\":\"https:\\\/\\\/cdn4.regie-agricole.com\\\/ulf\\\/CMS_Content\\\/2\\\/articles\\\/901197\\\/IMG_0083.jpg\",\"timestamp\":1787630400,\"excerpt\":\"Lors du comparatif de 7 tracteurs \\u00e0 gros 4-cylindres, la r\\u00e9daction a relev\\u00e9 les niveaux sonores, en cabine au passage au banc de performance moteur\\u2026\",\"source_name\":\"Mat\\u00e9riel Agricole\",\"source_url\":\"https:\\\/\\\/www.materielagricole.info\\\/\"},{\"title\":\"[R\\u00e9sultats deuxi\\u00e8me trimestre 2025-2026] John Deere en bas de cycle ?\",\"link\":\"https:\\\/\\\/www.materielagricole.info\\\/industrie\\\/article\\\/902499\\\/john-deere-en-bas-de-cycle\",\"image\":\"https:\\\/\\\/cdn1.regie-agricole.com\\\/ulf\\\/CMS_Content\\\/2\\\/articles\\\/902499\\\/jihndeere-ldmr298.jpg\",\"timestamp\":1787572800,\"excerpt\":\"Malgr\\u00e9 des livraisons de grosses machines agricoles toujours en baisse, John Deere veut croire \\u00e0 la reprise.\",\"source_name\":\"Mat\\u00e9riel Agricole\",\"source_url\":\"https:\\\/\\\/www.materielagricole.info\\\/\"},{\"title\":\"Du vert en \\u00e9t\\u00e9, le sorgho multicoupe s\\u00e9curise le p\\u00e2turage\",\"link\":\"https:\\\/\\\/www.lafranceagricole.fr\\\/prairies-et-fourrages\\\/article\\\/902413\\\/du-vert-en-ete-le-sorgho-multicoupe-securise-le-paturage\",\"image\":\"https:\\\/\\\/cdn4.regie-agricole.com\\\/ulf\\\/CMS_Content\\\/2\\\/articles\\\/902413\\\/P1140798.JPG\",\"timestamp\":1787568900,\"excerpt\":\"Le sorgho multicoupe p\\u00e2tur\\u00e9 permet de maintenir une ressource en fourrage vert l\\u2019\\u00e9t\\u00e9, lorsque la s\\u00e9cheresse et de fortes temp\\u00e9ratures grillent les prairies de plus\\u2026\",\"source_name\":\"La France Agricole\",\"source_url\":\"https:\\\/\\\/www.lafranceagricole.fr\\\/\"},{\"title\":\"Le cabinet de la ministre\",\"link\":\"https:\\\/\\\/agriculture.gouv.fr\\\/le-cabinet-de-la-ministre\",\"image\":\"https:\\\/\\\/agriculture.gouv.fr\\\/sites\\\/default\\\/files\\\/styles\\\/ds_vignette\\\/public\\\/17234_001_ministere_hotel_villeroy.png\",\"timestamp\":1787567062,\"excerpt\":\"Retrouvez ci-dessous la composition du cabinet d\\u0027Annie Genevard, ministre de l\\u2019Agriculture, de l\\u2019Agro-alimentaire et de la Souverainet\\u00e9 alimentaire.\",\"source_name\":\"Minist\\u00e8re de l\\u2019Agriculture\",\"source_url\":\"https:\\\/\\\/agriculture.gouv.fr\\\/\"},{\"title\":\"J\\u2019attends un enfant, quelles sont les d\\u00e9marches obligatoires ?\",\"link\":\"https:\\\/\\\/www.lafranceagricole.fr\\\/service-de-remplacement\\\/article\\\/902414\\\/j-attends-un-enfant-quelles-sont-les-demarches-obligatoires\",\"image\":\"https:\\\/\\\/cdn4.regie-agricole.com\\\/ulf\\\/CMS_Content\\\/2\\\/articles\\\/902414\\\/CongEmaternitEnaissanceCPNossant.jpg\",\"timestamp\":1787563620,\"excerpt\":\"Les non-salari\\u00e9s agricoles qui attendent un enfant doivent entreprendre des d\\u00e9marches pour profiter pleinement de leurs droits.\",\"source_name\":\"La France Agricole\",\"source_url\":\"https:\\\/\\\/www.lafranceagricole.fr\\\/\"},{\"title\":\"Le podcast du 24 ao\\u00fbt 2026\",\"link\":\"https:\\\/\\\/www.lafranceagricole.fr\\\/podcasts\\\/article\\\/902502\\\/le-podcast-du-24-aout-2026\",\"image\":\"https:\\\/\\\/cdn1.regie-agricole.com\\\/ulf\\\/CMS_Content\\\/2\\\/articles\\\/902502\\\/fe2a36ed-8-le-podcast-du-24-aout-2026.jpg\",\"timestamp\":1787562660,\"excerpt\":\"Leia a not\\u00edcia completa na fonte original.\",\"source_name\":\"La France Agricole\",\"source_url\":\"https:\\\/\\\/www.lafranceagricole.fr\\\/\"},{\"title\":\"[D\\u00e9couverte] De belles trouvailles au salon de l\\u2019environnement\",\"link\":\"https:\\\/\\\/www.materielagricole.info\\\/decouvertes\\\/article\\\/899604\\\/de-belles-trouvailles-au-salon-de-l-environnement\",\"image\":\"https:\\\/\\\/cdn3.regie-agricole.com\\\/ulf\\\/CMS_Content\\\/2\\\/articles\\\/899604\\\/IFAT1-MEF-MP211.jpg\",\"timestamp\":1787544000,\"excerpt\":\"L\\u2019IFAT, le plus grand salon mondial d\\u00e9di\\u00e9 aux solutions de traitement des d\\u00e9chets, se tenait d\\u00e9but mai en Allemagne, \\u00e0 Munich. Entre les pompes pour\\u2026\",\"source_name\":\"Mat\\u00e9riel Agricole\",\"source_url\":\"https:\\\/\\\/www.materielagricole.info\\\/\"},{\"title\":\"[Pulv\\u00e9risation] Agrifac ouvre son acad\\u00e9mie\",\"link\":\"https:\\\/\\\/www.materielagricole.info\\\/industrie\\\/article\\\/900435\\\/agrifac-ouvre-son-academie\",\"image\":\"https:\\\/\\\/cdn3.regie-agricole.com\\\/ulf\\\/CMS_Content\\\/2\\\/articles\\\/900435\\\/agrifac-ldmr297.jpg\",\"timestamp\":1787457600,\"excerpt\":\"Afin d\\u2019accompagner la complexit\\u00e9 croissante des technologies embarqu\\u00e9es sur ses machines, Agrifac vient de cr\\u00e9er un centre de formation.\",\"source_name\":\"Mat\\u00e9riel Agricole\",\"source_url\":\"https:\\\/\\\/www.materielagricole.info\\\/\"},{\"title\":\"[Elevage] Jeulin : la version finale de la balayeuse Scopa est d\\u00e9voil\\u00e9e\",\"link\":\"https:\\\/\\\/www.materielagricole.info\\\/elevage\\\/article\\\/889280\\\/jeulin-la-version-finale-de-la-balayeuse-scopa-est-devoilee\",\"image\":\"https:\\\/\\\/cdn1.regie-agricole.com\\\/ulf\\\/CMS_Content\\\/2\\\/articles\\\/889280\\\/Photo-NEWS-Sommet-JeulinScopa.JPG\",\"timestamp\":1787371200,\"excerpt\":\"La version finale de la balayeuse automotrice \\u00e9lectrique Jeulin Scopa a \\u00e9t\\u00e9 d\\u00e9voil\\u00e9e au Sommet de l\\u0027\\u00e9levage.\",\"source_name\":\"Mat\\u00e9riel Agricole\",\"source_url\":\"https:\\\/\\\/www.materielagricole.info\\\/\"},{\"title\":\"[Pi\\u00e8ces d\\u00e9tach\\u00e9es] John Deere renforce son partenariat avec Kramp\",\"link\":\"https:\\\/\\\/www.materielagricole.info\\\/composants\\\/article\\\/902458\\\/john-deere-renforce-son-partenariat-avec-kramp\",\"image\":\"https:\\\/\\\/cdn3.regie-agricole.com\\\/ulf\\\/CMS_Content\\\/2\\\/articles\\\/902458\\\/Kramp-JohnDeere-ldmr298.jpg\",\"timestamp\":1787313600,\"excerpt\":\"Les concessionnaires John Deere vont avoir acc\\u00e8s \\u00e0 un plus large \\u00e9ventail de produits et de services au travers de la plateforme de commande en\\u2026\",\"source_name\":\"Mat\\u00e9riel Agricole\",\"source_url\":\"https:\\\/\\\/www.materielagricole.info\\\/\"},{\"title\":\"[Broyeur] Berti : un broyeur r\\u00e9versible suppl\\u00e9mentaire\",\"link\":\"https:\\\/\\\/www.materielagricole.info\\\/broyeur\\\/article\\\/890347\\\/berti-un-broyeur-reversible-supplementaire\",\"image\":\"https:\\\/\\\/cdn4.regie-agricole.com\\\/ulf\\\/CMS_Content\\\/2\\\/articles\\\/890347\\\/MAT325-NEWS-Sommet-Berti.JPG\",\"timestamp\":1787306400,\"excerpt\":\"Berti pr\\u00e9sente un broyeur ayant pour particularit\\u00e9 de s\\u0027atteler \\u00e0 l\\u0027avant comme \\u00e0 l\\u0027arri\\u00e8re.\",\"source_name\":\"Mat\\u00e9riel Agricole\",\"source_url\":\"https:\\\/\\\/www.materielagricole.info\\\/\"},{\"title\":\"Produits phytopharmaceutiques : autorisations de mise sur le march\\u00e9 d\\u0027une dur\\u00e9e maximale de 120 jours d\\u00e9livr\\u00e9es par le minist\\u00e8re dans des situations d\\u0027urgence phytosanitaire\",\"link\":\"https:\\\/\\\/agriculture.gouv.fr\\\/produits-phytopharmaceutiques-autorisations-de-mise-sur-le-marche-dune-duree-maximale-de-120-jours\",\"image\":\"\",\"timestamp\":1787303360,\"excerpt\":\"L\\u0027article 53 du r\\u00e8glement (CE) n\\u00b01107\\\/2009 encadrant la mise sur le march\\u00e9 des produits phytopharmaceutiques permet aux \\u00c9tats membres d\\u0027autoriser, en cas de circonstances particuli\\u00e8res,\\u2026\",\"source_name\":\"Minist\\u00e8re de l\\u2019Agriculture\",\"source_url\":\"https:\\\/\\\/agriculture.gouv.fr\\\/\"},{\"title\":\"Distances de s\\u00e9curit\\u00e9 pour les traitements phytopharmaceutiques \\u00e0 proximit\\u00e9 des habitations et des lieux abritant des personnes vuln\\u00e9rables et des travailleurs\",\"link\":\"https:\\\/\\\/agriculture.gouv.fr\\\/distances-de-securite-pour-les-traitements-phytopharmaceutiques-a-proximite-des-habitations-et-des\",\"image\":\"https:\\\/\\\/agriculture.gouv.fr\\\/sites\\\/default\\\/files\\\/styles\\\/ds_vignette\\\/public\\\/19100_096_md.jpg\",\"timestamp\":1787300569,\"excerpt\":\"Distances de s\\u00e9curit\\u00e9 pour les traitements phytopharmaceutiques \\u00e0 proximit\\u00e9 des habitations\",\"source_name\":\"Minist\\u00e8re de l\\u2019Agriculture\",\"source_url\":\"https:\\\/\\\/agriculture.gouv.fr\\\/\"},{\"title\":\"[Fabrication de tracteurs standards] Tracteurs Claas : au c\\u0153ur de l\\u2019usine du Mans dans la Sarthe\",\"link\":\"https:\\\/\\\/www.materielagricole.info\\\/industrie\\\/article\\\/899062\\\/tracteurs-claas-au-coeur-de-l-usine-du-mans\",\"image\":\"https:\\\/\\\/cdn1.regie-agricole.com\\\/ulf\\\/CMS_Content\\\/2\\\/articles\\\/899062\\\/01-MAT332-PROF-Usine-Claas-LeMans.JPG\",\"timestamp\":1787284800,\"excerpt\":\"L\\u2019usine de tracteurs Claas du Mans (Sarthe), qui appartenait \\u00e0 Renault Agriculture avant d\\u0027\\u00eatre reprise \\u00e0 100 % par le constructeur allemand en 2003, a\\u2026\",\"source_name\":\"Mat\\u00e9riel Agricole\",\"source_url\":\"https:\\\/\\\/www.materielagricole.info\\\/\"},{\"title\":\"[Vid\\u00e9o essai tracteur] Notre avis en vid\\u00e9o sur le John Deere 6M 115 AutoPowr\",\"link\":\"https:\\\/\\\/www.materielagricole.info\\\/essais-comparatifs\\\/article\\\/902432\\\/notre-avis-en-video-sur-le-john-deere-6m-115-autopowr\",\"image\":\"https:\\\/\\\/cdn4.regie-agricole.com\\\/ulf\\\/CMS_Content\\\/2\\\/articles\\\/902432\\\/8575a73c-1-notre-avis-en-video-sur-le-john-deere-6m-115-autopowr.jpg\",\"timestamp\":1787238000,\"excerpt\":\"D\\u00e9couvrez l\\u0027essai du John Deere 6M 115 AutoPowr en vid\\u00e9o au broyage, au chargeur frontal et au transport, avec nos avis en cabine.\",\"source_name\":\"Mat\\u00e9riel Agricole\",\"source_url\":\"https:\\\/\\\/www.materielagricole.info\\\/\"},{\"title\":\"L\\u2019enseignement agricole : un syst\\u00e8me de formation pleinement engag\\u00e9 dans les programmes Erasmus + pour une citoyennet\\u00e9 europ\\u00e9enne r\\u00e9ussie\",\"link\":\"https:\\\/\\\/agriculture.gouv.fr\\\/leurope-et-linternational-au-coeur-de-lenseignement-agricole-grace-erasmus\",\"image\":\"https:\\\/\\\/agriculture.gouv.fr\\\/sites\\\/default\\\/files\\\/styles\\\/ds_vignette\\\/public\\\/17210-017_bd.jpg\",\"timestamp\":1787228980,\"excerpt\":\"L\\u0027int\\u00e9r\\u00eat des mobilit\\u00e9s et des partenariats europ\\u00e9ens et internationaux est aujourd\\u0027hui pleinement int\\u00e9gr\\u00e9 dans l\\u2019enseignement agricole que ce soit pour les \\u00e9l\\u00e8ves, les apprentis, les\\u2026\",\"source_name\":\"Minist\\u00e8re de l\\u2019Agriculture\",\"source_url\":\"https:\\\/\\\/agriculture.gouv.fr\\\/\"},{\"title\":\"Partez \\u00e0 la rencontre du camion \\u00ab L\\u2019Aventure du vivant \\u00bb\",\"link\":\"https:\\\/\\\/agriculture.gouv.fr\\\/laventure-du-vivant-le-tour-le-camion-des-formations-aux-metiers-du-vivant-reprend-la-route\",\"image\":\"https:\\\/\\\/agriculture.gouv.fr\\\/sites\\\/default\\\/files\\\/styles\\\/ds_vignette\\\/public\\\/vignette%20camion%20du%20vivant%202025%20bleu.jpg\",\"timestamp\":1787209318,\"excerpt\":\"Le camion \\u00ab L\\u0027Aventure du Vivant : le Tour \\u00bb sillonne les routes aux quatre coins de la France pour faire d\\u00e9couvrir la diversit\\u00e9 des\\u2026\",\"source_name\":\"Minist\\u00e8re de l\\u2019Agriculture\",\"source_url\":\"https:\\\/\\\/agriculture.gouv.fr\\\/\"},{\"title\":\"D\\u00e9c\\u00e8s de Fran\\u00e7ois Patriat, ancien ministre de l\\u2019Agriculture et de la P\\u00eache\",\"link\":\"https:\\\/\\\/agriculture.gouv.fr\\\/deces-de-francois-patriat-ancien-ministre-de-lagriculture-et-de-la-peche\",\"image\":\"https:\\\/\\\/agriculture.gouv.fr\\\/sites\\\/default\\\/files\\\/styles\\\/ds_vignette\\\/public\\\/Fran%C3%A7ois%20Petitat.jpg\",\"timestamp\":1787156058,\"excerpt\":\"V\\u00e9t\\u00e9rinaire de formation, s\\u00e9nateur ancr\\u00e9 dans le territoire bourguignon et ministre, Fran\\u00e7ois Patriat s\\u2019est \\u00e9teint le 19 ao\\u00fbt 2026, \\u00e0 l\\u2019\\u00e2ge de 83 ans.\",\"source_name\":\"Minist\\u00e8re de l\\u2019Agriculture\",\"source_url\":\"https:\\\/\\\/agriculture.gouv.fr\\\/\"},{\"title\":\"Des jeunes bien pr\\u00e9par\\u00e9s \\u00e0 leur futur m\\u00e9tier, de fa\\u00e7on tr\\u00e8s concr\\u00e8te et innovante\",\"link\":\"https:\\\/\\\/agriculture.gouv.fr\\\/des-jeunes-bien-prepares-a-leur-futur-metier-de-facon-tres-concrete-et-innovante\",\"image\":\"https:\\\/\\\/agriculture.gouv.fr\\\/sites\\\/default\\\/files\\\/styles\\\/ds_vignette\\\/public\\\/DJI_0878_cultures_photovoltaique_agrivoltaisme_horticulture.jpg\",\"timestamp\":1787134172,\"excerpt\":\"Avec une offre de formation compl\\u00e8te, d\\u00e8s la 4e, coupl\\u00e9 \\u00e0 un apprentissage par l\\u0027exp\\u00e9rience, l\\u2019enseignement agricole forme les agriculteurs de demain. De l\\u2019\\u00e9cole \\u00e0\\u2026\",\"source_name\":\"Minist\\u00e8re de l\\u2019Agriculture\",\"source_url\":\"https:\\\/\\\/agriculture.gouv.fr\\\/\"},{\"title\":\"La loi d\\u2019urgence pour la protection et la souverainet\\u00e9 agricoles promulgu\\u00e9e par le pr\\u00e9sident de la R\\u00e9publique\",\"link\":\"https:\\\/\\\/agriculture.gouv.fr\\\/la-loi-durgence-pour-la-protection-et-la-souverainete-agricoles-promulguee-par-le-president-de-la\",\"image\":\"https:\\\/\\\/agriculture.gouv.fr\\\/sites\\\/default\\\/files\\\/styles\\\/ds_vignette\\\/public\\\/26120_027_RZ.jpg\",\"timestamp\":1787127764,\"excerpt\":\"Cette loi de 55 articles comporte un grand nombre de solutions tangibles et concr\\u00e8tes visant \\u00e0 lib\\u00e9rer les agriculteurs de certaines normes rigides pour renforcer\\u2026\",\"source_name\":\"Minist\\u00e8re de l\\u2019Agriculture\",\"source_url\":\"https:\\\/\\\/agriculture.gouv.fr\\\/\"},{\"title\":\"Professionnels, consommateurs : les pr\\u00e9cautions \\u00e0 prendre en cas de canicule\",\"link\":\"https:\\\/\\\/agriculture.gouv.fr\\\/professionnels-particuliers-les-precautions-prendre-en-cas-de-vague-de-chaleur\",\"image\":\"https:\\\/\\\/agriculture.gouv.fr\\\/sites\\\/default\\\/files\\\/styles\\\/ds_vignette\\\/public\\\/13200_017_md_rz.jpg\",\"timestamp\":1787127491,\"excerpt\":\"Professionnels agricoles, entreprises alimentaires, \\u00e9levage et bien-\\u00eatre animal, animaux de compagnie, alimentation, cha\\u00eene du froid et transport... Retrouvez dans cet article toutes les pr\\u00e9cautions \\u00e0\\u2026\",\"source_name\":\"Minist\\u00e8re de l\\u2019Agriculture\",\"source_url\":\"https:\\\/\\\/agriculture.gouv.fr\\\/\"},{\"title\":\"Laboratoires officiels et reconnus en alimentation\",\"link\":\"https:\\\/\\\/agriculture.gouv.fr\\\/laboratoires-officiels-et-reconnus-en-alimentation\",\"image\":\"https:\\\/\\\/agriculture.gouv.fr\\\/sites\\\/default\\\/files\\\/styles\\\/ds_vignette\\\/public\\\/11212_021_1.jpg\",\"timestamp\":1787044325,\"excerpt\":\"Les services de contr\\u00f4le du minist\\u00e8re en charge de l\\u2019agriculture s\\u2019appuient sur un r\\u00e9seau de laboratoires officiels, constitu\\u00e9 principalement par les laboratoires nationaux de r\\u00e9f\\u00e9rence\\u2026\",\"source_name\":\"Minist\\u00e8re de l\\u2019Agriculture\",\"source_url\":\"https:\\\/\\\/agriculture.gouv.fr\\\/\"},{\"title\":\"Consultation du public : d\\u00e9cret relatif \\u00e0 la pr\\u00e9vention des conflits d\\u0027int\\u00e9r\\u00eats pour la d\\u00e9livrance du conseil strat\\u00e9gique et aux agr\\u00e9ments li\\u00e9s aux produits phytopharmaceutiques [cl\\u00f4tur\\u00e9e]\",\"link\":\"https:\\\/\\\/agriculture.gouv.fr\\\/consultation-du-public-decret-relatif-a-la-prevention-des-conflits-dinterets-pour-la-delivrance-du\",\"image\":\"\",\"timestamp\":1786972508,\"excerpt\":\"Consultation du public sur un projet de d\\u00e9cret relatif \\u00e0 la pr\\u00e9vention des conflits d\\u0027int\\u00e9r\\u00eats pour la d\\u00e9livrance du conseil strat\\u00e9gique et aux agr\\u00e9ments pour\\u2026\",\"source_name\":\"Minist\\u00e8re de l\\u2019Agriculture\",\"source_url\":\"https:\\\/\\\/agriculture.gouv.fr\\\/\"},{\"title\":\"Mat\\u00e9riels forestiers de reproduction - arr\\u00eat\\u00e9s r\\u00e9gionaux relatifs aux aides de l\\u2019\\u00c9tat \\u00e0 l\\u2019investissement forestier\",\"link\":\"https:\\\/\\\/agriculture.gouv.fr\\\/materiels-forestiers-de-reproduction-arretes-regionaux-relatifs-aux-aides-de-letat-a\",\"image\":\"https:\\\/\\\/agriculture.gouv.fr\\\/sites\\\/default\\\/files\\\/styles\\\/ds_vignette\\\/public\\\/13320_143.jpg\",\"timestamp\":1786949403,\"excerpt\":\"Arr\\u00eat\\u00e9s r\\u00e9gionaux relatifs aux aides de l\\u2019Etat \\u00e0 l\\u2019investissement forestier\",\"source_name\":\"Minist\\u00e8re de l\\u2019Agriculture\",\"source_url\":\"https:\\\/\\\/agriculture.gouv.fr\\\/\"},{\"title\":\"La documentation officielle de la PAC 2023-2027\",\"link\":\"https:\\\/\\\/agriculture.gouv.fr\\\/documentation-officielle-pac\",\"image\":\"https:\\\/\\\/agriculture.gouv.fr\\\/sites\\\/default\\\/files\\\/styles\\\/ds_vignette\\\/public\\\/13199_158_bd.jpg\",\"timestamp\":1786698399,\"excerpt\":\"La PAC 2023-2027 repose sur un nouveau mod\\u00e8le de mise en \\u0153uvre qui consiste en une planification strat\\u00e9gique d\\u00e9crite dans un Plan strat\\u00e9gique national (PSN)\\u2026\",\"source_name\":\"Minist\\u00e8re de l\\u2019Agriculture\",\"source_url\":\"https:\\\/\\\/agriculture.gouv.fr\\\/\"},{\"title\":\"Cas d\\u2019infections de vaches laiti\\u00e8res par un orthobunyavirus\",\"link\":\"https:\\\/\\\/agriculture.gouv.fr\\\/cas-dinfections-de-vaches-laitieres-par-un-orthobunyavirus\",\"image\":\"https:\\\/\\\/agriculture.gouv.fr\\\/sites\\\/default\\\/files\\\/styles\\\/ds_vignette\\\/public\\\/vignette%20vache%20stabulation%2019147_058.jpg\",\"timestamp\":1786608623,\"excerpt\":\"L\\u0027\\u00e9mergence d\\u0027un nouvel orthobunyavirus de type Shamonda (SHAV) a \\u00e9t\\u00e9 mise en \\u00e9vidence fin juillet dans des exploitations de vaches laiti\\u00e8res de plusieurs d\\u00e9partements fran\\u00e7ais.\\u2026\",\"source_name\":\"Minist\\u00e8re de l\\u2019Agriculture\",\"source_url\":\"https:\\\/\\\/agriculture.gouv.fr\\\/\"},{\"title\":\"Laboratoires officiels et reconnus en sant\\u00e9 animale\",\"link\":\"https:\\\/\\\/agriculture.gouv.fr\\\/laboratoires-officiels-et-reconnus-en-sante-animale\",\"image\":\"https:\\\/\\\/agriculture.gouv.fr\\\/sites\\\/default\\\/files\\\/styles\\\/ds_vignette\\\/public\\\/10107_086.jpg\",\"timestamp\":1786604348,\"excerpt\":\"Les services de contr\\u00f4le du minist\\u00e8re en charge de l\\u2019agriculture s\\u2019appuient sur un r\\u00e9seau de laboratoires officiels, constitu\\u00e9 principalement par les laboratoires nationaux de r\\u00e9f\\u00e9rence\\u2026\",\"source_name\":\"Minist\\u00e8re de l\\u2019Agriculture\",\"source_url\":\"https:\\\/\\\/agriculture.gouv.fr\\\/\"},{\"title\":\"Organisation \\u00e9conomique : les organisations de producteurs\",\"link\":\"https:\\\/\\\/agriculture.gouv.fr\\\/organisation-economique-les-organisations-de-producteurs\",\"image\":\"https:\\\/\\\/agriculture.gouv.fr\\\/sites\\\/default\\\/files\\\/styles\\\/ds_vignette\\\/public\\\/13179_025_bd.jpg\",\"timestamp\":1786544100,\"excerpt\":\"Une organisation de producteurs (OP) est constitu\\u00e9e \\u00e0 l\\u2019initiative d\\u2019un ensemble d\\u2019agriculteurs qui se regroupent dans l\\u2019objectif de mutualiser leurs moyens afin de r\\u00e9\\u00e9quilibrer les\\u2026\",\"source_name\":\"Minist\\u00e8re de l\\u2019Agriculture\",\"source_url\":\"https:\\\/\\\/agriculture.gouv.fr\\\/\"},{\"title\":\"\\u00ab Lait et Fruits \\u00e0 l\\u0027\\u00e9cole \\u00bb : un programme europ\\u00e9en pour \\u00e9duquer au bien manger\",\"link\":\"https:\\\/\\\/agriculture.gouv.fr\\\/lait-et-fruits-a-lecole-un-programme-europeen-pour-eduquer-au-bien-manger\",\"image\":\"https:\\\/\\\/agriculture.gouv.fr\\\/sites\\\/default\\\/files\\\/styles\\\/ds_vignette\\\/public\\\/10262_013_rz.jpg\",\"timestamp\":1786536587,\"excerpt\":\"L\\u0027objectif de ce programme est d\\u0027\\u00e9veiller le go\\u00fbt des enfants et des adolescents et de leur faire int\\u00e9grer la notion de \\u00ab bien manger \\u00bb\\u2026\",\"source_name\":\"Minist\\u00e8re de l\\u2019Agriculture\",\"source_url\":\"https:\\\/\\\/agriculture.gouv.fr\\\/\"},{\"title\":\"Dermatose nodulaire contagieuse des bovins (DNC) : point de situation\",\"link\":\"https:\\\/\\\/agriculture.gouv.fr\\\/dermatose-nodulaire-contagieuse-des-bovins-dnc-point-de-situation\",\"image\":\"https:\\\/\\\/agriculture.gouv.fr\\\/sites\\\/default\\\/files\\\/styles\\\/ds_vignette\\\/public\\\/14317_262_RZ_vache_abondance_Jura.jpg\",\"timestamp\":1786460400,\"excerpt\":\"Retrouvez dans notre article r\\u00e9guli\\u00e8rement mis \\u00e0 jour toute l\\u2019actualit\\u00e9 sur la dermatose nodulaire contagieuse des bovins (DNC) : le point sur la situation en\\u2026\",\"source_name\":\"Minist\\u00e8re de l\\u2019Agriculture\",\"source_url\":\"https:\\\/\\\/agriculture.gouv.fr\\\/\"},{\"title\":\"Femmes en agriculture : la ministre concr\\u00e9tise l\\u2019engagement de faciliter l\\u0027installation des cheffes d\\u2019exploitation\",\"link\":\"https:\\\/\\\/agriculture.gouv.fr\\\/femmes-en-agriculture-la-ministre-concretise-lengagement-de-faciliter-linstallation-des-cheffes\",\"image\":\"https:\\\/\\\/agriculture.gouv.fr\\\/sites\\\/default\\\/files\\\/styles\\\/ds_vignette\\\/public\\\/vignette%20femme%20agricultrice%20vaches%2024282_056.jpg\",\"timestamp\":1786374928,\"excerpt\":\"Avec la publication du d\\u00e9cret d\\u0027application de l\\u0027exon\\u00e9ration d\\u00e9gressive de cotisations sociales, Annie Genevard met en \\u0153uvre l\\u0027une des mesures phares de son plan d\\u0027action\\u2026\",\"source_name\":\"Minist\\u00e8re de l\\u2019Agriculture\",\"source_url\":\"https:\\\/\\\/agriculture.gouv.fr\\\/\"},{\"title\":\"Les nouveaux aliments : d\\u00e9finition et proc\\u00e9dure d\\u2019autorisation\",\"link\":\"https:\\\/\\\/agriculture.gouv.fr\\\/les-nouveaux-aliments-definition-et-procedure-dautorisation\",\"image\":\"https:\\\/\\\/agriculture.gouv.fr\\\/sites\\\/default\\\/files\\\/styles\\\/ds_vignette\\\/public\\\/18152_072_rz.jpg\",\"timestamp\":1786354110,\"excerpt\":\"Les nouveaux aliments (\\u00e9galement d\\u00e9sign\\u00e9s par les termes anglais \\u00ab novel food \\u00bb) sont d\\u00e9finis par le R\\u00e8glement (UE) 2015\\\/2283 comme toute denr\\u00e9e alimentaire qui\\u2026\",\"source_name\":\"Minist\\u00e8re de l\\u2019Agriculture\",\"source_url\":\"https:\\\/\\\/agriculture.gouv.fr\\\/\"}]<\/script>\n\t\t\t\t\t\t\n\t\t\t\t\t\t<div class=\"vnh-more-row\">\n\t\t\t\t\t\t\t<button\n\t\t\t\t\t\t\t\ttype=\"button\"\n\t\t\t\t\t\t\t\tclass=\"vnh-more\"\n\t\t\t\t\t\t\t\tdata-vnh-more\n\t\t\t\t\t\t\t\taria-controls=\"vnh-news-1-panel-franca-feed\"\n\t\t\t\t\t\t\t\thidden\n\t\t\t\t\t\t\t>\n\t\t\t\t\t\t\t\t<span>Ver mais not\u00edcias<\/span>\n\t\t\t\t\t\t\t\t<span class=\"vnh-more-arrow\" aria-hidden=\"true\">\u2193<\/span>\n\t\t\t\t\t\t\t<\/button>\n\t\t\t\t\t\t\t<p class=\"vnh-more-status\" data-vnh-status aria-live=\"polite\"><\/p>\n\t\t\t\t\t\t<\/div>\n\t\t\t\t\t<\/div>\n\t\t\t\t\t\t\t\t\t\t\t\t\t\t\t\t\t\t\t<div\n\t\t\t\t\t\tclass=\"vnh-panel\"\n\t\t\t\t\t\tid=\"vnh-news-1-panel-italia\"\n\t\t\t\t\t\trole=\"tabpanel\"\n\t\t\t\t\t\taria-labelledby=\"vnh-news-1-tab-italia\"\n\t\t\t\t\t\tdata-vnh-panel\n\t\t\t\t\t\tdata-vnh-region=\"italia\"\n\t\t\t\t\t\tdata-vnh-total=\"99\"\n\t\t\t\t\t\tdata-vnh-placeholder=\"https:\/\/clone.vinomatos.com\/wp-content\/plugins\/vinomatos-news-hub\/assets\/images\/news-placeholder.svg\"\n\t\t\t\t\t\tdata-vnh-excerpt-words=\"25\"\n\t\t\t\t\t\t hidden\t\t\t\t\t>\n\t\t\t\t\t\t<div class=\"vnh-feed-shell\" id=\"vnh-news-1-panel-italia-feed\" data-vnh-feed>\n\t\t\t\t\t\t\t\n<div class=\"vnh-feed-container\" data-vnh-category=\"It\u00e1lia\" data-vnh-region=\"italia\">\n\t\t\t<div class=\"vnh-grid\">\n\t\t\t\t\t<\/div>\n\t<\/div>\n\t\t\t\t\t\t<\/div>\n\t\t\t\t\t\t\t\t\t\t\t\t\t<script type=\"application\/json\" class=\"vnh-more-data\">[{\"title\":\"Pere italiane, si apre il mercato dell\\u2019Ecuador\",\"link\":\"https:\\\/\\\/rivistafrutticoltura.edagricole.it\\\/colture\\\/pero\\\/pere-italiane-si-apre-il-mercato-dellecuador\\\/\",\"image\":\"https:\\\/\\\/static.tecnichenuove.it\\\/rivistafrutticoltura\\\/2026\\\/08\\\/pere-export-ecuador-768x576.jpeg\",\"timestamp\":1787925318,\"excerpt\":\"Dopo quattro anni di negoziati entra in vigore il Piano operativo per l\\u2019export: nuovo sbocco commerciale per diversificare i mercati oltre l\\u2019Europa L\\u0027articolo Pere italiane,\\u2026\",\"source_name\":\"Rivista di Frutticoltura\",\"source_url\":\"https:\\\/\\\/rivistafrutticoltura.edagricole.it\\\/\"},{\"title\":\"Pakistan e Italia insieme per la filiera dell\\u2019olivo del futuro\",\"link\":\"https:\\\/\\\/olivoeolio.edagricole.it\\\/paesaggi-e-territori\\\/olivo-cooperazione-agricola-italia-pakistan\\\/\",\"image\":\"https:\\\/\\\/static.tecnichenuove.it\\\/olivoeolio\\\/2026\\\/08\\\/olivicoltura-in-PAKISTAN-768x432.jpg\",\"timestamp\":1787904923,\"excerpt\":\"Il Pakistan lancia la strategia nazionale per l\\u2019olivicoltura con il supporto dell\\u2019Italia. Un progetto di cooperazione internazionale fondato su trasferimento tecnologico, sostenibilit\\u00e0 e valorizzazione della\\u2026\",\"source_name\":\"Olivo e Olio\",\"source_url\":\"https:\\\/\\\/olivoeolio.edagricole.it\\\/\"},{\"title\":\"Il mondo del vino piange la scomparsa di Vittorio Frescobaldi\",\"link\":\"https:\\\/\\\/vigneviniequalita.edagricole.it\\\/protagonisti\\\/il-mondo-del-vino-piange-la-scomparsa-di-vittorio-frescobaldi\\\/\",\"image\":\"https:\\\/\\\/static.tecnichenuove.it\\\/vigneviniequalita\\\/2026\\\/08\\\/VittorioFrescobaldi.jpg\",\"timestamp\":1787810637,\"excerpt\":\"Cordoglio e attestazioni di stima per colui che ha contribuito in maniera significativa all\\u2019affermazione e alla crescita dell\\u2019enologia toscana, accompagnandone l\\u2019evoluzione e rafforzandone il prestigio\\u2026\",\"source_name\":\"Vigne, Vini \\u0026 Qualit\\u00e0\",\"source_url\":\"https:\\\/\\\/vigneviniequalita.edagricole.it\\\/\"},{\"title\":\"Autorizzazioni viticole, cambia il fattore tempo: le nuove regole dopo il pacchetto vino\",\"link\":\"https:\\\/\\\/vigneviniequalita.edagricole.it\\\/articoli-abbonati\\\/autorizzazioni-viticole-cambia-il-fattore-tempo-le-nuove-regole-dopo-il-pacchetto-vino\\\/\",\"image\":\"https:\\\/\\\/static.tecnichenuove.it\\\/vigneviniequalita\\\/2026\\\/08\\\/Giovane-vigneto.jpg\",\"timestamp\":1787738437,\"excerpt\":\"Il decreto ministeriale 23 luglio 2026 ha adeguato la disciplina al Reg. (UE) 2026\\\/471: nuove scadenze, reimpianti fino all\\u2019ottava campagna e maggiore flessibilit\\u00e0 in caso\\u2026\",\"source_name\":\"Vigne, Vini \\u0026 Qualit\\u00e0\",\"source_url\":\"https:\\\/\\\/vigneviniequalita.edagricole.it\\\/\"},{\"title\":\"Ozono per il controllo microbiologico? Un\\u2019opzione interessante\",\"link\":\"https:\\\/\\\/vigneviniequalita.edagricole.it\\\/ricerca\\\/ozono-per-il-controllo-microbiologico-unopzione-interessante\\\/\",\"image\":\"https:\\\/\\\/static.tecnichenuove.it\\\/vigneviniequalita\\\/2026\\\/08\\\/Ozono.jpg\",\"timestamp\":1787735060,\"excerpt\":\"Controllare il microbiota dell\\u2019uva riducendo il ricorso alla SO\\u2082: le potenzialit\\u00e0 dell\\u2019ozono L\\u0027articolo Ozono per il controllo microbiologico? Un\\u2019opzione interessante proviene da VVQ - Vigne,\\u2026\",\"source_name\":\"Vigne, Vini \\u0026 Qualit\\u00e0\",\"source_url\":\"https:\\\/\\\/vigneviniequalita.edagricole.it\\\/\"},{\"title\":\"Cantine Settesoli \\u00e8 la prima realt\\u00e0 siciliana a ottenere la licenza per la dealcolizzazione\",\"link\":\"https:\\\/\\\/vigneviniequalita.edagricole.it\\\/protagonisti\\\/cantine-settesoli-e-la-prima-realta-siciliana-a-ottenere-la-licenza-per-la-dealcolizzazione\\\/\",\"image\":\"https:\\\/\\\/static.tecnichenuove.it\\\/vigneviniequalita\\\/2026\\\/08\\\/Vino-zero-alcol.jpg\",\"timestamp\":1787732539,\"excerpt\":\"La cooperativa di Menfi \\u00e8 gi\\u00e0 in possesso dell\\u2019impianto per ottenere bevande dealcolate. Presidente Bursi: \\u201cEssere i primi dimostra la nostra capacit\\u00e0 di saper progettare\\u2026\",\"source_name\":\"Vigne, Vini \\u0026 Qualit\\u00e0\",\"source_url\":\"https:\\\/\\\/vigneviniequalita.edagricole.it\\\/\"},{\"title\":\"Olive da tavola e olio evo sotto la lente dei consumatori in Puglia\",\"link\":\"https:\\\/\\\/olivoeolio.edagricole.it\\\/eventi-e-fiere\\\/olive-da-tavola-e-olio-evo-eventi-in-puglia-agosto-2026\\\/\",\"image\":\"https:\\\/\\\/static.tecnichenuove.it\\\/olivoeolio\\\/2026\\\/08\\\/780PP6R8194%40PPMETELLI-Personalizzato.jpg\",\"timestamp\":1787730409,\"excerpt\":\"Le olive del concorso \\u201cErcole Olivario\\u201d saranno protagoniste della \\u201cSettimana dell\\u2019olio\\u201d a Vieste (Fg). Gli oli del concorso \\u201cMastro d\\u2019Oro\\u201d parteciperanno alla Festa della Bombetta\\u2026\",\"source_name\":\"Olivo e Olio\",\"source_url\":\"https:\\\/\\\/olivoeolio.edagricole.it\\\/\"},{\"title\":\"Bobcat resiste alle temperature record\",\"link\":\"https:\\\/\\\/macchineagricolenews.edagricole.it\\\/innovazione\\\/bobcat-resiste-alle-temperature-record\\\/\",\"image\":\"https:\\\/\\\/static.tecnichenuove.it\\\/macchineagricolenews\\\/2026\\\/08\\\/Bobcat_Dubai_2-150x100.jpg\",\"timestamp\":1787665442,\"excerpt\":\"Le temperature elevate non rappresentano pi\\u00f9 un fenomeno eccezionale, ma una realt\\u00e0 con cui imprese, cantieri e operatori devono confrontarsi sempre pi\\u00f9 frequentemente. Secondo gli\\u2026\",\"source_name\":\"Macchine Agricole News\",\"source_url\":\"https:\\\/\\\/macchineagricolenews.edagricole.it\\\/\"},{\"title\":\"Vini Alto Adige: cresce il percorso verso una viticoltura sostenibile\",\"link\":\"https:\\\/\\\/vigneviniequalita.edagricole.it\\\/territori-prodotti\\\/vini-alto-adige-cresce-il-percorso-verso-una-viticoltura-sostenibile\\\/\",\"image\":\"https:\\\/\\\/static.tecnichenuove.it\\\/vigneviniequalita\\\/2026\\\/08\\\/%C2%A9IDM-Alto-Adige_Manuel-Ferrigato_0652.jpg\",\"timestamp\":1787588282,\"excerpt\":\"A oggi oltre due terzi della superficie vitata altoatesina sono ufficialmente certificati SQNPI L\\u0027articolo Vini Alto Adige: cresce il percorso verso una viticoltura sostenibile proviene\\u2026\",\"source_name\":\"Vigne, Vini \\u0026 Qualit\\u00e0\",\"source_url\":\"https:\\\/\\\/vigneviniequalita.edagricole.it\\\/\"},{\"title\":\"Assicurare la qualit\\u00e0 delle uve, non solo la quantit\\u00e0\",\"link\":\"https:\\\/\\\/vigneviniequalita.edagricole.it\\\/notizie-dalle-aziende\\\/assicurare-la-qualita-delle-uve-non-solo-la-quantita\\\/\",\"image\":\"https:\\\/\\\/static.tecnichenuove.it\\\/vigneviniequalita\\\/2026\\\/08\\\/Prosecco-DOCG-Adami.jpg\",\"timestamp\":1787563889,\"excerpt\":\"Un lungo e meticoloso lavoro di consolidamento del brand in tutto il mondo, basato sulla reputazione e sulla qualit\\u00e0 del prodotto, che ha le sue\\u2026\",\"source_name\":\"Vigne, Vini \\u0026 Qualit\\u00e0\",\"source_url\":\"https:\\\/\\\/vigneviniequalita.edagricole.it\\\/\"},{\"title\":\"Il Frascati riparte da una nuova sede\",\"link\":\"https:\\\/\\\/vigneviniequalita.edagricole.it\\\/territori-prodotti\\\/il-frascati-riparte-da-una-nuova-sede\\\/\",\"image\":\"https:\\\/\\\/static.tecnichenuove.it\\\/vigneviniequalita\\\/2026\\\/08\\\/maxresdefault.jpg\",\"timestamp\":1787490851,\"excerpt\":\"Nuovo direttivo e nuova location per il Consorzio Tutela Vini Frascati, a sostegno del desiderio di rilancio di questa zona. Intanto le piccole cantine crescono,\\u2026\",\"source_name\":\"Vigne, Vini \\u0026 Qualit\\u00e0\",\"source_url\":\"https:\\\/\\\/vigneviniequalita.edagricole.it\\\/\"},{\"title\":\"\\u201cRadici nel paesaggio\\u201d, il concorso fotografico sul paesaggio viticolo\",\"link\":\"https:\\\/\\\/vigneviniequalita.edagricole.it\\\/protagonisti\\\/radici-nel-paesaggio-il-concorso-fotografico-sul-paesaggio-viticolo\\\/\",\"image\":\"https:\\\/\\\/static.tecnichenuove.it\\\/vigneviniequalita\\\/2026\\\/08\\\/paesaggio-viticolo.jpg\",\"timestamp\":1787474199,\"excerpt\":\"Rivolto a fotografi professionisti e amatori. Iscrizione e invio degli scatti entro il 15 ottobre 2026. Gli scatti verranno esposti in occasione del convegno \\u0022Valori\\u2026\",\"source_name\":\"Vigne, Vini \\u0026 Qualit\\u00e0\",\"source_url\":\"https:\\\/\\\/vigneviniequalita.edagricole.it\\\/\"},{\"title\":\"FIVI per la prima volta al Meeting di Rimini\",\"link\":\"https:\\\/\\\/vigneviniequalita.edagricole.it\\\/protagonisti\\\/fivi-per-la-prima-volta-al-meeting-di-rimini\\\/\",\"image\":\"https:\\\/\\\/static.tecnichenuove.it\\\/vigneviniequalita\\\/2026\\\/08\\\/Rita-Babini-FIVI.jpg\",\"timestamp\":1787302029,\"excerpt\":\"Babini: \\u00abIl Meeting di Rimini \\u00e8 un appuntamento da sempre molto attento al mondo dell\\u2019agricoltura e dello sviluppo rurale, che riesce a far dialogare i\\u2026\",\"source_name\":\"Vigne, Vini \\u0026 Qualit\\u00e0\",\"source_url\":\"https:\\\/\\\/vigneviniequalita.edagricole.it\\\/\"},{\"title\":\"Crescere insieme all\\u2019agricoltura del Centro Italia\",\"link\":\"https:\\\/\\\/macchineagricolenews.edagricole.it\\\/notizie-dallindustria\\\/crescere-insieme-allagricoltura-del-centro-italia\\\/\",\"image\":\"https:\\\/\\\/static.tecnichenuove.it\\\/macchineagricolenews\\\/2026\\\/06\\\/1-150x100.jpg\",\"timestamp\":1787267085,\"excerpt\":\"Una rete di sedi, tecnici specializzati e una partnership consolidata con John Deere: cos\\u00ec PM\\u0026B accompagna l\\u2019evoluzione del settore. L\\u0027articolo Crescere insieme all\\u2019agricoltura del Centro\\u2026\",\"source_name\":\"Macchine Agricole News\",\"source_url\":\"https:\\\/\\\/macchineagricolenews.edagricole.it\\\/\"},{\"title\":\"Giacomo Bartolommei unico italiano tra le Rising Stars 2026 di Wine Enthusiast\",\"link\":\"https:\\\/\\\/vigneviniequalita.edagricole.it\\\/protagonisti\\\/giacomo-bartolommei-unico-italiano-tra-le-rising-stars-2026-di-wine-enthusiast\\\/\",\"image\":\"https:\\\/\\\/static.tecnichenuove.it\\\/vigneviniequalita\\\/2026\\\/08\\\/Bartolommei_ph.-Credit-Andrea-Pugiotto_low.jpg\",\"timestamp\":1787215524,\"excerpt\":\"Presidente del Consorzio Brunello, Bartolommei afferma: \\u0022Trovare il coraggio di pensare in termini di decenni, non di trimestri\\u0022 L\\u0027articolo Giacomo Bartolommei unico italiano tra le\\u2026\",\"source_name\":\"Vigne, Vini \\u0026 Qualit\\u00e0\",\"source_url\":\"https:\\\/\\\/vigneviniequalita.edagricole.it\\\/\"},{\"title\":\"Il Test DLG PowerMix per il Fendt 832 Vario\",\"link\":\"https:\\\/\\\/macchineagricolenews.edagricole.it\\\/notizie-dallindustria\\\/il-test-dlg-powermix-per-il-fendt-832-vario\\\/\",\"image\":\"https:\\\/\\\/static.tecnichenuove.it\\\/macchineagricolenews\\\/2026\\\/07\\\/copertina-150x100.jpg\",\"timestamp\":1787063752,\"excerpt\":\"il Fendt 832 Vario ottiene un risultato record di soli 235 g\\\/kWh nel test indipendente DLG PowerMix. L\\u0027articolo Il Test DLG PowerMix per il Fendt\\u2026\",\"source_name\":\"Macchine Agricole News\",\"source_url\":\"https:\\\/\\\/macchineagricolenews.edagricole.it\\\/\"},{\"title\":\"Mele, la produzione europea scender\\u00e0 sotto i 10 milioni di tonnellate\",\"link\":\"https:\\\/\\\/rivistafrutticoltura.edagricole.it\\\/colture\\\/melo\\\/mele-la-produzione-europea-scendera-sotto-le-10-tonnellate\\\/\",\"image\":\"https:\\\/\\\/static.tecnichenuove.it\\\/rivistafrutticoltura\\\/2022\\\/09\\\/mele_gala-768x512.jpeg\",\"timestamp\":1786035670,\"excerpt\":\"Secondo le previsioni di Prognosfruit 2026, pesano nel bilancio gli eventi climatici estremi. Ma le prospettive di mercato sono buone L\\u0027articolo Mele, la produzione europea\\u2026\",\"source_name\":\"Rivista di Frutticoltura\",\"source_url\":\"https:\\\/\\\/rivistafrutticoltura.edagricole.it\\\/\"},{\"title\":\"John Deere aggiorna la serie 6M\",\"link\":\"https:\\\/\\\/macchineagricolenews.edagricole.it\\\/novita-dalle-aziende\\\/john-deere-aggiorna-la-serie-6m\\\/\",\"image\":\"https:\\\/\\\/static.tecnichenuove.it\\\/macchineagricolenews\\\/2026\\\/06\\\/Sport_PackagePlus-150x100.jpg\",\"timestamp\":1785923252,\"excerpt\":\"Nuovo layout della cabina, concept operativo unificato e nuova trasmissione intelligente e19 su tutta la gamma 6M L\\u0027articolo John Deere aggiorna la serie 6M \\u00e8\\u2026\",\"source_name\":\"Macchine Agricole News\",\"source_url\":\"https:\\\/\\\/macchineagricolenews.edagricole.it\\\/\"},{\"title\":\"Olio d\\u2019oliva, Unapol invoca lo stato di crisi\",\"link\":\"https:\\\/\\\/olivoeolio.edagricole.it\\\/featured\\\/olio-doliva-unapol-invoca-lo-stato-di-crisi\\\/\",\"image\":\"https:\\\/\\\/static.tecnichenuove.it\\\/olivoeolio\\\/2025\\\/10\\\/olio-appena-spremuto.jpg\",\"timestamp\":1785862252,\"excerpt\":\"Le giacenze della scorsa campagna, il crollo dei prezzi e l\\u0027aumento dei costi mettono in difficolt\\u00e0 frantoi e cooperative L\\u0027articolo Olio d\\u2019oliva, Unapol invoca lo\\u2026\",\"source_name\":\"Olivo e Olio\",\"source_url\":\"https:\\\/\\\/olivoeolio.edagricole.it\\\/\"},{\"title\":\"Nuovo assetto societario per Pieralisi Maip: entra Ver Capital\",\"link\":\"https:\\\/\\\/olivoeolio.edagricole.it\\\/attualita\\\/nuovo-assetto-societario-per-pieralisi-maip-entra-ver-capital\\\/\",\"image\":\"https:\\\/\\\/static.tecnichenuove.it\\\/olivoeolio\\\/2019\\\/09\\\/Pieralisi-decanter-Leopard-768x435.jpg\",\"timestamp\":1785855805,\"excerpt\":\"Conclusa l\\u0027operazione con il Fondo IDeA Ccr II di Green Arrow Capital dopo un percorso di rilancio, investimenti produttivi e crescita internazionale L\\u0027articolo Nuovo assetto\\u2026\",\"source_name\":\"Olivo e Olio\",\"source_url\":\"https:\\\/\\\/olivoeolio.edagricole.it\\\/\"},{\"title\":\"Olio, l\\u2019allarme dei frantoiani: senza correttivi \\u00e8 a rischio il ritiro delle olive\",\"link\":\"https:\\\/\\\/olivoeolio.edagricole.it\\\/attualita\\\/frantoi-crisi-liquidita-ritiro-olive-campagna-olearia\\\/\",\"image\":\"https:\\\/\\\/static.tecnichenuove.it\\\/olivoeolio\\\/2026\\\/07\\\/cassetta-olive-ferme-in-frantoio.jpg\",\"timestamp\":1785417634,\"excerpt\":\"La campagna olearia potrebbe aprirsi con un paradosso senza precedenti: olive sugli alberi e frantoi impossibilitati a ritirarle. Depositi saturi, liquidit\\u00e0 bloccata e prezzi crollati\\u2026\",\"source_name\":\"Olivo e Olio\",\"source_url\":\"https:\\\/\\\/olivoeolio.edagricole.it\\\/\"},{\"title\":\"Mango, intelligenza artificiale per monitorare la fenologia\",\"link\":\"https:\\\/\\\/rivistafrutticoltura.edagricole.it\\\/colture\\\/frutta-mediterranea\\\/mango-intelligenza-artificiale-monitorare-fenologia\\\/\",\"image\":\"https:\\\/\\\/static.tecnichenuove.it\\\/rivistafrutticoltura\\\/2026\\\/07\\\/Farina_mango_FR_06_2023_foto_5c-768x576.jpg\",\"timestamp\":1785400313,\"excerpt\":\"Un approccio preliminare per valutare l\\u2019adattabilit\\u00e0 del mango in ambiente mediterraneo. L\\u2019obiettivo \\u00e8 lo sviluppo e l\\u2019addestramento di un modello per il riconoscimento, mediante immagini\\u2026\",\"source_name\":\"Rivista di Frutticoltura\",\"source_url\":\"https:\\\/\\\/rivistafrutticoltura.edagricole.it\\\/\"},{\"title\":\"Tunisia, l\\u2019olio d\\u2019oliva cambia passo tra export record e geopolitica\",\"link\":\"https:\\\/\\\/olivoeolio.edagricole.it\\\/economia\\\/tunisia-olio-di-oliva-export-record-dazi-usa-geopolitica\\\/\",\"image\":\"https:\\\/\\\/static.tecnichenuove.it\\\/olivoeolio\\\/2026\\\/07\\\/Tunisia-export-olio-di-oliva-e-geopolitica-768x358.jpg\",\"timestamp\":1785254872,\"excerpt\":\"L\\u2019export di olio tunisino registra volumi record superando 1,3 miliardi di euro. L\\u2019esenzione dai dazi USA consolida il posizionamento del Paese, evidenziando come la geopolitica\\u2026\",\"source_name\":\"Olivo e Olio\",\"source_url\":\"https:\\\/\\\/olivoeolio.edagricole.it\\\/\"},{\"title\":\"I Landini nella testa fin da bambino\",\"link\":\"https:\\\/\\\/macchineagricolenews.edagricole.it\\\/trattori-depoca\\\/i-landini-nella-testa-fin-da-bambino\\\/\",\"image\":\"https:\\\/\\\/static.tecnichenuove.it\\\/macchineagricolenews\\\/2026\\\/07\\\/Benassi_foto01_Apertura_Armando-Benassi-150x100.jpg\",\"timestamp\":1785244504,\"excerpt\":\"Armando Benassi a Pegognaga (Mn) da sempre \\u00e8 stato affascinato dai trattori di Fabbrico (Re). E anche oggi conserva con la stessa cura di sempre\\u2026\",\"source_name\":\"Macchine Agricole News\",\"source_url\":\"https:\\\/\\\/macchineagricolenews.edagricole.it\\\/\"},{\"title\":\"Le manifestazioni sui trattori e sulle macchine agricole d\\u2019epoca in Agosto\",\"link\":\"https:\\\/\\\/macchineagricolenews.edagricole.it\\\/trattori-depoca\\\/le-manifestazioni-sui-trattori-e-sulle-macchine-agricole-depoca-in-agosto\\\/\",\"image\":\"https:\\\/\\\/static.tecnichenuove.it\\\/macchineagricolenews\\\/2026\\\/02\\\/Calendario_Gamae_2026_copertina-150x100.jpg\",\"timestamp\":1785222465,\"excerpt\":\"Fiere, sagre, mostre e rievocazioni dedicate alle macchine agricole e ai trattori d\\u0027epoca programmate nel mese di Agosto L\\u0027articolo Le manifestazioni sui trattori e sulle\\u2026\",\"source_name\":\"Macchine Agricole News\",\"source_url\":\"https:\\\/\\\/macchineagricolenews.edagricole.it\\\/\"},{\"title\":\"Interfit Point Agri continua a crescere sul territorio Italiano\",\"link\":\"https:\\\/\\\/macchineagricolenews.edagricole.it\\\/notizie-dallindustria\\\/interfit-point-agri-continua-a-crescere-sul-territorio-italiano\\\/\",\"image\":\"https:\\\/\\\/static.tecnichenuove.it\\\/macchineagricolenews\\\/2026\\\/07\\\/unnamed-150x100.jpg\",\"timestamp\":1785144747,\"excerpt\":\"Un confronto con gli operatori del settore e crescita della rete Interfit Point Agri L\\u0027articolo Interfit Point Agri continua a crescere sul territorio Italiano \\u00e8\\u2026\",\"source_name\":\"Macchine Agricole News\",\"source_url\":\"https:\\\/\\\/macchineagricolenews.edagricole.it\\\/\"},{\"title\":\"Vitamine E e C, alleate nel piatto con l\\u2019evo\",\"link\":\"https:\\\/\\\/olivoeolio.edagricole.it\\\/salute-e-benefici-dellolio\\\/infiammazione-cronica-sinergia-vitamina-e-c-citronette-olio-evo-limone-sinergia\\\/\",\"image\":\"https:\\\/\\\/static.tecnichenuove.it\\\/olivoeolio\\\/2026\\\/07\\\/Clodoveo_vitamine_TPyq06Jfo-unsplash-768x431.jpg\",\"timestamp\":1784894558,\"excerpt\":\"La biochimica svela il segreto della citronette dove l\\u2019azione sinergica delle due vitamine protegge le membrane cellulari dal danno ossidativo L\\u0027articolo Vitamine E e C,\\u2026\",\"source_name\":\"Olivo e Olio\",\"source_url\":\"https:\\\/\\\/olivoeolio.edagricole.it\\\/\"},{\"title\":\"Microfighter, meno rame contro la rogna\",\"link\":\"https:\\\/\\\/olivoeolio.edagricole.it\\\/agrofarmaci-difesa\\\/microfighter-meno-rame-contro-rogna-olivo\\\/\",\"image\":\"https:\\\/\\\/static.tecnichenuove.it\\\/olivoeolio\\\/2026\\\/07\\\/CNR_distribuzione-di-Microfighter_foto-di-Annalisa-Rotondi-768x496.jpg\",\"timestamp\":1784811218,\"excerpt\":\"Un biopesticida a base di zeolite e batteri utili riduce la rogna dell\\u2019olivo con risultati comparabili al rame e minore impatto sul suolo L\\u0027articolo Microfighter,\\u2026\",\"source_name\":\"Olivo e Olio\",\"source_url\":\"https:\\\/\\\/olivoeolio.edagricole.it\\\/\"},{\"title\":\"Tracciabilit\\u00e0, leva strategica per valorizzare l\\u2019extra vergine italiano\",\"link\":\"https:\\\/\\\/olivoeolio.edagricole.it\\\/attualita\\\/tracciabilita-digitale-olio-extravergine-mercato-europeo\\\/\",\"image\":\"https:\\\/\\\/static.tecnichenuove.it\\\/olivoeolio\\\/2026\\\/07\\\/Apertura.jpeg\",\"timestamp\":1784803851,\"excerpt\":\"Il progetto europeo OliveOilMedNet punta a sviluppare strumenti innovativi per migliorare la tracciabilit\\u00e0, l\\u0027autenticit\\u00e0 e la sostenibilit\\u00e0 degli oli extra vergine d\\u2019oliva e garantire la\\u2026\",\"source_name\":\"Olivo e Olio\",\"source_url\":\"https:\\\/\\\/olivoeolio.edagricole.it\\\/\"},{\"title\":\"Mercato dell\\u2019evo, equilibrio ancora fragile\",\"link\":\"https:\\\/\\\/olivoeolio.edagricole.it\\\/prezzi-olio\\\/mercato-olio-evo-extravergine-prezzi-italia\\\/\",\"image\":\"https:\\\/\\\/static.tecnichenuove.it\\\/olivoeolio\\\/2026\\\/07\\\/mercato-olio-evo-e-lampante_Adobe_1569316177-768x431.jpg\",\"timestamp\":1784803225,\"excerpt\":\"La campagna 2025\\\/26 segna la ripresa olivicola. La produzione italiana sale del 31%, ma l\\u2019aumento delle disponibilit\\u00e0 frena i prezzi dell\\u2019evo L\\u0027articolo Mercato dell\\u2019evo, equilibrio\\u2026\",\"source_name\":\"Olivo e Olio\",\"source_url\":\"https:\\\/\\\/olivoeolio.edagricole.it\\\/\"},{\"title\":\"Kubota riunisce oltre 400 professionisti delle vendite\",\"link\":\"https:\\\/\\\/macchineagricolenews.edagricole.it\\\/notizie-dallindustria\\\/kubota-riunisce-oltre-400-professionisti-delle-vendite\\\/\",\"image\":\"https:\\\/\\\/static.tecnichenuove.it\\\/macchineagricolenews\\\/2026\\\/07\\\/Kubota_SalesPRO1-150x100.jpg\",\"timestamp\":1784802301,\"excerpt\":\"SalesPRO 2026: un programma di formazione pratica progettato per rafforzare la conoscenza dei prodotti, l\\u0027esperienza sul campo e la fiducia nelle attivit\\u00e0 di vendita in\\u2026\",\"source_name\":\"Macchine Agricole News\",\"source_url\":\"https:\\\/\\\/macchineagricolenews.edagricole.it\\\/\"},{\"title\":\"Drupacee, l\\u2019efficienza dell\\u2019impianto si basa sulla scelta oculata del portinnesto\",\"link\":\"https:\\\/\\\/rivistafrutticoltura.edagricole.it\\\/colture\\\/drupacee-efficienza-impianto-portinnesto\\\/\",\"image\":\"https:\\\/\\\/static.tecnichenuove.it\\\/rivistafrutticoltura\\\/2026\\\/06\\\/Laghezza_portinnesti_FR_4_2026_1-768x576.jpg\",\"timestamp\":1784796633,\"excerpt\":\"I mutati andamenti climatici e i ristoppi degli impianti necessitano di risposte chiare che possono arrivare solo da una seria sperimentazione di campo L\\u0027articolo Drupacee,\\u2026\",\"source_name\":\"Rivista di Frutticoltura\",\"source_url\":\"https:\\\/\\\/rivistafrutticoltura.edagricole.it\\\/\"},{\"title\":\"Mal dello stacco del nocciolo: si cercano nuove soluzioni di difesa\",\"link\":\"https:\\\/\\\/rivistafrutticoltura.edagricole.it\\\/difesa\\\/mal-dello-stacco-del-nocciolo-si-cercano-nuove-soluzioni-di-difesa\\\/\",\"image\":\"https:\\\/\\\/static.tecnichenuove.it\\\/rivistafrutticoltura\\\/2026\\\/07\\\/Gallesio_stacco_nocciolo_FR_5_2026_apertura-scaled-e1784794301221-768x703.jpg\",\"timestamp\":1784794899,\"excerpt\":\"Microrganismi, modelli predittivi e primer genetici per diagnosi precoci sono le principali linee di ricerca. L\\u2019approccio dei ricercatori dell\\u2019Universit\\u00e0 di Torino combina una pluralit\\u00e0 di\\u2026\",\"source_name\":\"Rivista di Frutticoltura\",\"source_url\":\"https:\\\/\\\/rivistafrutticoltura.edagricole.it\\\/\"},{\"title\":\"Monitoraggio dei costi di produzione: un\\u2019operazione indispensabile\",\"link\":\"https:\\\/\\\/rivistafrutticoltura.edagricole.it\\\/economia-politica\\\/monitoraggio-costi-produzione-indispensabile\\\/\",\"image\":\"https:\\\/\\\/static.tecnichenuove.it\\\/rivistafrutticoltura\\\/2026\\\/07\\\/susino-768x346.jpg\",\"timestamp\":1784730604,\"excerpt\":\"Presentazione dei costi di produzione delle principali specie frutticole in Emilia-Romagna. I primi risultati del progetto Remunera e l\\u0027evoluzione della webapp regionale per simulare all\\u0027istante\\u2026\",\"source_name\":\"Rivista di Frutticoltura\",\"source_url\":\"https:\\\/\\\/rivistafrutticoltura.edagricole.it\\\/\"},{\"title\":\"Mosca dell\\u2019olivo, la ricerca punta su estratti botanici e nanotecnologie\",\"link\":\"https:\\\/\\\/olivoeolio.edagricole.it\\\/agrofarmaci-difesa\\\/mosca-olivo-difesa-con-oli-essenziali-estratti-botanici-e-nanotecnologie\\\/\",\"image\":\"https:\\\/\\\/static.tecnichenuove.it\\\/olivoeolio\\\/2026\\\/07\\\/mosca-olivo-768x512.jpg\",\"timestamp\":1784714399,\"excerpt\":\"La revoca di alcuni insetticidi e le nuove esigenze di sostenibilit\\u00e0 spingono la ricerca verso nuove armi green contro Bactrocera oleae L\\u0027articolo Mosca dell\\u2019olivo, la\\u2026\",\"source_name\":\"Olivo e Olio\",\"source_url\":\"https:\\\/\\\/olivoeolio.edagricole.it\\\/\"},{\"title\":\"Manodopera in olivicoltura: regole e contratti\",\"link\":\"https:\\\/\\\/olivoeolio.edagricole.it\\\/normativa-2\\\/contratti-manodopera-olivicoltura-guida-regole\\\/\",\"image\":\"https:\\\/\\\/static.tecnichenuove.it\\\/olivoeolio\\\/2026\\\/07\\\/DImperio_manodopera_foto1_4_2026_AdobeStock_99322120-768x512.jpeg\",\"timestamp\":1784644095,\"excerpt\":\"Dall\\u2019aiuto dei familiari allo scambio di prestazioni tra agricoltori, fino alle opportunit\\u00e0 offerte dal contratto Lo.Agri: requisiti, limiti e adempimenti per gestire il lavoro in\\u2026\",\"source_name\":\"Olivo e Olio\",\"source_url\":\"https:\\\/\\\/olivoeolio.edagricole.it\\\/\"},{\"title\":\"Richard Haines \\u00e8 il nuovo CEO di McCormick North America\",\"link\":\"https:\\\/\\\/macchineagricolenews.edagricole.it\\\/notizie-dallindustria\\\/richard-haines-e-il-nuovo-ceo-di-mccormick-north-america\\\/\",\"image\":\"https:\\\/\\\/static.tecnichenuove.it\\\/macchineagricolenews\\\/2026\\\/07\\\/RichardHaines_001-150x100.jpg\",\"timestamp\":1784642803,\"excerpt\":\"Il Gruppo Argo Tractors affida a Richard Haines la guida di McCormick North America, per rafforzare la rete dei concessionari e sostenere la crescita del\\u2026\",\"source_name\":\"Macchine Agricole News\",\"source_url\":\"https:\\\/\\\/macchineagricolenews.edagricole.it\\\/\"},{\"title\":\"Umbria, il PNRR modernizza i frantoi\",\"link\":\"https:\\\/\\\/olivoeolio.edagricole.it\\\/attualita\\\/pnrr-umbria-rinnovo-33-frantoi-olio\\\/\",\"image\":\"https:\\\/\\\/static.tecnichenuove.it\\\/olivoeolio\\\/2026\\\/07\\\/frantoi-umbri-768x512.jpg\",\"timestamp\":1784640050,\"excerpt\":\"La Regione finanzia 33 progetti per migliorare efficienza e sostenibilit\\u00e0. L\\u2019olivicoltura umbra punta sull\\u0027innovazione e sulla tutela della Dop L\\u0027articolo Umbria, il PNRR modernizza i\\u2026\",\"source_name\":\"Olivo e Olio\",\"source_url\":\"https:\\\/\\\/olivoeolio.edagricole.it\\\/\"},{\"title\":\"Tea, una grande opportunit\\u00e0 che non pu\\u00f2 diventare un alibi\",\"link\":\"https:\\\/\\\/rivistafrutticoltura.edagricole.it\\\/economia-politica\\\/tea-grande-opportunita-non-un-alibi\\\/\",\"image\":\"https:\\\/\\\/static.tecnichenuove.it\\\/rivistafrutticoltura\\\/2026\\\/07\\\/Vernocchi_editoriale_FR_5_2026.jpg-scaled-e1784730953773-768x1004.jpeg\",\"timestamp\":1784639928,\"excerpt\":\"Realisticamente, serviranno almeno dieci anni prima che le Tea possano incidere in modo evidente sull\\u2019attivit\\u00e0 quotidiana del produttore. Per questo non possono diventare un alibi\\u2026\",\"source_name\":\"Rivista di Frutticoltura\",\"source_url\":\"https:\\\/\\\/rivistafrutticoltura.edagricole.it\\\/\"},{\"title\":\"Barcellona, dai noccioli d\\u2019oliva nasce un nuovo asfalto green\",\"link\":\"https:\\\/\\\/olivoeolio.edagricole.it\\\/attualita\\\/barcellona-asfalto-green-ai-noccioli-di-oliva\\\/\",\"image\":\"https:\\\/\\\/static.tecnichenuove.it\\\/olivoeolio\\\/2026\\\/07\\\/Barcellona_Adobe_112564355-768x469.jpg\",\"timestamp\":1784622969,\"excerpt\":\"Barcellona sperimenta un asfalto con biochar ottenuto dai noccioli d\\u2019oliva per sostituire parte del bitume di origine fossile. Il progetto punta a ridurre le emissioni\\u2026\",\"source_name\":\"Olivo e Olio\",\"source_url\":\"https:\\\/\\\/olivoeolio.edagricole.it\\\/\"},{\"title\":\"Produzione di pere in Italia: pi\\u00f9 17% rispetto alla stagione passata\",\"link\":\"https:\\\/\\\/rivistafrutticoltura.edagricole.it\\\/colture\\\/pero\\\/produzione-pere-2026\\\/\",\"image\":\"https:\\\/\\\/static.tecnichenuove.it\\\/rivistafrutticoltura\\\/2026\\\/07\\\/AdobeStock_35100498-768x512.jpeg\",\"timestamp\":1784532738,\"excerpt\":\"La campagna entrante, in base alle prime stime, potrebbe disporre di un volume di circa 347mila tonnellate (+17% rispetto alla stagione precedente). La produttivit\\u00e0 attesa\\u2026\",\"source_name\":\"Rivista di Frutticoltura\",\"source_url\":\"https:\\\/\\\/rivistafrutticoltura.edagricole.it\\\/\"},{\"title\":\"Masaf, stop alle miscele \\u201cpromosse\\u201d a olio extravergine\",\"link\":\"https:\\\/\\\/olivoeolio.edagricole.it\\\/attualita\\\/masaf-stop-miscele-olio-extravergine\\\/\",\"image\":\"https:\\\/\\\/static.tecnichenuove.it\\\/olivoeolio\\\/2026\\\/07\\\/acquisto-di-olio-miscelato-al-supermercato_2632208893-768x512.jpg\",\"timestamp\":1784531000,\"excerpt\":\"Il Masaf vieta di classificare come extravergine l\\u2019olio ottenuto dalla miscela di vergine ed evo. Una stretta che punta a rafforzare trasparenza e controlli, mentre\\u2026\",\"source_name\":\"Olivo e Olio\",\"source_url\":\"https:\\\/\\\/olivoeolio.edagricole.it\\\/\"},{\"title\":\"Imballaggi: si parte col Ppwr\",\"link\":\"https:\\\/\\\/rivistafrutticoltura.edagricole.it\\\/economia-politica\\\/imballaggi-si-parte-col-ppwr\\\/\",\"image\":\"https:\\\/\\\/static.tecnichenuove.it\\\/rivistafrutticoltura\\\/2026\\\/07\\\/AdobeStock_801539891-768x512.jpeg\",\"timestamp\":1784292281,\"excerpt\":\"Cosa cambia per packaging, produttori e filiera ortofrutticola a partire dal 12 agosto. Intervista a un\\u0027esperta della nuova normativa L\\u0027articolo Imballaggi: si parte col Ppwr\\u2026\",\"source_name\":\"Rivista di Frutticoltura\",\"source_url\":\"https:\\\/\\\/rivistafrutticoltura.edagricole.it\\\/\"},{\"title\":\"L\\u2019alleato perfetto per le attivit\\u00e0 agricole intensive\",\"link\":\"https:\\\/\\\/macchineagricolenews.edagricole.it\\\/novita-dalle-aziende\\\/lalleato-perfetto-per-le-attivita-agricole-intensive\\\/\",\"image\":\"https:\\\/\\\/static.tecnichenuove.it\\\/macchineagricolenews\\\/2026\\\/07\\\/BKT_RIDEMAX_FL_615-1-150x100.jpg\",\"timestamp\":1784197235,\"excerpt\":\"Per le applicazioni in campo, BKT propone uno pneumatico progettato specificamente per affrontare le principali sfide della stagione garantendo protezione del suolo e massimo rendimento\\u2026\",\"source_name\":\"Macchine Agricole News\",\"source_url\":\"https:\\\/\\\/macchineagricolenews.edagricole.it\\\/\"},{\"title\":\"Sequestrate 60 tonnellate di olio tunisino spacciato per extravergine italiano\",\"link\":\"https:\\\/\\\/olivoeolio.edagricole.it\\\/attualita\\\/sequestrate-60-tonnellate-di-olio-tunisino-spacciato-per-extravergine-italiano\\\/\",\"image\":\"https:\\\/\\\/static.tecnichenuove.it\\\/olivoeolio\\\/2026\\\/07\\\/olio-repressione-frodi.jpeg\",\"timestamp\":1784103740,\"excerpt\":\"I controlli al porto di Palermo hanno accertato che il prodotto, proveniente dalla Tunisia e destinato a un oleificio calabrese, era stato dichiarato come extravergine\\u2026\",\"source_name\":\"Olivo e Olio\",\"source_url\":\"https:\\\/\\\/olivoeolio.edagricole.it\\\/\"},{\"title\":\"Olio di oliva, dal 2023 controlli Icqrf in aumento del 21,1%\",\"link\":\"https:\\\/\\\/olivoeolio.edagricole.it\\\/featured\\\/olio-di-oliva-dal-2023-controlli-icqrf-in-aumento-del-211\\\/\",\"image\":\"https:\\\/\\\/static.tecnichenuove.it\\\/olivoeolio\\\/2026\\\/07\\\/Icqrf-controlli-768x432.png\",\"timestamp\":1784035230,\"excerpt\":\"Nel 2025 oltre 7.200 ispezioni. Crescono anche operatori verificati (+26,6%) e quantit\\u00e0 di prodotto controllato (+34,3%). Il Masaf rafforza la strategia contro frodi e pratiche\\u2026\",\"source_name\":\"Olivo e Olio\",\"source_url\":\"https:\\\/\\\/olivoeolio.edagricole.it\\\/\"},{\"title\":\"Stihl e K\\u00e4rcher annunciano un alleanza strategica\",\"link\":\"https:\\\/\\\/macchineagricolenews.edagricole.it\\\/notizie-dallindustria\\\/stihl-e-karcher-annunciano-un-alleanza-strategica\\\/\",\"image\":\"https:\\\/\\\/static.tecnichenuove.it\\\/macchineagricolenews\\\/2026\\\/07\\\/Karcher_STIHL_HQ_P_20260702_0001_Global_150007-150x100.jpg\",\"timestamp\":1784030148,\"excerpt\":\"Le due aziende leader del mercato mondiale uniscono le forze e presentano una partnership strategica dedicata alle applicazioni professionali a batteria . L\\u0027articolo Stihl e\\u2026\",\"source_name\":\"Macchine Agricole News\",\"source_url\":\"https:\\\/\\\/macchineagricolenews.edagricole.it\\\/\"},{\"title\":\"Margaronia dell\\u2019olivo (Palpita unionalis), come fermare il fitofago emergente\",\"link\":\"https:\\\/\\\/olivoeolio.edagricole.it\\\/agrofarmaci-difesa\\\/margaronia-olivo-palpita-unionalis-trattamento-difesa\\\/\",\"image\":\"https:\\\/\\\/static.tecnichenuove.it\\\/olivoeolio\\\/2026\\\/07\\\/larva-di-margaronia-su-olivo-di-Stimilli-768x448.jpg\",\"timestamp\":1784016843,\"excerpt\":\"Si tratta di un fitofago in forte espansione, favorito da estati pi\\u00f9 calde e impianti intensivi. Monitoraggio, difesa integrata e trattamenti mirati sono fondamentali per\\u2026\",\"source_name\":\"Olivo e Olio\",\"source_url\":\"https:\\\/\\\/olivoeolio.edagricole.it\\\/\"},{\"title\":\"Carapelli: corso ECM a 10mila medici su olio evo e salute\",\"link\":\"https:\\\/\\\/olivoeolio.edagricole.it\\\/eventi-e-fiere\\\/olio-evo-corso-ecm-medici-dieta-mediterranea-carapelli\\\/\",\"image\":\"https:\\\/\\\/static.tecnichenuove.it\\\/olivoeolio\\\/2026\\\/07\\\/olio-evo-e-dieta-mediterranea_Adobe_331661788-768x448.jpg\",\"timestamp\":1783957700,\"excerpt\":\"L\\u2019Istituto Nutrizionale Carapelli rileva che il 50,5% degli italiani non conosce i dettagli clinici dell\\u2019olio extra vergine. Al via un percorso formativo ECM gratuito per\\u2026\",\"source_name\":\"Olivo e Olio\",\"source_url\":\"https:\\\/\\\/olivoeolio.edagricole.it\\\/\"},{\"title\":\"Emak amplia la gamma di trattorini tagliatutto\",\"link\":\"https:\\\/\\\/macchineagricolenews.edagricole.it\\\/novita-dalle-aziende\\\/emak-amplia-la-gamma-di-trattorini-tagliatutto\\\/\",\"image\":\"https:\\\/\\\/static.tecnichenuove.it\\\/macchineagricolenews\\\/2026\\\/07\\\/immagine-2-150x100.png\",\"timestamp\":1783664617,\"excerpt\":\"La gamma dei trattorini tagliatutto si amplia con nuovi modelli pensati per la manutenzione di superfici complesse: pi\\u00f9 trazione, comfort e sicurezza per professionisti e\\u2026\",\"source_name\":\"Macchine Agricole News\",\"source_url\":\"https:\\\/\\\/macchineagricolenews.edagricole.it\\\/\"},{\"title\":\"Xylella, sgravio del Tributo 630 per gli olivicoltori colpiti dal batterio\",\"link\":\"https:\\\/\\\/olivoeolio.edagricole.it\\\/attualita\\\/xylella-sgravio-tributo-630-olivicoltori-colpiti-batterio\\\/\",\"image\":\"https:\\\/\\\/static.tecnichenuove.it\\\/olivoeolio\\\/2026\\\/07\\\/Apertura.jpg\",\"timestamp\":1783585241,\"excerpt\":\"Lo ha deciso all\\u2019unanimit\\u00e0 il Consiglio regionale pugliese con una mozione che impegna la Giunta regionale a compensare i mancati apporti degli agricoltori con le\\u2026\",\"source_name\":\"Olivo e Olio\",\"source_url\":\"https:\\\/\\\/olivoeolio.edagricole.it\\\/\"},{\"title\":\"Cambiamenti nella dirigenza di Fendt\",\"link\":\"https:\\\/\\\/macchineagricolenews.edagricole.it\\\/notizie-dallindustria\\\/cambiamenti-nella-dirigenza-di-fendt\\\/\",\"image\":\"https:\\\/\\\/static.tecnichenuove.it\\\/macchineagricolenews\\\/2026\\\/07\\\/apertura-1-e1783329274309-150x100.jpg\",\"timestamp\":1783504951,\"excerpt\":\"Il dott. Jan Cachay ha assunto la carica di Vicepresidente e Amministratore Delegato della Produzione di AGCO GmbH presso Fendt dal 1\\u00b0 agosto 2026. \\u00c8\\u2026\",\"source_name\":\"Macchine Agricole News\",\"source_url\":\"https:\\\/\\\/macchineagricolenews.edagricole.it\\\/\"},{\"title\":\"VCR entra nell\\u2019olivicoltura\",\"link\":\"https:\\\/\\\/olivoeolio.edagricole.it\\\/notizie-dalle-aziende\\\/vcr-entra-nella-olivicoltura\\\/\",\"image\":\"https:\\\/\\\/static.tecnichenuove.it\\\/olivoeolio\\\/2026\\\/07\\\/vcr-olivicoltura_shutter_1923803204-768x448.png\",\"timestamp\":1783493255,\"excerpt\":\"Ricerca, innovazione e consulenza per i nuovi oliveti ad alta efficienza. Dalla vite all\\u2019olivo: sessant\\u2019anni di miglioramento genetico al servizio di una nuova sfida L\\u0027articolo\\u2026\",\"source_name\":\"Olivo e Olio\",\"source_url\":\"https:\\\/\\\/olivoeolio.edagricole.it\\\/\"},{\"title\":\"Felice Assenza: \\u00abCos\\u00ec l\\u2019ICQRF difende il valore dell\\u2019olio italiano\\u00bb\",\"link\":\"https:\\\/\\\/olivoeolio.edagricole.it\\\/personaggi\\\/icqrf-controlli-olio-oliva-extravergine-intervista-felice-assenza\\\/\",\"image\":\"https:\\\/\\\/static.tecnichenuove.it\\\/olivoeolio\\\/2026\\\/07\\\/Felice-Assenza_Icqrf.jpg\",\"timestamp\":1783419740,\"excerpt\":\"L\\u2019innovazione digitale, l\\u2019intelligenza artificiale e la tracciabilit\\u00e0 rafforzano il sistema dei controlli sull\\u2019olio extravergine. Felice Assenza racconta come l\\u2019ICQRF tutela qualit\\u00e0, legalit\\u00e0 e competitivit\\u00e0 del\\u2026\",\"source_name\":\"Olivo e Olio\",\"source_url\":\"https:\\\/\\\/olivoeolio.edagricole.it\\\/\"},{\"title\":\"Federolio e SEF Consulting, intesa per l\\u2019olio italiano\",\"link\":\"https:\\\/\\\/olivoeolio.edagricole.it\\\/attualita\\\/federolio-e-sef-consulting-intesa-per-lolio-italiano\\\/\",\"image\":\"https:\\\/\\\/static.tecnichenuove.it\\\/olivoeolio\\\/2026\\\/07\\\/patnership-Federolio-SEF-Consulting_212671205-768x513.jpg\",\"timestamp\":1783345830,\"excerpt\":\"Nuova partnership per sostenere le imprese olearie del Made in Italy con strumenti di finanza agevolata, transizione digitale ed ESG L\\u0027articolo Federolio e SEF Consulting,\\u2026\",\"source_name\":\"Olivo e Olio\",\"source_url\":\"https:\\\/\\\/olivoeolio.edagricole.it\\\/\"},{\"title\":\"OOWC, l\\u2019oliveto del futuro \\u00e8 gi\\u00e0 qui\",\"link\":\"https:\\\/\\\/olivoeolio.edagricole.it\\\/eventi-e-fiere\\\/oowc-olivicoltura-digitale-ia-droni-cambia-frantoi-filiera\\\/\",\"image\":\"https:\\\/\\\/static.tecnichenuove.it\\\/olivoeolio\\\/2026\\\/07\\\/OOWC-2026_Dolores_Perez_UCO__Antonio_Lo4-768x512.jpeg\",\"timestamp\":1783336905,\"excerpt\":\"Dal Congresso mondiale dell\\u2019olio d\\u2019oliva emerge un messaggio inequivocabile: l\\u2019innovazione non \\u00e8 pi\\u00f9 una prospettiva, ma una realt\\u00e0 che ridisegna competitivit\\u00e0, sostenibilit\\u00e0 e qualit\\u00e0 dell\\u2019intera\\u2026\",\"source_name\":\"Olivo e Olio\",\"source_url\":\"https:\\\/\\\/olivoeolio.edagricole.it\\\/\"},{\"title\":\"Nocciole, in Piemonte le previsioni per la raccolta sono positive\",\"link\":\"https:\\\/\\\/rivistafrutticoltura.edagricole.it\\\/colture\\\/frutta-secca\\\/nocciole-piemonte-previsioni-raccolta-positive\\\/\",\"image\":\"https:\\\/\\\/static.tecnichenuove.it\\\/rivistafrutticoltura\\\/2026\\\/07\\\/Frutti-in-piante-crediti-Agrion-e1783326512327-768x599.jpeg\",\"timestamp\":1783326977,\"excerpt\":\"Dopo tre anni di cali produttivi, la Tonda gentile del Basso Piemonte torna a mostrare segnali positivi: carichi di frutti pi\\u00f9 consistenti e minore incidenza\\u2026\",\"source_name\":\"Rivista di Frutticoltura\",\"source_url\":\"https:\\\/\\\/rivistafrutticoltura.edagricole.it\\\/\"},{\"title\":\"Il Vietnam apre al kiwi italiano\",\"link\":\"https:\\\/\\\/rivistafrutticoltura.edagricole.it\\\/colture\\\/vietnam-kiwi-italiano\\\/\",\"image\":\"https:\\\/\\\/static.tecnichenuove.it\\\/rivistafrutticoltura\\\/2026\\\/07\\\/AdobeStock_414169991-768x512.jpeg\",\"timestamp\":1783089558,\"excerpt\":\"Dopo un lungo iter c\\u2019\\u00e8 il via libera ufficiale all\\u0027export di kiwi italiano in Vietnam. Rubbi, Cso Italy: \\u00abUn risultato importante, frutto del lavoro di\\u2026\",\"source_name\":\"Rivista di Frutticoltura\",\"source_url\":\"https:\\\/\\\/rivistafrutticoltura.edagricole.it\\\/\"},{\"title\":\"OOWC, Lisbona capitale mondiale dell\\u2019olio: al via il Congresso che ridisegna il futuro dell\\u2019olivicoltura\",\"link\":\"https:\\\/\\\/olivoeolio.edagricole.it\\\/eventi-e-fiere\\\/oowc-congresso-mondiale-olio-oliva-futuro-lisbona-2026\\\/\",\"image\":\"https:\\\/\\\/static.tecnichenuove.it\\\/olivoeolio\\\/2026\\\/07\\\/Lisbona-OOWC-2026-768x480.png\",\"timestamp\":1783080942,\"excerpt\":\"Ricerca, sostenibilit\\u00e0, salute e geopolitica al centro dell\\u2019Olive Oil World Congress. Oltre 300 esperti provenienti da pi\\u00f9 di 50 Paesi chiamati a delineare le strategie\\u2026\",\"source_name\":\"Olivo e Olio\",\"source_url\":\"https:\\\/\\\/olivoeolio.edagricole.it\\\/\"},{\"title\":\"Frodi nel settore oleario, cambia il paradigma dei controlli\",\"link\":\"https:\\\/\\\/olivoeolio.edagricole.it\\\/attualita\\\/frodi-olio-extra-vergine-controlli-icqrf-analisi-rischio\\\/\",\"image\":\"https:\\\/\\\/static.tecnichenuove.it\\\/olivoeolio\\\/2026\\\/07\\\/sequesto-di-olio-lampante-ICQRF-anti-Frodi-768x512.jpg\",\"timestamp\":1783070810,\"excerpt\":\"Il sequestro di 30 tonnellate di falso olio extra vergine conferma l\\u2019efficacia di un sistema di vigilanza sempre pi\\u00f9 evoluto. Dall\\u2019analisi del rischio ai laboratori\\u2026\",\"source_name\":\"Olivo e Olio\",\"source_url\":\"https:\\\/\\\/olivoeolio.edagricole.it\\\/\"},{\"title\":\"Sempre pi\\u00f9 aziende scelgono il telescopico articolato\",\"link\":\"https:\\\/\\\/macchineagricolenews.edagricole.it\\\/meccanizzazione\\\/sempre-piu-aziende-scelgono-il-telescopico-articolato\\\/\",\"image\":\"https:\\\/\\\/static.tecnichenuove.it\\\/macchineagricolenews\\\/2026\\\/07\\\/Dieci_Agri-Pivot_01-150x100.png\",\"timestamp\":1783069775,\"excerpt\":\"Due contesti differenti hanno trovato nel telescopico articolato DIECI Agri Pivot una risposta concreta alle sfide operative quotidiane. Agri Pivot si conferma una soluzione versatile\\u2026\",\"source_name\":\"Macchine Agricole News\",\"source_url\":\"https:\\\/\\\/macchineagricolenews.edagricole.it\\\/\"},{\"title\":\"Un nuovo responsabile commerciale Argo Tractors per la Gran Bretagna\",\"link\":\"https:\\\/\\\/macchineagricolenews.edagricole.it\\\/notizie-dallindustria\\\/un-nuovo-responsabile-commerciale-argo-tractors-per-la-gran-bretagna\\\/\",\"image\":\"https:\\\/\\\/static.tecnichenuove.it\\\/macchineagricolenews\\\/2026\\\/07\\\/JonathanNewton__FrancoArtoni-1-150x100.jpg\",\"timestamp\":1783069315,\"excerpt\":\"Jonathan Newton, nuovo responsabile commerciale dall\\u00271 luglio, vanta un\\u2019ampia esperienza nel settore agricolo, avendo ricoperto diversi ruoli dirigenziali in area vendite e post-vendite. L\\u0027articolo Un\\u2026\",\"source_name\":\"Macchine Agricole News\",\"source_url\":\"https:\\\/\\\/macchineagricolenews.edagricole.it\\\/\"},{\"title\":\"Olivicoltura in Valtellina: il manuale tecnico del progetto OLInVAL\",\"link\":\"https:\\\/\\\/olivoeolio.edagricole.it\\\/attualita\\\/manuale-tecnico-olivicoltura-in-valtellina-olinval\\\/\",\"image\":\"https:\\\/\\\/static.tecnichenuove.it\\\/olivoeolio\\\/2026\\\/07\\\/olivivoltura-valtellinese-a-terrazzamento-768x502.jpg\",\"timestamp\":1783058421,\"excerpt\":\"Fondazione Fojanini e CREA-OFA, nell\\u2019ambito del progetto OLInVAL, pubblicano la guida operativa per la coltivazione dell\\u0027olivo in ambiente montano nelle Alpi della Valtellina L\\u0027articolo Olivicoltura\\u2026\",\"source_name\":\"Olivo e Olio\",\"source_url\":\"https:\\\/\\\/olivoeolio.edagricole.it\\\/\"},{\"title\":\"Meno incidenti con il prototipo di trattore\",\"link\":\"https:\\\/\\\/macchineagricolenews.edagricole.it\\\/innovazione\\\/meno-incidenti-con-il-prototipo-di-trattore\\\/\",\"image\":\"https:\\\/\\\/static.tecnichenuove.it\\\/macchineagricolenews\\\/2026\\\/06\\\/Compact-Tractor-3-150x100.jpeg\",\"timestamp\":1782983052,\"excerpt\":\"\\u201cCompact Tractor 4.0\\u201d, il prototipo full-electric nato dalla collaborazione tra INAIL, Universit\\u00e0 della Tuscia, Universit\\u00e0 degli Studi di Milano e Universit\\u00e0 Niccol\\u00f2 Cusano. L\\u0027articolo Meno\\u2026\",\"source_name\":\"Macchine Agricole News\",\"source_url\":\"https:\\\/\\\/macchineagricolenews.edagricole.it\\\/\"},{\"title\":\"L\\u2019Oliva \\u201cAlta Daunia\\u201d variet\\u00e0 \\u201cPeranzana\\u201d a un passo dalla Dop\",\"link\":\"https:\\\/\\\/olivoeolio.edagricole.it\\\/olio-dop-igp\\\/oliva-alta-daunia-peranzana-diventa-dop\\\/\",\"image\":\"https:\\\/\\\/static.tecnichenuove.it\\\/olivoeolio\\\/2026\\\/07\\\/Olive-Peranzana.jpg\",\"timestamp\":1782980057,\"excerpt\":\"La Commissione europea l\\u2019ha iscritta formalmente nel registro europeo delle Denominazioni di origine protette. Adesso bisogner\\u00e0 solo attendere gli ultimi tre mesi per eventuali motivi\\u2026\",\"source_name\":\"Olivo e Olio\",\"source_url\":\"https:\\\/\\\/olivoeolio.edagricole.it\\\/\"},{\"title\":\"Olio extravergine, il COI riconosce l\\u2019identit\\u00e0 delle cultivar italiane\",\"link\":\"https:\\\/\\\/olivoeolio.edagricole.it\\\/attualita\\\/olio-extravergine-coi-limite-steroli-cultivar-italiane\\\/\",\"image\":\"https:\\\/\\\/static.tecnichenuove.it\\\/olivoeolio\\\/2026\\\/07\\\/COI-riconosce-steroli-in-olio-evo-di-Coratina-e-Nocellara-del-Belice-768x448.png\",\"timestamp\":1782901716,\"excerpt\":\"Il Consiglio Oleicolo Internazionale stabilisce in modo definitivo il limite di steroli a 800 mg\\\/kg per Nocellara e Coratina. Una svolta che tutela la biodiversit\\u00e0,\\u2026\",\"source_name\":\"Olivo e Olio\",\"source_url\":\"https:\\\/\\\/olivoeolio.edagricole.it\\\/\"},{\"title\":\"Sistemi di accumulo fotovoltaico, sicurezza per l\\u2019agricoltura\",\"link\":\"https:\\\/\\\/macchineagricolenews.edagricole.it\\\/notizie-dallindustria\\\/sicurezza-sistemi-accumulo-fotovoltaico-agricoltura\\\/\",\"image\":\"https:\\\/\\\/static.tecnichenuove.it\\\/macchineagricolenews\\\/2026\\\/06\\\/AdobeStock_1781497474_Huawei-150x100.jpeg\",\"timestamp\":1782895800,\"excerpt\":\"Dalla prevenzione del thermal runaway alle nuove tecnologie di monitoraggio intelligente, la sicurezza dei sistemi di accumulo fotovoltaico diventa un fattore strategico per le aziende\\u2026\",\"source_name\":\"Macchine Agricole News\",\"source_url\":\"https:\\\/\\\/macchineagricolenews.edagricole.it\\\/\"},{\"title\":\"John Deere aggiorna i trattori 6R\",\"link\":\"https:\\\/\\\/macchineagricolenews.edagricole.it\\\/trattori-meccanizzazione\\\/john-deere-aggiorna-i-trattori-6r\\\/\",\"image\":\"https:\\\/\\\/static.tecnichenuove.it\\\/macchineagricolenews\\\/2026\\\/06\\\/H4A0620-150x100.jpg\",\"timestamp\":1782742759,\"excerpt\":\"Migliorati il comportamento nel trasporto su strada, l\\u2019ambiente della cabina, le funzionalit\\u00e0 per l\\u2019agricoltura di precisione e la facilit\\u00e0 di manutenzione su tutta la gamma\\u2026\",\"source_name\":\"Macchine Agricole News\",\"source_url\":\"https:\\\/\\\/macchineagricolenews.edagricole.it\\\/\"},{\"title\":\"Interpera 2026: quadro produttivo incerto. Consumi al centro delle strategie europee\",\"link\":\"https:\\\/\\\/rivistafrutticoltura.edagricole.it\\\/economia-politica\\\/interpera-2026-quadro-produttivo-incerto-consumi-al-centro-delle-strategie-europee\\\/\",\"image\":\"https:\\\/\\\/static.tecnichenuove.it\\\/rivistafrutticoltura\\\/2026\\\/06\\\/IMG20260626105600-768x350.jpg\",\"timestamp\":1782577413,\"excerpt\":\"A Interpera le prime stime sulla produzione 2026\\\/2027 a livello europeo, andamento di mercato, prospettive di consumo, sfide agronomiche e nuove strategie di valorizzazione commerciale\\u2026\",\"source_name\":\"Rivista di Frutticoltura\",\"source_url\":\"https:\\\/\\\/rivistafrutticoltura.edagricole.it\\\/\"},{\"title\":\"Un multi purpose in bosco\",\"link\":\"https:\\\/\\\/macchineagricolenews.edagricole.it\\\/meccanizzazione\\\/un-multi-purpose-in-bosco\\\/\",\"image\":\"https:\\\/\\\/static.tecnichenuove.it\\\/macchineagricolenews\\\/2026\\\/06\\\/Apertura-150x100.jpg\",\"timestamp\":1782470252,\"excerpt\":\"La silvicoltura moderna richiede sempre pi\\u00f9 attrezzi multi purpose capaci di svolgere sia i tradizionali lavori in bosco che la manutenzione o la creazione di\\u2026\",\"source_name\":\"Macchine Agricole News\",\"source_url\":\"https:\\\/\\\/macchineagricolenews.edagricole.it\\\/\"},{\"title\":\"Le manifestazioni sui trattori e sulle macchine agricole d\\u2019epoca in Luglio\",\"link\":\"https:\\\/\\\/macchineagricolenews.edagricole.it\\\/trattori-depoca\\\/le-manifestazioni-sui-trattori-e-sulle-macchine-agricole-depoca-in-luglio\\\/\",\"image\":\"https:\\\/\\\/static.tecnichenuove.it\\\/macchineagricolenews\\\/2026\\\/02\\\/Calendario_Gamae_2026_copertina-150x100.jpg\",\"timestamp\":1782308772,\"excerpt\":\"Fiere, sagre, mostre e rievocazioni dedicate alle macchine agricole e ai trattori d\\u0027epoca programmate nel mese di Luglio L\\u0027articolo Le manifestazioni sui trattori e sulle\\u2026\",\"source_name\":\"Macchine Agricole News\",\"source_url\":\"https:\\\/\\\/macchineagricolenews.edagricole.it\\\/\"},{\"title\":\"Nuove cariche per FederUnacoma\",\"link\":\"https:\\\/\\\/macchineagricolenews.edagricole.it\\\/notizie-dallindustria\\\/nuove-cariche-per-federunacoma\\\/\",\"image\":\"https:\\\/\\\/static.tecnichenuove.it\\\/macchineagricolenews\\\/2026\\\/06\\\/Assemblea-FederUnacoma-2026-2-1-150x100.jpg\",\"timestamp\":1782289732,\"excerpt\":\"Eletti i nuovi consiglieri delle associazioni federate e i consiglieri \\u0022trasversali\\u0022. Tutti i rappresentanti eletti dureranno in carica sino al 2028. L\\u0027articolo Nuove cariche per\\u2026\",\"source_name\":\"Macchine Agricole News\",\"source_url\":\"https:\\\/\\\/macchineagricolenews.edagricole.it\\\/\"},{\"title\":\"Apo Conerpo, +15% di fatturato. Vernocchi: \\u00abrafforzare gli strumenti per difendere la produzione\\u00bb\",\"link\":\"https:\\\/\\\/rivistafrutticoltura.edagricole.it\\\/notizie-dalle-aziende\\\/apo-conerpo-fatturato-vernocchi-produzione\\\/\",\"image\":\"https:\\\/\\\/static.tecnichenuove.it\\\/rivistafrutticoltura\\\/2026\\\/06\\\/Apo-Conerpo-Vernocchi-e-Ghezzi-Assemblea-di-bilancio-2026-768x576.jpeg\",\"timestamp\":1782124501,\"excerpt\":\"Apo Conerpo approva il bilancio 2025 con un fatturato di 563 milioni di euro e una sostanziale stabilit\\u00e0 dei conferimenti. Investimenti in ricerca scientifica per\\u2026\",\"source_name\":\"Rivista di Frutticoltura\",\"source_url\":\"https:\\\/\\\/rivistafrutticoltura.edagricole.it\\\/\"},{\"title\":\"Un accordo strategico per nuovi mercati\",\"link\":\"https:\\\/\\\/macchineagricolenews.edagricole.it\\\/notizie-dallindustria\\\/un-accordo-strategico-per-nuovi-mercati\\\/\",\"image\":\"https:\\\/\\\/static.tecnichenuove.it\\\/macchineagricolenews\\\/2026\\\/06\\\/Agreement_3-150x100.png\",\"timestamp\":1781769791,\"excerpt\":\"Bergerat Monnoyeur e Faresin Industries siglano un accordo per sviluppare il mercato dei sollevatori telescopici in Francia L\\u0027articolo Un accordo strategico per nuovi mercati \\u00e8\\u2026\",\"source_name\":\"Macchine Agricole News\",\"source_url\":\"https:\\\/\\\/macchineagricolenews.edagricole.it\\\/\"},{\"title\":\"Pesco, buone prospettive ma solo con impianti ad alta tecnologia\",\"link\":\"https:\\\/\\\/rivistafrutticoltura.edagricole.it\\\/colture\\\/pesco\\\/pesco-buone-prospettive-impianto-alta-tecnologia\\\/\",\"image\":\"https:\\\/\\\/static.tecnichenuove.it\\\/rivistafrutticoltura\\\/2026\\\/06\\\/Pesco-1-768x576.jpg\",\"timestamp\":1781683871,\"excerpt\":\"Si pu\\u00f2 tornare a fare reddito ma solo con soluzioni impiantistiche in grado di garantire continuit\\u00e0 di raccolta e rese elevate. Strategiche le protezioni contro\\u2026\",\"source_name\":\"Rivista di Frutticoltura\",\"source_url\":\"https:\\\/\\\/rivistafrutticoltura.edagricole.it\\\/\"},{\"title\":\"Dalla genetica al mercato: le nuove sfide della frutticoltura\",\"link\":\"https:\\\/\\\/rivistafrutticoltura.edagricole.it\\\/vivaismo-frutticolo\\\/dalla-genetica-al-mercato-le-nuove-sfide-della-frutticoltura\\\/\",\"image\":\"https:\\\/\\\/static.tecnichenuove.it\\\/rivistafrutticoltura\\\/2026\\\/06\\\/mirtilli-768x576.jpeg\",\"timestamp\":1781683231,\"excerpt\":\"Non esistono variet\\u00e0 ideali in assoluto, ma \\u201ccombinazioni vincenti\\u201d. Andrea Bagnolini, direttore generale di Battistini Vivai, illustra alcune delle principali novit\\u00e0 emerse dalla mostra pomologica\\u2026\",\"source_name\":\"Rivista di Frutticoltura\",\"source_url\":\"https:\\\/\\\/rivistafrutticoltura.edagricole.it\\\/\"},{\"title\":\"Via libera al regolamento che modifica l\\u2019Ocm\",\"link\":\"https:\\\/\\\/rivistafrutticoltura.edagricole.it\\\/economia-politica\\\/via-libera-al-regolamento-che-modifica-ocm\\\/\",\"image\":\"https:\\\/\\\/static.tecnichenuove.it\\\/rivistafrutticoltura\\\/2026\\\/06\\\/Celle-frigo-768x511.jpg\",\"timestamp\":1781682196,\"excerpt\":\"Approvato il regolamento che modifica le norme Ue sull\\u2019organizzazione comune dei mercati dei prodotti agricoli. Il testo introduce nuove disposizioni mirate a garantire che i\\u2026\",\"source_name\":\"Rivista di Frutticoltura\",\"source_url\":\"https:\\\/\\\/rivistafrutticoltura.edagricole.it\\\/\"},{\"title\":\"Antracnosi del noce: prima di tutto l\\u2019agronomia\",\"link\":\"https:\\\/\\\/rivistafrutticoltura.edagricole.it\\\/difesa\\\/antracnosi-noce-prima-agronomia\\\/\",\"image\":\"https:\\\/\\\/static.tecnichenuove.it\\\/rivistafrutticoltura\\\/2026\\\/06\\\/Bugiani_noce_FR_4_2026_1-768x1024.jpg\",\"timestamp\":1781680644,\"excerpt\":\"L\\u2019antracnosi viene favorita da un andamento climatico caldo-umido e da uno scarso arieggiamento della pianta. La difesa fa ricorso principalmente all\\u0027adozione di misure agronomiche virtuose\\u2026\",\"source_name\":\"Rivista di Frutticoltura\",\"source_url\":\"https:\\\/\\\/rivistafrutticoltura.edagricole.it\\\/\"},{\"title\":\"Viul\\u00e8t: la susina europea ritrova gusto, qualit\\u00e0 e mercato\",\"link\":\"https:\\\/\\\/rivistafrutticoltura.edagricole.it\\\/colture\\\/susino\\\/viulet-la-susina-europea-ritrova-gusto-qualita-e-mercato\\\/\",\"image\":\"https:\\\/\\\/static.tecnichenuove.it\\\/rivistafrutticoltura\\\/2026\\\/06\\\/Donati_susina_viulet_FR_4_2026_1-768x512.jpg\",\"timestamp\":1781624106,\"excerpt\":\"Un progetto di selezione varietale riporta al centro del mercato la susina europea, con qualit\\u00e0 organolettica, identit\\u00e0 di prodotto e una finestra commerciale estiva tutta\\u2026\",\"source_name\":\"Rivista di Frutticoltura\",\"source_url\":\"https:\\\/\\\/rivistafrutticoltura.edagricole.it\\\/\"},{\"title\":\"Uva da tavola: nel vigneto moderno l\\u2019innovazione \\u00e8 soprattutto agronomica\",\"link\":\"https:\\\/\\\/rivistafrutticoltura.edagricole.it\\\/potatura-e-forme-di-allevamento\\\/uva-da-tavola-impianto-innovazione-agronomica\\\/\",\"image\":\"https:\\\/\\\/static.tecnichenuove.it\\\/rivistafrutticoltura\\\/2026\\\/06\\\/uva_tavola_1-768x345.jpg\",\"timestamp\":1781618163,\"excerpt\":\"Il vigneto moderno di uva da tavola deve essere progettato come un sistema integrato, nel quale materiale vivaistico, densit\\u00e0 d\\u2019impianto, strutture di sostegno, forma di\\u2026\",\"source_name\":\"Rivista di Frutticoltura\",\"source_url\":\"https:\\\/\\\/rivistafrutticoltura.edagricole.it\\\/\"},{\"title\":\"Soluzioni BKT per l\\u2019agricoltura brasiliana\",\"link\":\"https:\\\/\\\/macchineagricolenews.edagricole.it\\\/novita-dalle-aziende\\\/soluzioni-bkt-per-lagricoltura-brasiliana\\\/\",\"image\":\"https:\\\/\\\/static.tecnichenuove.it\\\/macchineagricolenews\\\/2026\\\/06\\\/BKT_AGRIMAX_V-FLECTO_6_en-150x100.jpg\",\"timestamp\":1781613989,\"excerpt\":\"La tecnologia VF firmata dalla multinazionale BKT \\u00e8 una soluzione concreta per problemi reali, specialmente nel Cerrado brasiliano L\\u0027articolo Soluzioni BKT per l\\u2019agricoltura brasiliana \\u00e8\\u2026\",\"source_name\":\"Macchine Agricole News\",\"source_url\":\"https:\\\/\\\/macchineagricolenews.edagricole.it\\\/\"},{\"title\":\"Altissima densit\\u00e0, diversi i criteri agronomici da seguire\",\"link\":\"https:\\\/\\\/rivistafrutticoltura.edagricole.it\\\/potatura-e-forme-di-allevamento\\\/frutteti-alta-densita-criteri-agronomici-da-seguire\\\/\",\"image\":\"https:\\\/\\\/static.tecnichenuove.it\\\/rivistafrutticoltura\\\/2026\\\/06\\\/1-768x576.jpg\",\"timestamp\":1781527527,\"excerpt\":\"Genetica, meccanizzazione e pratiche agronomiche per la corretta gestione dei frutteti superintensivi al centro di un seminario organizzato dall\\u2019Universit\\u00e0 di Bari L\\u0027articolo Altissima densit\\u00e0, diversi\\u2026\",\"source_name\":\"Rivista di Frutticoltura\",\"source_url\":\"https:\\\/\\\/rivistafrutticoltura.edagricole.it\\\/\"},{\"title\":\"John Deere presenta modelli aggiornati di trattori 8R, 8RT e 8RX\",\"link\":\"https:\\\/\\\/macchineagricolenews.edagricole.it\\\/novita-dalle-aziende\\\/john-deere-presenta-modelli-aggiornati-di-trattori-8r-8rt-e-8rx\\\/\",\"image\":\"https:\\\/\\\/static.tecnichenuove.it\\\/macchineagricolenews\\\/2026\\\/06\\\/r2g099119_LSC-150x100.jpg\",\"timestamp\":1781518134,\"excerpt\":\"John Deere ha presentato la nuova generazione dei suoi trattori 8R, 8RT e 8RX, progettati per offrire maggiore produttivit\\u00e0, maggiore efficienza e una migliore facilit\\u00e0\\u2026\",\"source_name\":\"Macchine Agricole News\",\"source_url\":\"https:\\\/\\\/macchineagricolenews.edagricole.it\\\/\"},{\"title\":\"Sostenibilit\\u00e0, genetica e valorizzazione della qualit\\u00e0: le direttrici della ricerca\",\"link\":\"https:\\\/\\\/rivistafrutticoltura.edagricole.it\\\/economia-politica\\\/sostenibilita-genetica-valorizzazione-obiettivi-ricerca\\\/\",\"image\":\"https:\\\/\\\/static.tecnichenuove.it\\\/rivistafrutticoltura\\\/2026\\\/06\\\/Petriccione_ricerca_FR_4_2026-768x432.jpeg\",\"timestamp\":1781509533,\"excerpt\":\"Le direttrici strategiche della ricerca in frutticoltura riguardano la sostenibilit\\u00e0 dei sistemi produttivi, la conservazione dell\\u2019agrobiodiversit\\u00e0 e il miglioramento genetico, la valorizzazione della qualit\\u00e0 e\\u2026\",\"source_name\":\"Rivista di Frutticoltura\",\"source_url\":\"https:\\\/\\\/rivistafrutticoltura.edagricole.it\\\/\"},{\"title\":\"L\\u2019Innovazione Cima in campo ad Enovitis\",\"link\":\"https:\\\/\\\/macchineagricolenews.edagricole.it\\\/novita-dalle-aziende\\\/innovazione-cima-in-campo-ad-enovitis\\\/\",\"image\":\"https:\\\/\\\/static.tecnichenuove.it\\\/macchineagricolenews\\\/2026\\\/06\\\/ATOMIZZATORE-SNODATO-PNEUMATICO-A-BASSO-VOLUME-ROB3-EVO-150x100.jpg\",\"timestamp\":1781258887,\"excerpt\":\"A Enovitis 2026 CIMA presenta ROB3 EVO, l\\u2019atomizzatore pneumatico a basso volume capace di trattare fino a tre filari contemporaneamente, integrando tecnologie di Agricoltura 4.0\\u2026\",\"source_name\":\"Macchine Agricole News\",\"source_url\":\"https:\\\/\\\/macchineagricolenews.edagricole.it\\\/\"},{\"title\":\"Accumulo fotovoltaico, meno costi energetici in agricoltura\",\"link\":\"https:\\\/\\\/macchineagricolenews.edagricole.it\\\/notizie-dallindustria\\\/accumulo-fotovoltaico-azienda-agricola-ridurre-costi-energia\\\/\",\"image\":\"https:\\\/\\\/static.tecnichenuove.it\\\/macchineagricolenews\\\/2026\\\/06\\\/Huawei_AdobeStock_2019867229-150x100.jpeg\",\"timestamp\":1781079311,\"excerpt\":\"Una cantina vitivinicola friulana rappresenta un esempio concreto di indipendenza energetica: grazie all\\u2019installazione di un impianto fotovoltaico e di sistemi di accumulo intelligenti, l\\u2019azienda \\u00e8\\u2026\",\"source_name\":\"Macchine Agricole News\",\"source_url\":\"https:\\\/\\\/macchineagricolenews.edagricole.it\\\/\"},{\"title\":\"Uva da tavola italiana: via libera all\\u2019export in Sudafrica\",\"link\":\"https:\\\/\\\/rivistafrutticoltura.edagricole.it\\\/economia-politica\\\/uva-da-tavola-italiana-via-libera-allexport-in-sudafrica\\\/\",\"image\":\"https:\\\/\\\/static.tecnichenuove.it\\\/rivistafrutticoltura\\\/2026\\\/06\\\/foto-2-003-768x576.jpeg\",\"timestamp\":1781012243,\"excerpt\":\"L\\u0027intesa firmata a Cape Town dai ministri Lollobrigida e Steenhuisen apre nuove opportunit\\u00e0 e amplia gli sbocchi commerciali L\\u0027articolo Uva da tavola italiana: via libera\\u2026\",\"source_name\":\"Rivista di Frutticoltura\",\"source_url\":\"https:\\\/\\\/rivistafrutticoltura.edagricole.it\\\/\"},{\"title\":\"Sempre pi\\u00f9 agricoltori acquistano macchine online\",\"link\":\"https:\\\/\\\/macchineagricolenews.edagricole.it\\\/notizie-dallindustria\\\/sempre-piu-agricoltori-acquistano-mezzi-e-attrezzature-online\\\/\",\"image\":\"https:\\\/\\\/static.tecnichenuove.it\\\/macchineagricolenews\\\/2026\\\/06\\\/Agricultural-machines-150x100.jpg\",\"timestamp\":1780991456,\"excerpt\":\"Con piattaforme digitali sempre pi\\u00f9 affidabili, molti agricoltori acquistano con crescente fiducia i propri mezzi online. L\\u0027articolo Sempre pi\\u00f9 agricoltori acquistano macchine online \\u00e8 un\\u2026\",\"source_name\":\"Macchine Agricole News\",\"source_url\":\"https:\\\/\\\/macchineagricolenews.edagricole.it\\\/\"},{\"title\":\"New Holland porta innovazione e design al Motor Valley Fest 2026\",\"link\":\"https:\\\/\\\/macchineagricolenews.edagricole.it\\\/novita-dalle-aziende\\\/new-holland-porta-innovazione-e-design-al-motor-valley-fest-2026\\\/\",\"image\":\"https:\\\/\\\/static.tecnichenuove.it\\\/macchineagricolenews\\\/2026\\\/06\\\/New-Holland-at-MVF-2026_5_725048-150x100.jpg\",\"timestamp\":1780652561,\"excerpt\":\"Il robot autonomo R4 e il trattore T7.340 HD di New Holland protagonisti di una visione avanzata della tecnologia agricola L\\u0027articolo New Holland porta innovazione\\u2026\",\"source_name\":\"Macchine Agricole News\",\"source_url\":\"https:\\\/\\\/macchineagricolenews.edagricole.it\\\/\"},{\"title\":\"Novit\\u00e0 per le mietitrebbie John Deere\",\"link\":\"https:\\\/\\\/macchineagricolenews.edagricole.it\\\/innovazioni-tecniche\\\/novita-per-le-mietitrebbie-john-deere\\\/\",\"image\":\"https:\\\/\\\/static.tecnichenuove.it\\\/macchineagricolenews\\\/2026\\\/06\\\/John-Deere-T5_T6-combines-focus-on-operator-comfort-and-harvesting-technology_03-150x100.jpg\",\"timestamp\":1780575464,\"excerpt\":\"Migliore produttivit\\u00e0, automazione e comfort in cabina per le mietitrebbie a scuotipaglia, rotative e ad alta capacit\\u00e0 John Deere. L\\u0027articolo Novit\\u00e0 per le mietitrebbie John\\u2026\",\"source_name\":\"Macchine Agricole News\",\"source_url\":\"https:\\\/\\\/macchineagricolenews.edagricole.it\\\/\"},{\"title\":\"Valtra presenta in Italia la nuova Serie G CVT\",\"link\":\"https:\\\/\\\/macchineagricolenews.edagricole.it\\\/novita-dalle-aziende\\\/valtra-presenta-in-italia-la-nuova-serie-g-cvt\\\/\",\"image\":\"https:\\\/\\\/static.tecnichenuove.it\\\/macchineagricolenews\\\/2026\\\/05\\\/IMG_7142-scaled-e1779790354219-150x100.jpeg\",\"timestamp\":1780477023,\"excerpt\":\"Presentata a Cervia la nuova Valtra Serie G CVT: una gamma pensata per coniugare versatilit\\u00e0, comfort operativo e tecnologie avanzate nel segmento strategico tra 105\\u2026\",\"source_name\":\"Macchine Agricole News\",\"source_url\":\"https:\\\/\\\/macchineagricolenews.edagricole.it\\\/\"},{\"title\":\"Fonti preferite su Google: ecco come aggiungere Frutticoltura\",\"link\":\"https:\\\/\\\/rivistafrutticoltura.edagricole.it\\\/notizie-dalle-aziende\\\/fonti-preferite-su-google-ecco-come-aggiungere-frutticoltura\\\/\",\"image\":\"https:\\\/\\\/static.tecnichenuove.it\\\/rivistafrutticoltura\\\/2026\\\/05\\\/frutticoltura-preferenze-google-768x648.png\",\"timestamp\":1779888280,\"excerpt\":\"Il motore di ricerca ha introdotto una nuova funzione gratuita e semplice da attivare. Si chiama \\u201cfonti preferite\\u201d e d\\u00e0 la possibilit\\u00e0 di scegliere quali\\u2026\",\"source_name\":\"Rivista di Frutticoltura\",\"source_url\":\"https:\\\/\\\/rivistafrutticoltura.edagricole.it\\\/\"},{\"title\":\"Consumi di ortofrutta stabili nel primo trimestre\",\"link\":\"https:\\\/\\\/rivistafrutticoltura.edagricole.it\\\/economia-politica\\\/consumi-ortofrutta-stabili-primo-trimestre\\\/\",\"image\":\"https:\\\/\\\/static.tecnichenuove.it\\\/rivistafrutticoltura\\\/2026\\\/05\\\/Depositphotos_22196809_xl-2015-768x509.jpg\",\"timestamp\":1779715372,\"excerpt\":\"Secondo il report di Cso Italy, i primi tre mesi del 2026 hanno visto una sostanziale tenuta dei volumi di ortofrutta acquistati dalle famiglie e\\u2026\",\"source_name\":\"Rivista di Frutticoltura\",\"source_url\":\"https:\\\/\\\/rivistafrutticoltura.edagricole.it\\\/\"},{\"title\":\"Interpera 2026, si avvicina l\\u2019appuntamento del 25 e 26 giugno\",\"link\":\"https:\\\/\\\/rivistafrutticoltura.edagricole.it\\\/colture\\\/pero\\\/interpera-2026-appuntamento-25-26-giugno\\\/\",\"image\":\"https:\\\/\\\/static.tecnichenuove.it\\\/rivistafrutticoltura\\\/2026\\\/05\\\/interpera-2026-768x446.png\",\"timestamp\":1779268234,\"excerpt\":\"Prime stime produttive per la stagione, tendenze di mercato, consumi, lotta ai cambiamenti climatici. Disponibile il programma del convegno internazionale dedicato al settore delle pere,\\u2026\",\"source_name\":\"Rivista di Frutticoltura\",\"source_url\":\"https:\\\/\\\/rivistafrutticoltura.edagricole.it\\\/\"},{\"title\":\"Migliorare le caratteristiche qualitative dei frutti\",\"link\":\"https:\\\/\\\/rivistafrutticoltura.edagricole.it\\\/notizie-dalle-aziende\\\/fomet-soluzioni-fogliari-per-migliorare-caratteristiche-qualitative-dei-frutti\\\/\",\"image\":\"https:\\\/\\\/static.tecnichenuove.it\\\/rivistafrutticoltura\\\/2026\\\/05\\\/meleto_shutter_1215757903.jpg\",\"timestamp\":1779183279,\"excerpt\":\"Tre soluzioni per applicazione fogliare, studiate per l\\u2019impiego su colture frutticole L\\u0027articolo Migliorare le caratteristiche qualitative dei frutti \\u00e8 un contenuto originale di Rivista di\\u2026\",\"source_name\":\"Rivista di Frutticoltura\",\"source_url\":\"https:\\\/\\\/rivistafrutticoltura.edagricole.it\\\/\"},{\"title\":\"Le etichette della frutta diventano commestibili\",\"link\":\"https:\\\/\\\/rivistafrutticoltura.edagricole.it\\\/post-raccolta\\\/etichette-frutta-commestibili\\\/\",\"image\":\"https:\\\/\\\/static.tecnichenuove.it\\\/rivistafrutticoltura\\\/2026\\\/05\\\/appeal-etichetta-applicata_55264215437_o-scaled-e1778591521897-768x684.jpg\",\"timestamp\":1778592359,\"excerpt\":\"Le etichette realizzate nell\\u0027ambito del progetto Appeal sono composte da bioprodotti della lavorazione delle mele e permettono un compostaggio \\u201cpulito\\u201d, superando al tempo stesso i\\u2026\",\"source_name\":\"Rivista di Frutticoltura\",\"source_url\":\"https:\\\/\\\/rivistafrutticoltura.edagricole.it\\\/\"},{\"title\":\"Pero in allegagione: aumenta il rischio maculatura bruna\",\"link\":\"https:\\\/\\\/rivistafrutticoltura.edagricole.it\\\/colture\\\/pero\\\/pero-allegagione-rischio-maculatura-bruna\\\/\",\"image\":\"https:\\\/\\\/static.tecnichenuove.it\\\/rivistafrutticoltura\\\/2026\\\/05\\\/maculatura-bruna-pero-scaled-e1778252000166-768x709.jpg\",\"timestamp\":1778252667,\"excerpt\":\"Tra met\\u00e0 aprile e met\\u00e0 maggio, temperature favorevoli e la presenza di prolungate bagnature possono rendere le condizioni microclimatiche ottimali per la germinazione dei conidi\\u2026\",\"source_name\":\"Rivista di Frutticoltura\",\"source_url\":\"https:\\\/\\\/rivistafrutticoltura.edagricole.it\\\/\"},{\"title\":\"Melo, le variet\\u00e0 e i portinnesti pi\\u00f9 interessanti\",\"link\":\"https:\\\/\\\/rivistafrutticoltura.edagricole.it\\\/colture\\\/melo-varieta-portinnesti-interessanti\\\/\",\"image\":\"https:\\\/\\\/static.tecnichenuove.it\\\/rivistafrutticoltura\\\/2026\\\/05\\\/Campo-varietale-2-768x512.jpg\",\"timestamp\":1778080125,\"excerpt\":\"La sperimentazione varietale sul melo condotta da Agrion in Piemonte ha due obiettivi principali: trovare alternative alle variet\\u00e0 del gruppo Gala, Red Delicious e Fuji,\\u2026\",\"source_name\":\"Rivista di Frutticoltura\",\"source_url\":\"https:\\\/\\\/rivistafrutticoltura.edagricole.it\\\/\"},{\"title\":\"Frutta tropicale, vivaismo e robotica tra i temi caldi di Macfrut 2026\",\"link\":\"https:\\\/\\\/rivistafrutticoltura.edagricole.it\\\/economia-politica\\\/frutta-tropicale-vivaismo-e-robotica-tra-i-temi-caldi-di-macfrut-2026\\\/\",\"image\":\"https:\\\/\\\/static.tecnichenuove.it\\\/rivistafrutticoltura\\\/2026\\\/05\\\/IMG20260421094143-768x350.jpg\",\"timestamp\":1777796660,\"excerpt\":\"Export ortofrutticolo, potenzialit\\u00e0 della coltivazione di mango e avocando al Sud Italia, sfide del vivaismo italiano, droni e robotica sono stati alcuni dei temi di\\u2026\",\"source_name\":\"Rivista di Frutticoltura\",\"source_url\":\"https:\\\/\\\/rivistafrutticoltura.edagricole.it\\\/\"}]<\/script>\n\t\t\t\t\t\t\n\t\t\t\t\t\t<div class=\"vnh-more-row\">\n\t\t\t\t\t\t\t<button\n\t\t\t\t\t\t\t\ttype=\"button\"\n\t\t\t\t\t\t\t\tclass=\"vnh-more\"\n\t\t\t\t\t\t\t\tdata-vnh-more\n\t\t\t\t\t\t\t\taria-controls=\"vnh-news-1-panel-italia-feed\"\n\t\t\t\t\t\t\t\thidden\n\t\t\t\t\t\t\t>\n\t\t\t\t\t\t\t\t<span>Ver mais not\u00edcias<\/span>\n\t\t\t\t\t\t\t\t<span class=\"vnh-more-arrow\" aria-hidden=\"true\">\u2193<\/span>\n\t\t\t\t\t\t\t<\/button>\n\t\t\t\t\t\t\t<p class=\"vnh-more-status\" data-vnh-status aria-live=\"polite\"><\/p>\n\t\t\t\t\t\t<\/div>\n\t\t\t\t\t<\/div>\n\t\t\t\t\t\t\t\t\t\t\t\t\t\t\t\t\t\t\t<div\n\t\t\t\t\t\tclass=\"vnh-panel\"\n\t\t\t\t\t\tid=\"vnh-news-1-panel-chile\"\n\t\t\t\t\t\trole=\"tabpanel\"\n\t\t\t\t\t\taria-labelledby=\"vnh-news-1-tab-chile\"\n\t\t\t\t\t\tdata-vnh-panel\n\t\t\t\t\t\tdata-vnh-region=\"chile\"\n\t\t\t\t\t\tdata-vnh-total=\"48\"\n\t\t\t\t\t\tdata-vnh-placeholder=\"https:\/\/clone.vinomatos.com\/wp-content\/plugins\/vinomatos-news-hub\/assets\/images\/news-placeholder.svg\"\n\t\t\t\t\t\tdata-vnh-excerpt-words=\"25\"\n\t\t\t\t\t\t hidden\t\t\t\t\t>\n\t\t\t\t\t\t<div class=\"vnh-feed-shell\" id=\"vnh-news-1-panel-chile-feed\" data-vnh-feed>\n\t\t\t\t\t\t\t\n<div class=\"vnh-feed-container\" data-vnh-category=\"Chile\" data-vnh-region=\"chile\">\n\t\t\t<div class=\"vnh-grid\">\n\t\t\t\t\t<\/div>\n\t<\/div>\n\t\t\t\t\t\t<\/div>\n\t\t\t\t\t\t\t\t\t\t\t\t\t<script type=\"application\/json\" class=\"vnh-more-data\">[{\"title\":\"Precios futuros y fob golfo de trigo y ma\\u00edz\",\"link\":\"https:\\\/\\\/www.odepa.gob.cl\\\/publicaciones\\\/boletines\\\/precios-futuros-y-fob-golfo-de-trigo-y-maiz-2\",\"image\":\"\",\"timestamp\":1784892240,\"excerpt\":\"Precios futuros internacionales de trigo y ma\\u00edz Este bolet\\u00edn presenta diariamente precios futuros de trigo Soft Red Winter y el ma\\u00edz amarillo, que se transan\\u2026\",\"source_name\":\"ODEPA\",\"source_url\":\"https:\\\/\\\/www.odepa.gob.cl\\\/\"},{\"title\":\"Bolet\\u00edn semanal de precios y vol\\u00famenes de frutas y hortalizas en mercados mayoristas del pa\\u00eds\",\"link\":\"https:\\\/\\\/www.odepa.gob.cl\\\/contenidos-rubro\\\/boletines-del-rubro\\\/boletin-semanal-de-precios-y-volumenes-de-frutas-y-hortalizas-en-mercados-mayoristas-del-pais\",\"image\":\"https:\\\/\\\/www.odepa.gob.cl\\\/wp-content\\\/uploads\\\/2018\\\/02\\\/AdobeReader.gif\",\"timestamp\":1784889761,\"excerpt\":\"Bolet\\u00edn Semanal de Precios y Vol\\u00famenes de Frutas y Hortalizas en Mercados Mayoristas del Pa\\u00eds Semana archivo PDF archivo XLS Semana del 20 al 24\\u2026\",\"source_name\":\"ODEPA\",\"source_url\":\"https:\\\/\\\/www.odepa.gob.cl\\\/\"},{\"title\":\"Precios futuros internacionales de productos b\\u00e1sicos\",\"link\":\"https:\\\/\\\/www.odepa.gob.cl\\\/publicaciones\\\/boletines\\\/precios-futuros-internacionales-de-productos-basicos-2\",\"image\":\"\",\"timestamp\":1784887875,\"excerpt\":\"Precios futuros internacionales de productos b\\u00e1sicos Esta publicaci\\u00f3n diaria presenta un resumen de precios futuros internacionales de los de productos m\\u00e1s relevantes: trigo soft red\\u2026\",\"source_name\":\"ODEPA\",\"source_url\":\"https:\\\/\\\/www.odepa.gob.cl\\\/\"},{\"title\":\"Bolet\\u00edn diario de precios y vol\\u00famenes de frutas y hortalizas en mercados mayoristas\",\"link\":\"https:\\\/\\\/www.odepa.gob.cl\\\/publicaciones\\\/boletines\\\/boletin-diario-de-precios-y-volumenes-de-frutas-en-mercados-mayoristas\",\"image\":\"\",\"timestamp\":1784887238,\"excerpt\":\"El presente bolet\\u00edn (pdf y xls) se actualiza todos los d\\u00edas h\\u00e1biles. Los vol\\u00famenes registrados para cada producto corresponden a una estimaci\\u00f3n de las cantidades\\u2026\",\"source_name\":\"ODEPA\",\"source_url\":\"https:\\\/\\\/www.odepa.gob.cl\\\/\"},{\"title\":\"Ficha de costo del repollo, Regi\\u00f3n de Valpara\\u00edso\",\"link\":\"https:\\\/\\\/www.odepa.gob.cl\\\/contenidos-rubro\\\/fichas-de-costo-contenidos-rubro\\\/ficha-de-costo-repollo-region-valparaiso\",\"image\":\"\",\"timestamp\":1784851762,\"excerpt\":\"Se entrega a continuaci\\u00f3n, seg\\u00fan tipo de tecnolog\\u00eda, una estimaci\\u00f3n del costo por hect\\u00e1rea del proceso productivo del repollo. Resumen de \\u00faltima(s) ficha(s): Repollo \\u2013\\u2026\",\"source_name\":\"ODEPA\",\"source_url\":\"https:\\\/\\\/www.odepa.gob.cl\\\/\"},{\"title\":\"Ficha de costo de la lechuga, Regi\\u00f3n de Valpara\\u00edso\",\"link\":\"https:\\\/\\\/www.odepa.gob.cl\\\/contenidos-rubro\\\/fichas-de-costo-contenidos-rubro\\\/ficha-de-costo-lechuga-region-valparaiso\",\"image\":\"\",\"timestamp\":1784851133,\"excerpt\":\"Se entrega a continuaci\\u00f3n, seg\\u00fan tipo de tecnolog\\u00eda, una estimaci\\u00f3n del costo por hect\\u00e1rea del proceso productivo de la lechuga. Resumen de \\u00faltima(s) ficha(s): Lechuga\\u2026\",\"source_name\":\"ODEPA\",\"source_url\":\"https:\\\/\\\/www.odepa.gob.cl\\\/\"},{\"title\":\"Ficha de costo del choclo \\u2013 ma\\u00edz dulce, Regi\\u00f3n de Valpara\\u00edso\",\"link\":\"https:\\\/\\\/www.odepa.gob.cl\\\/contenidos-rubro\\\/fichas-de-costo-contenidos-rubro\\\/ficha-de-costo-choclo-region-valparaiso\",\"image\":\"\",\"timestamp\":1784850218,\"excerpt\":\"Se entrega a continuaci\\u00f3n, seg\\u00fan tipo de tecnolog\\u00eda, una estimaci\\u00f3n del costo por hect\\u00e1rea del proceso productivo del choclo. Resumen de \\u00faltima(s) ficha(s): Choclo \\u2013\\u2026\",\"source_name\":\"ODEPA\",\"source_url\":\"https:\\\/\\\/www.odepa.gob.cl\\\/\"},{\"title\":\"Ficha de costo: Ajo, regi\\u00f3n del Libertador General Bernardo O\\u2019Higgins\",\"link\":\"https:\\\/\\\/www.odepa.gob.cl\\\/contenidos-rubro\\\/fichas-de-costo-contenidos-rubro\\\/ficha-de-costo-ajo-region-bernardo-ohiggins\",\"image\":\"\",\"timestamp\":1784847909,\"excerpt\":\"Se entrega a continuaci\\u00f3n, seg\\u00fan tipo de tecnolog\\u00eda, una estimaci\\u00f3n del costo por hect\\u00e1rea del proceso productivo del ajo. Resumen de \\u00faltima(s) ficha(s): Ajo \\u2013\\u2026\",\"source_name\":\"ODEPA\",\"source_url\":\"https:\\\/\\\/www.odepa.gob.cl\\\/\"},{\"title\":\"Ficha de costo: Tomate, regi\\u00f3n del Libertador General Bernardo O\\u2019Higgins\",\"link\":\"https:\\\/\\\/www.odepa.gob.cl\\\/contenidos-rubro\\\/fichas-de-costo-contenidos-rubro\\\/ficha-de-costo-tomate-region-bernardo-ohiggins\",\"image\":\"\",\"timestamp\":1784843830,\"excerpt\":\"Se entrega a continuaci\\u00f3n, seg\\u00fan tipo de tecnolog\\u00eda, una estimaci\\u00f3n del costo por hect\\u00e1rea del proceso productivo del tomate. Resumen de \\u00faltima(s) ficha(s): Tomate \\u2013\\u2026\",\"source_name\":\"ODEPA\",\"source_url\":\"https:\\\/\\\/www.odepa.gob.cl\\\/\"},{\"title\":\"Bolet\\u00edn de empleo, julio 2026\",\"link\":\"https:\\\/\\\/www.odepa.gob.cl\\\/publicaciones\\\/boletines\\\/boletin-de-empleo-julio-2026\",\"image\":\"\",\"timestamp\":1784841397,\"excerpt\":\"Este bolet\\u00edn tiene como objetivo poner a disposici\\u00f3n informaci\\u00f3n estad\\u00edstica respecto a las cifras de empleo y evoluci\\u00f3n del mercado laboral nacional del sector silvoagropecuario\\u2026\",\"source_name\":\"ODEPA\",\"source_url\":\"https:\\\/\\\/www.odepa.gob.cl\\\/\"},{\"title\":\"SERNAGEOMIN e INIA: nueva alianza estrat\\u00e9gica para fortalecer la gesti\\u00f3n territorial y el uso de informaci\\u00f3n cient\\u00edfica\",\"link\":\"https:\\\/\\\/www.inia.cl\\\/2026\\\/07\\\/23\\\/sernageomin-e-inia-nueva-alianza-estrategica-para-fortalecer-la-gestion-territorial-y-el-uso-de-informacion-cientifica\\\/\",\"image\":\"\",\"timestamp\":1784822930,\"excerpt\":\"Con el prop\\u00f3sito de identificar oportunidades de colaboraci\\u00f3n y fortalecer el trabajo interinstitucional, representantes del Servicio Nacional de Geolog\\u00eda y Miner\\u00eda (SERNAGEOMIN)y del Instituto de\\u2026\",\"source_name\":\"INIA Chile\",\"source_url\":\"https:\\\/\\\/www.inia.cl\\\/\"},{\"title\":\"Seremi de Ciencia visita INIA Carillanca y conoce investigaciones que impulsan la innovaci\\u00f3n y el desarrollo sostenible del agro\",\"link\":\"https:\\\/\\\/www.inia.cl\\\/2026\\\/07\\\/22\\\/seremi-de-ciencia-visita-inia-carillanca-y-conoce-investigaciones-que-impulsan-la-innovacion-y-el-desarrollo-sostenible-del-agro\\\/\",\"image\":\"\",\"timestamp\":1784733764,\"excerpt\":\"INIA Carillanca recibi\\u00f3 la visita de la seremi de Ciencia, Tecnolog\\u00eda, Conocimiento e Innovaci\\u00f3n (CTCI), Saray Salazar, quien estuvo acompa\\u00f1ada por sus asesores Alejandro A\\u00f1azco\\u2026\",\"source_name\":\"INIA Chile\",\"source_url\":\"https:\\\/\\\/www.inia.cl\\\/\"},{\"title\":\"Catastro Nacional Da\\u00f1os Agr\\u00edcolas Temporal Julio 2026\",\"link\":\"https:\\\/\\\/fedefruta.cl\\\/2026\\\/07\\\/20\\\/cuestionario\\\/\",\"image\":\"\",\"timestamp\":1784574172,\"excerpt\":\"Los da\\u00f1os causados por el temporal Julio 2026 son complejos, aunque aun debemos medirlos, para identificar y cuantificar los da\\u00f1os a los agricultores, te invitamos\\u2026\",\"source_name\":\"Fedefruta\",\"source_url\":\"https:\\\/\\\/fedefruta.cl\\\/\"},{\"title\":\"Estudio de la distribuci\\u00f3n de los terrenos productivos no trabajados en Chile: Un an\\u00e1lisis basado en el Censo Agropecuario 2021\",\"link\":\"https:\\\/\\\/www.odepa.gob.cl\\\/publicaciones\\\/articulos\\\/distribucion-terrenos-productivos-no-trabajados-en-chile-analisis-basado-en-censo-agropecuario-2021\",\"image\":\"\",\"timestamp\":1784318862,\"excerpt\":\"En este estudio se caracteriz\\u00f3 la superficie de terrenos productivos no trabajados en Chile a partir de microdatos del Censo Agropecuario y Forestal 2021, incorporando\\u2026\",\"source_name\":\"ODEPA\",\"source_url\":\"https:\\\/\\\/www.odepa.gob.cl\\\/\"},{\"title\":\"INIA Remehue constituye su Consejo Asesor Externo para trazar su hoja de ruta\",\"link\":\"https:\\\/\\\/www.inia.cl\\\/2026\\\/07\\\/17\\\/inia-remehue-constituye-su-consejo-asesor-externo-para-trazar-su-hoja-de-ruta\\\/\",\"image\":\"https:\\\/\\\/www.inia.cl\\\/wp-content\\\/uploads\\\/2026\\\/07\\\/IMG_1423-300x225.jpeg\",\"timestamp\":1784307203,\"excerpt\":\"Representantes del sector productivo, servicios p\\u00fablicos y la academia se reunieron en la primera sesi\\u00f3n para acordar metas y estrategias que orienten el trabajo de\\u2026\",\"source_name\":\"INIA Chile\",\"source_url\":\"https:\\\/\\\/www.inia.cl\\\/\"},{\"title\":\"Productores de Los Lagos agregan valor a la carne ovina con elaboraci\\u00f3n de jam\\u00f3n serrano\",\"link\":\"https:\\\/\\\/www.fia.cl\\\/productores-de-los-lagos-agregan-valor-a-la-carne-ovina-con-elaboracion-de-jamon-serrano\\\/\",\"image\":\"\",\"timestamp\":1784303088,\"excerpt\":\"El segundo taller de charcuter\\u00eda del proyecto ejecutado por INIA y apoyado por FIA permiti\\u00f3 a los participantes perfeccionar la elaboraci\\u00f3n de jam\\u00f3n serrano de\\u2026\",\"source_name\":\"FIA\",\"source_url\":\"https:\\\/\\\/www.fia.cl\\\/\"},{\"title\":\"Bolet\\u00edn semanal de Precios Asociaci\\u00f3n Gremial de Ferias Ganaderas\",\"link\":\"https:\\\/\\\/www.odepa.gob.cl\\\/contenidos-rubro\\\/boletines-del-rubro\\\/boletin-semanal-de-precios-asoc-gremial-de-ferias-ganaderas\",\"image\":\"https:\\\/\\\/www.odepa.gob.cl\\\/wp-content\\\/uploads\\\/2018\\\/02\\\/AdobeReader.gif\",\"timestamp\":1784280031,\"excerpt\":\"Bolet\\u00edn semanal de precios de bovinas, cerdos, lanares y caballares de la Asociaci\\u00f3n gremial de Ferias Ganaderas, incluye promedio de los 5 primeros precios ponderado\\u2026\",\"source_name\":\"ODEPA\",\"source_url\":\"https:\\\/\\\/www.odepa.gob.cl\\\/\"},{\"title\":\"Fedefruta valora avances para eliminar cobro de hora punta que perjudica al agro\",\"link\":\"https:\\\/\\\/fedefruta.cl\\\/2026\\\/07\\\/15\\\/fedefruta-valora-avances-para-eliminar-cobro-de-hora-punta-que-perjudica-al-agro\\\/\",\"image\":\"\",\"timestamp\":1784140363,\"excerpt\":\"El gremio frut\\u00edcola destac\\u00f3 que la medida permitir\\u00eda reducir costos, evitar p\\u00e9rdidas productivas y utilizar el agua de riego en los horarios en que realmente\\u2026\",\"source_name\":\"Fedefruta\",\"source_url\":\"https:\\\/\\\/fedefruta.cl\\\/\"},{\"title\":\"Ministro de Agricultura conmemora el D\\u00eda Mundial del Desarrollo Rural y destaca la conectividad digital como motor del desarrollo de los territorios\",\"link\":\"https:\\\/\\\/www.odepa.gob.cl\\\/publicaciones\\\/noticias\\\/agro-en-la-prensa\\\/ministro-de-agricultura-conmemora-el-dia-mundial-del-desarrollo-rural-y-destaca-la-conectividad-digital-como-motor-del-desarrollo-de-los-territorios\",\"image\":\"\",\"timestamp\":1784064154,\"excerpt\":\"En la Regi\\u00f3n de \\u00d1uble, el ministro Jaime Campos encabez\\u00f3 la conmemoraci\\u00f3n del D\\u00eda Mundial del Desarrollo Rural, relev\\u00f3 los avances de la Pol\\u00edtica Nacional\\u2026\",\"source_name\":\"ODEPA\",\"source_url\":\"https:\\\/\\\/www.odepa.gob.cl\\\/\"},{\"title\":\"INIA refuerza colaboraci\\u00f3n con sector forestal e inicia proyecto para manejar plaga que afecta exportaciones de madera\",\"link\":\"https:\\\/\\\/www.inia.cl\\\/2026\\\/07\\\/14\\\/inia-refuerza-colaboracion-con-sector-forestal-e-inicia-proyecto-para-manejar-plaga-que-afecta-exportaciones-de-madera\\\/\",\"image\":\"https:\\\/\\\/www.inia.cl\\\/wp-content\\\/uploads\\\/2026\\\/07\\\/Foto-3-300x225.jpg\",\"timestamp\":1784054748,\"excerpt\":\"Durante visita a Los \\u00c1ngeles, el director nacional del Instituto de Investigaciones Agropecuarias (INIA), Carlos Furche, destac\\u00f3 la alianza de m\\u00e1s de dos d\\u00e9cadas con\\u2026\",\"source_name\":\"INIA Chile\",\"source_url\":\"https:\\\/\\\/www.inia.cl\\\/\"},{\"title\":\"Chile invertir\\u00e1 USD 39 millones en una alianza p\\u00fablico-privada para masificar la agricultura y ganader\\u00eda regenerativa\",\"link\":\"https:\\\/\\\/www.odepa.gob.cl\\\/publicaciones\\\/noticias\\\/agro-en-la-prensa\\\/chile-invertira-usd-39-millones-en-una-alianza-publico-privada-para-masificar-la-agricultura-y-ganaderia-regenerativa\",\"image\":\"\",\"timestamp\":1784049291,\"excerpt\":\"La iniciativa liderada por el Ministerio de Agricultura, con la asistencia t\\u00e9cnica de la FAO y el financiamiento del GEF, moviliza a m\\u00e1s de 30\\u2026\",\"source_name\":\"ODEPA\",\"source_url\":\"https:\\\/\\\/www.odepa.gob.cl\\\/\"},{\"title\":\"Agricultores fortalecen su gesti\\u00f3n del agua con ciencia y apoyo t\\u00e9cnico\",\"link\":\"https:\\\/\\\/www.inia.cl\\\/2026\\\/07\\\/14\\\/agricultores-fortalecen-su-gestion-del-agua-con-ciencia-y-apoyo-tecnico\\\/\",\"image\":\"https:\\\/\\\/www.inia.cl\\\/wp-content\\\/uploads\\\/2026\\\/07\\\/Jornada-Difusion-de-Instrumentos-MINAGRI-3-300x225.jpg\",\"timestamp\":1784044900,\"excerpt\":\"La jornada realizada en la localidad de Totoral mostr\\u00f3 a agricultores c\\u00f3mo interpretar el suelo y los olivos para enfrentar la sequ\\u00eda y la salinidad\\u2026\",\"source_name\":\"INIA Chile\",\"source_url\":\"https:\\\/\\\/www.inia.cl\\\/\"},{\"title\":\"INIA Intihuasi entrega recomendaciones para reducir el impacto de las lluvias en predios agr\\u00edcolas y ganaderos\",\"link\":\"https:\\\/\\\/www.inia.cl\\\/2026\\\/07\\\/14\\\/inia-intihuasi-entrega-recomendaciones-para-reducir-el-impacto-de-las-lluvias-en-predios-agricolas-y-ganaderos\\\/\",\"image\":\"https:\\\/\\\/www.inia.cl\\\/wp-content\\\/uploads\\\/2026\\\/07\\\/WhatsApp-Image-2026-07-13-at-15.46.17-300x225.jpeg\",\"timestamp\":1784044505,\"excerpt\":\"Ante el pron\\u00f3stico de precipitaciones para las regiones de Atacama y Coquimbo, especialistas llaman a preparar con anticipaci\\u00f3n los predios, resguardar la infraestructura y adoptar\\u2026\",\"source_name\":\"INIA Chile\",\"source_url\":\"https:\\\/\\\/www.inia.cl\\\/\"},{\"title\":\"Minagri fortalece la gesti\\u00f3n del riesgo agropecuario en la antesala de sistema frontal que podr\\u00eda afectar a zonas rurales y de producci\\u00f3n agr\\u00edcola\",\"link\":\"https:\\\/\\\/www.odepa.gob.cl\\\/publicaciones\\\/noticias\\\/agro-en-la-prensa\\\/minagri-fortalece-la-gestion-del-riesgo-agropecuario-en-la-antesala-de-sistema-frontal-que-podria-afectar-a-zonas-rurales-y-de-produccion-agricola\",\"image\":\"\",\"timestamp\":1783969985,\"excerpt\":\"Ante la posibilidad de que se manifieste el fen\\u00f3meno El Ni\\u00f1o con una alta intensidad, el Ministerio de Agricultura ha reforzado su preparaci\\u00f3n para proteger\\u2026\",\"source_name\":\"ODEPA\",\"source_url\":\"https:\\\/\\\/www.odepa.gob.cl\\\/\"},{\"title\":\"Periodista de INIA recibe reconocimiento por su trayectoria en el periodismo institucional y cient\\u00edfico\",\"link\":\"https:\\\/\\\/www.inia.cl\\\/2026\\\/07\\\/13\\\/periodista-de-inia-recibe-reconocimiento-por-su-trayectoria-en-el-periodismo-institucional-y-cientifico\\\/\",\"image\":\"\",\"timestamp\":1783960396,\"excerpt\":\"En el marco de la reciente conmemoraci\\u00f3n del D\\u00eda del Periodista, el Colegio de Periodistas de Chile, Consejo Regional Araucan\\u00eda, COMUNICA y la Municipalidad de\\u2026\",\"source_name\":\"INIA Chile\",\"source_url\":\"https:\\\/\\\/www.inia.cl\\\/\"},{\"title\":\"Impulsan producci\\u00f3n y rescate de alfalfa Alta Sierra: una semilla ancestral que sustenta la ganader\\u00eda del desierto de Chile\",\"link\":\"https:\\\/\\\/www.inia.cl\\\/2026\\\/07\\\/13\\\/impulsan-produccion-y-rescate-de-alfalfa-alta-sierra-una-semilla-ancestral-que-sustenta-la-ganaderia-del-desierto-de-chile\\\/\",\"image\":\"https:\\\/\\\/www.inia.cl\\\/wp-content\\\/uploads\\\/2026\\\/07\\\/La-alfalfa-Alta-Sierra-es-un-tesoro-genetico-de-mas-de-300-anos-adaptado-al-clima-extremo-de-Arica-y-Parinacota-225x300.jpeg\",\"timestamp\":1783949861,\"excerpt\":\"Durante dos a\\u00f1os, INIA liderar\\u00e1 investigaciones para rescatar, conservar y multiplicar \\u201cAlta Sierra\\u201d, un ecotipo ancestral de alfalfa y seleccionada por agricultores de la Regi\\u00f3n\\u2026\",\"source_name\":\"INIA Chile\",\"source_url\":\"https:\\\/\\\/www.inia.cl\\\/\"},{\"title\":\"Ensayos en predios de productores entregan informaci\\u00f3n para mejorar la recr\\u00eda bovina en la zona h\\u00fameda de Ays\\u00e9n\",\"link\":\"https:\\\/\\\/www.inia.cl\\\/2026\\\/07\\\/13\\\/ensayos-en-predios-de-productores-entregan-informacion-para-mejorar-la-recria-bovina-en-la-zona-humeda-de-aysen\\\/\",\"image\":\"https:\\\/\\\/www.inia.cl\\\/wp-content\\\/uploads\\\/2026\\\/07\\\/GET-La-Junta-150x150.jpg\",\"timestamp\":1783946551,\"excerpt\":\"Conocer en terreno qu\\u00e9 estrategias permiten mejorar la productividad y rentabilidad de los sistemas ganaderos es uno de los principales objetivos del proyecto \\u201cPotenciando la\\u2026\",\"source_name\":\"INIA Chile\",\"source_url\":\"https:\\\/\\\/www.inia.cl\\\/\"},{\"title\":\"Precios diarios internacionales de productos b\\u00e1sicos\",\"link\":\"https:\\\/\\\/www.odepa.gob.cl\\\/publicaciones\\\/boletines\\\/precios-diarios-internacionales-de-productos-basicos\",\"image\":\"https:\\\/\\\/www.odepa.gob.cl\\\/wp-content\\\/uploads\\\/2018\\\/02\\\/AdobeReader.gif\",\"timestamp\":1783929937,\"excerpt\":\"Esta publicaci\\u00f3n se actualiza diariamente y presenta los precios internacionales de productos b\\u00e1sicos (trigo, ma\\u00edz, arroz, otros granos, aceites, az\\u00facar). El informe incluye los valores\\u2026\",\"source_name\":\"ODEPA\",\"source_url\":\"https:\\\/\\\/www.odepa.gob.cl\\\/\"},{\"title\":\"Con IA y datos clim\\u00e1ticos buscar\\u00e1n reducir hasta en 60 % el impacto de Drosophila suzukii en berries chilenos\",\"link\":\"https:\\\/\\\/www.inia.cl\\\/2026\\\/07\\\/10\\\/con-ia-y-datos-climaticos-buscaran-reducir-hasta-en-60-el-impacto-de-drosophila-suzukii-en-berries-chilenos\\\/\",\"image\":\"https:\\\/\\\/www.inia.cl\\\/wp-content\\\/uploads\\\/2026\\\/07\\\/Imagen-IA-Drosophila-suzukii-sobre-arandano-300x224.png\",\"timestamp\":1783708368,\"excerpt\":\"Investigadores de INIA Quilamapu dieron inicio a innovador proyecto que \\u2014con el apoyo de FIA y la participaci\\u00f3n de Chile Alimentos\\u2014 desarrollar\\u00e1 un sistema de\\u2026\",\"source_name\":\"INIA Chile\",\"source_url\":\"https:\\\/\\\/www.inia.cl\\\/\"},{\"title\":\"Gran inter\\u00e9s gener\\u00f3 workshop participativo de INIA Remehue y la Universidad Estatal de Michigan\",\"link\":\"https:\\\/\\\/www.inia.cl\\\/2026\\\/07\\\/10\\\/gran-interes-genero-workshop-participativo-de-inia-remehue-y-la-universidad-estatal-de-michigan\\\/\",\"image\":\"https:\\\/\\\/www.diariolechero.cl\\\/files\\\/ck_6a500ef00220f.webp\",\"timestamp\":1783700800,\"excerpt\":\"La iniciativa, que reuni\\u00f3 a decenas de profesionales del sector lechero, se dio en el marco de un programa colaborativo internaconal. Un gran inter\\u00e9s gener\\u00f3\\u2026\",\"source_name\":\"INIA Chile\",\"source_url\":\"https:\\\/\\\/www.inia.cl\\\/\"},{\"title\":\"En INIA Remehue: Ministerio de Agricultura reactiva mesa regional de la papa\",\"link\":\"https:\\\/\\\/www.inia.cl\\\/2026\\\/07\\\/10\\\/en-inia-remehue-ministerio-de-agricultura-reactiva-mesa-regional-de-la-papa\\\/\",\"image\":\"\",\"timestamp\":1783700565,\"excerpt\":\"Entre sus primeras iniciativas est\\u00e1 la presentaci\\u00f3n de una solicitud para impulsar y establecer un D\\u00eda Nacional de la Papa que promueva el consumo, la\\u2026\",\"source_name\":\"INIA Chile\",\"source_url\":\"https:\\\/\\\/www.inia.cl\\\/\"},{\"title\":\"INIA y FIA fortalecen capacidades para el manejo del olivo con taller de poda en La Araucan\\u00eda\",\"link\":\"https:\\\/\\\/www.fia.cl\\\/inia-y-fia-fortalecen-capacidades-para-el-manejo-del-olivo-con-taller-de-poda-en-la-araucania\\\/\",\"image\":\"https:\\\/\\\/www.fia.cl\\\/wp-content\\\/uploads\\\/2026\\\/07\\\/image-36.png\",\"timestamp\":1783699872,\"excerpt\":\"La jornada incluy\\u00f3 una fase pr\\u00e1ctica en terreno, donde los participantes conocieron distintas t\\u00e9cnicas de poda, resolvieron dudas con especialistas y fortalecieron la adopci\\u00f3n de\\u2026\",\"source_name\":\"FIA\",\"source_url\":\"https:\\\/\\\/www.fia.cl\\\/\"},{\"title\":\"Gobierno anuncia flexibilizaci\\u00f3n migratoria para facilitar contrataciones agr\\u00edcolas de temporada\",\"link\":\"https:\\\/\\\/fedefruta.cl\\\/2026\\\/07\\\/10\\\/gobierno-anuncia-flexibilizacion-migratoria-para-facilitar-contrataciones-agricolas-de-temporada\\\/\",\"image\":\"\",\"timestamp\":1783690842,\"excerpt\":\"El Servicio Nacional de Migraciones (SERMIG) modificar\\u00e1 el Decreto N\\u00b0177 para agilizar los tr\\u00e1mites de trabajadores extranjeros \\u2014especialmente bolivianos\\u2014 ampliando su permanencia anual a diez\\u2026\",\"source_name\":\"Fedefruta\",\"source_url\":\"https:\\\/\\\/fedefruta.cl\\\/\"},{\"title\":\"Mujeres Agroinnovadoras 2025: FIA reconoce liderazgos que est\\u00e1n transformando el agro chileno desde cada regi\\u00f3n\",\"link\":\"https:\\\/\\\/www.fia.cl\\\/mujeres-agroinnovadoras-2025-fia-reconoce-liderazgos-que-estan-transformando-el-agro-chileno-desde-cada-region\\\/\",\"image\":\"https:\\\/\\\/www.fia.cl\\\/wp-content\\\/uploads\\\/2026\\\/07\\\/image-33.png\",\"timestamp\":1783610980,\"excerpt\":\"Agricultoras, emprendedoras, investigadoras, acad\\u00e9micas y profesionales conforman la generaci\\u00f3n 2025 de Mujeres Agroinnovadoras, reconocimiento que FIA entrega en todo el pa\\u00eds para visibilizar el liderazgo\\u2026\",\"source_name\":\"FIA\",\"source_url\":\"https:\\\/\\\/www.fia.cl\\\/\"},{\"title\":\"Resumen #MiercolesOnline \\u00abAn\\u00e1lisis Temporada Uva de Mesa, Producci\\u00f3n, Log\\u00edstica y Desaf\\u00edos de Comercializaci\\u00f3n\\u00bb\",\"link\":\"https:\\\/\\\/fedefruta.cl\\\/2026\\\/07\\\/08\\\/resumen-miercolesonline-analisis-temporada-uva-de-mesa-produccion-logistica-y-desafios-de-comercializacion\\\/\",\"image\":\"\",\"timestamp\":1783532100,\"excerpt\":\"A continuaci\\u00f3n se presenta el resumen de los puntos m\\u00e1s importantes expuestos por Rafael Rodr\\u00edguez Alonso (Uva Nova) durante el #MiercolesOnline de Fedefruta del 8\\u2026\",\"source_name\":\"Fedefruta\",\"source_url\":\"https:\\\/\\\/fedefruta.cl\\\/\"},{\"title\":\"D\\u00eda Mundial de la Conservaci\\u00f3n del Suelo: FIA impulsa innovaci\\u00f3n para fortalecer la biodiversidad y los suelos\",\"link\":\"https:\\\/\\\/www.fia.cl\\\/dia-mundial-de-la-conservacion-del-suelo-fia-impulsa-innovacion-para-fortalecer-la-biodiversidad-y-los-suelos\\\/\",\"image\":\"\",\"timestamp\":1783443859,\"excerpt\":\"El proyecto \\u0022Implementaci\\u00f3n de un modelo basado en Ecostacking\\u0022, apoyado por FIA y desarrollado por BIOCEA, busca demostrar que recuperar la biodiversidad puede mejorar la\\u2026\",\"source_name\":\"FIA\",\"source_url\":\"https:\\\/\\\/www.fia.cl\\\/\"},{\"title\":\"#Miercolesonline #08deJulio2026 #10:00hrs\",\"link\":\"https:\\\/\\\/fedefruta.cl\\\/2026\\\/07\\\/02\\\/miercolesonline-08dejulio2026-1000hrs\\\/\",\"image\":\"https:\\\/\\\/s.w.org\\\/images\\\/core\\\/emoji\\\/17.0.2\\\/72x72\\\/1f5d3.png\",\"timestamp\":1783009163,\"excerpt\":\"Te invitamos cordialmente a nuestro pr\\u00f3ximo #MiercolesOnline enfocado en el cierre, balance y proyecciones de una de las industrias m\\u00e1s din\\u00e1micas del agro actual. An\\u00e1lisis\\u2026\",\"source_name\":\"Fedefruta\",\"source_url\":\"https:\\\/\\\/fedefruta.cl\\\/\"},{\"title\":\"FIA reuni\\u00f3 experiencias internacionales para fortalecer la innovaci\\u00f3n en cooperativas agroalimentarias\",\"link\":\"https:\\\/\\\/www.fia.cl\\\/fia-reunio-experiencias-internacionales-para-fortalecer-la-innovacion-en-cooperativas-agroalimentarias\\\/\",\"image\":\"https:\\\/\\\/www.fia.cl\\\/wp-content\\\/uploads\\\/2026\\\/07\\\/image.png\",\"timestamp\":1782927636,\"excerpt\":\"El 5\\u00b0 Seminario Internacional \\u0022Experiencias y estrategias de innovaci\\u00f3n para el modelo cooperativo\\u0022 reuni\\u00f3 a representantes de Chile, Argentina, Costa Rica y Guatemala para compartir\\u2026\",\"source_name\":\"FIA\",\"source_url\":\"https:\\\/\\\/www.fia.cl\\\/\"},{\"title\":\"FIA abre segunda etapa de su Convocatoria Nacional 2026 para impulsar la validaci\\u00f3n y escalamiento de innovaciones para el agro\",\"link\":\"https:\\\/\\\/www.fia.cl\\\/fia-abre-segunda-etapa-de-su-convocatoria-nacional-2026-para-impulsar-la-validacion-y-escalamiento-de-innovaciones-para-el-agro\\\/\",\"image\":\"\",\"timestamp\":1782857892,\"excerpt\":\"El anuncio fue realizado por el director ejecutivo de FIA, Andr\\u00e9s G\\u00e1lmez, junto al seremi de Agricultura, Carlos Vald\\u00e9s, en la empresa Agri Marine Terra,\\u2026\",\"source_name\":\"FIA\",\"source_url\":\"https:\\\/\\\/www.fia.cl\\\/\"},{\"title\":\"FIA impulsa en el Maule la b\\u00fasqueda de innovaciones para el Agro del Futuro en el Premio Avonni 2026\",\"link\":\"https:\\\/\\\/www.fia.cl\\\/fia-impulsa-en-el-maule-la-busqueda-de-innovaciones-para-el-agro-del-futuro-en-el-premio-avonni-2026\\\/\",\"image\":\"https:\\\/\\\/www.fia.cl\\\/wp-content\\\/uploads\\\/2026\\\/06\\\/image-4.jpeg\",\"timestamp\":1782142633,\"excerpt\":\"En el lanzamiento regional del certamen realizado en Talca, FIA destac\\u00f3 su rol como impulsora de la categor\\u00eda \\u201cAgro del Futuro\\u201d, que reconoce innovaciones para\\u2026\",\"source_name\":\"FIA\",\"source_url\":\"https:\\\/\\\/www.fia.cl\\\/\"},{\"title\":\"Innovaci\\u00f3n con sello regional: autoridades destacan a SynergiaBIO, empresa apoyada por FIA y referente en innovaci\\u00f3n agr\\u00edcola\",\"link\":\"https:\\\/\\\/www.fia.cl\\\/innovacion-con-sello-regional-autoridades-destacan-a-synergiabio-empresa-apoyada-por-fia-y-referente-en-innovacion-agricola\\\/\",\"image\":\"https:\\\/\\\/www.fia.cl\\\/wp-content\\\/uploads\\\/2026\\\/06\\\/image-3.jpeg\",\"timestamp\":1782142287,\"excerpt\":\"Con una agenda centrada en la innovaci\\u00f3n agroalimentaria, el subsecretario de Agricultura, Francesco Venezian, y el director ejecutivo de FIA, Andr\\u00e9s G\\u00e1lmez, visitaron las instalaciones\\u2026\",\"source_name\":\"FIA\",\"source_url\":\"https:\\\/\\\/www.fia.cl\\\/\"},{\"title\":\"Papaya chilena da un salto a la cosm\\u00e9tica gracias a innovadora biotecnolog\\u00eda\",\"link\":\"https:\\\/\\\/www.fia.cl\\\/papaya-chilena-da-un-salto-a-la-cosmetica-gracias-a-innovadora-biotecnologia-en-la-region-de-coquimbo\\\/\",\"image\":\"\",\"timestamp\":1781884395,\"excerpt\":\"Un residuo de la papaya chilena, tradicionalmente descartado en los procesos productivos, fue transformado en un ingrediente cosm\\u00e9tico bioactivo de alto valor agregado, en el\\u2026\",\"source_name\":\"FIA\",\"source_url\":\"https:\\\/\\\/www.fia.cl\\\/\"},{\"title\":\"Resumen #MiercolesOnline Ley de Desalinizaci\\u00f3n \\u0026 Seguros para Enfrentar Ni\\u00f1o Godzilla 17 de Junio 2026\",\"link\":\"https:\\\/\\\/fedefruta.cl\\\/2026\\\/06\\\/17\\\/resumen-miercolesonline-ley-de-desalinizacion-seguros-para-enfrentar-nino-godzilla-17-de-junio-2026\\\/\",\"image\":\"\",\"timestamp\":1781708640,\"excerpt\":\"1. Ley de Desalinizaci\\u00f3n y Gesti\\u00f3n de Recursos H\\u00eddricos Exposici\\u00f3n de Nicol\\u00e1s Suazo (abogado especialista en Derecho de Agua) Experto Nicolas Suazo, Estudio Jur\\u00eddico Garnham.\\u2026\",\"source_name\":\"Fedefruta\",\"source_url\":\"https:\\\/\\\/fedefruta.cl\\\/\"},{\"title\":\"Facultad de Ciencias Agron\\u00f3micas certific\\u00f3 a profesionales en Diplomado de Extensi\\u00f3n en Fruticultura Sostenible\",\"link\":\"https:\\\/\\\/fedefruta.cl\\\/2026\\\/06\\\/15\\\/certificaciondiplomadouchile\\\/\",\"image\":\"https:\\\/\\\/fedefruta.cl\\\/wp-content\\\/uploads\\\/2026\\\/06\\\/image-1024x682.png\",\"timestamp\":1781479229,\"excerpt\":\"La ceremonia de clausura de la primera versi\\u00f3n del Diplomado de Extensi\\u00f3n en Fruticultura Sostenible, desarrollado por la Facultad de Ciencias Agron\\u00f3micas de la Universidad\\u2026\",\"source_name\":\"Fedefruta\",\"source_url\":\"https:\\\/\\\/fedefruta.cl\\\/\"},{\"title\":\"Resumen #MiercolesOnline Radar del Agua 03\\\/06\\\/2026\",\"link\":\"https:\\\/\\\/fedefruta.cl\\\/2026\\\/06\\\/03\\\/resumen-miercoles-online-radar-del-agua\\\/\",\"image\":\"\",\"timestamp\":1780502460,\"excerpt\":\"El presente informe resume las alertas cr\\u00edticas y novedades regulatorias en materia de recursos h\\u00eddricos basado en la actualizaci\\u00f3n t\\u00e9cnica de junio de 2026. ESTUDIO\\u2026\",\"source_name\":\"Fedefruta\",\"source_url\":\"https:\\\/\\\/fedefruta.cl\\\/\"},{\"title\":\"Recordatorio Asamblea Fedefruta FG 09 de Junio 2026\",\"link\":\"https:\\\/\\\/fedefruta.cl\\\/2026\\\/06\\\/01\\\/asamblea-fedefruta-fg\\\/\",\"image\":\"\",\"timestamp\":1780345920,\"excerpt\":\"Estimado Socio, le recordamos la Asamblea Fedefruta FG para el d\\u00eda 09 de Junio de 2026, detalle; Asamblea Ordinaria a las 11:00 hrs Asamblea Extraordinaria\\u2026\",\"source_name\":\"Fedefruta\",\"source_url\":\"https:\\\/\\\/fedefruta.cl\\\/\"},{\"title\":\"Nosotros\",\"link\":\"https:\\\/\\\/fedefruta.cl\\\/2026\\\/06\\\/01\\\/nosotros\\\/\",\"image\":\"\",\"timestamp\":1780269811,\"excerpt\":\"La Federaci\\u00f3n de Productores de Frutas de Chile se compone por las siguientes organizaciones a lo largo del pais, entre ellas: FEDEFRUTA FEDERACI\\u00d3N GREMIAL\",\"source_name\":\"Fedefruta\",\"source_url\":\"https:\\\/\\\/fedefruta.cl\\\/\"},{\"title\":\"\\u00a1Hola, mundo!\",\"link\":\"https:\\\/\\\/fedefruta.cl\\\/2026\\\/05\\\/30\\\/hola-mundo\\\/\",\"image\":\"\",\"timestamp\":1780157298,\"excerpt\":\"Te damos la bienvenida a WordPress. Esta es tu primera entrada. Ed\\u00edtala o b\\u00f3rrala, \\u00a1luego empieza a escribir!\",\"source_name\":\"Fedefruta\",\"source_url\":\"https:\\\/\\\/fedefruta.cl\\\/\"}]<\/script>\n\t\t\t\t\t\t\n\t\t\t\t\t\t<div class=\"vnh-more-row\">\n\t\t\t\t\t\t\t<button\n\t\t\t\t\t\t\t\ttype=\"button\"\n\t\t\t\t\t\t\t\tclass=\"vnh-more\"\n\t\t\t\t\t\t\t\tdata-vnh-more\n\t\t\t\t\t\t\t\taria-controls=\"vnh-news-1-panel-chile-feed\"\n\t\t\t\t\t\t\t\thidden\n\t\t\t\t\t\t\t>\n\t\t\t\t\t\t\t\t<span>Ver mais not\u00edcias<\/span>\n\t\t\t\t\t\t\t\t<span class=\"vnh-more-arrow\" aria-hidden=\"true\">\u2193<\/span>\n\t\t\t\t\t\t\t<\/button>\n\t\t\t\t\t\t\t<p class=\"vnh-more-status\" data-vnh-status aria-live=\"polite\"><\/p>\n\t\t\t\t\t\t<\/div>\n\t\t\t\t\t<\/div>\n\t\t\t\t\t\t\t\t\t\t\t\t\t\t\t\t\t\t\t<div\n\t\t\t\t\t\tclass=\"vnh-panel\"\n\t\t\t\t\t\tid=\"vnh-news-1-panel-argentina\"\n\t\t\t\t\t\trole=\"tabpanel\"\n\t\t\t\t\t\taria-labelledby=\"vnh-news-1-tab-argentina\"\n\t\t\t\t\t\tdata-vnh-panel\n\t\t\t\t\t\tdata-vnh-region=\"argentina\"\n\t\t\t\t\t\tdata-vnh-total=\"100\"\n\t\t\t\t\t\tdata-vnh-placeholder=\"https:\/\/clone.vinomatos.com\/wp-content\/plugins\/vinomatos-news-hub\/assets\/images\/news-placeholder.svg\"\n\t\t\t\t\t\tdata-vnh-excerpt-words=\"25\"\n\t\t\t\t\t\t hidden\t\t\t\t\t>\n\t\t\t\t\t\t<div class=\"vnh-feed-shell\" id=\"vnh-news-1-panel-argentina-feed\" data-vnh-feed>\n\t\t\t\t\t\t\t\n<div class=\"vnh-feed-container\" data-vnh-category=\"Argentina\" data-vnh-region=\"argentina\">\n\t\t\t<div class=\"vnh-grid\">\n\t\t\t\t\t<\/div>\n\t<\/div>\n\t\t\t\t\t\t<\/div>\n\t\t\t\t\t\t\t\t\t\t\t\t\t<script type=\"application\/json\" class=\"vnh-more-data\">[{\"title\":\"D\\u00f3lar blue: a cu\\u00e1nto cotizan hoy en Mendoza 29 agosto 2026\",\"link\":\"https:\\\/\\\/www.infocampo.com.ar\\\/dolar-blue-dolar-hoy-dolar-mep-en-mendoza-29-agosto-2026\\\/\",\"image\":\"https:\\\/\\\/www.infocampo.com.ar\\\/wp-content\\\/uploads\\\/2025\\\/04\\\/dolarmep-1024x683.jpg\",\"timestamp\":1788014111,\"excerpt\":\"cu\\u00e1nto est\\u00e1 la cotizaci\\u00f3n del d\\u00f3lar, cotizaci\\u00f3n d\\u00f3lar oficial d\\u00f3lar blue hoy\",\"source_name\":\"Infocampo\",\"source_url\":\"https:\\\/\\\/www.infocampo.com.ar\\\/\"},{\"title\":\"Euro BLUE HOY: precio y cotizaci\\u00f3n de este 29 agosto 2026\",\"link\":\"https:\\\/\\\/www.infocampo.com.ar\\\/euro-blue-euro-hoy-euro-oficial-29-agosto-2026\\\/\",\"image\":\"https:\\\/\\\/www.infocampo.com.ar\\\/wp-content\\\/uploads\\\/2025\\\/05\\\/euro-blue-1024x538.webp\",\"timestamp\":1788014110,\"excerpt\":\"cu\\u00e1nto est\\u00e1 la cotizaci\\u00f3n del Euro blue\",\"source_name\":\"Infocampo\",\"source_url\":\"https:\\\/\\\/www.infocampo.com.ar\\\/\"},{\"title\":\"Precio del ma\\u00edz en Rosario hoy 29 agosto 2026\",\"link\":\"https:\\\/\\\/www.infocampo.com.ar\\\/precio-del-maiz-hoy-29-agosto-2026\\\/\",\"image\":\"https:\\\/\\\/www.infocampo.com.ar\\\/wp-content\\\/uploads\\\/2025\\\/06\\\/precio-del-maiz-1024x538.webp\",\"timestamp\":1788012373,\"excerpt\":\"Todo sobre la cotizaci\\u00f3n de ma\\u00edz, precio en tiempo real.\",\"source_name\":\"Infocampo\",\"source_url\":\"https:\\\/\\\/www.infocampo.com.ar\\\/\"},{\"title\":\"Precio del Trigo en Rosario hoy 29 agosto 2026\",\"link\":\"https:\\\/\\\/www.infocampo.com.ar\\\/precio-del-trigo-hoy-29-agosto-2026\\\/\",\"image\":\"https:\\\/\\\/www.infocampo.com.ar\\\/wp-content\\\/uploads\\\/2025\\\/06\\\/precio-del-trigo-1-1024x538.webp\",\"timestamp\":1788012358,\"excerpt\":\"Todo sobre la cotizaci\\u00f3n del trigo, precio en tiempo real.\",\"source_name\":\"Infocampo\",\"source_url\":\"https:\\\/\\\/www.infocampo.com.ar\\\/\"},{\"title\":\"Precio del Girasol en Rosario hoy 29 agosto 2026\",\"link\":\"https:\\\/\\\/www.infocampo.com.ar\\\/precio-del-girasol-hoy-29-agosto-2026\\\/\",\"image\":\"https:\\\/\\\/www.infocampo.com.ar\\\/wp-content\\\/uploads\\\/2025\\\/05\\\/precio-del-girasol-1024x559.webp\",\"timestamp\":1788012343,\"excerpt\":\"Todo sobre la cotizaci\\u00f3n del Girasol, precio en tiempo real.\",\"source_name\":\"Infocampo\",\"source_url\":\"https:\\\/\\\/www.infocampo.com.ar\\\/\"},{\"title\":\"Precio de la Soja en Rosario hoy 29 agosto 2026\",\"link\":\"https:\\\/\\\/www.infocampo.com.ar\\\/precio-de-la-soja-hoy-29-agosto-2026\\\/\",\"image\":\"https:\\\/\\\/www.infocampo.com.ar\\\/wp-content\\\/uploads\\\/2025\\\/05\\\/soja-dolar-1024x538.webp\",\"timestamp\":1788012331,\"excerpt\":\"Todo sobre la cotizaci\\u00f3n de soja, precio en tiempo real. Pizarra Rosario, cotizaci\\u00f3n de cereales\",\"source_name\":\"Infocampo\",\"source_url\":\"https:\\\/\\\/www.infocampo.com.ar\\\/\"},{\"title\":\"Precio del Sorgo en Rosario hoy 29 agosto 2026\",\"link\":\"https:\\\/\\\/www.infocampo.com.ar\\\/precio-del-sorgo-hoy-29-agosto-2026\\\/\",\"image\":\"https:\\\/\\\/www.infocampo.com.ar\\\/wp-content\\\/uploads\\\/2026\\\/04\\\/precio-del-sorgo-1024x512.webp\",\"timestamp\":1788012319,\"excerpt\":\"Todo sobre la cotizaci\\u00f3n del Sorgo, precio en tiempo real.\",\"source_name\":\"Infocampo\",\"source_url\":\"https:\\\/\\\/www.infocampo.com.ar\\\/\"},{\"title\":\"D\\u00f3lar BLUE: a cu\\u00e1nto cotizan hoy 29 agosto 2026\",\"link\":\"https:\\\/\\\/www.infocampo.com.ar\\\/dolar-blue-a-cuanto-cotizan-hoy-29-agosto-2026\\\/\",\"image\":\"https:\\\/\\\/www.infocampo.com.ar\\\/wp-content\\\/uploads\\\/2025\\\/04\\\/dolarmep-1024x683.jpg\",\"timestamp\":1788009612,\"excerpt\":\"cu\\u00e1nto est\\u00e1 la cotizaci\\u00f3n del d\\u00f3lar, cotizaci\\u00f3n d\\u00f3lar oficial d\\u00f3lar blue hoy\",\"source_name\":\"Infocampo\",\"source_url\":\"https:\\\/\\\/www.infocampo.com.ar\\\/\"},{\"title\":\"D\\u00f3lar blue: a cu\\u00e1nto cotizan hoy en C\\u00f3rdoba 29 agosto 2026\",\"link\":\"https:\\\/\\\/www.infocampo.com.ar\\\/dolar-blue-dolar-hoy-dolar-mep-en-cordoba-29-agosto-2026\\\/\",\"image\":\"https:\\\/\\\/www.infocampo.com.ar\\\/wp-content\\\/uploads\\\/2025\\\/04\\\/dolarmep-1024x683.jpg\",\"timestamp\":1788009015,\"excerpt\":\"cu\\u00e1nto est\\u00e1 la cotizaci\\u00f3n del d\\u00f3lar, cotizaci\\u00f3n d\\u00f3lar oficial d\\u00f3lar blue hoy\",\"source_name\":\"Infocampo\",\"source_url\":\"https:\\\/\\\/www.infocampo.com.ar\\\/\"},{\"title\":\"El \\u201cendeudamiento\\u201d del agro: tom\\u00f3 37% m\\u00e1s cr\\u00e9ditos, con tasas m\\u00e1s altas en pesos y m\\u00e1s bajas en d\\u00f3lares\",\"link\":\"https:\\\/\\\/www.infocampo.com.ar\\\/el-endeudamiento-del-agro-tomo-37-mas-creditos-con-tasas-mas-altas-en-pesos-y-mas-bajas-en-dolares\\\/\",\"image\":\"https:\\\/\\\/www.infocampo.com.ar\\\/wp-content\\\/uploads\\\/2025\\\/03\\\/pesos-y-dolares-1024x584.png\",\"timestamp\":1788004087,\"excerpt\":\"Un informe de Coninagro muestra que la demanda de cr\\u00e9dito de las actividades agropecuarias creci\\u00f3 en unos U$S 3.300 millones en lo que va de\\u2026\",\"source_name\":\"Infocampo\",\"source_url\":\"https:\\\/\\\/www.infocampo.com.ar\\\/\"},{\"title\":\"El Ni\\u00f1o, la chicharrita y el girasol como invitado: se viene un nuevo Congreso Internacional de Ma\\u00edz\",\"link\":\"https:\\\/\\\/www.infocampo.com.ar\\\/el-nino-la-chicharrita-y-el-girasol-como-invitado-se-viene-un-nuevo-congreso-internacional-de-maiz\\\/\",\"image\":\"https:\\\/\\\/www.infocampo.com.ar\\\/wp-content\\\/uploads\\\/2026\\\/08\\\/WhatsApp-Image-2026-08-28-at-16.18.18-1024x584.jpeg\",\"timestamp\":1787998213,\"excerpt\":\"Los pr\\u00f3ximos 30 de septiembre y 1\\u00b0 de octubre, el Centro de Convenciones de C\\u00f3rdoba ser\\u00e1 sede del 5\\u00b0 Congreso Internacional de Ma\\u00edz. Cu\\u00e1les son\\u2026\",\"source_name\":\"Infocampo\",\"source_url\":\"https:\\\/\\\/www.infocampo.com.ar\\\/\"},{\"title\":\"Clima en Mendoza hoy 29 agosto 2026\",\"link\":\"https:\\\/\\\/www.infocampo.com.ar\\\/clima-en-mendoza-hoy-29-agosto-2026\\\/\",\"image\":\"https:\\\/\\\/www.infocampo.com.ar\\\/wp-content\\\/uploads\\\/2025\\\/05\\\/clima-en-mendoza-1024x538.webp\",\"timestamp\":1787994019,\"excerpt\":\"El Servicio Meteorol\\u00f3gico Nacional anticipa el clima para Mendoza, pronostico del tiempo Mendoza\",\"source_name\":\"Infocampo\",\"source_url\":\"https:\\\/\\\/www.infocampo.com.ar\\\/\"},{\"title\":\"Clima en Corrientes hoy 29 agosto 2026\",\"link\":\"https:\\\/\\\/www.infocampo.com.ar\\\/clima-en-corrientes-hoy-29-agosto-2026\\\/\",\"image\":\"https:\\\/\\\/www.infocampo.com.ar\\\/wp-content\\\/uploads\\\/2025\\\/10\\\/clima-en-corrientes-1024x538.webp\",\"timestamp\":1787994018,\"excerpt\":\"El Servicio Meteorol\\u00f3gico Nacional anticipa el clima para Corrientes, Pron\\u00f3stico del tiempo en Corrientes\",\"source_name\":\"Infocampo\",\"source_url\":\"https:\\\/\\\/www.infocampo.com.ar\\\/\"},{\"title\":\"Clima en La Rioja: Claro el pron\\u00f3stico para hoy, 29 de agosto\",\"link\":\"https:\\\/\\\/www.infocampo.com.ar\\\/clima-en-la-rioja-claro-el-pronostico-para-hoy-29-de-agosto\\\/\",\"image\":\"https:\\\/\\\/www.infocampo.com.ar\\\/wp-content\\\/uploads\\\/2025\\\/10\\\/tormenta-nubes-frio-clima-1024x583.jpg\",\"timestamp\":1787994016,\"excerpt\":\"El Servicio Meteorol\\u00f3gico Nacional anticipa el clima para La Rioja, pronostico del tiempo en La Rioja\",\"source_name\":\"Infocampo\",\"source_url\":\"https:\\\/\\\/www.infocampo.com.ar\\\/\"},{\"title\":\"Clima en Tucum\\u00e1n hoy 29 agosto 2026\",\"link\":\"https:\\\/\\\/www.infocampo.com.ar\\\/clima-en-tucuman-hoy-29-agosto-2026\\\/\",\"image\":\"https:\\\/\\\/www.infocampo.com.ar\\\/wp-content\\\/uploads\\\/2025\\\/05\\\/clima-en-tucuman-1024x559.webp\",\"timestamp\":1787994015,\"excerpt\":\"El Servicio Meteorol\\u00f3gico Nacional anticipa el clima para Tucum\\u00e1n, Pron\\u00f3stico del tiempo Tucum\\u00e1n\",\"source_name\":\"Infocampo\",\"source_url\":\"https:\\\/\\\/www.infocampo.com.ar\\\/\"},{\"title\":\"Clima en Buenos aires y pron\\u00f3stico del tiempo hoy 29 agosto 2026\",\"link\":\"https:\\\/\\\/www.infocampo.com.ar\\\/clima-en-buenos-aires-y-pronostico-del-tiempo-hoy-29-agosto-2026\\\/\",\"image\":\"https:\\\/\\\/www.infocampo.com.ar\\\/wp-content\\\/uploads\\\/2025\\\/10\\\/clima-campo-1024x538.webp\",\"timestamp\":1787994014,\"excerpt\":\"El Servicio Meteorol\\u00f3gico Nacional anticipa el Tiempo para Buenos Aires, pronostico del tiempo Buenos Aires\",\"source_name\":\"Infocampo\",\"source_url\":\"https:\\\/\\\/www.infocampo.com.ar\\\/\"},{\"title\":\"Pum para arriba: Los fondos agr\\u00edcolas pasaron a estar \\u201ccomprados hasta la manija\\u201d en ma\\u00edz\",\"link\":\"https:\\\/\\\/bichosdecampo.com\\\/pum-para-arriba-los-fondos-agricolas-pasaron-a-estar-comprados-hasta-la-manija-en-maiz\\\/\",\"image\":\"https:\\\/\\\/bichosdecampo.com\\\/wp-content\\\/uploads\\\/2026\\\/08\\\/fondos-1.png\",\"timestamp\":1787971063,\"excerpt\":\"Los inversores que operan en el CME Group (\\u201cChicago\\u201d) incrementaron esta semana de manera sustancial las \\u201capuestas\\u201d alcistas en ma\\u00edz a niveles \\u201cestratosf\\u00e9ricos\\u201d. El martes\\u2026\",\"source_name\":\"Bichos de Campo\",\"source_url\":\"https:\\\/\\\/bichosdecampo.com\\\/\"},{\"title\":\"Paoltroni desactiva operaciones en Formosa y despide a 50 personas: El senador libertario asegura que el culpable es Gildo Insfr\\u00e1n\",\"link\":\"https:\\\/\\\/bichosdecampo.com\\\/paoltroni-desactiva-operaciones-en-formosa-y-despide-a-50-personas-el-senador-libertario-asegura-que-el-culpable-es-gildo-insfran\\\/\",\"image\":\"\",\"timestamp\":1787969152,\"excerpt\":\"El senador Francisco Paoltroni asegur\\u00f3 en redes sociales que sus empresas dejar\\u00e1n de operar en la provincia de Formosa ante la imposibilidad de seguir trabajando\\u2026\",\"source_name\":\"Bichos de Campo\",\"source_url\":\"https:\\\/\\\/bichosdecampo.com\\\/\"},{\"title\":\"Erize alert\\u00f3 que el valor FOB oficial del trigo argentino est\\u00e1 distorsionado: \\u201cLa situaci\\u00f3n ya dej\\u00f3 de ser sorprendente para tornarse intolerable\\u201d\",\"link\":\"https:\\\/\\\/bichosdecampo.com\\\/erize-alerto-que-el-valor-fob-oficial-del-trigo-argentino-esta-distorsionado-la-situacion-ya-dejo-de-ser-sorprendente-para-tornarse-intolerable\\\/\",\"image\":\"https:\\\/\\\/bichosdecampo.com\\\/wp-content\\\/uploads\\\/2026\\\/08\\\/A3-7.png\",\"timestamp\":1787961524,\"excerpt\":\"En mayo pasado el analista y presidente de N\\u00f3vitas Enrique Erize dijo en el evento \\u201cA Todo Trigo\\u201d que no era descabellado presupuestar un valor\\u2026\",\"source_name\":\"Bichos de Campo\",\"source_url\":\"https:\\\/\\\/bichosdecampo.com\\\/\"},{\"title\":\"Presidente de una c\\u00e1mara que festeja su centenario, Carlos Almiroty integra una familia que tambi\\u00e9n lleva un siglo junto al algod\\u00f3n: Desde all\\u00ed analiza c\\u00f3mo todo cambi\\u00f3 para ese cultivo\",\"link\":\"https:\\\/\\\/bichosdecampo.com\\\/presidente-de-una-camara-que-festeja-su-centenario-carlos-almiroty-integra-una-familia-que-tambien-lleva-un-siglo-junto-al-algodon-desde-alli-analiza-como-todo-cambio-para-ese-cultivo\\\/\",\"image\":\"https:\\\/\\\/bichosdecampo.com\\\/wp-content\\\/uploads\\\/2026\\\/08\\\/100Aniversario-01.jpg\",\"timestamp\":1787949323,\"excerpt\":\"Para el 5 de noviembre pr\\u00f3ximo, la C\\u00e1mara Algodonera Argentina est\\u00e1 preparando un evento para celebrar nada menos que el centenario desde su nacimiento. Semejante\\u2026\",\"source_name\":\"Bichos de Campo\",\"source_url\":\"https:\\\/\\\/bichosdecampo.com\\\/\"},{\"title\":\"Que tren, que tren: Gracias al trabajo conjunto de los dos principales ingenios, logr\\u00f3 reactivarse un viejo ramal del ferrocarril que ser\\u00e1 clave para potenciar las exportaciones de az\\u00facar\",\"link\":\"https:\\\/\\\/bichosdecampo.com\\\/que-tren-que-tren-gracias-al-trabajo-conjunto-de-los-dos-principales-ingenios-logro-reactivarse-un-viejo-ramal-del-ferrocarril-que-sera-clave-para-potenciar-las-exportaciones-de-azucar\\\/\",\"image\":\"https:\\\/\\\/bichosdecampo.com\\\/wp-content\\\/uploads\\\/2026\\\/08\\\/WhatsApp-Image-2026-08-28-at-1.23.49-PM.jpeg\",\"timestamp\":1787947098,\"excerpt\":\"Despu\\u00e9s de permanecer inactivo durante m\\u00e1s de 45 a\\u00f1os, el desv\\u00edo ferroviario del Ingenio Cruz Alta volvi\\u00f3 a ponerse en funcionamiento. La Compa\\u00f1\\u00eda Azucarera Los\\u2026\",\"source_name\":\"Bichos de Campo\",\"source_url\":\"https:\\\/\\\/bichosdecampo.com\\\/\"},{\"title\":\"Por ahora venimos batiendo un r\\u00e9cord hist\\u00f3rico con las exportaciones l\\u00e1cteas: Hasta julio iban creciendo 25% respecto del a\\u00f1o anterior\",\"link\":\"https:\\\/\\\/bichosdecampo.com\\\/por-ahora-venimos-batiendo-un-record-historico-con-las-exportaciones-lacteas-hasta-julio-iban-creciendo-25-respecto-del-ano-anterior\\\/\",\"image\":\"https:\\\/\\\/bichosdecampo.com\\\/wp-content\\\/uploads\\\/2026\\\/08\\\/37170137_100.png\",\"timestamp\":1787944180,\"excerpt\":\"\\u201cEl per\\u00edodo enero-julio de 2026 es r\\u00e9cord hist\\u00f3rico en exportaciones de productos l\\u00e1cteos, tanto en volumen de productos, en d\\u00f3lares recaudados y en litros de\\u2026\",\"source_name\":\"Bichos de Campo\",\"source_url\":\"https:\\\/\\\/bichosdecampo.com\\\/\"},{\"title\":\"La zafra empieza con sabor amargo: El t\\u00e9 se fij\\u00f3 en 110 pesos, casi la mitad de lo que ped\\u00edan los colonos, y la industria concentr\\u00f3 la mayor\\u00eda de los beneficios\",\"link\":\"https:\\\/\\\/bichosdecampo.com\\\/la-zafra-empieza-con-sabor-amargo-el-te-se-fijo-en-110-pesos-casi-la-mitad-de-lo-que-pedian-los-colonos-y-la-industria-concentro-la-mayoria-de-los-beneficios\\\/\",\"image\":\"https:\\\/\\\/bichosdecampo.com\\\/wp-content\\\/uploads\\\/2026\\\/06\\\/Misiones-secadero-yerba-mate-sol-y-lluvia.jpeg\",\"timestamp\":1787938351,\"excerpt\":\"Durante la tarde de este jueves, la Comisi\\u00f3n Provincial del T\\u00e9 (Coprot\\u00e9) se reuni\\u00f3 en la localidad misionera de Campo Viera para acordar los precios\\u2026\",\"source_name\":\"Bichos de Campo\",\"source_url\":\"https:\\\/\\\/bichosdecampo.com\\\/\"},{\"title\":\"45Z: C\\u00f3mo funcionar\\u00e1 el r\\u00e9gimen que hizo explotar el precio del aceite de soja en EE.UU.\",\"link\":\"https:\\\/\\\/bichosdecampo.com\\\/45z-como-funcionara-el-regimen-que-hizo-explotar-el-precio-del-aceite-de-soja-en-ee-uu\\\/\",\"image\":\"https:\\\/\\\/bichosdecampo.com\\\/wp-content\\\/uploads\\\/2026\\\/08\\\/asa.png\",\"timestamp\":1787937986,\"excerpt\":\"En enero de 2025 comenz\\u00f3 a regir en EE.UU. un nuevo programa, denominado 45Z, destinado a subsidiar la producci\\u00f3n de biocombustibles en esa naci\\u00f3n. Mientras\\u2026\",\"source_name\":\"Bichos de Campo\",\"source_url\":\"https:\\\/\\\/bichosdecampo.com\\\/\"},{\"title\":\"Del podio al cr\\u00e9dito: Misiones destina 180 millones de pesos a 11 peque\\u00f1as yerbateras distinguidas en el Mundial de la Yerba Mate\",\"link\":\"https:\\\/\\\/bichosdecampo.com\\\/del-podio-al-credito-misiones-destina-180-millones-de-pesos-a-11-pequenas-yerbateras-distinguidas-en-el-mundial-de-la-yerba-mate\\\/\",\"image\":\"https:\\\/\\\/bichosdecampo.com\\\/wp-content\\\/uploads\\\/2026\\\/08\\\/AGRO-27-8-2026-e1787931955363.jpeg\",\"timestamp\":1787935139,\"excerpt\":\"Para varias peque\\u00f1as marcas misioneras, los reconocimientos obtenidos en el primer Mundial de la Yerba Mate no quedaron solamente en una medalla para mostrar. El\\u2026\",\"source_name\":\"Bichos de Campo\",\"source_url\":\"https:\\\/\\\/bichosdecampo.com\\\/\"},{\"title\":\"\\u00bfEstamos lejos del techo de los tambos robotizados?\",\"link\":\"https:\\\/\\\/www.todoagro.com.ar\\\/estamos-lejos-del-techo-de-los-tambos-robotizados\\\/\",\"image\":\"\",\"timestamp\":1787932172,\"excerpt\":\"La Directora de Servicios T\\u00e9cnicos para Lecher\\u00eda en Purina\\\/Cargil, Amelie Mainville Nadon, pas\\u00f3 por el Congreso Argentino de Forrajes y convers\\u00f3 acerca de la actualidad\\u2026\",\"source_name\":\"TodoAgro\",\"source_url\":\"https:\\\/\\\/www.todoagro.com.ar\\\/\"},{\"title\":\"El \\u201celefante\\u201d poco visto de la alimentaci\\u00f3n bovina: \\u201cUna vaca puede comer hasta 1,5 kilos de tierra por d\\u00eda\\u201d, advierte Gustavo Schuenemann, que apunta a la mala higiene del forraje\",\"link\":\"https:\\\/\\\/bichosdecampo.com\\\/el-elefante-poco-visto-de-la-alimentacion-bovina-una-vaca-puede-comer-hasta-15-kilos-de-tierra-por-dia-advierte-gustavo-schuenemann-que-apunta-a-la-mala-higiene\\\/\",\"image\":\"https:\\\/\\\/bichosdecampo.com\\\/wp-content\\\/uploads\\\/2024\\\/11\\\/feedlot2-e1787928359363.jpg\",\"timestamp\":1787932001,\"excerpt\":\"Durante la \\u00faltima edici\\u00f3n del Congreso de Contratistas Forrajeros, la charla realizada por el veterinario Gustavo Schuenemann fue una de las que m\\u00e1s personas convoc\\u00f3.\\u2026\",\"source_name\":\"Bichos de Campo\",\"source_url\":\"https:\\\/\\\/bichosdecampo.com\\\/\"},{\"title\":\"Estiman da\\u00f1os por granizo entre 30.000 y 80.000 hect\\u00e1reas de trigo en la zona n\\u00facleo\",\"link\":\"https:\\\/\\\/www.todoagro.com.ar\\\/estiman-danos-por-granizo-entre-30-000-y-80-000-hectareas-en-la-zona-nucleo\\\/\",\"image\":\"\",\"timestamp\":1787930835,\"excerpt\":\"El granizo afect\\u00f3 el noroeste cordob\\u00e9s, centro sur de Santa y Entre R\\u00edos. Estiman importantes da\\u00f1os en trigos ya enca\\u00f1ados. La entrada Estiman da\\u00f1os por\\u2026\",\"source_name\":\"TodoAgro\",\"source_url\":\"https:\\\/\\\/www.todoagro.com.ar\\\/\"},{\"title\":\"El carbono empieza a pagar en el campo: SARA ya distribuye ingresos entre productores ganaderos\",\"link\":\"https:\\\/\\\/www.todoagro.com.ar\\\/el-carbono-empieza-a-pagar-en-el-campo-sara-ya-distribuye-ingresos-entre-productores-ganaderos\\\/\",\"image\":\"\",\"timestamp\":1787929104,\"excerpt\":\"El programa de ganader\\u00eda regenerativa de Ruuts se convirti\\u00f3 en el primero a escala sudamericana en trasladar a los productores ingresos concretos por los cr\\u00e9ditos\\u2026\",\"source_name\":\"TodoAgro\",\"source_url\":\"https:\\\/\\\/www.todoagro.com.ar\\\/\"},{\"title\":\"El virus sincitial bovino aparece en casi la mitad de los pulmones con neumon\\u00eda analizados en engordes de C\\u00f3rdoba\",\"link\":\"https:\\\/\\\/www.todoagro.com.ar\\\/el-virus-sincitial-bovino-aparece-en-casi-la-mitad-de-los-pulmones-con-neumonia-analizados-en-engordes-de-cordoba\\\/\",\"image\":\"\",\"timestamp\":1787926929,\"excerpt\":\"Un informe del Laboratorio de Salud Animal de R\\u00edo Cuarto advierte sobre el creciente peso del VSRB en los cuadros respiratorios de los corrales. En\\u2026\",\"source_name\":\"TodoAgro\",\"source_url\":\"https:\\\/\\\/www.todoagro.com.ar\\\/\"},{\"title\":\"Premiaron a los mejores trabajos cient\\u00edficos presentados en el Congreso Nacional de Ma\\u00edz\",\"link\":\"https:\\\/\\\/www.todoagro.com.ar\\\/premiaron-a-los-mejores-trabajos-cientificos-presentados-en-el-congreso-nacional-de-maiz\\\/\",\"image\":\"\",\"timestamp\":1787926659,\"excerpt\":\"La selecci\\u00f3n se hizo sobre los m\\u00e1s de 80 posters y tras ser evaluados por una comisi\\u00f3n que atendi\\u00f3 criterios de rigurosidad y pertinencia en\\u2026\",\"source_name\":\"TodoAgro\",\"source_url\":\"https:\\\/\\\/www.todoagro.com.ar\\\/\"},{\"title\":\"La alfalfa aumenta hasta 25 % las reservas de carbono en suelos semi\\u00e1ridos\",\"link\":\"https:\\\/\\\/www.todoagro.com.ar\\\/la-alfalfa-aumenta-hasta-25-las-reservas-de-carbono-en-suelos-semiaridos\\\/\",\"image\":\"\",\"timestamp\":1787918099,\"excerpt\":\"Especialistas demostraron que la incorporaci\\u00f3n de pasturas perennes mejora el almacenamiento de carbono org\\u00e1nico en el suelo. Resultados preliminares destacan el aporte de las ra\\u00edces\\u2026\",\"source_name\":\"TodoAgro\",\"source_url\":\"https:\\\/\\\/www.todoagro.com.ar\\\/\"},{\"title\":\"\\u00bfQu\\u00e9 puede pasar con el ma\\u00edz y la soja si llega El Ni\\u00f1o? Una nueva app permite anticiparlo seg\\u00fan cada regi\\u00f3n\",\"link\":\"https:\\\/\\\/www.todoagro.com.ar\\\/que-puede-pasar-con-el-maiz-y-la-soja-si-llega-el-nino-una-nueva-app-permite-anticiparlo-segun-cada-region\\\/\",\"image\":\"\",\"timestamp\":1787862993,\"excerpt\":\"AgroENSO, desarrollada por investigadores del INTA y el Conicet, analiza 35 a\\u00f1os de rendimientos y los cruza con las fases del fen\\u00f3meno ENOS. La herramienta\\u2026\",\"source_name\":\"TodoAgro\",\"source_url\":\"https:\\\/\\\/www.todoagro.com.ar\\\/\"},{\"title\":\"MECA26: Tambos de Entre R\\u00edos mostraron su mejor gen\\u00e9tica\",\"link\":\"https:\\\/\\\/www.todoagro.com.ar\\\/meca26-tambos-de-entre-rios-mostraron-su-mejor-genetica\\\/\",\"image\":\"\",\"timestamp\":1787857790,\"excerpt\":\"Finaliz\\u00f3 este mi\\u00e9rcoles la Jura a Campo de la Regi\\u00f3n Centro con la visita a establecimientos lecheros de la provincia Entre R\\u00edos. Se visitaron 5\\u2026\",\"source_name\":\"TodoAgro\",\"source_url\":\"https:\\\/\\\/www.todoagro.com.ar\\\/\"},{\"title\":\"Vitivinicultura cordobesa: un nuevo atlas clim\\u00e1tico analiza seis regiones productivas\",\"link\":\"https:\\\/\\\/www.todoagro.com.ar\\\/clima-vitivinicola-cordoba-atlas-seis-regiones\\\/\",\"image\":\"\",\"timestamp\":1787847481,\"excerpt\":\"Un libro editado por Eduvim y el Instituto Acad\\u00e9mico de Ciencias B\\u00e1sicas y Aplicadas de la UNVM re\\u00fane m\\u00e1s de 20 a\\u00f1os de informaci\\u00f3n satelital\\u2026\",\"source_name\":\"TodoAgro\",\"source_url\":\"https:\\\/\\\/www.todoagro.com.ar\\\/\"},{\"title\":\"El Renatre y Aapresid firmaron un convenio para articular trabajo decente, producci\\u00f3n sostenible y certificaciones sobre buenas pr\\u00e1cticas\",\"link\":\"https:\\\/\\\/www.todoagro.com.ar\\\/el-renatre-y-aapresid-firmaron-un-convenio-para-articular-trabajo-decente-produccion-sostenible-y-certificaciones-sobre-buenas-practicas\\\/\",\"image\":\"\",\"timestamp\":1787775463,\"excerpt\":\"El Registro Nacional de Trabajadores Rurales y Empleadores (RENATRE) y la Asociaci\\u00f3n Argentina de Productores en Siembra Directa (Aapresid) firmaron un convenio marco de colaboraci\\u00f3n\\u2026\",\"source_name\":\"TodoAgro\",\"source_url\":\"https:\\\/\\\/www.todoagro.com.ar\\\/\"},{\"title\":\"El toro argentino m\\u00e1s caro de la historia: un macho Angus se vendi\\u00f3 por $ 300 millones el 50%\",\"link\":\"https:\\\/\\\/www.infocampo.com.ar\\\/el-toro-argentino-mas-caro-de-la-historia-un-macho-angus-se-vendio-por-300-millones-el-50\\\/\",\"image\":\"https:\\\/\\\/www.infocampo.com.ar\\\/wp-content\\\/uploads\\\/2026\\\/08\\\/toro-angus-alvaro-1024x584.png\",\"timestamp\":1787452665,\"excerpt\":\"\\u00c1lvaro, de Caba\\u00f1a Santa Rosa, fue vendido este s\\u00e1bado 22 de agosto durante el remate de la caba\\u00f1a en Tres Arroyos. El valor, equivalente a\\u2026\",\"source_name\":\"Infocampo\",\"source_url\":\"https:\\\/\\\/www.infocampo.com.ar\\\/\"},{\"title\":\"\\u00bfQui\\u00e9n es Mission Produce? El gigante de la palta que factura m\\u00e1s de 1.390 millones de d\\u00f3lares y acaba de dar un giro a su negocio\",\"link\":\"https:\\\/\\\/bichosdecampo.com\\\/quien-es-mission-produce-el-gigante-de-la-palta-que-factura-mas-de-1-390-millones-de-dolares-y-acaba-de-dar-un-giro-a-su-negocio\\\/\",\"image\":\"https:\\\/\\\/bichosdecampo.com\\\/wp-content\\\/uploads\\\/2026\\\/08\\\/Avo-Top-Down-24ct-PLU-e1787435401481.webp\",\"timestamp\":1787442080,\"excerpt\":\"Mission Produce es la empresa que m\\u00e1s paltas mueve en el mundo. Desde su sede en Oxnard, California, coordina una red de producci\\u00f3n, empaque, maduraci\\u00f3n\\u2026\",\"source_name\":\"Bichos de Campo\",\"source_url\":\"https:\\\/\\\/bichosdecampo.com\\\/\"},{\"title\":\"Los fondos agr\\u00edcolas ten\\u00edan muy buena \\u201cinfo\\u201d en ma\\u00edz y ganaron toneladas de dinero \\u00bfPodr\\u00e1n hacer lo mismo con la soja?\",\"link\":\"https:\\\/\\\/bichosdecampo.com\\\/los-fondos-agricolas-tenian-muy-buena-info-en-maiz-y-ganaron-toneladas-de-dinero-podran-hacer-lo-mismo-con-la-soja\\\/\",\"image\":\"https:\\\/\\\/bichosdecampo.com\\\/wp-content\\\/uploads\\\/2026\\\/08\\\/cuadro3-5.png\",\"timestamp\":1787434995,\"excerpt\":\"Los inversores que operan en el CME Group (\\u201cChicago\\u201d) ten\\u00edan muy buena \\u201cinfo\\u201d en ma\\u00edz y esta semana lograron generar importantes utilidades. La gran pregunta\\u2026\",\"source_name\":\"Bichos de Campo\",\"source_url\":\"https:\\\/\\\/bichosdecampo.com\\\/\"},{\"title\":\"Doce a\\u00f1os de producci\\u00f3n y tenacidad: Jos\\u00e9 Maldonado y la historia del primer establecimiento hidrop\\u00f3nico de Chaco\",\"link\":\"https:\\\/\\\/bichosdecampo.com\\\/doce-anos-de-produccion-y-tenacidad-jose-maldonado-y-la-historia-del-primer-establecimiento-hidroponico-de-chaco\\\/\",\"image\":\"https:\\\/\\\/bichosdecampo.com\\\/wp-content\\\/uploads\\\/2026\\\/08\\\/Chaco-Hidroponia-Irupe-Jose-Maldonado-primero-izquierda.jpeg\",\"timestamp\":1787426616,\"excerpt\":\"A veces, alguien tiene que tener la visi\\u00f3n y el coraje de ser el primero. Esa es la historia de Jos\\u00e9 Maldonado (49), licenciado en\\u2026\",\"source_name\":\"Bichos de Campo\",\"source_url\":\"https:\\\/\\\/bichosdecampo.com\\\/\"},{\"title\":\"Se confirma la retracci\\u00f3n del arroz: tras perder un 12% de \\u00e1rea sembrada, la producci\\u00f3n cay\\u00f3 14% en la campa\\u00f1a 2025\\\/26\",\"link\":\"https:\\\/\\\/bichosdecampo.com\\\/se-confirma-la-retraccion-del-arroz-tras-perder-un-12-de-area-sembrada-la-produccion-cayo-14-en-la-campana-2025-26\\\/\",\"image\":\"\",\"timestamp\":1787426556,\"excerpt\":\"La retracci\\u00f3n que se advert\\u00eda al comienzo de la campa\\u00f1a arrocera 2025\\\/26 termin\\u00f3 por reflejarse tambi\\u00e9n en la cosecha. Con una superficie sembrada que hab\\u00eda\\u2026\",\"source_name\":\"Bichos de Campo\",\"source_url\":\"https:\\\/\\\/bichosdecampo.com\\\/\"},{\"title\":\"D\\u00f3lar BLUE minuto a minuto: a cu\\u00e1nto cotizan hoy 22 agosto 2026\",\"link\":\"https:\\\/\\\/www.infocampo.com.ar\\\/dolar-blue-minuto-a-minuto-a-cuanto-cotizan-hoy-22-agosto-2026\\\/\",\"image\":\"https:\\\/\\\/www.infocampo.com.ar\\\/wp-content\\\/uploads\\\/2025\\\/04\\\/dolarmep-1024x683.jpg\",\"timestamp\":1787421634,\"excerpt\":\"cu\\u00e1nto est\\u00e1 la cotizaci\\u00f3n del d\\u00f3lar, cotizaci\\u00f3n d\\u00f3lar oficial d\\u00f3lar blue hoy\",\"source_name\":\"Infocampo\",\"source_url\":\"https:\\\/\\\/www.infocampo.com.ar\\\/\"},{\"title\":\"Jorge Allevato cambi\\u00f3 la metal\\u00fargica por la ganader\\u00eda y no se arrepiente: \\u201cPor ah\\u00ed ganamos menos, pero vamos a vivir m\\u00e1s felices\\u201d, dice\",\"link\":\"https:\\\/\\\/bichosdecampo.com\\\/jorge-allevato-cambio-la-metalurgica-por-la-ganaderia-y-no-se-arrepiente-por-ahi-ganamos-menos-pero-vamos-a-vivir-mas-felices-dice\\\/\",\"image\":\"https:\\\/\\\/bichosdecampo.com\\\/wp-content\\\/uploads\\\/2026\\\/08\\\/WhatsApp-Image-2026-08-10-at-15.48.51-e1787332178350.jpeg\",\"timestamp\":1787415911,\"excerpt\":\"La historia de Jorge Allevato con el campo empez\\u00f3 mucho antes de que \\u00e9l tuviera una empresa ganadera. Su familia ven\\u00eda del rubro metal\\u00fargico: su\\u2026\",\"source_name\":\"Bichos de Campo\",\"source_url\":\"https:\\\/\\\/bichosdecampo.com\\\/\"},{\"title\":\"D\\u00f3lar blue: a cu\\u00e1nto cotizan hoy en Mendoza 22 agosto 2026\",\"link\":\"https:\\\/\\\/www.infocampo.com.ar\\\/dolar-blue-dolar-hoy-dolar-mep-en-mendoza-22-agosto-2026\\\/\",\"image\":\"https:\\\/\\\/www.infocampo.com.ar\\\/wp-content\\\/uploads\\\/2025\\\/04\\\/dolarmep-1024x683.jpg\",\"timestamp\":1787409307,\"excerpt\":\"cu\\u00e1nto est\\u00e1 la cotizaci\\u00f3n del d\\u00f3lar, cotizaci\\u00f3n d\\u00f3lar oficial d\\u00f3lar blue hoy\",\"source_name\":\"Infocampo\",\"source_url\":\"https:\\\/\\\/www.infocampo.com.ar\\\/\"},{\"title\":\"Euro BLUE HOY: precio y cotizaci\\u00f3n de este 22 agosto 2026\",\"link\":\"https:\\\/\\\/www.infocampo.com.ar\\\/euro-blue-euro-hoy-euro-oficial-22-agosto-2026\\\/\",\"image\":\"https:\\\/\\\/www.infocampo.com.ar\\\/wp-content\\\/uploads\\\/2025\\\/05\\\/euro-blue-1024x538.webp\",\"timestamp\":1787409306,\"excerpt\":\"cu\\u00e1nto est\\u00e1 la cotizaci\\u00f3n del Euro blue\",\"source_name\":\"Infocampo\",\"source_url\":\"https:\\\/\\\/www.infocampo.com.ar\\\/\"},{\"title\":\"Precio del ma\\u00edz en Rosario hoy 22 agosto 2026\",\"link\":\"https:\\\/\\\/www.infocampo.com.ar\\\/precio-del-maiz-hoy-22-agosto-2026\\\/\",\"image\":\"https:\\\/\\\/www.infocampo.com.ar\\\/wp-content\\\/uploads\\\/2025\\\/06\\\/precio-del-maiz-1024x538.webp\",\"timestamp\":1787407577,\"excerpt\":\"Todo sobre la cotizaci\\u00f3n de ma\\u00edz, precio en tiempo real.\",\"source_name\":\"Infocampo\",\"source_url\":\"https:\\\/\\\/www.infocampo.com.ar\\\/\"},{\"title\":\"Precio del Trigo en Rosario hoy 22 agosto 2026\",\"link\":\"https:\\\/\\\/www.infocampo.com.ar\\\/precio-del-trigo-hoy-22-agosto-2026\\\/\",\"image\":\"https:\\\/\\\/www.infocampo.com.ar\\\/wp-content\\\/uploads\\\/2025\\\/06\\\/precio-del-trigo-1-1024x538.webp\",\"timestamp\":1787407562,\"excerpt\":\"Todo sobre la cotizaci\\u00f3n del trigo, precio en tiempo real.\",\"source_name\":\"Infocampo\",\"source_url\":\"https:\\\/\\\/www.infocampo.com.ar\\\/\"},{\"title\":\"Precio del Girasol en Rosario hoy 22 agosto 2026\",\"link\":\"https:\\\/\\\/www.infocampo.com.ar\\\/precio-del-girasol-hoy-22-agosto-2026\\\/\",\"image\":\"https:\\\/\\\/www.infocampo.com.ar\\\/wp-content\\\/uploads\\\/2025\\\/05\\\/precio-del-girasol-1024x559.webp\",\"timestamp\":1787407542,\"excerpt\":\"Todo sobre la cotizaci\\u00f3n del Girasol, precio en tiempo real.\",\"source_name\":\"Infocampo\",\"source_url\":\"https:\\\/\\\/www.infocampo.com.ar\\\/\"},{\"title\":\"Precio de la Soja en Rosario hoy 22 agosto 2026\",\"link\":\"https:\\\/\\\/www.infocampo.com.ar\\\/precio-de-la-soja-hoy-22-agosto-2026\\\/\",\"image\":\"https:\\\/\\\/www.infocampo.com.ar\\\/wp-content\\\/uploads\\\/2025\\\/05\\\/soja-dolar-1024x538.webp\",\"timestamp\":1787407530,\"excerpt\":\"Todo sobre la cotizaci\\u00f3n de soja, precio en tiempo real. Pizarra Rosario, cotizaci\\u00f3n de cereales\",\"source_name\":\"Infocampo\",\"source_url\":\"https:\\\/\\\/www.infocampo.com.ar\\\/\"},{\"title\":\"Precio del Sorgo en Rosario hoy 22 agosto 2026\",\"link\":\"https:\\\/\\\/www.infocampo.com.ar\\\/precio-del-sorgo-hoy-22-agosto-2026\\\/\",\"image\":\"https:\\\/\\\/www.infocampo.com.ar\\\/wp-content\\\/uploads\\\/2026\\\/04\\\/precio-del-sorgo-1024x512.webp\",\"timestamp\":1787407516,\"excerpt\":\"Todo sobre la cotizaci\\u00f3n del Sorgo, precio en tiempo real.\",\"source_name\":\"Infocampo\",\"source_url\":\"https:\\\/\\\/www.infocampo.com.ar\\\/\"},{\"title\":\"D\\u00f3lar blue: a cu\\u00e1nto cotizan hoy en C\\u00f3rdoba 22 agosto 2026\",\"link\":\"https:\\\/\\\/www.infocampo.com.ar\\\/dolar-blue-dolar-hoy-dolar-mep-en-cordoba-22-agosto-2026\\\/\",\"image\":\"https:\\\/\\\/www.infocampo.com.ar\\\/wp-content\\\/uploads\\\/2025\\\/04\\\/dolarmep-1024x683.jpg\",\"timestamp\":1787404214,\"excerpt\":\"cu\\u00e1nto est\\u00e1 la cotizaci\\u00f3n del d\\u00f3lar, cotizaci\\u00f3n d\\u00f3lar oficial d\\u00f3lar blue hoy\",\"source_name\":\"Infocampo\",\"source_url\":\"https:\\\/\\\/www.infocampo.com.ar\\\/\"},{\"title\":\"Un importante productor de almendras anuncia una reconversi\\u00f3n: A las dificultades normales para cosechar ese fruto seco se suma la competencia con el pistacho y las importaciones casi sin aranceles desde Chile\",\"link\":\"https:\\\/\\\/bichosdecampo.com\\\/un-importante-productor-de-almendras-anuncia-una-reconversion-a-las-dificultades-normales-para-cosechar-ese-fruto-seco-se-suma-la-competencia-con-el-pistacho-y-las-importaciones-casi-sin-aranceles-de\\\/\",\"image\":\"https:\\\/\\\/bichosdecampo.com\\\/wp-content\\\/uploads\\\/2026\\\/08\\\/Cicero.png\",\"timestamp\":1787400537,\"excerpt\":\"Hist\\u00f3ricamente, el epicentro de la producci\\u00f3n de almendras en la Argentina ha sido la regi\\u00f3n de Cuyo, ocupando Mendoza el puesto principal con m\\u00e1s del\\u2026\",\"source_name\":\"Bichos de Campo\",\"source_url\":\"https:\\\/\\\/bichosdecampo.com\\\/\"},{\"title\":\"Milei fue a Rosario y volvi\\u00f3 a escuchar el reclamo por retenciones, pero no dej\\u00f3 mensajes para el agro\",\"link\":\"https:\\\/\\\/www.infocampo.com.ar\\\/milei-fue-a-rosario-y-volvio-a-escuchar-el-reclamo-por-retenciones-pero-no-dejo-mensajes-para-el-agro\\\/\",\"image\":\"https:\\\/\\\/www.infocampo.com.ar\\\/wp-content\\\/uploads\\\/2026\\\/08\\\/IMG-20260821-WA0015.jpg\",\"timestamp\":1787396409,\"excerpt\":\"La Bolsa de Comercio de Rosario cumpli\\u00f3 142 a\\u00f1os y el presidente de la Naci\\u00f3n particip\\u00f3 del acto. Su discurso se enfoc\\u00f3 en defender la\\u2026\",\"source_name\":\"Infocampo\",\"source_url\":\"https:\\\/\\\/www.infocampo.com.ar\\\/\"},{\"title\":\"\\u201cNavaja suiza\\u201d fluvial: Un astillero de Santa Fe present\\u00f3 el buque multiprop\\u00f3sito que construye con m\\u00e1s de 10 capacidades, como el traslado de animales, granos, maquinaria y personas\",\"link\":\"https:\\\/\\\/bichosdecampo.com\\\/navaja-suiza-fluvial-un-astillero-de-santa-fe-presento-el-buque-multiproposito-que-construye-con-mas-de-10-capacidades-como-el-traslado-de-animales-granos-maquinaria-y-personas\\\/\",\"image\":\"https:\\\/\\\/bichosdecampo.com\\\/wp-content\\\/uploads\\\/2026\\\/08\\\/valentina-1.png\",\"timestamp\":1787393674,\"excerpt\":\"El Astillero R\\u00edo Arriba, perteneciente a la firma El\\u00edas Yapur S.A., tiene en Santa Fe un curioso proyecto entre manos. Y aunque lo apod\\u00f3 \\u201cValentina\\u201d,\\u2026\",\"source_name\":\"Bichos de Campo\",\"source_url\":\"https:\\\/\\\/bichosdecampo.com\\\/\"},{\"title\":\"Las exportaciones de carne siguen en niveles altos pero, gracias al crecimiento del peso de faena, el consumo recuper\\u00f3 posiciones y en julio lleg\\u00f3 a los 48,5 kilos por persona\",\"link\":\"https:\\\/\\\/bichosdecampo.com\\\/las-exportaciones-de-carne-siguen-en-niveles-altos-pero-gracias-al-crecimiento-del-peso-de-faena-el-consumo-recupero-posiciones-y-en-julio-llego-a-los-485-kilos-por-persona\\\/\",\"image\":\"https:\\\/\\\/bichosdecampo.com\\\/wp-content\\\/uploads\\\/2026\\\/08\\\/exportaciones-de-carne-julio.jpg\",\"timestamp\":1787393568,\"excerpt\":\"De acuerdo con los datos proporcionados por el Instituto Nacional de Estad\\u00edsticas y Censos (Indec), durante el mes de julio las exportaciones de carne vacuna\\u2026\",\"source_name\":\"Bichos de Campo\",\"source_url\":\"https:\\\/\\\/bichosdecampo.com\\\/\"},{\"title\":\"Clima en Mendoza hoy 22 agosto 2026\",\"link\":\"https:\\\/\\\/www.infocampo.com.ar\\\/clima-en-mendoza-hoy-22-agosto-2026\\\/\",\"image\":\"https:\\\/\\\/www.infocampo.com.ar\\\/wp-content\\\/uploads\\\/2025\\\/05\\\/clima-en-mendoza-1024x538.webp\",\"timestamp\":1787389216,\"excerpt\":\"El Servicio Meteorol\\u00f3gico Nacional anticipa el clima para Mendoza, pronostico del tiempo Mendoza\",\"source_name\":\"Infocampo\",\"source_url\":\"https:\\\/\\\/www.infocampo.com.ar\\\/\"},{\"title\":\"Clima en Buenos aires y pron\\u00f3stico del tiempo hoy 22 agosto 2026\",\"link\":\"https:\\\/\\\/www.infocampo.com.ar\\\/clima-en-buenos-aires-y-pronostico-del-tiempo-hoy-22-agosto-2026\\\/\",\"image\":\"https:\\\/\\\/www.infocampo.com.ar\\\/wp-content\\\/uploads\\\/2025\\\/10\\\/clima-campo-1024x538.webp\",\"timestamp\":1787389215,\"excerpt\":\"El Servicio Meteorol\\u00f3gico Nacional anticipa el Tiempo para Buenos Aires, pronostico del tiempo Buenos Aires\",\"source_name\":\"Infocampo\",\"source_url\":\"https:\\\/\\\/www.infocampo.com.ar\\\/\"},{\"title\":\"Clima en Corrientes hoy 22 agosto 2026\",\"link\":\"https:\\\/\\\/www.infocampo.com.ar\\\/clima-en-corrientes-hoy-22-agosto-2026\\\/\",\"image\":\"https:\\\/\\\/www.infocampo.com.ar\\\/wp-content\\\/uploads\\\/2025\\\/10\\\/clima-en-corrientes-1024x538.webp\",\"timestamp\":1787389214,\"excerpt\":\"El Servicio Meteorol\\u00f3gico Nacional anticipa el clima para Corrientes, Pron\\u00f3stico del tiempo en Corrientes\",\"source_name\":\"Infocampo\",\"source_url\":\"https:\\\/\\\/www.infocampo.com.ar\\\/\"},{\"title\":\"Clima en La Rioja: Lluvia ligera el pron\\u00f3stico para hoy, 22 de agosto\",\"link\":\"https:\\\/\\\/www.infocampo.com.ar\\\/clima-en-la-rioja-lluvia-ligera-el-pronostico-para-hoy-22-de-agosto\\\/\",\"image\":\"https:\\\/\\\/www.infocampo.com.ar\\\/wp-content\\\/uploads\\\/2025\\\/10\\\/tormenta-nubes-frio-clima-1024x583.jpg\",\"timestamp\":1787389212,\"excerpt\":\"El Servicio Meteorol\\u00f3gico Nacional anticipa el clima para La Rioja, pronostico del tiempo en La Rioja\",\"source_name\":\"Infocampo\",\"source_url\":\"https:\\\/\\\/www.infocampo.com.ar\\\/\"},{\"title\":\"Clima en Salta hoy 22 agosto 2026\",\"link\":\"https:\\\/\\\/www.infocampo.com.ar\\\/clima-en-salta-hoy-22-agosto-2026\\\/\",\"image\":\"https:\\\/\\\/www.infocampo.com.ar\\\/wp-content\\\/uploads\\\/2025\\\/10\\\/clima-en-salta-1024x538.webp\",\"timestamp\":1787389212,\"excerpt\":\"El Servicio Meteorol\\u00f3gico Nacional anticipa el clima para Salta, Pron\\u00f3stico del tiempo en Salta\",\"source_name\":\"Infocampo\",\"source_url\":\"https:\\\/\\\/www.infocampo.com.ar\\\/\"},{\"title\":\"La \\u201cgrieta\\u201d de los biocombustibles: Prev\\u00e9n hacer a un lado al biodi\\u00e9sel para poder avanzar en el Congreso con el tratamiento de un proyecto de bioetanol\",\"link\":\"https:\\\/\\\/bichosdecampo.com\\\/la-grieta-de-los-biocombustibles-preven-hacer-a-un-lado-al-biodiesel-para-poder-avanzar-en-el-congreso-con-el-tratamiento-de-un-proyecto-de-bioetanol\\\/\",\"image\":\"https:\\\/\\\/bichosdecampo.com\\\/wp-content\\\/uploads\\\/2026\\\/08\\\/IMG_20260821_103109_hdr-scaled.jpg\",\"timestamp\":1787344581,\"excerpt\":\"Con las turbulencias energ\\u00e9ticas generadas por las guerras de Oriente Medio y el Mar Negro, el gobierno nacional decidi\\u00f3 este a\\u00f1o impulsar un nuevo proyecto\\u2026\",\"source_name\":\"Bichos de Campo\",\"source_url\":\"https:\\\/\\\/bichosdecampo.com\\\/\"},{\"title\":\"Una camioneta por 107 toneladas de soja o 11.238 kilos de carne: Coninagro midi\\u00f3 cu\\u00e1nto poder de compra recuper\\u00f3 el agro\",\"link\":\"https:\\\/\\\/bichosdecampo.com\\\/una-camioneta-por-107-toneladas-de-soja-o-11-238-kilos-de-carne-coninagro-midio-cuanto-poder-de-compra-recupero-el-agro\\\/\",\"image\":\"\",\"timestamp\":1787344534,\"excerpt\":\"\\u00bfCu\\u00e1ntos kilos de soja, ma\\u00edz o carne hacen falta para comprar una camioneta? Esa cuenta, mucho m\\u00e1s cercana a la l\\u00f3gica productiva que medir todo\\u2026\",\"source_name\":\"Bichos de Campo\",\"source_url\":\"https:\\\/\\\/bichosdecampo.com\\\/\"},{\"title\":\"Presentaron la nueva pick up compacta de Volkswagen que llegar\\u00e1 a Argentina en 2027\",\"link\":\"https:\\\/\\\/www.todoagro.com.ar\\\/presentaron-la-nueva-pick-up-compacta-de-volkswagen-que-llegara-a-argentina-en-2027\\\/\",\"image\":\"\",\"timestamp\":1787342463,\"excerpt\":\"El lanzamiento de la nueva Tukan se realiz\\u00f3 en Brasil y se mostr\\u00f3 en dos versiones: cabina simple (Robust) y doble (Extreme). Los detalles del\\u2026\",\"source_name\":\"TodoAgro\",\"source_url\":\"https:\\\/\\\/www.todoagro.com.ar\\\/\"},{\"title\":\"Riego en ma\\u00edz: nueve a\\u00f1os de ensayos muestran rindes 77% superiores\",\"link\":\"https:\\\/\\\/www.todoagro.com.ar\\\/riego-en-maiz-nueve-anos-de-ensayos-muestran-rindes-77-superiores\\\/\",\"image\":\"\",\"timestamp\":1787332079,\"excerpt\":\"Un estudio de Ura Agro realizado durante nueve campa\\u00f1as agr\\u00edcolas confirma que el riego por goteo subterr\\u00e1neo no solo incrementa la productividad del ma\\u00edz, sino\\u2026\",\"source_name\":\"TodoAgro\",\"source_url\":\"https:\\\/\\\/www.todoagro.com.ar\\\/\"},{\"title\":\"Una pyme santafesina abre mercado en Chile con insumos para salmones\",\"link\":\"https:\\\/\\\/www.todoagro.com.ar\\\/una-pyme-santafesina-abre-mercado-en-chile-con-insumos-para-salmones\\\/\",\"image\":\"\",\"timestamp\":1787323890,\"excerpt\":\"Doble L Bioenerg\\u00edas, con planta en Sa Pereyra, realiz\\u00f3 su primera exportaci\\u00f3n al pa\\u00eds trasandino. Ya despach\\u00f3 120 toneladas de ole\\u00ednas y \\u00e1cidos grasos vegetales\\u2026\",\"source_name\":\"TodoAgro\",\"source_url\":\"https:\\\/\\\/www.todoagro.com.ar\\\/\"},{\"title\":\"Del ladrillo al campo: seis razones que est\\u00e1n poniendo a la tierra en el radar de los inversores\",\"link\":\"https:\\\/\\\/www.todoagro.com.ar\\\/del-ladrillo-al-campo-seis-razones-que-estan-poniendo-a-la-tierra-en-el-radar-de-los-inversores\\\/\",\"image\":\"\",\"timestamp\":1787322615,\"excerpt\":\"La compra de campos gana protagonismo como alternativa de inversi\\u00f3n: qu\\u00e9 caracter\\u00edsticas explican el creciente inter\\u00e9s por este activo y por qu\\u00e9 comienza a ocupar\\u2026\",\"source_name\":\"TodoAgro\",\"source_url\":\"https:\\\/\\\/www.todoagro.com.ar\\\/\"},{\"title\":\"Hongos: m\\u00e1s producci\\u00f3n en la misma superficie\",\"link\":\"https:\\\/\\\/www.todoagro.com.ar\\\/hongos-mas-produccion-en-la-misma-superficie\\\/\",\"image\":\"\",\"timestamp\":1787321584,\"excerpt\":\"La tecnolog\\u00eda transform\\u00f3 el cultivo de hongos en la Argentina: hoy es posible obtener m\\u00e1s del triple de producci\\u00f3n en la misma superficie que hace\\u2026\",\"source_name\":\"TodoAgro\",\"source_url\":\"https:\\\/\\\/www.todoagro.com.ar\\\/\"},{\"title\":\"La palta chilena proyecta r\\u00e9cord de producci\\u00f3n\",\"link\":\"https:\\\/\\\/www.todoagro.com.ar\\\/la-palta-chilena-proyecta-record-de-produccion\\\/\",\"image\":\"\",\"timestamp\":1787320856,\"excerpt\":\"La industria de la palta chilena est\\u00e1 al alza. Tras un aumento de la producci\\u00f3n del 10% anunciado a principios de junio, el organismo local\\u2026\",\"source_name\":\"TodoAgro\",\"source_url\":\"https:\\\/\\\/www.todoagro.com.ar\\\/\"},{\"title\":\"\\u00bfPara qui\\u00e9n estamos produciendo carne?: El dato de EE.UU que obliga a repensar el futuro de la prote\\u00edna animal\",\"link\":\"https:\\\/\\\/www.todoagro.com.ar\\\/para-quien-estamos-produciendo-carne-el-dato-de-ee-uu-que-obliga-a-repensar-el-futuro-de-la-proteina-animal\\\/\",\"image\":\"\",\"timestamp\":1787317067,\"excerpt\":\"Gustavo Schuenemann plante\\u00f3 en el 2\\u00b0 Congreso Argentino de Forrajes que el futuro de la producci\\u00f3n de carne y leche no depender\\u00e1 s\\u00f3lo de producir\\u2026\",\"source_name\":\"TodoAgro\",\"source_url\":\"https:\\\/\\\/www.todoagro.com.ar\\\/\"},{\"title\":\"Cultivares adaptados incrementan un 10 % la producci\\u00f3n de forraje\",\"link\":\"https:\\\/\\\/www.todoagro.com.ar\\\/cultivares-adaptados-incrementan-un-10-la-produccion-de-forraje\\\/\",\"image\":\"\",\"timestamp\":1787246947,\"excerpt\":\"Desde hace dos d\\u00e9cadas, especialistas del INTA Concepci\\u00f3n del Uruguay generan informaci\\u00f3n estrat\\u00e9gica para potenciar la producci\\u00f3n de forraje en Entre R\\u00edos. La elecci\\u00f3n de\\u2026\",\"source_name\":\"TodoAgro\",\"source_url\":\"https:\\\/\\\/www.todoagro.com.ar\\\/\"},{\"title\":\"Forrajes nativos: una gu\\u00eda para producir con mayor precisi\\u00f3n\",\"link\":\"https:\\\/\\\/www.todoagro.com.ar\\\/forrajes-nativos-una-guia-para-producir-con-mayor-precision\\\/\",\"image\":\"\",\"timestamp\":1787238124,\"excerpt\":\"Un equipo de especialistas del INTA caracteriz\\u00f3 la calidad nutricional de especies forrajeras adaptadas a las condiciones ambientales de Chaco y Formosa. Los resultados -disponibles\\u2026\",\"source_name\":\"TodoAgro\",\"source_url\":\"https:\\\/\\\/www.todoagro.com.ar\\\/\"},{\"title\":\"Proyectan hasta 90% m\\u00e1s lluvias en un mes clave para la cosecha y la siembra\",\"link\":\"https:\\\/\\\/www.todoagro.com.ar\\\/proyectan-hasta-90-mas-lluvias-en-un-mes-clave-para-la-cosecha-y-la-siembra\\\/\",\"image\":\"\",\"timestamp\":1787227088,\"excerpt\":\"Un algoritmo de la Bolsa de Comercio de Rosario anticipa que el \\u00faltimo mes del a\\u00f1o podr\\u00eda concentrar el mayor exceso de precipitaciones del \\u201cNi\\u00f1o\\u201d,\\u2026\",\"source_name\":\"TodoAgro\",\"source_url\":\"https:\\\/\\\/www.todoagro.com.ar\\\/\"},{\"title\":\"D\\u00f3lar BLUE minuto a minuto: a cu\\u00e1nto cotizan hoy 15 agosto 2026\",\"link\":\"https:\\\/\\\/www.infocampo.com.ar\\\/dolar-blue-minuto-a-minuto-a-cuanto-cotizan-hoy-15-agosto-2026\\\/\",\"image\":\"https:\\\/\\\/www.infocampo.com.ar\\\/wp-content\\\/uploads\\\/2025\\\/04\\\/dolarmep-1024x683.jpg\",\"timestamp\":1786816838,\"excerpt\":\"cu\\u00e1nto est\\u00e1 la cotizaci\\u00f3n del d\\u00f3lar, cotizaci\\u00f3n d\\u00f3lar oficial d\\u00f3lar blue hoy\",\"source_name\":\"Infocampo\",\"source_url\":\"https:\\\/\\\/www.infocampo.com.ar\\\/\"},{\"title\":\"D\\u00f3lar blue: a cu\\u00e1nto cotizan hoy en Mendoza 15 agosto 2026\",\"link\":\"https:\\\/\\\/www.infocampo.com.ar\\\/dolar-blue-dolar-hoy-dolar-mep-en-mendoza-15-agosto-2026\\\/\",\"image\":\"https:\\\/\\\/www.infocampo.com.ar\\\/wp-content\\\/uploads\\\/2025\\\/04\\\/dolarmep-1024x683.jpg\",\"timestamp\":1786804508,\"excerpt\":\"cu\\u00e1nto est\\u00e1 la cotizaci\\u00f3n del d\\u00f3lar, cotizaci\\u00f3n d\\u00f3lar oficial d\\u00f3lar blue hoy\",\"source_name\":\"Infocampo\",\"source_url\":\"https:\\\/\\\/www.infocampo.com.ar\\\/\"},{\"title\":\"Euro BLUE HOY: precio y cotizaci\\u00f3n de este 15 agosto 2026\",\"link\":\"https:\\\/\\\/www.infocampo.com.ar\\\/euro-blue-euro-hoy-euro-oficial-15-agosto-2026\\\/\",\"image\":\"https:\\\/\\\/www.infocampo.com.ar\\\/wp-content\\\/uploads\\\/2025\\\/05\\\/euro-blue-1024x538.webp\",\"timestamp\":1786804503,\"excerpt\":\"cu\\u00e1nto est\\u00e1 la cotizaci\\u00f3n del Euro blue\",\"source_name\":\"Infocampo\",\"source_url\":\"https:\\\/\\\/www.infocampo.com.ar\\\/\"},{\"title\":\"\\u00a1A empezar con los preparativos! En reconocimiento por su tradici\\u00f3n asociativista, R\\u00edo Cuarto fue elegida Capital Provincial del Vecinalismo y se aproxima su fecha especial\",\"link\":\"https:\\\/\\\/bichosdecampo.com\\\/a-empezar-con-los-preparativos-en-reconocimiento-por-su-tradicion-asociativista-rio-cuarto-fue-elegida-capital-provincial-del-vecinalismo-y-se-aproxima-su-fecha-especial\\\/\",\"image\":\"https:\\\/\\\/bichosdecampo.com\\\/wp-content\\\/uploads\\\/2026\\\/08\\\/legislatura-cordoba.jpg\",\"timestamp\":1786803134,\"excerpt\":\"La Legislatura provincial de C\\u00f3rdoba acaba de declarar a la ciudad de R\\u00edo Cuarto capital provincial del vecinalismo, una iniciativa convertida en Ley con el\\u2026\",\"source_name\":\"Bichos de Campo\",\"source_url\":\"https:\\\/\\\/bichosdecampo.com\\\/\"},{\"title\":\"Precio del ma\\u00edz en Rosario hoy 15 agosto 2026\",\"link\":\"https:\\\/\\\/www.infocampo.com.ar\\\/precio-del-maiz-hoy-15-agosto-2026\\\/\",\"image\":\"https:\\\/\\\/www.infocampo.com.ar\\\/wp-content\\\/uploads\\\/2025\\\/06\\\/precio-del-maiz-1024x538.webp\",\"timestamp\":1786802781,\"excerpt\":\"Todo sobre la cotizaci\\u00f3n de ma\\u00edz, precio en tiempo real.\",\"source_name\":\"Infocampo\",\"source_url\":\"https:\\\/\\\/www.infocampo.com.ar\\\/\"},{\"title\":\"Precio del Trigo en Rosario hoy 15 agosto 2026\",\"link\":\"https:\\\/\\\/www.infocampo.com.ar\\\/precio-del-trigo-hoy-15-agosto-2026\\\/\",\"image\":\"https:\\\/\\\/www.infocampo.com.ar\\\/wp-content\\\/uploads\\\/2025\\\/06\\\/precio-del-trigo-1-1024x538.webp\",\"timestamp\":1786802768,\"excerpt\":\"Todo sobre la cotizaci\\u00f3n del trigo, precio en tiempo real.\",\"source_name\":\"Infocampo\",\"source_url\":\"https:\\\/\\\/www.infocampo.com.ar\\\/\"},{\"title\":\"Precio del Girasol en Rosario hoy 15 agosto 2026\",\"link\":\"https:\\\/\\\/www.infocampo.com.ar\\\/precio-del-girasol-hoy-15-agosto-2026\\\/\",\"image\":\"https:\\\/\\\/www.infocampo.com.ar\\\/wp-content\\\/uploads\\\/2025\\\/05\\\/precio-del-girasol-1024x559.webp\",\"timestamp\":1786802750,\"excerpt\":\"Todo sobre la cotizaci\\u00f3n del Girasol, precio en tiempo real.\",\"source_name\":\"Infocampo\",\"source_url\":\"https:\\\/\\\/www.infocampo.com.ar\\\/\"},{\"title\":\"Precio de la Soja en Rosario hoy 15 agosto 2026\",\"link\":\"https:\\\/\\\/www.infocampo.com.ar\\\/precio-de-la-soja-hoy-15-agosto-2026\\\/\",\"image\":\"https:\\\/\\\/www.infocampo.com.ar\\\/wp-content\\\/uploads\\\/2025\\\/05\\\/soja-dolar-1024x538.webp\",\"timestamp\":1786802736,\"excerpt\":\"Todo sobre la cotizaci\\u00f3n de soja, precio en tiempo real. Pizarra Rosario, cotizaci\\u00f3n de cereales\",\"source_name\":\"Infocampo\",\"source_url\":\"https:\\\/\\\/www.infocampo.com.ar\\\/\"},{\"title\":\"Precio del Sorgo en Rosario hoy 15 agosto 2026\",\"link\":\"https:\\\/\\\/www.infocampo.com.ar\\\/precio-del-sorgo-hoy-15-agosto-2026\\\/\",\"image\":\"https:\\\/\\\/www.infocampo.com.ar\\\/wp-content\\\/uploads\\\/2026\\\/04\\\/precio-del-sorgo-1024x512.webp\",\"timestamp\":1786802720,\"excerpt\":\"Todo sobre la cotizaci\\u00f3n del Sorgo, precio en tiempo real.\",\"source_name\":\"Infocampo\",\"source_url\":\"https:\\\/\\\/www.infocampo.com.ar\\\/\"},{\"title\":\"\\u201cEl Gaucho\\u201d Garc\\u00eda Prechac es el padre de la ley de suelos de Uruguay, que algunos quieren replicar ac\\u00e1: \\u201cEs agronom\\u00eda preventiva, porque cuando llega la erosi\\u00f3n hacemos agronom\\u00eda forense\\u201d\",\"link\":\"https:\\\/\\\/bichosdecampo.com\\\/el-gaucho-garcia-prechac-es-el-padre-de-la-ley-de-suelos-de-uruguay-que-algunos-quieren-replicar-aca-es-agronomia-preventiva-porque-cuando-llega-la-erosion-hacemos-agronomia-forense\\\/\",\"image\":\"https:\\\/\\\/bichosdecampo.com\\\/wp-content\\\/uploads\\\/2025\\\/05\\\/Portada-suelos-en-dedo-e1747915889546.png\",\"timestamp\":1786802449,\"excerpt\":\"Desde hace varios a\\u00f1os, pero especialmente en su \\u00faltima edici\\u00f3n, el Congreso de Aapresid estuvo dedicado a la salud del principal recurso de la agricultura\\u2026\",\"source_name\":\"Bichos de Campo\",\"source_url\":\"https:\\\/\\\/bichosdecampo.com\\\/\"},{\"title\":\"D\\u00f3lar blue: a cu\\u00e1nto cotizan hoy en C\\u00f3rdoba 15 agosto 2026\",\"link\":\"https:\\\/\\\/www.infocampo.com.ar\\\/dolar-blue-dolar-hoy-dolar-mep-en-cordoba-15-agosto-2026\\\/\",\"image\":\"https:\\\/\\\/www.infocampo.com.ar\\\/wp-content\\\/uploads\\\/2025\\\/04\\\/dolarmep-1024x683.jpg\",\"timestamp\":1786799406,\"excerpt\":\"cu\\u00e1nto est\\u00e1 la cotizaci\\u00f3n del d\\u00f3lar, cotizaci\\u00f3n d\\u00f3lar oficial d\\u00f3lar blue hoy\",\"source_name\":\"Infocampo\",\"source_url\":\"https:\\\/\\\/www.infocampo.com.ar\\\/\"},{\"title\":\"Despu\\u00e9s de un siglo de ganader\\u00eda, Don Cesario hace su primer remate: \\u201cHay un boom de precios y condiciones para invertir en la cr\\u00eda\\u201d, dijo N\\u00e9stor Peinetti\",\"link\":\"https:\\\/\\\/bichosdecampo.com\\\/despues-de-un-siglo-de-ganaderia-don-cesario-hace-su-primer-remate-hay-un-boom-de-precios-y-condiciones-para-invertir-en-la-cria-dijo-nestor-peinetti\\\/\",\"image\":\"https:\\\/\\\/bichosdecampo.com\\\/wp-content\\\/uploads\\\/2026\\\/08\\\/WhatsApp-Image-2026-08-14-at-15.43.35.jpeg\",\"timestamp\":1786793446,\"excerpt\":\"M\\u00e1s de un siglo despu\\u00e9s de que su bisabuelo comenzara con la actividad, N\\u00e9stor Peinetti est\\u00e1 a punto de cumplir uno de esos hitos que\\u2026\",\"source_name\":\"Bichos de Campo\",\"source_url\":\"https:\\\/\\\/bichosdecampo.com\\\/\"},{\"title\":\"No lo inventamos, pero lo hicimos argentino: T\\u00f3mese \\u201cun momento\\u201d para conocer la historia del silobolsa, el \\u201cchorizo blanco\\u201d que cambi\\u00f3 al agro y termin\\u00f3 metido en la pol\\u00edtica\",\"link\":\"https:\\\/\\\/bichosdecampo.com\\\/no-lo-inventamos-pero-lo-hicimos-argentino-tomese-un-momento-para-conocer-la-historia-del-silobolsa-el-chorizo-blanco-que-cambio-al-agro-y-termino-metido-en-la-p\\\/\",\"image\":\"https:\\\/\\\/bichosdecampo.com\\\/wp-content\\\/uploads\\\/2026\\\/08\\\/Captura-4.png\",\"timestamp\":1786793313,\"excerpt\":\"Si uno recorre hoy cualquier ruta de la regi\\u00f3n agr\\u00edcola argentina, dif\\u00edcilmente se sorprenda al encontrarse con esos enormes \\u201cchorizos blancos\\u201d desparramados por los campos.\\u2026\",\"source_name\":\"Bichos de Campo\",\"source_url\":\"https:\\\/\\\/bichosdecampo.com\\\/\"},{\"title\":\"Con la leche de cabra obtenida en la finca familiar de Coronel Moldes, en Salta, Juli\\u00e1n Lewis elabora el singular \\u201cqueso cenizo\\u201d como parte de una propuesta gastron\\u00f3mica y tur\\u00edstica\",\"link\":\"https:\\\/\\\/bichosdecampo.com\\\/con-la-leche-de-cabra-obtenida-en-la-finca-familiar-de-coronel-moldes-en-salta-julian-lewis-elabora-el-singular-queso-cenizo-como-parte-de-una-propuesta-gastronomica-y-turistica\\\/\",\"image\":\"https:\\\/\\\/bichosdecampo.com\\\/wp-content\\\/uploads\\\/2026\\\/08\\\/productos-asoc-agroganadera-moldes-salta2.jpeg\",\"timestamp\":1786793104,\"excerpt\":\"Quienes se interesan por la historia de los quesos sabr\\u00e1n que el queso Morbier recibe ese nombre por un peque\\u00f1o pueblito franc\\u00e9s, ubicado a pocos\\u2026\",\"source_name\":\"Bichos de Campo\",\"source_url\":\"https:\\\/\\\/bichosdecampo.com\\\/\"},{\"title\":\"La siembra directa \\u201cno trabaja sola\\u201d: en La Juanita, la rotaci\\u00f3n y la gesti\\u00f3n de datos apuntalan la sustentabilidad\",\"link\":\"https:\\\/\\\/www.infocampo.com.ar\\\/la-siembra-directa-no-trabaja-sola-en-la-juanita-la-rotacion-y-la-gestion-de-datos-apuntalan-la-sustentabilidad\\\/\",\"image\":\"https:\\\/\\\/www.infocampo.com.ar\\\/wp-content\\\/uploads\\\/2026\\\/08\\\/GiraPAI26-155-1024x584.jpg\",\"timestamp\":1786791909,\"excerpt\":\"La \\u0022gira internacional\\u0022 que organiz\\u00f3 Aapresid por la zona n\\u00facleo, incluy\\u00f3 una visita a un establecimiento en la zona de Marcos Ju\\u00e1rez. Los participantes escucharon\\u2026\",\"source_name\":\"Infocampo\",\"source_url\":\"https:\\\/\\\/www.infocampo.com.ar\\\/\"},{\"title\":\"Con una pata forrajera, los cultivos de servicio se siguen expandiendo y tambi\\u00e9n hacen temporada de verano\",\"link\":\"https:\\\/\\\/www.infocampo.com.ar\\\/con-una-pata-forrajera-los-cultivos-de-servicio-se-siguen-expandiendo-y-tambien-hacen-temporada-de-verano\\\/\",\"image\":\"https:\\\/\\\/www.infocampo.com.ar\\\/wp-content\\\/uploads\\\/2026\\\/08\\\/peman-semillas-forrajeras.png\",\"timestamp\":1786786758,\"excerpt\":\"En el marco de un escenario favorable para la ganader\\u00eda, desde Pem\\u00e1n Semillas, destacaron en el Congreso Aapresid c\\u00f3mo los cultivos de servicio est\\u00e1n evolucionando\\u2026\",\"source_name\":\"Infocampo\",\"source_url\":\"https:\\\/\\\/www.infocampo.com.ar\\\/\"},{\"title\":\"Clima en Salta hoy 15 agosto 2026\",\"link\":\"https:\\\/\\\/www.infocampo.com.ar\\\/clima-en-salta-hoy-15-agosto-2026\\\/\",\"image\":\"https:\\\/\\\/www.infocampo.com.ar\\\/wp-content\\\/uploads\\\/2025\\\/10\\\/clima-en-salta-1024x538.webp\",\"timestamp\":1786784426,\"excerpt\":\"El Servicio Meteorol\\u00f3gico Nacional anticipa el clima para Salta, Pron\\u00f3stico del tiempo en Salta\",\"source_name\":\"Infocampo\",\"source_url\":\"https:\\\/\\\/www.infocampo.com.ar\\\/\"},{\"title\":\"Clima en C\\u00f3rdoba hoy 15 agosto 2026\",\"link\":\"https:\\\/\\\/www.infocampo.com.ar\\\/clima-en-cordoba-hoy-15-agosto-2026\\\/\",\"image\":\"https:\\\/\\\/www.infocampo.com.ar\\\/wp-content\\\/uploads\\\/2025\\\/05\\\/clima-en-cordoba-1024x768.jpg\",\"timestamp\":1786784416,\"excerpt\":\"El Servicio Meteorol\\u00f3gico Nacional anticipa el clima para C\\u00f3rdoba\",\"source_name\":\"Infocampo\",\"source_url\":\"https:\\\/\\\/www.infocampo.com.ar\\\/\"},{\"title\":\"Clima en Rosario hoy 15 agosto 2026\",\"link\":\"https:\\\/\\\/www.infocampo.com.ar\\\/clima-en-rosario-hoy-15-agosto-2026\\\/\",\"image\":\"\",\"timestamp\":1786784415,\"excerpt\":\"El Servicio Meteorol\\u00f3gico Nacional anticipa el clima para Rosario, pronostico del tiempo rosario\",\"source_name\":\"Infocampo\",\"source_url\":\"https:\\\/\\\/www.infocampo.com.ar\\\/\"},{\"title\":\"Clima en Mendoza hoy 15 agosto 2026\",\"link\":\"https:\\\/\\\/www.infocampo.com.ar\\\/clima-en-mendoza-hoy-15-agosto-2026\\\/\",\"image\":\"https:\\\/\\\/www.infocampo.com.ar\\\/wp-content\\\/uploads\\\/2025\\\/05\\\/clima-en-mendoza-1024x538.webp\",\"timestamp\":1786784415,\"excerpt\":\"El Servicio Meteorol\\u00f3gico Nacional anticipa el clima para Mendoza, pronostico del tiempo Mendoza\",\"source_name\":\"Infocampo\",\"source_url\":\"https:\\\/\\\/www.infocampo.com.ar\\\/\"},{\"title\":\"Clima en Corrientes hoy 15 agosto 2026\",\"link\":\"https:\\\/\\\/www.infocampo.com.ar\\\/clima-en-corrientes-hoy-15-agosto-2026\\\/\",\"image\":\"https:\\\/\\\/www.infocampo.com.ar\\\/wp-content\\\/uploads\\\/2025\\\/10\\\/clima-en-corrientes-1024x538.webp\",\"timestamp\":1786784412,\"excerpt\":\"El Servicio Meteorol\\u00f3gico Nacional anticipa el clima para Corrientes, Pron\\u00f3stico del tiempo en Corrientes\",\"source_name\":\"Infocampo\",\"source_url\":\"https:\\\/\\\/www.infocampo.com.ar\\\/\"},{\"title\":\"Los inversores agr\\u00edcolas siguen muy \\u201ccomprados\\u201d en ma\\u00edz ante el \\u201cfestival\\u201d de factores alcistas presentes en el mercado\",\"link\":\"https:\\\/\\\/bichosdecampo.com\\\/los-inversores-agricolas-siguen-muy-comprados-en-maiz-ante-el-festival-de-factores-alcistas-presentes-en-el-mercado\\\/\",\"image\":\"https:\\\/\\\/bichosdecampo.com\\\/wp-content\\\/uploads\\\/2026\\\/08\\\/cftc.png\",\"timestamp\":1786751586,\"excerpt\":\"Esta semana los inversores agr\\u00edcolas que operan en el CME Group (\\u201cChicago\\u201d) liquidaron posiciones en contratos de ma\\u00edz, pero siguen muy \\u201ccomprados\\u201d (alcistas) en el\\u2026\",\"source_name\":\"Bichos de Campo\",\"source_url\":\"https:\\\/\\\/bichosdecampo.com\\\/\"},{\"title\":\"Valtra y Fendt aceleran su apuesta por la tecnolog\\u00eda y la posventa para ganar terreno en el agro argentino\",\"link\":\"https:\\\/\\\/bichosdecampo.com\\\/valtra-y-fendt-aceleran-su-apuesta-por-la-tecnologia-y-la-posventa-para-ganar-terreno-en-el-agro-argentino\\\/\",\"image\":\"https:\\\/\\\/bichosdecampo.com\\\/wp-content\\\/uploads\\\/2026\\\/08\\\/WhatsApp-Image-2026-08-14-at-18.35.40.jpeg\",\"timestamp\":1786746261,\"excerpt\":\"La estrategia de AGCO en Argentina no se limita a sumar nuevos tractores al mercado. Valtra avanza con la renovaci\\u00f3n de sus l\\u00edneas y herramientas\\u2026\",\"source_name\":\"Bichos de Campo\",\"source_url\":\"https:\\\/\\\/bichosdecampo.com\\\/\"},{\"title\":\"El Quijote de los DEX perdi\\u00f3 otra batalla, pero insiste: La justicia rechaz\\u00f3 el reclamo del productor de Pergamino Marcelo Risso y ahora discutir\\u00e1 ante la Corte Suprema\",\"link\":\"https:\\\/\\\/bichosdecampo.com\\\/el-quijote-de-los-dex-perdio-otra-batalla-pero-insiste-la-justicia-rechazo-el-reclamo-del-productor-de-pergamino-marcelo-risso-y-ahora-discutira-ante-la-corte-suprema\\\/\",\"image\":\"\",\"timestamp\":1786743056,\"excerpt\":\"La novela judicial de Marcelo Risso, el productor y abogado de Pergamino al que Bichos de Campo bautiz\\u00f3 como \\u201cEl Quijote de los DEX\\u201d, sigue\\u2026\",\"source_name\":\"Bichos de Campo\",\"source_url\":\"https:\\\/\\\/bichosdecampo.com\\\/\"},{\"title\":\"En Entre R\\u00edos, mirar al cielo es cada vez m\\u00e1s preciso: All\\u00ed, la Bolsa de Cereales incorpor\\u00f3 sofisticados sistemas meteorol\\u00f3gicos\",\"link\":\"https:\\\/\\\/bichosdecampo.com\\\/en-entre-rios-mirar-al-cielo-es-cada-vez-mas-preciso-alli-la-bolsa-de-cereales-incorporo-sofisticados-sistemas-meteorologicos\\\/\",\"image\":\"\",\"timestamp\":1786742339,\"excerpt\":\"La Bolsa de Cereales de Entre R\\u00edos incorporar\\u00f3 un sistema de pron\\u00f3sticos meteorol\\u00f3gicos de alta resoluci\\u00f3n desarrollado junto con la Facultad de Ciencias Astron\\u00f3micas y\\u2026\",\"source_name\":\"Bichos de Campo\",\"source_url\":\"https:\\\/\\\/bichosdecampo.com\\\/\"},{\"title\":\"Monstruo de acero en el campo: una cosechadora tritur\\u00f3 todos los relojes y estableci\\u00f3 un r\\u00e9cord\",\"link\":\"https:\\\/\\\/www.todoagro.com.ar\\\/monstruo-de-acero-en-el-campo-una-cosechadora-trituro-todos-los-relojes-y-establecio-un-record\\\/\",\"image\":\"\",\"timestamp\":1786741633,\"excerpt\":\"\\u00bfCu\\u00e1nto ma\\u00edz puede recolectar una sola m\\u00e1quina sin apagar el motor en un d\\u00eda entero? La cifra alcanzada en Brasil desaf\\u00eda los l\\u00edmites de la\\u2026\",\"source_name\":\"TodoAgro\",\"source_url\":\"https:\\\/\\\/www.todoagro.com.ar\\\/\"},{\"title\":\"\\u00bfM\\u00e1s factores alcistas? Una \\u201cbomba clim\\u00e1tica\\u201d se est\\u00e1 instalando en Brasil con potencial destructivo en soja y trigo\",\"link\":\"https:\\\/\\\/bichosdecampo.com\\\/mas-factores-alcistas-una-bomba-climatica-se-esta-instalando-en-brasil-con-potencial-destructivo-en-soja-y-trigo\\\/\",\"image\":\"https:\\\/\\\/bichosdecampo.com\\\/wp-content\\\/uploads\\\/2026\\\/08\\\/mapa.jpg\",\"timestamp\":1786740868,\"excerpt\":\"La producci\\u00f3n de trigo y la campa\\u00f1a de soja en Brasil pueden resultar afectadas por la instalaci\\u00f3n de una fase ENSO \\u201cEl Ni\\u00f1o\\u201d de caracter\\u00edsticas\\u2026\",\"source_name\":\"Bichos de Campo\",\"source_url\":\"https:\\\/\\\/bichosdecampo.com\\\/\"},{\"title\":\"Menos retenciones y nuevas inversiones: \\u00bfse termina el castigo a la soja?\",\"link\":\"https:\\\/\\\/www.todoagro.com.ar\\\/fin-sesgo-anti-soja-argentina\\\/\",\"image\":\"\",\"timestamp\":1786730838,\"excerpt\":\"Recientemente, Molinos Agro anunci\\u00f3 la decisi\\u00f3n de invertir en la construcci\\u00f3n de una nueva planta de crushing de soja en Timb\\u00faes. La capacidad inicial proyectada\\u2026\",\"source_name\":\"TodoAgro\",\"source_url\":\"https:\\\/\\\/www.todoagro.com.ar\\\/\"}]<\/script>\n\t\t\t\t\t\t\n\t\t\t\t\t\t<div class=\"vnh-more-row\">\n\t\t\t\t\t\t\t<button\n\t\t\t\t\t\t\t\ttype=\"button\"\n\t\t\t\t\t\t\t\tclass=\"vnh-more\"\n\t\t\t\t\t\t\t\tdata-vnh-more\n\t\t\t\t\t\t\t\taria-controls=\"vnh-news-1-panel-argentina-feed\"\n\t\t\t\t\t\t\t\thidden\n\t\t\t\t\t\t\t>\n\t\t\t\t\t\t\t\t<span>Ver mais not\u00edcias<\/span>\n\t\t\t\t\t\t\t\t<span class=\"vnh-more-arrow\" aria-hidden=\"true\">\u2193<\/span>\n\t\t\t\t\t\t\t<\/button>\n\t\t\t\t\t\t\t<p class=\"vnh-more-status\" data-vnh-status aria-live=\"polite\"><\/p>\n\t\t\t\t\t\t<\/div>\n\t\t\t\t\t<\/div>\n\t\t\t\t\t\t\t\t\t\t\t\t\t\t\t\t\t\t\t<div\n\t\t\t\t\t\tclass=\"vnh-panel\"\n\t\t\t\t\t\tid=\"vnh-news-1-panel-usa\"\n\t\t\t\t\t\trole=\"tabpanel\"\n\t\t\t\t\t\taria-labelledby=\"vnh-news-1-tab-usa\"\n\t\t\t\t\t\tdata-vnh-panel\n\t\t\t\t\t\tdata-vnh-region=\"usa\"\n\t\t\t\t\t\tdata-vnh-total=\"80\"\n\t\t\t\t\t\tdata-vnh-placeholder=\"https:\/\/clone.vinomatos.com\/wp-content\/plugins\/vinomatos-news-hub\/assets\/images\/news-placeholder.svg\"\n\t\t\t\t\t\tdata-vnh-excerpt-words=\"25\"\n\t\t\t\t\t\t hidden\t\t\t\t\t>\n\t\t\t\t\t\t<div class=\"vnh-feed-shell\" id=\"vnh-news-1-panel-usa-feed\" data-vnh-feed>\n\t\t\t\t\t\t\t\n<div class=\"vnh-feed-container\" data-vnh-category=\"USA\" data-vnh-region=\"usa\">\n\t\t\t<div class=\"vnh-grid\">\n\t\t\t\t\t<\/div>\n\t<\/div>\n\t\t\t\t\t\t<\/div>\n\t\t\t\t\t\t\t\t\t\t\t\t\t<script type=\"application\/json\" class=\"vnh-more-data\">[{\"title\":\"Live from Farm Progress Show, Thursday, Sept. 3, 2026\",\"link\":\"https:\\\/\\\/www.farmprogress.com\\\/farm-progress-show\\\/live-from-farm-progress-show-thursday-sept-3-2026\",\"image\":\"https:\\\/\\\/eu-images.contentstack.com\\\/v3\\\/assets\\\/bltdd43779342bd9107\\\/blt3cc6886ff5c1fc40\\\/6a8de7c43fd4ad6322a3dbdd\\\/FPS26-livestream-promo_(1).png?width=720\\u0026quality=80\\u0026disable=upscale\",\"timestamp\":1788440400,\"excerpt\":\"Join us live from the Farm Progress Show, streaming all sessions on Thursday, Sept. 3, 2026.\",\"source_name\":\"Farm Progress\",\"source_url\":\"https:\\\/\\\/www.farmprogress.com\\\/\"},{\"title\":\"Live from Farm Progress Show, Wednesday, Sept. 2, 2026\",\"link\":\"https:\\\/\\\/www.farmprogress.com\\\/farm-progress-show\\\/live-from-farm-progress-show-wednesday-sept-2-2026\",\"image\":\"https:\\\/\\\/eu-images.contentstack.com\\\/v3\\\/assets\\\/bltdd43779342bd9107\\\/bltcc7529cccc60593e\\\/6a8de5bb9bbbc93f7cdd599e\\\/FPS26-livestream-promo.png?width=720\\u0026quality=80\\u0026disable=upscale\",\"timestamp\":1788354000,\"excerpt\":\"Join us live from the Farm Progress Show, streaming all sessions on Wednesday, Sept. 2, 2026.\",\"source_name\":\"Farm Progress\",\"source_url\":\"https:\\\/\\\/www.farmprogress.com\\\/\"},{\"title\":\"Live from Farm Progress Show, Tuesday, Sept. 1, 2026\",\"link\":\"https:\\\/\\\/www.farmprogress.com\\\/farm-progress-show\\\/live-from-farm-progress-show-tuesday-sept-1-2026\",\"image\":\"https:\\\/\\\/eu-images.contentstack.com\\\/v3\\\/assets\\\/bltdd43779342bd9107\\\/blt5f403912da090dc2\\\/6a8de3ca3bb403db261ee669\\\/Untitled_-_August_25_2026_at_13.35.05.png?width=720\\u0026quality=80\\u0026disable=upscale\",\"timestamp\":1788264000,\"excerpt\":\"Join us live from the Farm Progress Show, streaming all sessions on Tuesday, Sept. 1, 2026.\",\"source_name\":\"Farm Progress\",\"source_url\":\"https:\\\/\\\/www.farmprogress.com\\\/\"},{\"title\":\"Why Thinking Like a Farmer Is So Important at Erick Nielsen Enterprises\",\"link\":\"https:\\\/\\\/www.growingproduce.com\\\/fruits\\\/grapes\\\/why-thinking-like-a-farmer-is-so-important-at-erick-nielsen-enterprises\\\/\",\"image\":\"https:\\\/\\\/s3.amazonaws.com\\\/files.growingproduce.com\\\/growingproduce\\\/wp-content\\\/uploads\\\/2026\\\/08\\\/Hilary_Porter_Erick_Nielsen-Enterprises_featured-150x150.jpg\",\"timestamp\":1788005932,\"excerpt\":\"Drawing on years managing the family farm, Hilary Porter, CEO of Erick Nielsen Enterprises, sees California agriculture from both sides of the orchard row. The\\u2026\",\"source_name\":\"Growing Produce\",\"source_url\":\"https:\\\/\\\/www.growingproduce.com\\\/\"},{\"title\":\"Grains ride rally on upcoming heatwave\",\"link\":\"https:\\\/\\\/www.farmprogress.com\\\/markets-and-quotes\\\/afternoon-market-recap\",\"image\":\"https:\\\/\\\/eu-images.contentstack.com\\\/v3\\\/assets\\\/bltdd43779342bd9107\\\/blt6ce4e3b0f023e664\\\/6526a29ce9c52ec2a1c537e3\\\/Getty_afternoon_markets_LED_screen_1800x1012.jpg?width=720\\u0026quality=80\\u0026disable=upscale\",\"timestamp\":1787946730,\"excerpt\":\"Afternoon Market Recap: Corn, soybean and winter wheat prices stayed firm on Friday.\",\"source_name\":\"Farm Progress\",\"source_url\":\"https:\\\/\\\/www.farmprogress.com\\\/\"},{\"title\":\"Meet the New Chair of USApple\\u2019s Board of Directors\",\"link\":\"https:\\\/\\\/www.growingproduce.com\\\/fruits\\\/apples-pears\\\/meet-the-new-chair-of-usapples-board-of-directors\\\/\",\"image\":\"https:\\\/\\\/s3.amazonaws.com\\\/files.growingproduce.com\\\/growingproduce\\\/wp-content\\\/uploads\\\/2026\\\/08\\\/Philip_GlaizeIII_Steve_Smith_USApple_featured-150x150.jpg\",\"timestamp\":1787929255,\"excerpt\":\"Fourth-generation Virginia apple grower Philip Glaize III will serve the 2026-2027 term for USApple. The post Meet the New Chair of USApple\\u2019s Board of Directors\\u2026\",\"source_name\":\"Growing Produce\",\"source_url\":\"https:\\\/\\\/www.growingproduce.com\\\/\"},{\"title\":\"California Citrus Faces Trade, Labor and Regulatory Pressure\",\"link\":\"https:\\\/\\\/agnetwest.com\\\/california-citrus-trade-labor-jacob-villagomez\\\/\",\"image\":\"\",\"timestamp\":1787923800,\"excerpt\":\"California citrus growers are navigating challenges ranging from labor shortages and invasive pests to uncertain export markets and increasing competition from imported fruit. On the\\u2026\",\"source_name\":\"AgNet West\",\"source_url\":\"https:\\\/\\\/agnetwest.com\\\/\"},{\"title\":\"Louis B. Schmidt Helped Put Agriculture in the History Books\",\"link\":\"https:\\\/\\\/agnetwest.com\\\/louis-b-schmidt-agricultural-history\\\/\",\"image\":\"\",\"timestamp\":1787922000,\"excerpt\":\"The Farmers Who Helped Build America As American farm families moved westward and settled the nation\\u2019s heartland, they were doing more than establishing farms and\\u2026\",\"source_name\":\"AgNet West\",\"source_url\":\"https:\\\/\\\/agnetwest.com\\\/\"},{\"title\":\"California Table Grape Industry Aiming High to Ground Notorious Pest\",\"link\":\"https:\\\/\\\/www.growingproduce.com\\\/crop-protection\\\/insect-control\\\/california-table-grape-industry-aiming-high-to-ground-notorious-pest\\\/\",\"image\":\"https:\\\/\\\/s3.amazonaws.com\\\/files.growingproduce.com\\\/growingproduce\\\/wp-content\\\/uploads\\\/2024\\\/09\\\/Pierces_Disease_symptoms_featured-150x150.jpg\",\"timestamp\":1787920108,\"excerpt\":\"Consolidated Central Valley Table Grape Pest and Disease Control District commits more funding to support glassy-winged sharpshooter control efforts. The post California Table Grape Industry\\u2026\",\"source_name\":\"Growing Produce\",\"source_url\":\"https:\\\/\\\/www.growingproduce.com\\\/\"},{\"title\":\"Farm Progress Show returns to Iowa with new features\",\"link\":\"https:\\\/\\\/www.farmprogress.com\\\/tv-and-radio\\\/farm-progress-show-returns-to-iowa-with-new-features\",\"image\":\"https:\\\/\\\/eu-images.contentstack.com\\\/v3\\\/assets\\\/bltdd43779342bd9107\\\/blt2a7e38d67912b3fc\\\/6a7db3a951d5be820202cc23\\\/fps-preview-promo.jpeg?width=720\\u0026quality=80\\u0026disable=upscale\",\"timestamp\":1787918242,\"excerpt\":\"Farm Progress America: The nation\\u0027s largest working farm show debuts an agronomy zone and drone demonstrations alongside traditional equipment displays.\",\"source_name\":\"Farm Progress\",\"source_url\":\"https:\\\/\\\/www.farmprogress.com\\\/\"},{\"title\":\"This grain rally is no time to sit on your hands\",\"link\":\"https:\\\/\\\/www.farmprogress.com\\\/markets-and-quotes\\\/morning-market-review\",\"image\":\"https:\\\/\\\/eu-images.contentstack.com\\\/v3\\\/assets\\\/bltdd43779342bd9107\\\/bltb33b79d2c912930e\\\/6526a21ef49f03543116f190\\\/Getty_morning_market_recap_1800x1012.jpg?width=720\\u0026quality=80\\u0026disable=upscale\",\"timestamp\":1787917641,\"excerpt\":\"Morning Market Analysis: Corn futures regained upside momentum overnight and hit a fresh three-year high above $5.40, with soybeans and wheat also surging.\",\"source_name\":\"Farm Progress\",\"source_url\":\"https:\\\/\\\/www.farmprogress.com\\\/\"},{\"title\":\"What happens behind the scenes at Farm Progress Show?\",\"link\":\"https:\\\/\\\/www.farmprogress.com\\\/farm-progress-show\\\/what-happens-behind-the-scenes-at-farm-progress-show-\",\"image\":\"https:\\\/\\\/eu-images.contentstack.com\\\/v3\\\/assets\\\/bltdd43779342bd9107\\\/bltf387a2fa4957c9ff\\\/6a9085d107463cc20df30d77\\\/FP_Nation-truth_1.jpeg?width=720\\u0026quality=80\\u0026disable=upscale\",\"timestamp\":1787911200,\"excerpt\":\"Truth on the Ground podcast: Matt Jungmann shares what really happens as the crew brings a show together, and previews a few of his favorite\\u2026\",\"source_name\":\"Farm Progress\",\"source_url\":\"https:\\\/\\\/www.farmprogress.com\\\/\"},{\"title\":\"Irrigation demos highlight propane efficiency at HHD\",\"link\":\"https:\\\/\\\/www.farmprogress.com\\\/husker-harvest-days\\\/irrigation-demos-highlight-propane-efficiency-at-hhd\",\"image\":\"https:\\\/\\\/eu-images.contentstack.com\\\/v3\\\/assets\\\/bltdd43779342bd9107\\\/bltfa902fbf70c15478\\\/6a8daacb1722163fe1c368ba\\\/0824F1-6164-1800x1012.jpg?width=720\\u0026quality=80\\u0026disable=upscale\",\"timestamp\":1787900400,\"excerpt\":\"Propane irrigation systems will be on display as producers look for stable energy alternatives amid fluctuating fuel prices.\",\"source_name\":\"Farm Progress\",\"source_url\":\"https:\\\/\\\/www.farmprogress.com\\\/\"},{\"title\":\"Livestock pack profit, land stewardship into just 280 acres\",\"link\":\"https:\\\/\\\/www.farmprogress.com\\\/farm-operations\\\/livestock-pack-profit-land-stewardship-into-just-280-acres\",\"image\":\"https:\\\/\\\/eu-images.contentstack.com\\\/v3\\\/assets\\\/bltdd43779342bd9107\\\/blt2cc19b8b54844fbd\\\/6a8cb3a1f83f1f9022abd392\\\/0824F1-4034A-1800x1012.jpg?width=720\\u0026quality=80\\u0026disable=upscale\",\"timestamp\":1787900400,\"excerpt\":\"Slideshow: Carey Robertson runs a thriving livestock and poultry operation in northeastern Arkansas, with a focus on land stewardship and additional revenue streams.\",\"source_name\":\"Farm Progress\",\"source_url\":\"https:\\\/\\\/www.farmprogress.com\\\/\"},{\"title\":\"5 canning tips to make you a pro\",\"link\":\"https:\\\/\\\/www.farmprogress.com\\\/farm-life\\\/5-canning-tips-to-make-you-a-pro\",\"image\":\"https:\\\/\\\/eu-images.contentstack.com\\\/v3\\\/assets\\\/bltdd43779342bd9107\\\/blt6f3631ed6dedf1a0\\\/6a8da0421722165e7cc36843\\\/0824F1-2625A-1800x1012.jpg?width=720\\u0026quality=80\\u0026disable=upscale\",\"timestamp\":1787900400,\"excerpt\":\"Through the Garden Gate: The next generation is tackling this time-honored skill to preserve their summer bounty and feed their family freshness.\",\"source_name\":\"Farm Progress\",\"source_url\":\"https:\\\/\\\/www.farmprogress.com\\\/\"},{\"title\":\"Ohio tackles deer problem with refrigerated trailers\",\"link\":\"https:\\\/\\\/www.farmprogress.com\\\/crop-protection\\\/ohio-tackles-deer-problem-with-refrigerated-trailers\",\"image\":\"https:\\\/\\\/eu-images.contentstack.com\\\/v3\\\/assets\\\/bltdd43779342bd9107\\\/bltf2bb36344ba4029f\\\/6a90560fcb1aa657e524c814\\\/0824F-3693A-1800x1012.jpg?width=720\\u0026quality=80\\u0026disable=upscale\",\"timestamp\":1787900400,\"excerpt\":\"Department of Natural Resources launches program modeled after Michigan initiative to manage wildlife and distribute meat to food banks.\",\"source_name\":\"Farm Progress\",\"source_url\":\"https:\\\/\\\/www.farmprogress.com\\\/\"},{\"title\":\"Let go of little things when your kids leave home\",\"link\":\"https:\\\/\\\/www.farmprogress.com\\\/farm-life\\\/let-go-of-little-things-when-your-kids-leave-home\",\"image\":\"https:\\\/\\\/eu-images.contentstack.com\\\/v3\\\/assets\\\/bltdd43779342bd9107\\\/blt21646789ea9fc83b\\\/6a8f59b99c30f30c5e205721\\\/0824F1-1820A-1800x1012.jpg?width=720\\u0026quality=80\\u0026disable=upscale\",\"timestamp\":1787900400,\"excerpt\":\"Show-Me Life: When your children take pieces of home with them, it may be less about what they took and more about what you gave\\u2026\",\"source_name\":\"Farm Progress\",\"source_url\":\"https:\\\/\\\/www.farmprogress.com\\\/\"},{\"title\":\"This Indiana fair family leaves a lasting impact\",\"link\":\"https:\\\/\\\/www.farmprogress.com\\\/farm-life\\\/this-indiana-fair-family-leaves-a-lasting-impact\",\"image\":\"https:\\\/\\\/eu-images.contentstack.com\\\/v3\\\/assets\\\/bltdd43779342bd9107\\\/bltba42142953e8c59f\\\/6a887d816e78f559c7e745f5\\\/0824F1-3504a-1800x1012.jpg?width=720\\u0026quality=80\\u0026disable=upscale\",\"timestamp\":1787900400,\"excerpt\":\"Joy\\u2019s Reflections: The Carter family goes above and beyond in helping, encouraging and growing young 4-H\\u2019ers.\",\"source_name\":\"Farm Progress\",\"source_url\":\"https:\\\/\\\/www.farmprogress.com\\\/\"},{\"title\":\"How to avoid lines and find the perfect meal\",\"link\":\"https:\\\/\\\/www.farmprogress.com\\\/farm-progress-show\\\/how-to-avoid-lines-and-find-the-perfect-meal\",\"image\":\"https:\\\/\\\/eu-images.contentstack.com\\\/v3\\\/assets\\\/bltdd43779342bd9107\\\/blt507ea1907466785c\\\/6a8d9e75163a8bce0c679f77\\\/6618A-1800x1012.jpg?width=720\\u0026quality=80\\u0026disable=upscale\",\"timestamp\":1787900400,\"excerpt\":\"Farm Progress Show: Attendees have many mouth-watering options for meals.\",\"source_name\":\"Farm Progress\",\"source_url\":\"https:\\\/\\\/www.farmprogress.com\\\/\"},{\"title\":\"New Skid Steer Experience lets producers test-drive equipment\",\"link\":\"https:\\\/\\\/www.farmprogress.com\\\/husker-harvest-days\\\/new-skid-steer-experience-lets-producers-test-drive-equipment\",\"image\":\"https:\\\/\\\/eu-images.contentstack.com\\\/v3\\\/assets\\\/bltdd43779342bd9107\\\/blt4ef9259478710ab1\\\/6a8f54c19e8089362baed424\\\/0824F2-6201-1800x1012.jpg?width=720\\u0026quality=80\\u0026disable=upscale\",\"timestamp\":1787899200,\"excerpt\":\"Husker Harvest Days attendees will have the opportunity for hands-on time with equipment from multiple manufacturers in real-world scenarios.\",\"source_name\":\"Farm Progress\",\"source_url\":\"https:\\\/\\\/www.farmprogress.com\\\/\"},{\"title\":\"Feast on these food gems at 2026 Farm Progress Show\",\"link\":\"https:\\\/\\\/www.farmprogress.com\\\/farm-progress-show\\\/feast-on-these-food-gems-at-2026-farm-progress-show\",\"image\":\"https:\\\/\\\/eu-images.contentstack.com\\\/v3\\\/assets\\\/bltdd43779342bd9107\\\/blte36099182f488189\\\/6a8d9e742c8d0d16bba340e0\\\/6619A-1800x1012.jpg?width=720\\u0026quality=80\\u0026disable=upscale\",\"timestamp\":1787899200,\"excerpt\":\"Farm Progress Show: Food offerings include pies, ice cream, kettle corn, coffee and ribeye steak.\",\"source_name\":\"Farm Progress\",\"source_url\":\"https:\\\/\\\/www.farmprogress.com\\\/\"},{\"title\":\"\\u2018Our Nebraska\\u2019 celebrates America\\u2019s 250th anniversary\",\"link\":\"https:\\\/\\\/www.farmprogress.com\\\/farm-life\\\/our-nebraska-celebrates-americas-250-anniversary\",\"image\":\"https:\\\/\\\/eu-images.contentstack.com\\\/v3\\\/assets\\\/bltdd43779342bd9107\\\/blt9fc4d1c4afa20ede\\\/6a8dacd73bb40321a21ee5b9\\\/0824F3-1425A-1800x1012.jpg?width=720\\u0026quality=80\\u0026disable=upscale\",\"timestamp\":1787898000,\"excerpt\":\"Down the Road: A new exhibit at the Nebraska History Museum in Lincoln honors the state\\u2019s contribution to America\\u2019s heritage.\",\"source_name\":\"Farm Progress\",\"source_url\":\"https:\\\/\\\/www.farmprogress.com\\\/\"},{\"title\":\"Handy tips for visiting the Farm Progress Show\",\"link\":\"https:\\\/\\\/www.farmprogress.com\\\/farm-progress-show\\\/handy-tips-for-visiting-the-farm-progress-show\",\"image\":\"https:\\\/\\\/eu-images.contentstack.com\\\/v3\\\/assets\\\/bltdd43779342bd9107\\\/blt54f6160d4c153c7e\\\/6a8d9e7450ef108b76a1dc1d\\\/6621A-1800x1012.jpg?width=720\\u0026quality=80\\u0026disable=upscale\",\"timestamp\":1787898000,\"excerpt\":\"Farm Progress Show: Check out these key events, tips and places to be.\",\"source_name\":\"Farm Progress\",\"source_url\":\"https:\\\/\\\/www.farmprogress.com\\\/\"},{\"title\":\"Trump formalizes beef import plan despite fierce opposition\",\"link\":\"https:\\\/\\\/www.farmprogress.com\\\/farm-policy\\\/trump-formalizes-beef-import-plan-despite-fierce-opposition\",\"image\":\"https:\\\/\\\/eu-images.contentstack.com\\\/v3\\\/assets\\\/bltdd43779342bd9107\\\/bltbcdef4731409e5cb\\\/6a9095bdb4dff050eb8bd8ec\\\/0824H1-5669A-1800x1012.jpg?width=720\\u0026quality=80\\u0026disable=upscale\",\"timestamp\":1787860344,\"excerpt\":\"Critics argue plan only harms cattle producers.\",\"source_name\":\"Farm Progress\",\"source_url\":\"https:\\\/\\\/www.farmprogress.com\\\/\"},{\"title\":\"Top Tips: You still need discipline in a bull market\",\"link\":\"https:\\\/\\\/www.farmprogress.com\\\/management\\\/top-tips-you-still-need-discipline-in-a-bull-market\",\"image\":\"https:\\\/\\\/eu-images.contentstack.com\\\/v3\\\/assets\\\/bltdd43779342bd9107\\\/blt60c637d2c8456956\\\/6a59256f2d194513673b1cd5\\\/Top_Tips_071626.png?width=720\\u0026quality=80\\u0026disable=upscale\",\"timestamp\":1787858494,\"excerpt\":\"Expert grain marketings offer advice on how to get the most out of the recent rise in grain prices.\",\"source_name\":\"Farm Progress\",\"source_url\":\"https:\\\/\\\/www.farmprogress.com\\\/\"},{\"title\":\"Putin moves to escalate war in Ukraine as talks at dead end\",\"link\":\"https:\\\/\\\/www.farmprogress.com\\\/farm-policy\\\/putin-moves-to-escalate-war-in-ukraine-as-talks-at-dead-end\",\"image\":\"https:\\\/\\\/eu-images.contentstack.com\\\/v3\\\/assets\\\/bltdd43779342bd9107\\\/bltbdb508775084468a\\\/6a907f2d3edaac604482b79e\\\/bloomberg-465695855.jpg?width=720\\u0026quality=80\\u0026disable=upscale\",\"timestamp\":1787854375,\"excerpt\":\"Russia-Ukraine war escalation threatens global grain supplies as attacks target Black Sea ports during harvest season, risking wheat exports.\",\"source_name\":\"Farm Progress\",\"source_url\":\"https:\\\/\\\/www.farmprogress.com\\\/\"},{\"title\":\"U.S.-Canada Trade Talks Collapse, Raising Tariff Risks for Farm Exports\",\"link\":\"https:\\\/\\\/agnetwest.com\\\/us-canada-tariffs-farm-exports\\\/\",\"image\":\"\",\"timestamp\":1787854320,\"excerpt\":\"U.S. farm exports are facing renewed uncertainty after trade talks between the United States and Canada collapsed, raising concerns about potential retaliatory tariffs and reduced\\u2026\",\"source_name\":\"AgNet West\",\"source_url\":\"https:\\\/\\\/agnetwest.com\\\/\"},{\"title\":\"Trump floats less regulation for beef processors\",\"link\":\"https:\\\/\\\/www.farmprogress.com\\\/livestock\\\/trump-floats-less-regulation-for-beef-processors\",\"image\":\"https:\\\/\\\/eu-images.contentstack.com\\\/v3\\\/assets\\\/bltdd43779342bd9107\\\/bltf8abb69eb96a11a7\\\/638f5ef8b786622fe78870e2\\\/cattle-feedlot-GettyImages-506011160.jpg?width=720\\u0026quality=80\\u0026disable=upscale\",\"timestamp\":1787853052,\"excerpt\":\"Trump open to cutting beef processing rules that ranchers say prevent new plants, as administration tackles high meat prices before midterms.\",\"source_name\":\"Farm Progress\",\"source_url\":\"https:\\\/\\\/www.farmprogress.com\\\/\"},{\"title\":\"Rollins Defends Plan to Increase Foreign Beef Imports\",\"link\":\"https:\\\/\\\/agnetwest.com\\\/rollins-defends-increased-beef-imports\\\/\",\"image\":\"\",\"timestamp\":1787851800,\"excerpt\":\"Agriculture Secretary Brooke Rollins is defending the Trump administration\\u2019s decision to allow more foreign beef into the United States, a move as U.S. cattle producers\\u2026\",\"source_name\":\"AgNet West\",\"source_url\":\"https:\\\/\\\/agnetwest.com\\\/\"},{\"title\":\"Latest Federal Court Ruling: DOL\\u2019s Take on H-2A Farmworker Wages Unlawful\",\"link\":\"https:\\\/\\\/www.growingproduce.com\\\/farm-management\\\/labor\\\/latest-federal-court-ruling-dols-take-on-h-2a-farmworker-wages-unlawful\\\/\",\"image\":\"https:\\\/\\\/s3.amazonaws.com\\\/files.growingproduce.com\\\/growingproduce\\\/wp-content\\\/uploads\\\/2018\\\/03\\\/strawberry_fieldworkers-150x150.jpg\",\"timestamp\":1787845332,\"excerpt\":\"U.S. District judge in California strikes down Trump administration\\u0027s rewrite of temporary farmworker wage rates. Find out why. The post Latest Federal Court Ruling: DOL\\u2019s\\u2026\",\"source_name\":\"Growing Produce\",\"source_url\":\"https:\\\/\\\/www.growingproduce.com\\\/\"},{\"title\":\"$2 Million Investment Targets Pest Control and Quality in U.S. Tree Nuts\",\"link\":\"https:\\\/\\\/agnetwest.com\\\/tree-nut-pest-control-technology-funding\\\/\",\"image\":\"\",\"timestamp\":1787839549,\"excerpt\":\"The U.S. Department of Agriculture is investing $2 million in new technology aimed at helping U.S. tree nut handlers manage pests and maintain product quality\\u2026\",\"source_name\":\"AgNet West\",\"source_url\":\"https:\\\/\\\/agnetwest.com\\\/\"},{\"title\":\"Cannon Michael: California Farming at a Crossroads\",\"link\":\"https:\\\/\\\/agnetwest.com\\\/cannon-michael-california-farming-crossroads\\\/\",\"image\":\"\",\"timestamp\":1787839200,\"excerpt\":\"Bowles Farming CEO discusses water, labor, heat, technology and the future of California agriculture with The Ag Meter California agriculture is under pressure from nearly\\u2026\",\"source_name\":\"AgNet West\",\"source_url\":\"https:\\\/\\\/agnetwest.com\\\/\"},{\"title\":\"Bowles Farming Company Part 2: Labor, Technology and the Fight to Keep Farming\",\"link\":\"https:\\\/\\\/agnetwest.com\\\/bowles-farming-company-part-2-labor-water-technology\\\/\",\"image\":\"\",\"timestamp\":1787837400,\"excerpt\":\"The future of California agriculture may depend on solving some problems that farmers simply cannot solve on their own. In Part 2 of his conversation\\u2026\",\"source_name\":\"AgNet West\",\"source_url\":\"https:\\\/\\\/agnetwest.com\\\/\"},{\"title\":\"Digital Deep Dive: Your Guide to Better Pepper Production\",\"link\":\"https:\\\/\\\/www.growingproduce.com\\\/deep-dives\\\/digital-deep-dive-your-guide-to-better-pepper-production\\\/\",\"image\":\"https:\\\/\\\/s3.amazonaws.com\\\/files.growingproduce.com\\\/growingproduce\\\/wp-content\\\/uploads\\\/2026\\\/08\\\/896x504-AVG-August-2026-Peppers-Crop-Protection-DDD-CVR_featured-150x150.jpg\",\"timestamp\":1787835608,\"excerpt\":\"Peppers are among the most widely grown crops by American vegetable growers. Learn what it takes to produce prime peppers in this special report. The\\u2026\",\"source_name\":\"Growing Produce\",\"source_url\":\"https:\\\/\\\/www.growingproduce.com\\\/\"},{\"title\":\"George Grant and the Four Bulls That Started Angus in America\",\"link\":\"https:\\\/\\\/agnetwest.com\\\/george-grant-four-bulls-started-angus-america\\\/\",\"image\":\"\",\"timestamp\":1787835600,\"excerpt\":\"A Scottish Vision Comes to the Kansas Prairie In 1873, Scottish cattleman George Grant arrived in Kansas with a bold vision for American agriculture. Grant\\u2026\",\"source_name\":\"AgNet West\",\"source_url\":\"https:\\\/\\\/agnetwest.com\\\/\"},{\"title\":\"Wildfires scorch 7.5 million acres across western U.S.\",\"link\":\"https:\\\/\\\/www.farmprogress.com\\\/tv-and-radio\\\/wildfires-scorch-7-5-million-acres-across-western-u-s-\",\"image\":\"https:\\\/\\\/eu-images.contentstack.com\\\/v3\\\/assets\\\/bltdd43779342bd9107\\\/bltcac9dcdbcf35b07c\\\/6a90265ce135de8fe9ed6081\\\/wildfire-ne-1342095201.jpg?width=720\\u0026quality=80\\u0026disable=upscale\",\"timestamp\":1787831852,\"excerpt\":\"Farm Progress America: Pacific Northwest battles 37 large fires as ranchers face years of displacement from burned grazing land.\",\"source_name\":\"Farm Progress\",\"source_url\":\"https:\\\/\\\/www.farmprogress.com\\\/\"},{\"title\":\"A farmer\\u2019s daughter returns to rest in cotton\",\"link\":\"https:\\\/\\\/www.farmprogress.com\\\/farm-life\\\/a-farmer-s-daughter-returns-to-rest-in-cotton\",\"image\":\"https:\\\/\\\/eu-images.contentstack.com\\\/v3\\\/assets\\\/bltdd43779342bd9107\\\/blt7d20eafcf356e027\\\/6a8f1763565a3c0eef5dd938\\\/0824H2-4018A-1800x1012.jpg?width=720\\u0026quality=80\\u0026disable=upscale\",\"timestamp\":1787814600,\"excerpt\":\"Dolly Parton honored her rural roots by requesting to rest on cotton bed.\",\"source_name\":\"Farm Progress\",\"source_url\":\"https:\\\/\\\/www.farmprogress.com\\\/\"},{\"title\":\"Can cover crops derail next season\\u2019s waterhemp pressure?\",\"link\":\"https:\\\/\\\/www.farmprogress.com\\\/soybean\\\/can-cover-crops-derail-next-season-s-waterhemp-pressure-\",\"image\":\"https:\\\/\\\/eu-images.contentstack.com\\\/v3\\\/assets\\\/bltdd43779342bd9107\\\/bltd131cb13eab322e2\\\/6a887d81f5ebd93679900e19\\\/0824H1-3452a-1800x1012.jpg?width=720\\u0026quality=80\\u0026disable=upscale\",\"timestamp\":1787814000,\"excerpt\":\"Soybean Pest Beat: Achieving a thick stand of your cover crop can help with early-season weed pressures, but that\\u2019s only one part of the control\\u2026\",\"source_name\":\"Farm Progress\",\"source_url\":\"https:\\\/\\\/www.farmprogress.com\\\/\"},{\"title\":\"Growing specialty crops on contract can offer lifeline to Delta farmers\",\"link\":\"https:\\\/\\\/www.farmprogress.com\\\/names-in-the-news\\\/growing-specialty-crops-on-contract-can-offer-lifeline-to-delta-farmers\",\"image\":\"https:\\\/\\\/eu-images.contentstack.com\\\/v3\\\/assets\\\/bltdd43779342bd9107\\\/blt4cc06e5cb7f65f9d\\\/6a8c9b32aab317f2494f9319\\\/0824H2-4034A-1800x1012.jpg?width=720\\u0026quality=80\\u0026disable=upscale\",\"timestamp\":1787814000,\"excerpt\":\"Specialty rice contracts and innovative practices are helping farmers overcome market struggles. Expanding those opportunities could bring prosperity to more small farms.\",\"source_name\":\"Farm Progress\",\"source_url\":\"https:\\\/\\\/www.farmprogress.com\\\/\"},{\"title\":\"New career crawl connects FFA students with ag industry\",\"link\":\"https:\\\/\\\/www.farmprogress.com\\\/husker-harvest-days\\\/new-career-crawl-connects-ffa-students-with-ag-industry\",\"image\":\"https:\\\/\\\/eu-images.contentstack.com\\\/v3\\\/assets\\\/bltdd43779342bd9107\\\/blt8cb7599c5d69d687\\\/6a8da955ca06173a244c2960\\\/0824H1-6160-1800x1012.jpg?width=720\\u0026quality=80\\u0026disable=upscale\",\"timestamp\":1787814000,\"excerpt\":\"Husker Harvest Days will expand its long-standing FFA partnership with a guided networking experience for high school members.\",\"source_name\":\"Farm Progress\",\"source_url\":\"https:\\\/\\\/www.farmprogress.com\\\/\"},{\"title\":\"You won\\u2019t pick the top in this corn market rally\",\"link\":\"https:\\\/\\\/www.farmprogress.com\\\/marketing\\\/you-won-t-pick-the-top-in-this-corn-market-rally\",\"image\":\"https:\\\/\\\/eu-images.contentstack.com\\\/v3\\\/assets\\\/bltdd43779342bd9107\\\/blt82330f7cbffd11ec\\\/6a8f4ee26286584d876ce63a\\\/0824H-9027A_new.jpg?width=720\\u0026quality=80\\u0026disable=upscale\",\"timestamp\":1787814000,\"excerpt\":\"Ag Marketing IQ: Yield estimates from crop tours point to potential sub-1.5-billion-bushel carryout, the tightest in five years. Farmers can move now to lock in\\u2026\",\"source_name\":\"Farm Progress\",\"source_url\":\"https:\\\/\\\/www.farmprogress.com\\\/\"},{\"title\":\"Keep sunflower pests at bay with new strategies in 2026\",\"link\":\"https:\\\/\\\/www.farmprogress.com\\\/crop-protection\\\/keep-sunflower-pests-at-bay-with-new-strategies-in-2026\",\"image\":\"https:\\\/\\\/eu-images.contentstack.com\\\/v3\\\/assets\\\/bltdd43779342bd9107\\\/bltf17714a849227770\\\/6a8dc04b24739f746de9edf0\\\/0824H1-1241-1800x1012.jpg?width=720\\u0026quality=80\\u0026disable=upscale\",\"timestamp\":1787814000,\"excerpt\":\"Red sunflower seed weevils abound as pyrethroid resistance grows in the upper Midwest. Try a multifaceted approach this season.\",\"source_name\":\"Farm Progress\",\"source_url\":\"https:\\\/\\\/www.farmprogress.com\\\/\"},{\"title\":\"Wisconsin dairy farms drop below 5,000 for first time\",\"link\":\"https:\\\/\\\/www.farmprogress.com\\\/dairy-cattle\\\/wisconsin-dairy-farms-drop-below-5-000-for-first-time\",\"image\":\"https:\\\/\\\/eu-images.contentstack.com\\\/v3\\\/assets\\\/bltdd43779342bd9107\\\/blte7e71e6b06bbfede\\\/6a8da317163a8b8a81679fa0\\\/0824H1-2790-1800x1012.jpg?width=720\\u0026quality=80\\u0026disable=upscale\",\"timestamp\":1787814000,\"excerpt\":\"The average herd now produces five times more milk per cow than a century ago, keeping the state competitive despite losing dairy farms.\",\"source_name\":\"Farm Progress\",\"source_url\":\"https:\\\/\\\/www.farmprogress.com\\\/\"},{\"title\":\"This Week In Ag\",\"link\":\"https:\\\/\\\/americanvineyardmagazine.com\\\/this-week-in-ag\\\/?utm_source=rss\\u0026amp;utm_medium=rss\\u0026amp;utm_campaign=this-week-in-ag\",\"image\":\"\",\"timestamp\":1787778568,\"excerpt\":\"This Week in Ag: Five stories you need to know from across California agriculture. This week, we\\u2019re covering new funding to stop the spread of\\u2026\",\"source_name\":\"American Vineyard\",\"source_url\":\"https:\\\/\\\/americanvineyardmagazine.com\\\/\"},{\"title\":\"What Vegetable Growers Should Do When Wildlife Control Goes Wrong\",\"link\":\"https:\\\/\\\/www.growingproduce.com\\\/crop-protection\\\/what-vegetable-growers-should-do-when-wildlife-control-goes-wrong\\\/\",\"image\":\"https:\\\/\\\/s3.amazonaws.com\\\/files.growingproduce.com\\\/growingproduce\\\/wp-content\\\/uploads\\\/2020\\\/10\\\/groundhog_damage_on_zucchini_gallery.jpg\",\"timestamp\":1787763402,\"excerpt\":\"For growers, putting a wildlife deterrent in place isn\\u0027t the end of the crop protection task. It\\u0027s really just the beginning. The post What Vegetable\\u2026\",\"source_name\":\"Growing Produce\",\"source_url\":\"https:\\\/\\\/www.growingproduce.com\\\/\"},{\"title\":\"A Sweet Debut for Two New Table Grapes\",\"link\":\"https:\\\/\\\/www.growingproduce.com\\\/fruits\\\/grapes\\\/a-sweet-debut-for-two-new-table-grapes\\\/\",\"image\":\"https:\\\/\\\/s3.amazonaws.com\\\/files.growingproduce.com\\\/growingproduce\\\/wp-content\\\/uploads\\\/2026\\\/08\\\/Sun_World_symposium_26_grapes_featured-150x150.jpg\",\"timestamp\":1787756473,\"excerpt\":\"During its recent Symposium and Field Days event, Sun World International unveiled two new specialty table grape brands, SUMMER BLUSH and FLAVORCRUSH. The post A\\u2026\",\"source_name\":\"Growing Produce\",\"source_url\":\"https:\\\/\\\/www.growingproduce.com\\\/\"},{\"title\":\"Bowles Farming Company: Adapting to Keep California Agriculture Moving\",\"link\":\"https:\\\/\\\/agnetwest.com\\\/bowles-farming-company-california-agriculture-part-1\\\/\",\"image\":\"\",\"timestamp\":1787751000,\"excerpt\":\"Farming in California has never been simple, but for Cannon Michael of Bowles Farming Company, adapting to changing conditions has become a fundamental part of\\u2026\",\"source_name\":\"AgNet West\",\"source_url\":\"https:\\\/\\\/agnetwest.com\\\/\"},{\"title\":\"From Horsepower to Tractor Power: A Slow Farm Revolution\",\"link\":\"https:\\\/\\\/agnetwest.com\\\/horsepower-tractor-power-farm-history\\\/\",\"image\":\"\",\"timestamp\":1787749200,\"excerpt\":\"The Long Transition to Tractor Power The shift from horsepower to tractor power transformed American agriculture, but it was far from an overnight change. For\\u2026\",\"source_name\":\"AgNet West\",\"source_url\":\"https:\\\/\\\/agnetwest.com\\\/\"},{\"title\":\"El Ni\\u00f1o or Not \\u2014 Ways Ag Producers Can Be Better Prepared in All Kinds of Weather\",\"link\":\"https:\\\/\\\/www.growingproduce.com\\\/farm-management\\\/el-nino-or-not-ways-ag-producers-can-be-better-prepared-in-all-kinds-of-weather\\\/\",\"image\":\"https:\\\/\\\/s3.amazonaws.com\\\/files.growingproduce.com\\\/growingproduce\\\/wp-content\\\/uploads\\\/2023\\\/04\\\/Flooded_strawberry_planting_Pajaro_flood_cahn-150x150.jpg\",\"timestamp\":1787747145,\"excerpt\":\"Record heat is a trend. El Ni\\u00f1o is a cycle. Each need to be planned for differently by growers. Learn what you can do to\\u2026\",\"source_name\":\"Growing Produce\",\"source_url\":\"https:\\\/\\\/www.growingproduce.com\\\/\"},{\"title\":\"CDFA Opens Public Comment on $40 Million Farm to School Grant Program\",\"link\":\"https:\\\/\\\/agnetwest.com\\\/california-farm-to-school-grant-program\\\/\",\"image\":\"\",\"timestamp\":1787700300,\"excerpt\":\"The California Department of Food and Agriculture has released a draft request for applications for the California Farm to School Incubator Grant Program, with up\\u2026\",\"source_name\":\"AgNet West\",\"source_url\":\"https:\\\/\\\/agnetwest.com\\\/\"},{\"title\":\"Rising Produce Imports Add Pressure to U.S. Specialty Crop Growers\",\"link\":\"https:\\\/\\\/agnetwest.com\\\/us-produce-imports-pressure-growers\\\/\",\"image\":\"\",\"timestamp\":1787698500,\"excerpt\":\"U.S. fruit and vegetable imports have increased significantly over the past decade, creating additional competition for domestic growers, according to John Walt Boatright with the\\u2026\",\"source_name\":\"AgNet West\",\"source_url\":\"https:\\\/\\\/agnetwest.com\\\/\"},{\"title\":\"Lipman Family Farms Sharpens Fresh-Cut Focus With New Acquisition\",\"link\":\"https:\\\/\\\/www.growingproduce.com\\\/vegetables\\\/lipman-family-farms-sharpens-fresh-cut-focus-with-new-acquisition\\\/\",\"image\":\"https:\\\/\\\/s3.amazonaws.com\\\/files.growingproduce.com\\\/growingproduce\\\/wp-content\\\/uploads\\\/2017\\\/11\\\/Back-lit-tomato-slice-150x150.jpg\",\"timestamp\":1787687810,\"excerpt\":\"Lipman Family Farms makes move to acquire a fresh-cut produce operation in Phoenix, strengthening its presence in the West. The post Lipman Family Farms Sharpens\\u2026\",\"source_name\":\"Growing Produce\",\"source_url\":\"https:\\\/\\\/www.growingproduce.com\\\/\"},{\"title\":\"Citrus Greening Detected in Imperial County, California\",\"link\":\"https:\\\/\\\/agnetwest.com\\\/citrus-greening-imperial-county-california\\\/\",\"image\":\"\",\"timestamp\":1787686038,\"excerpt\":\"California agriculture officials are responding to the first confirmed detection of citrus greening disease in Imperial County. The detection involves a single citrus tree on\\u2026\",\"source_name\":\"AgNet West\",\"source_url\":\"https:\\\/\\\/agnetwest.com\\\/\"},{\"title\":\"USDA Announces Roster for Trade Mission to Australia\",\"link\":\"https:\\\/\\\/americanvineyardmagazine.com\\\/usda-announces-roster-for-trade-mission-to-australia\\\/?utm_source=rss\\u0026amp;utm_medium=rss\\u0026amp;utm_campaign=usda-announces-roster-for-trade-mission-to-australia\",\"image\":\"\",\"timestamp\":1787679688,\"excerpt\":\"The USDA\\u2019s Foreign Agricultural Service announced the participant list for its upcoming trade mission to Melbourne, Australia, Aug. 30 to Sept. 2. Participants from California\\u2026\",\"source_name\":\"American Vineyard\",\"source_url\":\"https:\\\/\\\/americanvineyardmagazine.com\\\/\"},{\"title\":\"USDA Accepting Applications for a Trade Mission to Singapore\",\"link\":\"https:\\\/\\\/americanvineyardmagazine.com\\\/usda-accepting-applications-for-a-trade-mission-to-singapore\\\/?utm_source=rss\\u0026amp;utm_medium=rss\\u0026amp;utm_campaign=usda-accepting-applications-for-a-trade-mission-to-singapore\",\"image\":\"\",\"timestamp\":1787677457,\"excerpt\":\"The USDA Foreign Agricultural Service (FAS) announced it is now accepting applications for its upcoming trade mission to Singapore, scheduled for Dec. 7 to 9.\\u2026\",\"source_name\":\"American Vineyard\",\"source_url\":\"https:\\\/\\\/americanvineyardmagazine.com\\\/\"},{\"title\":\"Free Business Skills Training Offered to Growers, Ranchers and Food Vendors\",\"link\":\"https:\\\/\\\/americanvineyardmagazine.com\\\/free-business-skills-training-offered-to-growers-ranchers-and-food-vendors\\\/?utm_source=rss\\u0026amp;utm_medium=rss\\u0026amp;utm_campaign=free-business-skills-training-offered-to-growers-ranchers-and-food-vendors\",\"image\":\"\",\"timestamp\":1787675788,\"excerpt\":\"UC Ag and Natural Resources and F3 are offering free skills training courses to help California growers navigate the hurdles of planning, marketing, social media,\\u2026\",\"source_name\":\"American Vineyard\",\"source_url\":\"https:\\\/\\\/americanvineyardmagazine.com\\\/\"},{\"title\":\"How Saunderskill Farms Succeeds From One Generation to the Next\",\"link\":\"https:\\\/\\\/www.growingproduce.com\\\/fruits\\\/how-saunderskill-farms-succeeds-from-one-generation-to-the-next\\\/\",\"image\":\"https:\\\/\\\/s3.amazonaws.com\\\/files.growingproduce.com\\\/growingproduce\\\/wp-content\\\/uploads\\\/2026\\\/08\\\/Renee_Ciardi_Saunderskill_featured-150x150.jpg\",\"timestamp\":1787673861,\"excerpt\":\"After careers away, two cousins return to carry their family\\u2019s operation \\u2014 and a farming legacy dating to 1680 \\u2014 into the future. The post\\u2026\",\"source_name\":\"Growing Produce\",\"source_url\":\"https:\\\/\\\/www.growingproduce.com\\\/\"},{\"title\":\"Enzo\\u2019s Olive Oil: Ricchiuti Family Builds on 100 Years of Farming\",\"link\":\"https:\\\/\\\/agnetwest.com\\\/enzos-olive-oil-vincent-ricchiuti-ag-meter\\\/\",\"image\":\"\",\"timestamp\":1787666400,\"excerpt\":\"From a 1914 Immigrant to a California Olive Oil Brand The Ricchiuti family has been farming in California\\u2019s Central Valley for more than a century.\\u2026\",\"source_name\":\"AgNet West\",\"source_url\":\"https:\\\/\\\/agnetwest.com\\\/\"},{\"title\":\"Enzo Olive Oil Part 2: Building a California Farm Brand Beyond the Bottle\",\"link\":\"https:\\\/\\\/agnetwest.com\\\/enzo-olive-oil-part-2-california-farm-brand\\\/\",\"image\":\"\",\"timestamp\":1787664600,\"excerpt\":\"A California olive oil company that began as a way for a longtime farming family to reinvent its operation is now growing into something much\\u2026\",\"source_name\":\"AgNet West\",\"source_url\":\"https:\\\/\\\/agnetwest.com\\\/\"},{\"title\":\"How Agriculture Shaped America\\u2019s New Nation\",\"link\":\"https:\\\/\\\/agnetwest.com\\\/american-agriculture-history-washington-jefferson\\\/\",\"image\":\"\",\"timestamp\":1787662800,\"excerpt\":\"From Founding Leaders to Scientific Agriculture America\\u2019s early leaders were not only influential figures in the formation of the new nation\\u2014they were also accomplished farmers.\\u2026\",\"source_name\":\"AgNet West\",\"source_url\":\"https:\\\/\\\/agnetwest.com\\\/\"},{\"title\":\"California Agriculture Pushes for Protection of USMCA Ahead of 2026 Review\",\"link\":\"https:\\\/\\\/agnetwest.com\\\/california-agriculture-usmca-review\\\/\",\"image\":\"\",\"timestamp\":1787610300,\"excerpt\":\"California agriculture and the USMCA review are drawing increased attention as farmers and agricultural leaders urge lawmakers to protect the United States-Mexico-Canada Agreement ahead of\\u2026\",\"source_name\":\"AgNet West\",\"source_url\":\"https:\\\/\\\/agnetwest.com\\\/\"},{\"title\":\"USDA Lowers Steer Price Forecasts for 2026 and 2027\",\"link\":\"https:\\\/\\\/agnetwest.com\\\/usda-steer-price-forecasts-2026\\\/\",\"image\":\"\",\"timestamp\":1787607900,\"excerpt\":\"World Agricultural Outlook Board Chairman Mark Jekanowski discussed USDA\\u2019s latest cattle market outlook, including lower steer price forecasts for both 2026 and 2027 as recent\\u2026\",\"source_name\":\"AgNet West\",\"source_url\":\"https:\\\/\\\/agnetwest.com\\\/\"},{\"title\":\"USDA Lowers 2026 Butter Forecast as Dairy Product Prices Shift\",\"link\":\"https:\\\/\\\/agnetwest.com\\\/usda-dairy-price-forecasts-2026\\\/\",\"image\":\"\",\"timestamp\":1787596220,\"excerpt\":\"World Agricultural Outlook Board Chairman Mark Jekanowski provided an update on the latest dairy market outlook, outlining changes to USDA forecasts for butter, nonfat dry\\u2026\",\"source_name\":\"AgNet West\",\"source_url\":\"https:\\\/\\\/agnetwest.com\\\/\"},{\"title\":\"From Stone Fruit to Olive Oil: How a California Farm Reinvented Itself\",\"link\":\"https:\\\/\\\/agnetwest.com\\\/vincent-ricchiuti-enzo-olive-oil-part-1\\\/\",\"image\":\"\",\"timestamp\":1787578200,\"excerpt\":\"A fourth-generation California farming family made a major decision nearly two decades ago: move away from thousands of acres of stone fruit and bet on\\u2026\",\"source_name\":\"AgNet West\",\"source_url\":\"https:\\\/\\\/agnetwest.com\\\/\"},{\"title\":\"George Grant and the Early Rise of Angus Cattle in America\",\"link\":\"https:\\\/\\\/agnetwest.com\\\/george-grant-angus-cattle-american-agriculture\\\/\",\"image\":\"\",\"timestamp\":1787576400,\"excerpt\":\"American Agriculture History Minute In 1873, Scottish Angus cattle made an important early appearance in the United States when George Grant brought four Angus bulls\\u2026\",\"source_name\":\"AgNet West\",\"source_url\":\"https:\\\/\\\/agnetwest.com\\\/\"},{\"title\":\"Rosa Brothers Milk: From Tulare Dairy to California Brand\",\"link\":\"https:\\\/\\\/agnetwest.com\\\/rosa-brothers-milk-noel-rosa-california-dairy\\\/\",\"image\":\"\",\"timestamp\":1787320800,\"excerpt\":\"What started as a family dairy in Tulare has grown into a California value-added success story. In a recent interview with \\u201cThe Ag Meter\\u201d host\\u2026\",\"source_name\":\"AgNet West\",\"source_url\":\"https:\\\/\\\/agnetwest.com\\\/\"},{\"title\":\"Rosa Brothers Part 2: Innovation Helps a California Dairy Keep Growing\",\"link\":\"https:\\\/\\\/agnetwest.com\\\/rosa-brothers-part-2-california-dairy\\\/\",\"image\":\"\",\"timestamp\":1787319000,\"excerpt\":\"Rosa Brothers Milk Company has turned a family dairy into a recognizable California brand, and in Part 2 of his AgNet News Hour interview, president\\u2026\",\"source_name\":\"AgNet West\",\"source_url\":\"https:\\\/\\\/agnetwest.com\\\/\"},{\"title\":\"British Agricultural Revolution Helped Shape Modern Farming\",\"link\":\"https:\\\/\\\/agnetwest.com\\\/british-agricultural-revolution-modern-farming\\\/\",\"image\":\"\",\"timestamp\":1787317200,\"excerpt\":\"The Beginning of Modern Farming What we consider modern farming in the United States can trace many of its practices and innovations back to the\\u2026\",\"source_name\":\"AgNet West\",\"source_url\":\"https:\\\/\\\/agnetwest.com\\\/\"},{\"title\":\"Sustainability Implemented at Scale Across CA Wine Sector\",\"link\":\"https:\\\/\\\/americanvineyardmagazine.com\\\/sustainability-implemented-at-scale-across-ca-wine-sector\\\/?utm_source=rss\\u0026amp;utm_medium=rss\\u0026amp;utm_campaign=sustainability-implemented-at-scale-across-ca-wine-sector\",\"image\":\"\",\"timestamp\":1787261393,\"excerpt\":\"The California Sustainable Winegrowing Alliance (CSWA) recently released the 2025 California Wine Community Sustainability Report, which finds that sustainability is being implemented at broad scale\\u2026\",\"source_name\":\"American Vineyard\",\"source_url\":\"https:\\\/\\\/americanvineyardmagazine.com\\\/\"},{\"title\":\"Wine Grape Industry Commits Additional Funding to Stop GWSS\",\"link\":\"https:\\\/\\\/americanvineyardmagazine.com\\\/wine-grape-industry-commits-additional-funding-to-stop-gwss\\\/?utm_source=rss\\u0026amp;utm_medium=rss\\u0026amp;utm_campaign=wine-grape-industry-commits-additional-funding-to-stop-gwss\",\"image\":\"\",\"timestamp\":1787260533,\"excerpt\":\"To stop the glassy-winged sharpshooter from spreading a fatal grapevine disease into Northern California, the Pierce\\u2019s Disease and Glassy-Winged Sharpshooter (PD\\\/GWSS) Board at the California\\u2026\",\"source_name\":\"American Vineyard\",\"source_url\":\"https:\\\/\\\/americanvineyardmagazine.com\\\/\"},{\"title\":\"NY Wine \\u0026 Grape Foundation Celebrates Wine Classic Winners\",\"link\":\"https:\\\/\\\/americanvineyardmagazine.com\\\/ny-wine-grape-foundation-celebrates-wine-classic-winners\\\/?utm_source=rss\\u0026amp;utm_medium=rss\\u0026amp;utm_campaign=ny-wine-grape-foundation-celebrates-wine-classic-winners\",\"image\":\"\",\"timestamp\":1787259611,\"excerpt\":\"Winners of the 2026 New York Wine Classic were announced during a live virtual Awards Ceremony hosted by Wanda Mann, East Coast Editor of The\\u2026\",\"source_name\":\"American Vineyard\",\"source_url\":\"https:\\\/\\\/americanvineyardmagazine.com\\\/\"},{\"title\":\"USDA Offers Disaster Assistance for Oregon Producers\",\"link\":\"https:\\\/\\\/americanvineyardmagazine.com\\\/usda-offers-disaster-assistance-for-oregon-producers\\\/?utm_source=rss\\u0026amp;utm_medium=rss\\u0026amp;utm_campaign=usda-offers-disaster-assistance-for-oregon-producers\",\"image\":\"\",\"timestamp\":1787259339,\"excerpt\":\"USDA announced that Oregon ag producers affected by ongoing drought and wildfire conditions may qualify for a range of financial and technical assistance programs. USDA\\u2026\",\"source_name\":\"American Vineyard\",\"source_url\":\"https:\\\/\\\/americanvineyardmagazine.com\\\/\"},{\"title\":\"ASWA Announces 2026 Competition Winners\",\"link\":\"https:\\\/\\\/americanvineyardmagazine.com\\\/aswa-announces-2026-competition-winners\\\/?utm_source=rss\\u0026amp;utm_medium=rss\\u0026amp;utm_campaign=aswa-announces-2026-competition-winners\",\"image\":\"\",\"timestamp\":1787259167,\"excerpt\":\"The Atlantic Seaboard Wine Association announced the 2026 Jefferson Cup Best of Show: 2023 JOLO Vineyards Carolus XII ranked highest among 389 entries. Proprietors J.W.\\u2026\",\"source_name\":\"American Vineyard\",\"source_url\":\"https:\\\/\\\/americanvineyardmagazine.com\\\/\"},{\"title\":\"Specialty Crop Trade Concerns and a California Dairy Success Story\",\"link\":\"https:\\\/\\\/agnetwest.com\\\/specialty-crop-trade-california-dairy-innovation\\\/\",\"image\":\"\",\"timestamp\":1787232600,\"excerpt\":\"Trade pressure on American specialty crop growers and an innovative approach to California dairy production highlight the latest AgNet News Hour. Mike Joyner of the\\u2026\",\"source_name\":\"AgNet West\",\"source_url\":\"https:\\\/\\\/agnetwest.com\\\/\"},{\"title\":\"USDA: From Lincoln\\u2019s \\u201cPeople\\u2019s Department\\u201d to a Modern Agriculture Agency\",\"link\":\"https:\\\/\\\/agnetwest.com\\\/usda-history-peoples-department\\\/\",\"image\":\"\",\"timestamp\":1787230800,\"excerpt\":\"The Birth of the U.S. Department of Agriculture The history of American agriculture is closely connected to the history of the United States Department of\\u2026\",\"source_name\":\"AgNet West\",\"source_url\":\"https:\\\/\\\/agnetwest.com\\\/\"},{\"title\":\"California Agricultural Leadership Foundation Selects 24 Fellows for Class 56\",\"link\":\"https:\\\/\\\/agnetwest.com\\\/california-agricultural-leadership-class-56\\\/\",\"image\":\"\",\"timestamp\":1787174918,\"excerpt\":\"The California Agricultural Leadership Foundation has selected 24 participants for Class 56 of the California Agricultural Leadership Program, bringing together agricultural professionals from across the\\u2026\",\"source_name\":\"AgNet West\",\"source_url\":\"https:\\\/\\\/agnetwest.com\\\/\"},{\"title\":\"USDA Provides $7.5 Million to Improve Food Assistance Cold Storage\",\"link\":\"https:\\\/\\\/agnetwest.com\\\/usda-food-assistance-storage-funding\\\/\",\"image\":\"\",\"timestamp\":1787174396,\"excerpt\":\"The U.S. Department of Agriculture is making $7.5 million available to improve cold storage and distribution capabilities for food assistance organizations, helping nonprofits better store\\u2026\",\"source_name\":\"AgNet West\",\"source_url\":\"https:\\\/\\\/agnetwest.com\\\/\"},{\"title\":\"This Week In Ag \\u2013 August 19, 2026\",\"link\":\"https:\\\/\\\/americanvineyardmagazine.com\\\/this-week-in-ag-august-19-2026\\\/?utm_source=rss\\u0026amp;utm_medium=rss\\u0026amp;utm_campaign=this-week-in-ag-august-19-2026\",\"image\":\"\",\"timestamp\":1787157487,\"excerpt\":\"This Week in Ag: Five stories you need to know from across California agriculture. This week, we\\u2019re covering the beginning of California\\u2019s paraquat phase-out, an\\u2026\",\"source_name\":\"American Vineyard\",\"source_url\":\"https:\\\/\\\/americanvineyardmagazine.com\\\/\"},{\"title\":\"Can Raisins Be Great Again? Jeff Smutny on California\\u2019s Raisin Future\",\"link\":\"https:\\\/\\\/agnetwest.com\\\/california-raisin-industry-jeff-smutny\\\/\",\"image\":\"\",\"timestamp\":1787148000,\"excerpt\":\"California\\u2019s raisin industry is at a crossroads, facing declining acreage, rising labor and production costs, global competition and the challenge of attracting the next generation\\u2026\",\"source_name\":\"AgNet West\",\"source_url\":\"https:\\\/\\\/agnetwest.com\\\/\"},{\"title\":\"Jeff Smutny Part 2: Reinventing California Raisins for a New Generation\",\"link\":\"https:\\\/\\\/agnetwest.com\\\/jeff-smutny-part-2-california-raisins\\\/\",\"image\":\"\",\"timestamp\":1787146200,\"excerpt\":\"On today\\u2019s episode of the AgNet News Hour, Jeff Smutny, president and managing director of the Raisin Administrative Committee (RAC), returned for Part 2 of\\u2026\",\"source_name\":\"AgNet West\",\"source_url\":\"https:\\\/\\\/agnetwest.com\\\/\"}]<\/script>\n\t\t\t\t\t\t\n\t\t\t\t\t\t<div class=\"vnh-more-row\">\n\t\t\t\t\t\t\t<button\n\t\t\t\t\t\t\t\ttype=\"button\"\n\t\t\t\t\t\t\t\tclass=\"vnh-more\"\n\t\t\t\t\t\t\t\tdata-vnh-more\n\t\t\t\t\t\t\t\taria-controls=\"vnh-news-1-panel-usa-feed\"\n\t\t\t\t\t\t\t\thidden\n\t\t\t\t\t\t\t>\n\t\t\t\t\t\t\t\t<span>Ver mais not\u00edcias<\/span>\n\t\t\t\t\t\t\t\t<span class=\"vnh-more-arrow\" aria-hidden=\"true\">\u2193<\/span>\n\t\t\t\t\t\t\t<\/button>\n\t\t\t\t\t\t\t<p class=\"vnh-more-status\" data-vnh-status aria-live=\"polite\"><\/p>\n\t\t\t\t\t\t<\/div>\n\t\t\t\t\t<\/div>\n\t\t\t\t\t\t\t\t\t\t\t\t\t\t\t\t\t\t\t<div\n\t\t\t\t\t\tclass=\"vnh-panel\"\n\t\t\t\t\t\tid=\"vnh-news-1-panel-world\"\n\t\t\t\t\t\trole=\"tabpanel\"\n\t\t\t\t\t\taria-labelledby=\"vnh-news-1-tab-world\"\n\t\t\t\t\t\tdata-vnh-panel\n\t\t\t\t\t\tdata-vnh-region=\"world\"\n\t\t\t\t\t\tdata-vnh-total=\"65\"\n\t\t\t\t\t\tdata-vnh-placeholder=\"https:\/\/clone.vinomatos.com\/wp-content\/plugins\/vinomatos-news-hub\/assets\/images\/news-placeholder.svg\"\n\t\t\t\t\t\tdata-vnh-excerpt-words=\"25\"\n\t\t\t\t\t\t hidden\t\t\t\t\t>\n\t\t\t\t\t\t<div class=\"vnh-feed-shell\" id=\"vnh-news-1-panel-world-feed\" data-vnh-feed>\n\t\t\t\t\t\t\t\n<div class=\"vnh-feed-container\" data-vnh-category=\"World\" data-vnh-region=\"world\">\n\t\t\t<div class=\"vnh-grid\">\n\t\t\t\t\t<\/div>\n\t<\/div>\n\t\t\t\t\t\t<\/div>\n\t\t\t\t\t\t\t\t\t\t\t\t\t<script type=\"application\/json\" class=\"vnh-more-data\">[{\"title\":\"Then and Now: When Olive Oil Was Stored for Seven Years Underground\",\"link\":\"https:\\\/\\\/www.oliveoiltimes.com\\\/world\\\/then-and-now-when-olive-oil-was-stored-for-seven-years-underground\\\/145116\",\"image\":\"https:\\\/\\\/www.oliveoiltimes.com\\\/media\\\/2026\\\/08\\\/0juu.jpg\",\"timestamp\":1787925069,\"excerpt\":\"An 1853 account of olive oil production praised fully ripe fruit, stone mills and years of underground storage \\u2014 practices that stand in sharp contrast\\u2026\",\"source_name\":\"Olive Oil Times\",\"source_url\":\"https:\\\/\\\/www.oliveoiltimes.com\\\/\"},{\"title\":\"GUSS to add native-color lidar to autonomous orchard sprayers\",\"link\":\"https:\\\/\\\/www.futurefarming.com\\\/tech-in-focus\\\/guss-to-add-native-color-lidar-to-autonomous-orchard-sprayers\\\/\",\"image\":\"https:\\\/\\\/www.futurefarming.com\\\/https%3A%2F%2Fwww.futurefarming.com%2Fapp%2Fuploads%2F2026%2F08%2FMini-GUSS_edited-300x200.webp\",\"timestamp\":1787896842,\"excerpt\":\"GUSS Automation, a John Deere subsidiary, plans to equip the next generation of its autonomous orchard machines with Ouster\\u2019s new Rev8 OS0 lidar. The sensor\\u2026\",\"source_name\":\"Future Farming\",\"source_url\":\"https:\\\/\\\/www.futurefarming.com\\\/\"},{\"title\":\"Final Call for 2026 S. Hemisphere NYIOOC\",\"link\":\"https:\\\/\\\/www.oliveoiltimes.com\\\/features\\\/southern-hemisphere-nyiooc-nears-registration-deadline-as-2026-results-get-underway\\\/145104\",\"image\":\"https:\\\/\\\/www.oliveoiltimes.com\\\/media\\\/2026\\\/08\\\/7717-3.jpg\",\"timestamp\":1787844266,\"excerpt\":\"The 2026 Southern Hemisphere NYIOOC is entering its final registration period, giving producers from Australia, South America, New Zealand and South Africa a last opportunity\\u2026\",\"source_name\":\"Olive Oil Times\",\"source_url\":\"https:\\\/\\\/www.oliveoiltimes.com\\\/\"},{\"title\":\"Vegan Mediterranean Diet Shows Benefits for Women With Fibromyalgia\",\"link\":\"https:\\\/\\\/www.oliveoiltimes.com\\\/health-news\\\/vegan-mediterranean-diet-shows-benefits-for-women-with-fibromyalgia\\\/145101\",\"image\":\"https:\\\/\\\/www.oliveoiltimes.com\\\/media\\\/2026\\\/08\\\/217jk.jpg\",\"timestamp\":1787840609,\"excerpt\":\"Women with fibromyalgia following a vegan Mediterranean diet experienced greater reductions in LDL cholesterol, triglycerides and reported pain than those following a traditional Mediterranean diet.\",\"source_name\":\"Olive Oil Times\",\"source_url\":\"https:\\\/\\\/www.oliveoiltimes.com\\\/\"},{\"title\":\"FAO at COP17: New report warns soil degradation worsening as adoption of proven solutions lags\",\"link\":\"https:\\\/\\\/www.fao.org\\\/newsroom\\\/detail\\\/fao-at-cop17--new-report-warns-soil-degradation-worsening-as-adoption-of-proven-solutions-lags\\\/en\",\"image\":\"\",\"timestamp\":1787832000,\"excerpt\":\"Leia a not\\u00edcia completa na fonte original.\",\"source_name\":\"FAO Newsroom\",\"source_url\":\"https:\\\/\\\/www.fao.org\\\/newsroom\\\/en\"},{\"title\":\"CropX acquires SCIO to link agronomy with crop quality data\",\"link\":\"https:\\\/\\\/www.futurefarming.com\\\/smart-farming\\\/cropx-acquires-scio-to-link-agronomy-with-crop-quality-data\\\/\",\"image\":\"https:\\\/\\\/www.futurefarming.com\\\/https%3A%2F%2Fwww.futurefarming.com%2Fapp%2Fuploads%2F2026%2F08%2Fscio-press-release-featured-image-1-300x181.png\",\"timestamp\":1787810415,\"excerpt\":\"Digital agronomy company CropX Technologies has acquired SCIO, a developer of portable near-infrared spectroscopy technology. The acquisition should enable CropX to connect agronomic recommendations during\\u2026\",\"source_name\":\"Future Farming\",\"source_url\":\"https:\\\/\\\/www.futurefarming.com\\\/\"},{\"title\":\"FAO Director-General calls for science and technology to bridge digital, rural and gender divides\",\"link\":\"https:\\\/\\\/www.fao.org\\\/newsroom\\\/detail\\\/fao-director-general-calls-for-science-and-technology-to-bridge-digital--rural-and--gender-divides\\\/en\",\"image\":\"\",\"timestamp\":1787745600,\"excerpt\":\"Leia a not\\u00edcia completa na fonte original.\",\"source_name\":\"FAO Newsroom\",\"source_url\":\"https:\\\/\\\/www.fao.org\\\/newsroom\\\/en\"},{\"title\":\"FAO at COP17: Pastoralists are essential partners in rangeland restoration\",\"link\":\"https:\\\/\\\/www.fao.org\\\/newsroom\\\/detail\\\/fao-at-cop17--pastoralists-are-essential-partners-in-rangeland-restoration\\\/en\",\"image\":\"\",\"timestamp\":1787745600,\"excerpt\":\"Leia a not\\u00edcia completa na fonte original.\",\"source_name\":\"FAO Newsroom\",\"source_url\":\"https:\\\/\\\/www.fao.org\\\/newsroom\\\/en\"},{\"title\":\"Greening lands, feeding people: UN awards three Restoration Flagships at UNCCD COP17\",\"link\":\"https:\\\/\\\/www.fao.org\\\/newsroom\\\/detail\\\/greening-lands--feeding-people--un-awards-three-restoration-flagships-at-unccd-cop17\\\/en\",\"image\":\"\",\"timestamp\":1787745600,\"excerpt\":\"Leia a not\\u00edcia completa na fonte original.\",\"source_name\":\"FAO Newsroom\",\"source_url\":\"https:\\\/\\\/www.fao.org\\\/newsroom\\\/en\"},{\"title\":\"Solinftec expands Solix fleet after 85% average chemical reduction\",\"link\":\"https:\\\/\\\/www.futurefarming.com\\\/crop-solutions\\\/weed-pest-control\\\/solinftec-expands-solix-fleet-after-85-average-chemical-reduction\\\/\",\"image\":\"https:\\\/\\\/www.futurefarming.com\\\/https%3A%2F%2Fwww.futurefarming.com%2Fapp%2Fuploads%2F2026%2F08%2FSolix-Docking-Station-300x200.webp\",\"timestamp\":1787729877,\"excerpt\":\"More than 100 Solinftec Solix robots operated across the US and Puerto Rico in 2026, covering over 55,000 acres and reducing chemical use by an\\u2026\",\"source_name\":\"Future Farming\",\"source_url\":\"https:\\\/\\\/www.futurefarming.com\\\/\"},{\"title\":\"\\u2018The robot does its job, the weather determines the opportunities\\u2019\",\"link\":\"https:\\\/\\\/www.futurefarming.com\\\/crop-solutions\\\/weed-pest-control\\\/the-robot-does-its-job-the-weather-determines-the-opportunities\\\/\",\"image\":\"https:\\\/\\\/www.futurefarming.com\\\/https%3A%2F%2Fwww.futurefarming.com%2Fapp%2Fuploads%2F2026%2F08%2Fpoppe-nieuw-3-1-of-1-300x182.jpg\",\"timestamp\":1787643677,\"excerpt\":\"In 2026, Marien and Joos Poppe removed weeds within the row using an Andela Robot Weeder and between the rows using an Electro Weeder. The\\u2026\",\"source_name\":\"Future Farming\",\"source_url\":\"https:\\\/\\\/www.futurefarming.com\\\/\"},{\"title\":\"Olive Oil Takes Center Stage in Spanish Childhood Obesity Program\",\"link\":\"https:\\\/\\\/www.oliveoiltimes.com\\\/health-news\\\/olive-oil-takes-center-stage-in-spanish-childhood-obesity-program\\\/145081\",\"image\":\"https:\\\/\\\/www.oliveoiltimes.com\\\/media\\\/2026\\\/08\\\/ve4m.jpg\",\"timestamp\":1787594404,\"excerpt\":\"More than 27,000 students in Extremadura participated in a school health program that put olive oil at the center of lessons on diet, exercise and\\u2026\",\"source_name\":\"Olive Oil Times\",\"source_url\":\"https:\\\/\\\/www.oliveoiltimes.com\\\/\"},{\"title\":\"Extreme Summer Weather Clouds Europe\\u2019s Olive Harvest\",\"link\":\"https:\\\/\\\/www.oliveoiltimes.com\\\/features\\\/extreme-summer-weather-clouds-europes-olive-harvest\\\/145077\",\"image\":\"https:\\\/\\\/www.oliveoiltimes.com\\\/media\\\/2026\\\/08\\\/gc3e.jpg\",\"timestamp\":1787591212,\"excerpt\":\"Prolonged heat and drought are weighing on olive development from Turkey to Croatia, while wildfires and pests add pressure ahead of the 2026\\\/27 harvest.\",\"source_name\":\"Olive Oil Times\",\"source_url\":\"https:\\\/\\\/www.oliveoiltimes.com\\\/\"},{\"title\":\"FAO Director-General: Unlocking horticulture\\u2019s potential is key to transforming agrifood systems and delivering healthy diets for all\",\"link\":\"https:\\\/\\\/www.fao.org\\\/newsroom\\\/detail\\\/fao-director-general--unlocking-horticulture-s-potential-is-key-to-transforming-agrifood-systems-and-delivering-healthy-diets-for-all\\\/en\",\"image\":\"\",\"timestamp\":1787572800,\"excerpt\":\"Leia a not\\u00edcia completa na fonte original.\",\"source_name\":\"FAO Newsroom\",\"source_url\":\"https:\\\/\\\/www.fao.org\\\/newsroom\\\/en\"},{\"title\":\"Monosem updates the NG Plus planter unit\",\"link\":\"https:\\\/\\\/www.futurefarming.com\\\/machinery\\\/monosem-updates-the-ng-plus-planter-unit\\\/\",\"image\":\"https:\\\/\\\/www.futurefarming.com\\\/https%3A%2F%2Fwww.futurefarming.com%2Fapp%2Fuploads%2F2026%2F08%2FNG-Plus-Monoshox-300x200.png\",\"timestamp\":1787561255,\"excerpt\":\"Machinery manufacturer Monosem is updating the NG Plus planter unit. The seed metering unit, the LED lighting, the lids, and the furrow opener have all\\u2026\",\"source_name\":\"Future Farming\",\"source_url\":\"https:\\\/\\\/www.futurefarming.com\\\/\"},{\"title\":\"Agtonomy adds autonomous multi-point turning and expands data capabilities\",\"link\":\"https:\\\/\\\/www.futurefarming.com\\\/tech-in-focus\\\/autonomous-semi-autosteering-systems\\\/agtonomy-adds-autonomous-multi-point-turning-and-expands-data-capabilities\\\/\",\"image\":\"https:\\\/\\\/www.futurefarming.com\\\/https%3A%2F%2Fwww.futurefarming.com%2Fapp%2Fuploads%2F2026%2F08%2FAgtonomy_web-300x195.jpg\",\"timestamp\":1787303362,\"excerpt\":\"U.S. company Agtonomy has announced two updates to its autonomy stack for factory-level automation: new autonomous multi-point turning capability and expanded passive data collection across\\u2026\",\"source_name\":\"Future Farming\",\"source_url\":\"https:\\\/\\\/www.futurefarming.com\\\/\"},{\"title\":\"Less soil compaction with autonomous tractor\",\"link\":\"https:\\\/\\\/www.futurefarming.com\\\/tech-in-focus\\\/autonomous-semiauto-steering\\\/autonomous-vehicles\\\/less-soil-compaction-with-autonomous-tractor\\\/\",\"image\":\"https:\\\/\\\/www.futurefarming.com\\\/https%3A%2F%2Fwww.futurefarming.com%2Fapp%2Fuploads%2F2026%2F08%2FAutonomous-tractor-300x200.jpg\",\"timestamp\":1787207400,\"excerpt\":\"British grower Will Mumford compared an AgBot from AgXeed on his farm with a wheeled tractor with plough and a Challenger tracked tractor. The AgBot\\u2026\",\"source_name\":\"Future Farming\",\"source_url\":\"https:\\\/\\\/www.futurefarming.com\\\/\"},{\"title\":\"Azaneo bets on irreversible electroporation to beat herbicide on cost\",\"link\":\"https:\\\/\\\/www.futurefarming.com\\\/crop-solutions\\\/azaneo-bets-on-irreversible-electroporation-to-beat-herbicide-on-cost\\\/\",\"image\":\"https:\\\/\\\/www.futurefarming.com\\\/https%3A%2F%2Fwww.futurefarming.com%2Fapp%2Fuploads%2F2026%2F08%2FPhoto-Azaneo_web-300x200.jpg\",\"timestamp\":1787122844,\"excerpt\":\"Herbicide resistance is spreading, chemical costs keep climbing, and spray days are often dictated by wind. Australian startup Azaneo believes it has a fix: a\\u2026\",\"source_name\":\"Future Farming\",\"source_url\":\"https:\\\/\\\/www.futurefarming.com\\\/\"},{\"title\":\"Gaza Strip: Only 3 percent of Gaza\\u2019s cropland remains accessible and undamaged, new assessment finds\",\"link\":\"https:\\\/\\\/www.fao.org\\\/newsroom\\\/detail\\\/gaza-strip---only-3-precent-of-gaza-s-cropland-remains-accessible-and-undamaged--new-assessment-finds\\\/en\",\"image\":\"\",\"timestamp\":1787054400,\"excerpt\":\"Leia a not\\u00edcia completa na fonte original.\",\"source_name\":\"FAO Newsroom\",\"source_url\":\"https:\\\/\\\/www.fao.org\\\/newsroom\\\/en\"},{\"title\":\"Sami Robotics scales up broccoli harvesting as it builds towards a multi-crop, multi-task platform\",\"link\":\"https:\\\/\\\/www.futurefarming.com\\\/crop-solutions\\\/sami-robotics-scales-up-broccoli-harvesting-as-it-builds-towards-a-multi-crop-multi-task-platform\\\/\",\"image\":\"https:\\\/\\\/www.futurefarming.com\\\/https%3A%2F%2Fwww.futurefarming.com%2Fapp%2Fuploads%2F2026%2F08%2F1-SAMI_web-300x225.jpg\",\"timestamp\":1787034600,\"excerpt\":\"Canadian startup Sami Robotics, has moved beyond the prototype stage with its broccoli harvesting application.\",\"source_name\":\"Future Farming\",\"source_url\":\"https:\\\/\\\/www.futurefarming.com\\\/\"},{\"title\":\"Autonomous fruit implements are ready\",\"link\":\"https:\\\/\\\/www.futurefarming.com\\\/tech-in-focus\\\/autonomous-semi-autosteering-systems\\\/autonomous-fruit-implements-are-ready\\\/\",\"image\":\"https:\\\/\\\/www.futurefarming.com\\\/https%3A%2F%2Fwww.futurefarming.com%2Fapp%2Fuploads%2F2026%2F08%2Froe424901_16-1-300x200.jpg\",\"timestamp\":1786950047,\"excerpt\":\"Robotisation seems to be the magic word for getting work done on agricultural businesses and making them future-proof. What that could look like in fruit\\u2026\",\"source_name\":\"Future Farming\",\"source_url\":\"https:\\\/\\\/www.futurefarming.com\\\/\"},{\"title\":\"\\u2018Ullmanna hoe pays for itself within a few years\\u2019\",\"link\":\"https:\\\/\\\/www.futurefarming.com\\\/smart-farming\\\/ullmanna-hoe-pays-for-itself-within-a-few-years\\\/\",\"image\":\"https:\\\/\\\/www.futurefarming.com\\\/https%3A%2F%2Fwww.futurefarming.com%2Fapp%2Fuploads%2F2026%2F08%2FUlmanna-300x245.jpg\",\"timestamp\":1786604400,\"excerpt\":\"This season, the Ullmanna hoe is operating in valerian and echinacea at Gerard Lanting\\u2019s farm in the Dutch village of Oosterhesselen (Drenthe province). Training the\\u2026\",\"source_name\":\"Future Farming\",\"source_url\":\"https:\\\/\\\/www.futurefarming.com\\\/\"},{\"title\":\"Rometron establishes WEED-IT USA to expand spot spraying support\",\"link\":\"https:\\\/\\\/www.futurefarming.com\\\/crop-solutions\\\/rometron-establishes-weed-it-usa-to-expand-spot-spraying-support\\\/\",\"image\":\"https:\\\/\\\/www.futurefarming.com\\\/https%3A%2F%2Fwww.futurefarming.com%2Fapp%2Fuploads%2F2026%2F08%2FRometron-resize-2000-300x200.jpeg\",\"timestamp\":1786597200,\"excerpt\":\"Rometron establishes WEED-IT USA to expand spot spraying support Dutch precision spraying\",\"source_name\":\"Future Farming\",\"source_url\":\"https:\\\/\\\/www.futurefarming.com\\\/\"},{\"title\":\"Festival to Showcase Herzegovina\\u2019s Growing Olive Oil Sector\",\"link\":\"https:\\\/\\\/www.oliveoiltimes.com\\\/competitions\\\/festival-to-showcase-herzegovinas-growing-olive-oil-sector\\\/144973\",\"image\":\"https:\\\/\\\/www.oliveoiltimes.com\\\/media\\\/2026\\\/08\\\/g5d.jpg\",\"timestamp\":1786476789,\"excerpt\":\"The inaugural HerzOliveFest in Mostar will showcase the rapid growth of Herzegovina\\u2019s olive sector, with producers and experts discussing expansion, quality, technology and a proposed\\u2026\",\"source_name\":\"Olive Oil Times\",\"source_url\":\"https:\\\/\\\/www.oliveoiltimes.com\\\/\"},{\"title\":\"Bushel Plus changes global brand name to BranValt\",\"link\":\"https:\\\/\\\/www.futurefarming.com\\\/smart-farming\\\/industry-updates\\\/bushel-plus-changes-global-brand-name-to-branvalt\\\/\",\"image\":\"https:\\\/\\\/www.futurefarming.com\\\/https%3A%2F%2Fwww.futurefarming.com%2Fapp%2Fuploads%2F2026%2F08%2Fmpv424126-049-resize-2000-300x200.jpeg\",\"timestamp\":1786445070,\"excerpt\":\"Bushel Plus changes global brand name to BranValt Canadian harvest technology company Bushel Plus\",\"source_name\":\"Future Farming\",\"source_url\":\"https:\\\/\\\/www.futurefarming.com\\\/\"},{\"title\":\"Florence Chef Puts Olive Oil at the Center of a Summer Menu\",\"link\":\"https:\\\/\\\/www.oliveoiltimes.com\\\/cooking-with-olive-oil\\\/florence-chef-puts-olive-oil-at-the-center-of-a-summer-menu\\\/144962\",\"image\":\"https:\\\/\\\/www.oliveoiltimes.com\\\/media\\\/2026\\\/08\\\/ufd3.jpg\",\"timestamp\":1786380402,\"excerpt\":\"At Ora d\\u2019Aria in Florence, chef Marco Stabile created a summer menu for Olive Oil Times readers showcasing extra virgin olive oil across four savory\\u2026\",\"source_name\":\"Olive Oil Times\",\"source_url\":\"https:\\\/\\\/www.oliveoiltimes.com\\\/\"},{\"title\":\"Italians Will Pay More for Olive Oil with Health Claims\",\"link\":\"https:\\\/\\\/www.oliveoiltimes.com\\\/grades\\\/italians-will-pay-more-for-olive-oil-with-health-claims\\\/144950\",\"image\":\"https:\\\/\\\/www.oliveoiltimes.com\\\/media\\\/2026\\\/08\\\/b3w4.jpg\",\"timestamp\":1786373951,\"excerpt\":\"Italian consumers were willing to pay about 14 percent more for extra virgin olive oil carrying an approved health claim, researchers found.\",\"source_name\":\"Olive Oil Times\",\"source_url\":\"https:\\\/\\\/www.oliveoiltimes.com\\\/\"},{\"title\":\"Pieralisi Secures \\u20ac16 Million Investment in Ownership Shift\",\"link\":\"https:\\\/\\\/www.oliveoiltimes.com\\\/business\\\/pieralisi-secures-e16-million-investment-in-ownership-shift\\\/144942\",\"image\":\"https:\\\/\\\/www.oliveoiltimes.com\\\/media\\\/2026\\\/08\\\/cf5m.jpg\",\"timestamp\":1786371983,\"excerpt\":\"A new majority shareholder and \\u20ac16 million in fresh capital are set to support Pieralisi\\u2019s expansion into new international markets and business channels.\",\"source_name\":\"Olive Oil Times\",\"source_url\":\"https:\\\/\\\/www.oliveoiltimes.com\\\/\"},{\"title\":\"Conflict Weighs on Iran\\u2019s Olive Oil Sector Ahead of Harvest\",\"link\":\"https:\\\/\\\/www.oliveoiltimes.com\\\/features\\\/conflict-weighs-on-irans-olive-oil-sector-ahead-of-harvest\\\/144927\",\"image\":\"https:\\\/\\\/www.oliveoiltimes.com\\\/media\\\/2026\\\/08\\\/vfd3.jpg\",\"timestamp\":1786370565,\"excerpt\":\"An Iranian olive oil producer is preparing for an earlier-than-usual harvest after months of airstrikes, internet disruptions, power cuts and economic turmoil reshaped its business.\",\"source_name\":\"Olive Oil Times\",\"source_url\":\"https:\\\/\\\/www.oliveoiltimes.com\\\/\"},{\"title\":\"Agtecnic to add green-on-green spot spraying to SenseSpray platform\",\"link\":\"https:\\\/\\\/www.futurefarming.com\\\/smart-farming\\\/agtecnic-to-add-green-on-green-spot-spraying-to-sensespray-platform\\\/\",\"image\":\"https:\\\/\\\/www.futurefarming.com\\\/https%3A%2F%2Fwww.futurefarming.com%2Fapp%2Fuploads%2F2026%2F08%2F1-SenseSpray-resize-2000-300x200.jpeg\",\"timestamp\":1786366800,\"excerpt\":\"Australian company Agtecnic has revealed it is working on green-on-green targeted spot spraying for its SenseSpray platform, a step that would let the system detect\\u2026\",\"source_name\":\"Future Farming\",\"source_url\":\"https:\\\/\\\/www.futurefarming.com\\\/\"},{\"title\":\"World off-track on nearly every food system goal, latest assessment reveals\",\"link\":\"https:\\\/\\\/www.fao.org\\\/newsroom\\\/detail\\\/world-off-track-on-nearly-every-food-system-goal--latest-assessment-reveals\\\/en\",\"image\":\"\",\"timestamp\":1786363200,\"excerpt\":\"Leia a not\\u00edcia completa na fonte original.\",\"source_name\":\"FAO Newsroom\",\"source_url\":\"https:\\\/\\\/www.fao.org\\\/newsroom\\\/en\"},{\"title\":\"FAO Food Price Index edges up amid weather, energy and geopolitical concerns\",\"link\":\"https:\\\/\\\/www.fao.org\\\/newsroom\\\/detail\\\/fao-food-price-index-edges-up-amid-weather--energy-and-geopolitical-concerns\\\/en\",\"image\":\"\",\"timestamp\":1786104000,\"excerpt\":\"Leia a not\\u00edcia completa na fonte original.\",\"source_name\":\"FAO Newsroom\",\"source_url\":\"https:\\\/\\\/www.fao.org\\\/newsroom\\\/en\"},{\"title\":\"Then and Now: California Olive Growers Feared Imports Would Destroy Their Industry\",\"link\":\"https:\\\/\\\/www.oliveoiltimes.com\\\/business\\\/north-america\\\/then-and-now-california-olive-growers-feared-imports-would-destroy-their-industry\\\/144820\",\"image\":\"https:\\\/\\\/www.oliveoiltimes.com\\\/media\\\/2026\\\/07\\\/nf44w-1.jpg\",\"timestamp\":1786042515,\"excerpt\":\"In 1912, California olive growers warned that cheaper imports could destroy their young industry. More than a century later, local production is established, but imports\\u2026\",\"source_name\":\"Olive Oil Times\",\"source_url\":\"https:\\\/\\\/www.oliveoiltimes.com\\\/\"},{\"title\":\"EU Reform Seeks to Strengthen Farmers\\u2019 Bargaining Power\",\"link\":\"https:\\\/\\\/www.oliveoiltimes.com\\\/features\\\/eu-reform-seeks-to-strengthen-farmers-bargaining-power\\\/144915\",\"image\":\"https:\\\/\\\/www.oliveoiltimes.com\\\/media\\\/2026\\\/08\\\/0m3w.jpg\",\"timestamp\":1786040737,\"excerpt\":\"New European Union rules expand collective bargaining and price transparency measures, but olive oil industry representatives say greater consolidation and effective enforcement will be essential.\",\"source_name\":\"Olive Oil Times\",\"source_url\":\"https:\\\/\\\/www.oliveoiltimes.com\\\/\"},{\"title\":\"Family Roots, Modern Ambition\",\"link\":\"https:\\\/\\\/www.oliveoiltimes.com\\\/features\\\/family-roots-drive-a-young-olive-oil-venture-in-southern-greece\\\/144905\",\"image\":\"https:\\\/\\\/www.oliveoiltimes.com\\\/media\\\/2026\\\/08\\\/lu6d.jpg\",\"timestamp\":1786039424,\"excerpt\":\"After earning Gold Awards in their first two NYIOOC appearances, Panagiotis and Aggelos Giannoutsos seek to expand beyond Europe.\",\"source_name\":\"Olive Oil Times\",\"source_url\":\"https:\\\/\\\/www.oliveoiltimes.com\\\/\"},{\"title\":\"FAO seeks time-sensitive support to protect Afghanistan\\u0027s 2027 wheat harvest ahead of critical planting window\",\"link\":\"https:\\\/\\\/www.fao.org\\\/newsroom\\\/detail\\\/fao-seeks-time-sensitive-support-to-protect-afghanistan\\u0027s-2027-wheat-harvest-ahead-of-critical-planting-window\\\/en\",\"image\":\"\",\"timestamp\":1786017600,\"excerpt\":\"Leia a not\\u00edcia completa na fonte original.\",\"source_name\":\"FAO Newsroom\",\"source_url\":\"https:\\\/\\\/www.fao.org\\\/newsroom\\\/en\"},{\"title\":\"Spot sprayer replaces team of weeders\",\"link\":\"https:\\\/\\\/www.futurefarming.com\\\/smart-farming\\\/spot-sprayer-replaces-team-of-weeders\\\/\",\"image\":\"https:\\\/\\\/www.futurefarming.com\\\/https%3A%2F%2Fwww.futurefarming.com%2Fapp%2Fuploads%2F2026%2F08%2FDSC03956-resize-2000-300x225.jpeg\",\"timestamp\":1785999600,\"excerpt\":\"Arable farm Martin \\u0026 Sons in Wisbech, England, invested in a spot sprayer. Spot spraying saves chemicals and causes less growth check in the crop.\",\"source_name\":\"Future Farming\",\"source_url\":\"https:\\\/\\\/www.futurefarming.com\\\/\"},{\"title\":\"How AgXeed and TIM make tractors and machines autonomous\",\"link\":\"https:\\\/\\\/www.futurefarming.com\\\/tech-in-focus\\\/autonomous-semiauto-steering\\\/autonomous-vehicles\\\/how-agxeed-and-tim-make-tractors-and-machines-autonomous\\\/\",\"image\":\"https:\\\/\\\/www.futurefarming.com\\\/https%3A%2F%2Fwww.futurefarming.com%2Fapp%2Fuploads%2F2026%2F08%2F01-IMG_9043-resize-2000-300x200.jpeg\",\"timestamp\":1785996000,\"excerpt\":\"AgXeed can now make existing tractors and machines autonomous with VCU and TCU retrofit kits. This is based on the approach and philosophy familiar from\\u2026\",\"source_name\":\"Future Farming\",\"source_url\":\"https:\\\/\\\/www.futurefarming.com\\\/\"},{\"title\":\"Fruit Drop Raises Uncertainty Ahead of Slovenian Istria\\u2019s Olive Harvest\",\"link\":\"https:\\\/\\\/www.oliveoiltimes.com\\\/production\\\/fruit-drop-raises-uncertainty-ahead-of-slovenian-istrias-olive-harvest\\\/144887\",\"image\":\"https:\\\/\\\/www.oliveoiltimes.com\\\/media\\\/2026\\\/08\\\/2g60.jpg\",\"timestamp\":1785774239,\"excerpt\":\"Heat stress, dry weather, pests and orchard management are being examined as growers assess premature fruit drop ahead of the harvest.\",\"source_name\":\"Olive Oil Times\",\"source_url\":\"https:\\\/\\\/www.oliveoiltimes.com\\\/\"},{\"title\":\"Olive Council Revises Standard to Recognize Coratina\\u2019s Natural Sterol Profile\",\"link\":\"https:\\\/\\\/www.oliveoiltimes.com\\\/production\\\/olive-council-revises-standard-to-recognize-coratinas-natural-sterol-profile\\\/144880\",\"image\":\"https:\\\/\\\/www.oliveoiltimes.com\\\/media\\\/2026\\\/08\\\/00d3.jpg\",\"timestamp\":1785772577,\"excerpt\":\"Coratina producers welcomed an IOC revision that prevents authentic monovarietal oils from being penalized for naturally low sterol concentrations.\",\"source_name\":\"Olive Oil Times\",\"source_url\":\"https:\\\/\\\/www.oliveoiltimes.com\\\/\"},{\"title\":\"At the Foot of Sicily\\u2019s Climiti Mountains, a Family Estate Looks to the Future\",\"link\":\"https:\\\/\\\/www.oliveoiltimes.com\\\/profiles\\\/at-the-foot-of-sicilys-climiti-mountains-a-family-estate-looks-to-the-future\\\/144866\",\"image\":\"https:\\\/\\\/www.oliveoiltimes.com\\\/media\\\/2026\\\/08\\\/21pubk.jpg\",\"timestamp\":1785771466,\"excerpt\":\"A fifth-generation producer in southeastern Sicily is restoring his family estate while investing in olive oil quality, sustainability and education.\",\"source_name\":\"Olive Oil Times\",\"source_url\":\"https:\\\/\\\/www.oliveoiltimes.com\\\/\"},{\"title\":\"Italy Expands Olive Oil Controls After Inspections\",\"link\":\"https:\\\/\\\/www.oliveoiltimes.com\\\/features\\\/italy-intensifies-olive-oil-controls-after-inspectors-uncover-widespread-irregularities\\\/144858\",\"image\":\"https:\\\/\\\/www.oliveoiltimes.com\\\/media\\\/2026\\\/08\\\/kh505.jpg\",\"timestamp\":1785770195,\"excerpt\":\"A two-week inspection campaign resulted in \\u20ac10.3 million in seizures, prompting calls for tighter controls, faster transaction reporting and digital traceability.\",\"source_name\":\"Olive Oil Times\",\"source_url\":\"https:\\\/\\\/www.oliveoiltimes.com\\\/\"},{\"title\":\"Master Miller Course Returns to UC Davis Olive Center\",\"link\":\"https:\\\/\\\/www.oliveoiltimes.com\\\/business\\\/north-america\\\/master-miller-course-returns-to-uc-davis-olive-center\\\/144852\",\"image\":\"https:\\\/\\\/www.oliveoiltimes.com\\\/media\\\/2026\\\/08\\\/4ln6.jpg\",\"timestamp\":1785768670,\"excerpt\":\"The three-day course covers mill design, production, quality assurance, byproduct management and the economics of operating an olive mill.\",\"source_name\":\"Olive Oil Times\",\"source_url\":\"https:\\\/\\\/www.oliveoiltimes.com\\\/\"},{\"title\":\"Study Links Rising Temperatures to Changes in Olive Oil Composition\",\"link\":\"https:\\\/\\\/www.oliveoiltimes.com\\\/production\\\/study-links-rising-temperatures-to-changes-in-olive-oil-composition\\\/144844\",\"image\":\"https:\\\/\\\/www.oliveoiltimes.com\\\/media\\\/2026\\\/07\\\/5l80.jpg\",\"timestamp\":1785767034,\"excerpt\":\"A long-term study of 1,643 Slovenian olive oils suggests climate-driven chemical changes could require updates to protected designation specifications and regulatory thresholds.\",\"source_name\":\"Olive Oil Times\",\"source_url\":\"https:\\\/\\\/www.oliveoiltimes.com\\\/\"},{\"title\":\"Homburg says goodbye to Escarda\",\"link\":\"https:\\\/\\\/www.futurefarming.com\\\/news\\\/homburg-says-goodbye-to-escarda\\\/\",\"image\":\"https:\\\/\\\/www.futurefarming.com\\\/https%3A%2F%2Fwww.futurefarming.com%2Fapp%2Fuploads%2F2026%2F08%2FEscarda-System-Feld-gross-clean-jpg-clean-jpg-1024x683-resize-2000-resize-2000-300x200.jpeg\",\"timestamp\":1785765600,\"excerpt\":\"Homburg is ending its partnership with German start-up Escarda Technologies. As a result, the Frisian importer will no longer represent the AI-controlled laser weeders in\\u2026\",\"source_name\":\"Future Farming\",\"source_url\":\"https:\\\/\\\/www.futurefarming.com\\\/\"},{\"title\":\"Smaller tractor, bigger return: a Kentucky farm\\u2019s case for going autonomous\",\"link\":\"https:\\\/\\\/www.futurefarming.com\\\/tech-in-focus\\\/autonomous-semiauto-steering\\\/autonomous-vehicles\\\/smaller-tractor-bigger-return-a-kentucky-farm-s-case-for-going-autonomous\\\/\",\"image\":\"https:\\\/\\\/www.futurefarming.com\\\/https%3A%2F%2Fwww.futurefarming.com%2Fapp%2Fuploads%2F2026%2F07%2F1Quint-Pottinger-resize-2000-300x169.jpeg\",\"timestamp\":1785744000,\"excerpt\":\"At a family farm in Kentucky, in the United States, a no-frills 135-horsepower John Deere 6135E now plants itself - accurate to within a centimetre\\u2026\",\"source_name\":\"Future Farming\",\"source_url\":\"https:\\\/\\\/www.futurefarming.com\\\/\"},{\"title\":\"Belgian Hands On Tech brings Chinese laser weeder to the Benelux\",\"link\":\"https:\\\/\\\/www.futurefarming.com\\\/smart-farming\\\/belgian-hands-on-tech-brings-chinese-laser-weeder-to-the-benelux\\\/\",\"image\":\"https:\\\/\\\/www.futurefarming.com\\\/https%3A%2F%2Fwww.futurefarming.com%2Fapp%2Fuploads%2F2026%2F08%2FChinese-laserwieder_foto-2-resize-2000-1024x683-resize-2000-300x200.jpeg\",\"timestamp\":1785736800,\"excerpt\":\"Hands On Tech from Tubize (B.) is presenting a laser weeder from Chinese manufacturer CyanForce at the Belgian machinery fair Foire de Libramont. The Belgian\\u2026\",\"source_name\":\"Future Farming\",\"source_url\":\"https:\\\/\\\/www.futurefarming.com\\\/\"},{\"title\":\"Autonomous field robots move into dairy farming\",\"link\":\"https:\\\/\\\/www.futurefarming.com\\\/crop-solutions\\\/26futweb-robots-dairy-farming\\\/\",\"image\":\"https:\\\/\\\/www.futurefarming.com\\\/https%3A%2F%2Fwww.futurefarming.com%2Fapp%2Fuploads%2F2026%2F07%2FDairy-Farming-1-resize-2000-300x200.jpeg\",\"timestamp\":1785398400,\"excerpt\":\"Autonomous field robots are often associated with arable farming, but they may also offer new opportunities for dairy producers. Dutch dairy farmer Joram Hofman is\\u2026\",\"source_name\":\"Future Farming\",\"source_url\":\"https:\\\/\\\/www.futurefarming.com\\\/\"},{\"title\":\"Olive Council Advances Plan to Bring Olive Grove Carbon Credits to European Market\",\"link\":\"https:\\\/\\\/www.oliveoiltimes.com\\\/world\\\/olive-council-advances-plan-to-bring-olive-grove-carbon-credits-to-european-market\\\/144791\",\"image\":\"https:\\\/\\\/www.oliveoiltimes.com\\\/media\\\/2026\\\/07\\\/3l5d.jpg\",\"timestamp\":1785334192,\"excerpt\":\"The International Olive Council plans to align its olive grove carbon credit scheme with European Union rules and integrate it with the E.U. registry by\\u2026\",\"source_name\":\"Olive Oil Times\",\"source_url\":\"https:\\\/\\\/www.oliveoiltimes.com\\\/\"},{\"title\":\"Olive Oil Academy Expands Training in Northern Europe\",\"link\":\"https:\\\/\\\/www.oliveoiltimes.com\\\/tasting-olive-oil\\\/olive-oil-academy-expands-training-in-northern-europe\\\/144675\",\"image\":\"https:\\\/\\\/www.oliveoiltimes.com\\\/media\\\/2026\\\/07\\\/jb5e.jpg\",\"timestamp\":1785332522,\"excerpt\":\"Christianne Noordermeer Van Loo is working to expand olive oil knowledge and sensory training across Northern Europe.\",\"source_name\":\"Olive Oil Times\",\"source_url\":\"https:\\\/\\\/www.oliveoiltimes.com\\\/\"},{\"title\":\"Farmers\\u2019 Markets Bring Fresh, Local Food to 71 Italian Hospitals\",\"link\":\"https:\\\/\\\/www.oliveoiltimes.com\\\/cooking-with-olive-oil\\\/farmers-markets-bring-fresh-local-food-to-71-italian-hospitals\\\/144770\",\"image\":\"https:\\\/\\\/www.oliveoiltimes.com\\\/media\\\/2026\\\/07\\\/bcq1.jpg\",\"timestamp\":1785248843,\"excerpt\":\"A nationwide initiative is bringing local agricultural products and food education into Italian hospitals to promote healthier diets and disease prevention.\",\"source_name\":\"Olive Oil Times\",\"source_url\":\"https:\\\/\\\/www.oliveoiltimes.com\\\/\"},{\"title\":\"Italy Tightens Rules on Blends Sold as Extra Virgin Olive Oil\",\"link\":\"https:\\\/\\\/www.oliveoiltimes.com\\\/grades\\\/italy-tightens-rules-on-blends-sold-as-extra-virgin-olive-oil\\\/144766\",\"image\":\"https:\\\/\\\/www.oliveoiltimes.com\\\/media\\\/2026\\\/07\\\/fc55j.jpg\",\"timestamp\":1785201667,\"excerpt\":\"Italy has barred blends containing virgin olive oil from being marketed domestically as extra virgin, drawing support from farming groups and legal objections from bottlers.\",\"source_name\":\"Olive Oil Times\",\"source_url\":\"https:\\\/\\\/www.oliveoiltimes.com\\\/\"},{\"title\":\"Spain\\u2019s Traditional Olive Groves Struggle as Production Costs Surge\",\"link\":\"https:\\\/\\\/www.oliveoiltimes.com\\\/production\\\/spains-traditional-olive-groves-struggle-as-production-costs-surge\\\/144761\",\"image\":\"https:\\\/\\\/www.oliveoiltimes.com\\\/media\\\/2026\\\/07\\\/mmf3.jpg\",\"timestamp\":1785199803,\"excerpt\":\"Production costs exceed market prices across much of Spain\\u2019s olive sector, raising renewed concerns about the future of traditional cultivation.\",\"source_name\":\"Olive Oil Times\",\"source_url\":\"https:\\\/\\\/www.oliveoiltimes.com\\\/\"},{\"title\":\"Spain Produces 1.3M Tons of Olive Oil as Prices Fall\",\"link\":\"https:\\\/\\\/www.oliveoiltimes.com\\\/business\\\/europe\\\/spain-produces-1-3m-tons-of-olive-oil-as-prices-fall\\\/144751\",\"image\":\"https:\\\/\\\/www.oliveoiltimes.com\\\/media\\\/2026\\\/07\\\/gv5r.jpg\",\"timestamp\":1785199248,\"excerpt\":\"Significant production gains in Catalonia, Arag\\u00f3n and Valencia partially offset a sharp decline in Andalusia, bringing Spain\\u2019s final olive oil output to 1.3 million tons.\",\"source_name\":\"Olive Oil Times\",\"source_url\":\"https:\\\/\\\/www.oliveoiltimes.com\\\/\"},{\"title\":\"Handheld RTK survey tool targets precision farming applications\",\"link\":\"https:\\\/\\\/www.futurefarming.com\\\/smart-farming\\\/handheld-rtk-survey-tool-targets-precision-farming-applications\\\/\",\"image\":\"https:\\\/\\\/www.futurefarming.com\\\/https%3A%2F%2Fwww.futurefarming.com%2Fapp%2Fuploads%2F2026%2F07%2F3tag-Agriculture-resize-2000-300x247.jpeg\",\"timestamp\":1785140100,\"excerpt\":\"German company 3tag is expanding beyond construction and landscaping by positioning its handheld RTK surveying system for precision agriculture.\",\"source_name\":\"Future Farming\",\"source_url\":\"https:\\\/\\\/www.futurefarming.com\\\/\"},{\"title\":\"First look: Farm-ING\\u0027s new 12-metre spot sprayer\",\"link\":\"https:\\\/\\\/www.futurefarming.com\\\/smart-farming\\\/first-look-farm-ing-39-s-new-12-metre-spot-sprayer\\\/\",\"image\":\"https:\\\/\\\/www.futurefarming.com\\\/https%3A%2F%2Fwww.futurefarming.com%2Fapp%2Fuploads%2F2026%2F07%2FSpotSprayING-1-resize-2000-300x165.jpeg\",\"timestamp\":1785139200,\"excerpt\":\"First look: Farm-ING\\u0027s new 12-metre spot sprayer Spot spraying is becoming an increasingly\",\"source_name\":\"Future Farming\",\"source_url\":\"https:\\\/\\\/www.futurefarming.com\\\/\"},{\"title\":\"French company Seederal shows its first own electric tractor\",\"link\":\"https:\\\/\\\/www.futurefarming.com\\\/tech-in-focus\\\/autonomous-semiauto-steering\\\/autonomous-vehicles\\\/french-company-seederal-shows-its-first-own-electric-tractor\\\/\",\"image\":\"https:\\\/\\\/www.futurefarming.com\\\/https%3A%2F%2Fwww.futurefarming.com%2Fapp%2Fuploads%2F2026%2F07%2FSeederal-1-resize-2000-300x193.jpeg\",\"timestamp\":1784790000,\"excerpt\":\"French company Seederal shows its first own electric tractor The French startup Seederal is working\",\"source_name\":\"Future Farming\",\"source_url\":\"https:\\\/\\\/www.futurefarming.com\\\/\"},{\"title\":\"How high-tech is making large-scale organic farming profitable\",\"link\":\"https:\\\/\\\/www.futurefarming.com\\\/smart-farming\\\/how-high-tech-is-making-large-scale-organic-farming-profitable\\\/\",\"image\":\"https:\\\/\\\/www.futurefarming.com\\\/https%3A%2F%2Fwww.futurefarming.com%2Fapp%2Fuploads%2F2026%2F07%2FPhoto-1-resize-2000-300x169.jpeg\",\"timestamp\":1784700000,\"excerpt\":\"Video games billionaire Samo Login is using his Serbian farm to prove large-scale organic farming is not only sustainable but can be replicated by other\\u2026\",\"source_name\":\"Future Farming\",\"source_url\":\"https:\\\/\\\/www.futurefarming.com\\\/\"},{\"title\":\"Progress on hunger continues, but Africa and new crises raise concerns: FAO Chief Economist\",\"link\":\"https:\\\/\\\/www.fao.org\\\/newsroom\\\/detail\\\/progress-on-hunger-continues--but-africa-and-new-crises-raise-concerns--fao-chief-economist\\\/en\",\"image\":\"\",\"timestamp\":1784635200,\"excerpt\":\"Leia a not\\u00edcia completa na fonte original.\",\"source_name\":\"FAO Newsroom\",\"source_url\":\"https:\\\/\\\/www.fao.org\\\/newsroom\\\/en\"},{\"title\":\"Retrofit or replace? Why the market for autonomous retrofit kits is picking up speed\",\"link\":\"https:\\\/\\\/www.futurefarming.com\\\/tech-in-focus\\\/autonomous-semiauto-steering\\\/retrofit-or-replace-why-the-market-for-autonomous-retrofit-kits-is-picking-up-speed\\\/\",\"image\":\"https:\\\/\\\/www.futurefarming.com\\\/https%3A%2F%2Fwww.futurefarming.com%2Fapp%2Fuploads%2F2026%2F07%2F1-Marktverhaal-autonome-retrofit-kits-resize-2000-300x200.jpeg\",\"timestamp\":1784527200,\"excerpt\":\"Retrofit or replace? Why the market for autonomous retrofit kits is picking up speed For years, the\",\"source_name\":\"Future Farming\",\"source_url\":\"https:\\\/\\\/www.futurefarming.com\\\/\"},{\"title\":\"Float Control connects tyre pressure control system to Trelleborg sensor\",\"link\":\"https:\\\/\\\/www.futurefarming.com\\\/smart-farming\\\/float-control-connects-tyre-pressure-control-system-to-trelleborg-sensor\\\/\",\"image\":\"https:\\\/\\\/www.futurefarming.com\\\/https%3A%2F%2Fwww.futurefarming.com%2Fapp%2Fuploads%2F2026%2F07%2FFloat-Control-Trelleborg-resize-2000-1024x682-resize-2000-300x200.jpeg\",\"timestamp\":1784210400,\"excerpt\":\"Float Control, manufacturer of tyre pressure control systems, is presenting something unique in the tyre sector. In collaboration with Trelleborg Tires, Float Control is connecting\\u2026\",\"source_name\":\"Future Farming\",\"source_url\":\"https:\\\/\\\/www.futurefarming.com\\\/\"},{\"title\":\"Why variable-rate application still struggles to gain traction\",\"link\":\"https:\\\/\\\/www.futurefarming.com\\\/smart-farming\\\/why-variable-rate-application-still-struggles-to-gain-traction\\\/\",\"image\":\"https:\\\/\\\/www.futurefarming.com\\\/https%3A%2F%2Fwww.futurefarming.com%2Fapp%2Fuploads%2F2026%2F07%2F01-vem424844-032-resize-2000-300x200.jpeg\",\"timestamp\":1784188800,\"excerpt\":\"Variable-rate application has been available for years, yet adoption remains limited on many arable farms. Interviews with machinery manufacturers, precision farming specialists and crop advisers\\u2026\",\"source_name\":\"Future Farming\",\"source_url\":\"https:\\\/\\\/www.futurefarming.com\\\/\"},{\"title\":\"Puro H 3000: P\\u00f6ttinger\\u2019s first maize planter\",\"link\":\"https:\\\/\\\/www.futurefarming.com\\\/smart-farming\\\/puro-h-3000-pottingers-first-maize-planter\\\/\",\"image\":\"https:\\\/\\\/www.futurefarming.com\\\/https%3A%2F%2Fwww.futurefarming.com%2Fapp%2Fuploads%2F2026%2F07%2FPuro-resize-2000-300x200.jpeg\",\"timestamp\":1784098800,\"excerpt\":\"P\\u00f6ttinger brengt met de Puro H 3000 zijn eerste pneumatische maiszaaimachine op de markt, geschikt voor standaardtoepassingen en elektrische aandrijving.\",\"source_name\":\"Future Farming\",\"source_url\":\"https:\\\/\\\/www.futurefarming.com\\\/\"},{\"title\":\"Norwegian robotics firm AutoAgri rebrands as Uncrew Robotics\",\"link\":\"https:\\\/\\\/www.futurefarming.com\\\/tech-in-focus\\\/autonomous-semiauto-steering\\\/autonomous-vehicles\\\/norwegian-robotics-firm-autoagri-rebrands-as-uncrew-robotics\\\/\",\"image\":\"https:\\\/\\\/www.futurefarming.com\\\/https%3A%2F%2Fwww.futurefarming.com%2Fapp%2Fuploads%2F2026%2F07%2F1-AutoAgri-IC12-resize-2000-300x200.jpeg\",\"timestamp\":1784095200,\"excerpt\":\"Norwegian robotics firm AutoAgri rebrands as Uncrew Robotics Norwegian technology company AutoAgri,\",\"source_name\":\"Future Farming\",\"source_url\":\"https:\\\/\\\/www.futurefarming.com\\\/\"},{\"title\":\"Sabanto secures oversubscribed funding round, betting on smaller platforms\",\"link\":\"https:\\\/\\\/www.futurefarming.com\\\/tech-in-focus\\\/autonomous-semiauto-steering\\\/autonomous-vehicles\\\/sabanto-secures-oversubscribed-funding-round-betting-on-smaller-platforms\\\/\",\"image\":\"https:\\\/\\\/www.futurefarming.com\\\/https%3A%2F%2Fwww.futurefarming.com%2Fapp%2Fuploads%2F2026%2F07%2F1-Sabanto-Communications-resize-2000-300x200.jpeg\",\"timestamp\":1784026800,\"excerpt\":\"Sabanto secures oversubscribed funding round, betting on smaller platforms U.S.-based Sabanto has\",\"source_name\":\"Future Farming\",\"source_url\":\"https:\\\/\\\/www.futurefarming.com\\\/\"}]<\/script>\n\t\t\t\t\t\t\n\t\t\t\t\t\t<div class=\"vnh-more-row\">\n\t\t\t\t\t\t\t<button\n\t\t\t\t\t\t\t\ttype=\"button\"\n\t\t\t\t\t\t\t\tclass=\"vnh-more\"\n\t\t\t\t\t\t\t\tdata-vnh-more\n\t\t\t\t\t\t\t\taria-controls=\"vnh-news-1-panel-world-feed\"\n\t\t\t\t\t\t\t\thidden\n\t\t\t\t\t\t\t>\n\t\t\t\t\t\t\t\t<span>Ver mais not\u00edcias<\/span>\n\t\t\t\t\t\t\t\t<span class=\"vnh-more-arrow\" aria-hidden=\"true\">\u2193<\/span>\n\t\t\t\t\t\t\t<\/button>\n\t\t\t\t\t\t\t<p class=\"vnh-more-status\" data-vnh-status aria-live=\"polite\"><\/p>\n\t\t\t\t\t\t<\/div>\n\t\t\t\t\t<\/div>\n\t\t\t\t\t\t\t\t\t\t\t\t<\/div>\n\t\t<\/section>\n\t\t<\/div>\n\t\t\t\t\t\t<\/div>\n\t\t\t\t<\/div>\n\t\t\t\t<div class=\"elementor-element elementor-element-5ca7882 elementor-widget elementor-widget-spacer\" data-id=\"5ca7882\" data-element_type=\"widget\" data-e-type=\"widget\" data-widget_type=\"spacer.default\">\n\t\t\t\t<div class=\"elementor-widget-container\">\n\t\t\t\t\t\t\t<div class=\"elementor-spacer\">\n\t\t\t<div class=\"elementor-spacer-inner\"><\/div>\n\t\t<\/div>\n\t\t\t\t\t\t<\/div>\n\t\t\t\t<\/div>\n\t\t\t\t\t<\/div>\n\t\t\t\t<\/div>\n\t\t\t\t<\/div>\n\t\t","protected":false},"excerpt":{"rendered":"<p>Observat\u00f3rio agr\u00edcola Not\u00edcias agr\u00edcolas Informa\u00e7\u00e3o internacional selecionada para quem trabalha a vinha, o olival, a fruticultura e a agricultura profissional. Atualiza\u00e7\u00e3o autom\u00e1tica por RSS Idioma PT EN ES FR IT Portugal 60 Espanha 53 Fran\u00e7a 84 It\u00e1lia 99 Chile 48 Argentina 100 USA 80 World 65 Portugal Agroportal 28\/08\/2026 Governo mo\u00e7ambicano quer instituto de investiga\u00e7\u00e3o&hellip;<\/p>\n","protected":false},"author":1,"featured_media":23664,"parent":0,"menu_order":0,"comment_status":"closed","ping_status":"closed","template":"","meta":{"rs_blank_template":"","rs_page_bg_color":"","slide_template_v7":"","_monsterinsights_skip_tracking":false,"_monsterinsights_sitenote_active":false,"_monsterinsights_sitenote_note":"","_monsterinsights_sitenote_category":0,"footnotes":""},"class_list":["post-23655","page","type-page","status-publish","has-post-thumbnail","hentry"],"yoast_head":"<!-- This site is optimized with the Yoast SEO plugin v28.1 - https:\/\/yoast.com\/product\/yoast-seo-wordpress\/ -->\n<title>Agro News Vinomatos - Vinomatos \u00ae L\u00edder Mundial em Planta\u00e7\u00e3o Mecanizada por GPS<\/title>\n<meta name=\"robots\" content=\"index, follow, max-snippet:-1, max-image-preview:large, max-video-preview:-1\" \/>\n<link rel=\"canonical\" href=\"https:\/\/clone.vinomatos.com\/pt-pt\/agro-news-vinomatos\/\" \/>\n<meta property=\"og:locale\" content=\"pt_PT\" \/>\n<meta property=\"og:type\" content=\"article\" \/>\n<meta property=\"og:title\" content=\"Agro News Vinomatos - Vinomatos \u00ae L\u00edder Mundial em Planta\u00e7\u00e3o Mecanizada por GPS\" \/>\n<meta property=\"og:url\" content=\"https:\/\/clone.vinomatos.com\/pt-pt\/agro-news-vinomatos\/\" \/>\n<meta property=\"og:site_name\" content=\"Vinomatos \u00ae L\u00edder Mundial em Planta\u00e7\u00e3o Mecanizada por GPS\" \/>\n<meta property=\"article:publisher\" content=\"https:\/\/facebook.com\/vinomatos\" \/>\n<meta property=\"article:modified_time\" content=\"2026-07-13T16:35:00+00:00\" \/>\n<meta property=\"og:image\" content=\"https:\/\/clone.vinomatos.com\/wp-content\/uploads\/2026\/07\/agro-news-1024x341.png\" \/>\n\t<meta property=\"og:image:width\" content=\"1024\" \/>\n\t<meta property=\"og:image:height\" content=\"341\" \/>\n\t<meta property=\"og:image:type\" content=\"image\/png\" \/>\n<meta name=\"twitter:card\" content=\"summary_large_image\" \/>\n<meta name=\"twitter:site\" content=\"@vinomatos\" \/>\n<script type=\"application\/ld+json\" class=\"yoast-schema-graph\">{\"@context\":\"https:\\\/\\\/schema.org\",\"@graph\":[{\"@type\":\"WebPage\",\"@id\":\"https:\\\/\\\/clone.vinomatos.com\\\/pt-pt\\\/agro-news-vinomatos\\\/\",\"url\":\"https:\\\/\\\/clone.vinomatos.com\\\/pt-pt\\\/agro-news-vinomatos\\\/\",\"name\":\"Agro News Vinomatos - Vinomatos \u00ae L\u00edder Mundial em Planta\u00e7\u00e3o Mecanizada por GPS\",\"isPartOf\":{\"@id\":\"https:\\\/\\\/clone.vinomatos.com\\\/pt-pt\\\/#website\"},\"primaryImageOfPage\":{\"@id\":\"https:\\\/\\\/clone.vinomatos.com\\\/pt-pt\\\/agro-news-vinomatos\\\/#primaryimage\"},\"image\":{\"@id\":\"https:\\\/\\\/clone.vinomatos.com\\\/pt-pt\\\/agro-news-vinomatos\\\/#primaryimage\"},\"thumbnailUrl\":\"https:\\\/\\\/clone.vinomatos.com\\\/wp-content\\\/uploads\\\/2026\\\/07\\\/agro-news.png\",\"datePublished\":\"2026-07-13T16:13:46+00:00\",\"dateModified\":\"2026-07-13T16:35:00+00:00\",\"breadcrumb\":{\"@id\":\"https:\\\/\\\/clone.vinomatos.com\\\/pt-pt\\\/agro-news-vinomatos\\\/#breadcrumb\"},\"inLanguage\":\"pt-PT\",\"potentialAction\":[{\"@type\":\"ReadAction\",\"target\":[\"https:\\\/\\\/clone.vinomatos.com\\\/pt-pt\\\/agro-news-vinomatos\\\/\"]}]},{\"@type\":\"ImageObject\",\"inLanguage\":\"pt-PT\",\"@id\":\"https:\\\/\\\/clone.vinomatos.com\\\/pt-pt\\\/agro-news-vinomatos\\\/#primaryimage\",\"url\":\"https:\\\/\\\/clone.vinomatos.com\\\/wp-content\\\/uploads\\\/2026\\\/07\\\/agro-news.png\",\"contentUrl\":\"https:\\\/\\\/clone.vinomatos.com\\\/wp-content\\\/uploads\\\/2026\\\/07\\\/agro-news.png\",\"width\":2172,\"height\":724},{\"@type\":\"BreadcrumbList\",\"@id\":\"https:\\\/\\\/clone.vinomatos.com\\\/pt-pt\\\/agro-news-vinomatos\\\/#breadcrumb\",\"itemListElement\":[{\"@type\":\"ListItem\",\"position\":1,\"name\":\"Home\",\"item\":\"https:\\\/\\\/clone.vinomatos.com\\\/pt-pt\\\/\"},{\"@type\":\"ListItem\",\"position\":2,\"name\":\"Agro News Vinomatos\"}]},{\"@type\":\"WebSite\",\"@id\":\"https:\\\/\\\/clone.vinomatos.com\\\/pt-pt\\\/#website\",\"url\":\"https:\\\/\\\/clone.vinomatos.com\\\/pt-pt\\\/\",\"name\":\"Vinomatos \u00ae L\u00edder Mundial em Planta\u00e7\u00e3o Mecanizada por GPS\",\"description\":\"\",\"publisher\":{\"@id\":\"https:\\\/\\\/clone.vinomatos.com\\\/pt-pt\\\/#organization\"},\"potentialAction\":[{\"@type\":\"SearchAction\",\"target\":{\"@type\":\"EntryPoint\",\"urlTemplate\":\"https:\\\/\\\/clone.vinomatos.com\\\/pt-pt\\\/?s={search_term_string}\"},\"query-input\":{\"@type\":\"PropertyValueSpecification\",\"valueRequired\":true,\"valueName\":\"search_term_string\"}}],\"inLanguage\":\"pt-PT\"},{\"@type\":\"Organization\",\"@id\":\"https:\\\/\\\/clone.vinomatos.com\\\/pt-pt\\\/#organization\",\"name\":\"Vinomatos - L\u00edder Mundial em Planta\u00e7\u00e3o Mecanizada por GPS\",\"url\":\"https:\\\/\\\/clone.vinomatos.com\\\/pt-pt\\\/\",\"logo\":{\"@type\":\"ImageObject\",\"inLanguage\":\"pt-PT\",\"@id\":\"https:\\\/\\\/clone.vinomatos.com\\\/pt-pt\\\/#\\\/schema\\\/logo\\\/image\\\/\",\"url\":\"https:\\\/\\\/clone.vinomatos.com\\\/wp-content\\\/uploads\\\/2025\\\/07\\\/V-Logo.png\",\"contentUrl\":\"https:\\\/\\\/clone.vinomatos.com\\\/wp-content\\\/uploads\\\/2025\\\/07\\\/V-Logo.png\",\"width\":711,\"height\":247,\"caption\":\"Vinomatos - L\u00edder Mundial em Planta\u00e7\u00e3o Mecanizada por GPS\"},\"image\":{\"@id\":\"https:\\\/\\\/clone.vinomatos.com\\\/pt-pt\\\/#\\\/schema\\\/logo\\\/image\\\/\"},\"sameAs\":[\"https:\\\/\\\/facebook.com\\\/vinomatos\",\"https:\\\/\\\/x.com\\\/vinomatos\",\"https:\\\/\\\/instagram.com\\\/vinomatos\",\"https:\\\/\\\/linkedin.com\\\/company\\\/vinomatos\"]}]}<\/script>\n<!-- \/ Yoast SEO plugin. -->","yoast_head_json":{"title":"Agro News Vinomatos - Vinomatos \u00ae L\u00edder Mundial em Planta\u00e7\u00e3o Mecanizada por GPS","robots":{"index":"index","follow":"follow","max-snippet":"max-snippet:-1","max-image-preview":"max-image-preview:large","max-video-preview":"max-video-preview:-1"},"canonical":"https:\/\/clone.vinomatos.com\/pt-pt\/agro-news-vinomatos\/","og_locale":"pt_PT","og_type":"article","og_title":"Agro News Vinomatos - Vinomatos \u00ae L\u00edder Mundial em Planta\u00e7\u00e3o Mecanizada por GPS","og_url":"https:\/\/clone.vinomatos.com\/pt-pt\/agro-news-vinomatos\/","og_site_name":"Vinomatos \u00ae L\u00edder Mundial em Planta\u00e7\u00e3o Mecanizada por GPS","article_publisher":"https:\/\/facebook.com\/vinomatos","article_modified_time":"2026-07-13T16:35:00+00:00","og_image":[{"width":1024,"height":341,"url":"https:\/\/clone.vinomatos.com\/wp-content\/uploads\/2026\/07\/agro-news-1024x341.png","type":"image\/png"}],"twitter_card":"summary_large_image","twitter_site":"@vinomatos","schema":{"@context":"https:\/\/schema.org","@graph":[{"@type":"WebPage","@id":"https:\/\/clone.vinomatos.com\/pt-pt\/agro-news-vinomatos\/","url":"https:\/\/clone.vinomatos.com\/pt-pt\/agro-news-vinomatos\/","name":"Agro News Vinomatos - Vinomatos \u00ae L\u00edder Mundial em Planta\u00e7\u00e3o Mecanizada por GPS","isPartOf":{"@id":"https:\/\/clone.vinomatos.com\/pt-pt\/#website"},"primaryImageOfPage":{"@id":"https:\/\/clone.vinomatos.com\/pt-pt\/agro-news-vinomatos\/#primaryimage"},"image":{"@id":"https:\/\/clone.vinomatos.com\/pt-pt\/agro-news-vinomatos\/#primaryimage"},"thumbnailUrl":"https:\/\/clone.vinomatos.com\/wp-content\/uploads\/2026\/07\/agro-news.png","datePublished":"2026-07-13T16:13:46+00:00","dateModified":"2026-07-13T16:35:00+00:00","breadcrumb":{"@id":"https:\/\/clone.vinomatos.com\/pt-pt\/agro-news-vinomatos\/#breadcrumb"},"inLanguage":"pt-PT","potentialAction":[{"@type":"ReadAction","target":["https:\/\/clone.vinomatos.com\/pt-pt\/agro-news-vinomatos\/"]}]},{"@type":"ImageObject","inLanguage":"pt-PT","@id":"https:\/\/clone.vinomatos.com\/pt-pt\/agro-news-vinomatos\/#primaryimage","url":"https:\/\/clone.vinomatos.com\/wp-content\/uploads\/2026\/07\/agro-news.png","contentUrl":"https:\/\/clone.vinomatos.com\/wp-content\/uploads\/2026\/07\/agro-news.png","width":2172,"height":724},{"@type":"BreadcrumbList","@id":"https:\/\/clone.vinomatos.com\/pt-pt\/agro-news-vinomatos\/#breadcrumb","itemListElement":[{"@type":"ListItem","position":1,"name":"Home","item":"https:\/\/clone.vinomatos.com\/pt-pt\/"},{"@type":"ListItem","position":2,"name":"Agro News Vinomatos"}]},{"@type":"WebSite","@id":"https:\/\/clone.vinomatos.com\/pt-pt\/#website","url":"https:\/\/clone.vinomatos.com\/pt-pt\/","name":"Vinomatos \u00ae L\u00edder Mundial em Planta\u00e7\u00e3o Mecanizada por GPS","description":"","publisher":{"@id":"https:\/\/clone.vinomatos.com\/pt-pt\/#organization"},"potentialAction":[{"@type":"SearchAction","target":{"@type":"EntryPoint","urlTemplate":"https:\/\/clone.vinomatos.com\/pt-pt\/?s={search_term_string}"},"query-input":{"@type":"PropertyValueSpecification","valueRequired":true,"valueName":"search_term_string"}}],"inLanguage":"pt-PT"},{"@type":"Organization","@id":"https:\/\/clone.vinomatos.com\/pt-pt\/#organization","name":"Vinomatos - L\u00edder Mundial em Planta\u00e7\u00e3o Mecanizada por GPS","url":"https:\/\/clone.vinomatos.com\/pt-pt\/","logo":{"@type":"ImageObject","inLanguage":"pt-PT","@id":"https:\/\/clone.vinomatos.com\/pt-pt\/#\/schema\/logo\/image\/","url":"https:\/\/clone.vinomatos.com\/wp-content\/uploads\/2025\/07\/V-Logo.png","contentUrl":"https:\/\/clone.vinomatos.com\/wp-content\/uploads\/2025\/07\/V-Logo.png","width":711,"height":247,"caption":"Vinomatos - L\u00edder Mundial em Planta\u00e7\u00e3o Mecanizada por GPS"},"image":{"@id":"https:\/\/clone.vinomatos.com\/pt-pt\/#\/schema\/logo\/image\/"},"sameAs":["https:\/\/facebook.com\/vinomatos","https:\/\/x.com\/vinomatos","https:\/\/instagram.com\/vinomatos","https:\/\/linkedin.com\/company\/vinomatos"]}]}},"_links":{"self":[{"href":"https:\/\/clone.vinomatos.com\/pt-pt\/wp-json\/wp\/v2\/pages\/23655","targetHints":{"allow":["GET"]}}],"collection":[{"href":"https:\/\/clone.vinomatos.com\/pt-pt\/wp-json\/wp\/v2\/pages"}],"about":[{"href":"https:\/\/clone.vinomatos.com\/pt-pt\/wp-json\/wp\/v2\/types\/page"}],"author":[{"embeddable":true,"href":"https:\/\/clone.vinomatos.com\/pt-pt\/wp-json\/wp\/v2\/users\/1"}],"replies":[{"embeddable":true,"href":"https:\/\/clone.vinomatos.com\/pt-pt\/wp-json\/wp\/v2\/comments?post=23655"}],"version-history":[{"count":7,"href":"https:\/\/clone.vinomatos.com\/pt-pt\/wp-json\/wp\/v2\/pages\/23655\/revisions"}],"predecessor-version":[{"id":23674,"href":"https:\/\/clone.vinomatos.com\/pt-pt\/wp-json\/wp\/v2\/pages\/23655\/revisions\/23674"}],"wp:featuredmedia":[{"embeddable":true,"href":"https:\/\/clone.vinomatos.com\/pt-pt\/wp-json\/wp\/v2\/media\/23664"}],"wp:attachment":[{"href":"https:\/\/clone.vinomatos.com\/pt-pt\/wp-json\/wp\/v2\/media?parent=23655"}],"curies":[{"name":"wp","href":"https:\/\/api.w.org\/{rel}","templated":true}]}}